{"id":15675,"date":"2025-05-05T14:26:05","date_gmt":"2025-05-05T12:26:05","guid":{"rendered":"https:\/\/cms.zdv.uni-mainz.de\/fb08-physics\/hadronen-kernphysik\/"},"modified":"2026-04-10T14:55:21","modified_gmt":"2026-04-10T12:55:21","slug":"hadronen-kernphysik","status":"publish","type":"page","link":"https:\/\/physics.uni-mainz.de\/de\/home\/physikalische-forschung\/forschungsfelder\/hadronen-kernphysik\/","title":{"rendered":"Hadronen- &amp; Kernphysik"},"content":{"rendered":"<jgu-base-pageheader react-props=\"{\n    &quot;items&quot;: [\n        {\n            &quot;box&quot;: {\n                &quot;index&quot;: &quot;Die aufregende Welt der&quot;,\n                &quot;title&quot;: &quot;Hadronen- &amp;amp; Kernphysik&quot;,\n                &quot;link&quot;: {\n                    &quot;url&quot;: &quot;&quot;,\n                    &quot;title&quot;: &quot;Mehr erfahren&quot;\n                }\n            },\n            &quot;color&quot;: &quot;default&quot;,\n            &quot;image&quot;: {\n                &quot;url&quot;: &quot;&quot;\n            },\n            &quot;imgCredit&quot;: &quot;&quot;,\n            &quot;useVideo&quot;: false,\n            &quot;video&quot;: false\n        }\n    ],\n    &quot;type&quot;: &quot;border&quot;,\n    &quot;align&quot;: &quot;full&quot;,\n    &quot;quicklinks&quot;: {\n        &quot;show&quot;: false,\n        &quot;selects&quot;: []\n    },\n    &quot;useBreadcrumb&quot;: false\n}\">\n<\/jgu-base-pageheader>\n\n\n<p class=\"has-big-font-size\"><a href=\"https:\/\/www.uni-mainz.de\/\">Johannes Gutenberg-Universit\u00e4t Mainz<\/a> &gt; <a href=\"https:\/\/www.phmi.uni-mainz.de\/\">Fachbereich 08<\/a> &gt; <a href=\"https:\/\/physics.uni-mainz.de\/de\/\">Physik<\/a> &gt; <a href=\"https:\/\/physics.uni-mainz.de\/de\/home\/physikalische-forschung\/\">Physikforschung<\/a> &gt; <a href=\"https:\/\/physics.uni-mainz.de\/de\/home\/physikalische-forschung\/forschungsfelder\/\">Forschungsfelder<\/a> &gt; Hadronen- &amp; Kernphysik<\/p>\n\n\n\n<div style=\"height:90px\" aria-hidden=\"true\" class=\"wp-block-spacer\"><\/div>\n\n\n<jgu-base-anchornavigation react-props=\"{\n    &quot;align&quot;: &quot;wide&quot;,\n    &quot;theme&quot;: &quot;white&quot;\n}\">\n    \n<\/jgu-base-anchornavigation>\n\n<div\n\tclass=\"jgu-anchorpoint\"\n\tid=\"hadronen-kernstruktur\"\n\tdata-label=\"Hadronen- &amp;amp; Kernstruktur\"\n\tdata-hide-in-nav=\"false\"\n\ttabindex=\"0\"\n\tdata-initial-scroll=\"true\"\n><\/div>\n\n\n<jgu-base-section react-props=\"{&quot;color&quot;:&quot;white&quot;,&quot;align&quot;:&quot;wide&quot;,&quot;padding&quot;:&quot;medium&quot;}\">\n<div class=\"jgu-bgsection bg bg-white \"><div class=\"content padding-medium\">\n<div class=\"wp-block-columns is-layout-flex wp-container-core-columns-is-layout-9d6595d7 wp-block-columns-is-layout-flex\">\n<div class=\"wp-block-column is-layout-flow wp-block-column-is-layout-flow\" style=\"flex-basis:33.33%\"><jgu-base-heading react-props=\"{\n    &quot;tags&quot;: {\n        &quot;htmlTag&quot;: &quot;h2&quot;,\n        &quot;classTag&quot;: &quot;&quot;,\n        &quot;tag&quot;: &quot;h2&quot;\n    },\n    &quot;heading&quot;: &quot;Hadronen- &amp;amp; Kernstruktur&quot;,\n    &quot;textAlign&quot;: &quot;left&quot;,\n    &quot;anchor&quot;: &quot;&quot;,\n    &quot;index&quot;: &quot;&quot;,\n    &quot;color&quot;: &quot;red&quot;\n}\"><\/jgu-base-heading>\n\n\n<jgu-base-image react-props=\"{\n    &quot;image&quot;: {\n        &quot;url&quot;: &quot;https:\\\/\\\/cms.zdv.uni-mainz.de\\\/fb08-physics\\\/wp-content\\\/uploads\\\/sites\\\/345\\\/2025\\\/05\\\/hadron-sructure.jpg&quot;,\n        &quot;id&quot;: 12072,\n        &quot;hideImageDescription&quot;: true,\n        &quot;alt&quot;: &quot;Hadronenstruktur&quot;,\n        &quot;caption&quot;: &quot;Hadronenstruktur&quot;,\n        &quot;credit&quot;: &quot;\\u00a9 adobe.stock.com&quot;,\n        &quot;description&quot;: &quot;Hadronenstruktur&quot;,\n        &quot;title&quot;: &quot;Hadronenstruktur&quot;,\n        &quot;width&quot;: 2480,\n        &quot;height&quot;: 2480,\n        &quot;srcset&quot;: &quot;https:\\\/\\\/cms.zdv.uni-mainz.de\\\/fb08-physics\\\/wp-content\\\/uploads\\\/sites\\\/345\\\/2025\\\/05\\\/hadron-sructure.jpg 2480w, https:\\\/\\\/cms.zdv.uni-mainz.de\\\/fb08-physics\\\/wp-content\\\/uploads\\\/sites\\\/345\\\/2025\\\/05\\\/hadron-sructure-300x300.jpg 300w, https:\\\/\\\/cms.zdv.uni-mainz.de\\\/fb08-physics\\\/wp-content\\\/uploads\\\/sites\\\/345\\\/2025\\\/05\\\/hadron-sructure-1024x1024.jpg 1024w, https:\\\/\\\/cms.zdv.uni-mainz.de\\\/fb08-physics\\\/wp-content\\\/uploads\\\/sites\\\/345\\\/2025\\\/05\\\/hadron-sructure-150x150.jpg 150w, https:\\\/\\\/cms.zdv.uni-mainz.de\\\/fb08-physics\\\/wp-content\\\/uploads\\\/sites\\\/345\\\/2025\\\/05\\\/hadron-sructure-768x768.jpg 768w, https:\\\/\\\/cms.zdv.uni-mainz.de\\\/fb08-physics\\\/wp-content\\\/uploads\\\/sites\\\/345\\\/2025\\\/05\\\/hadron-sructure-1536x1536.jpg 1536w, https:\\\/\\\/cms.zdv.uni-mainz.de\\\/fb08-physics\\\/wp-content\\\/uploads\\\/sites\\\/345\\\/2025\\\/05\\\/hadron-sructure-2048x2048.jpg 2048w&quot;\n    },\n    &quot;align&quot;: &quot;&quot;,\n    &quot;hasLightbox&quot;: false,\n    &quot;caption&quot;: &quot;&quot;,\n    &quot;imgWidth&quot;: 0,\n    &quot;link&quot;: {\n        &quot;url&quot;: &quot;&quot;,\n        &quot;target&quot;: &quot;&quot;,\n        &quot;rel&quot;: &quot;&quot;\n    }\n}\" class=\"align-\">\n    \n<\/jgu-base-image><\/div>\n\n\n\n<div class=\"wp-block-column is-layout-flow wp-block-column-is-layout-flow\" style=\"flex-basis:66.66%\">\n<div style=\"height:54px\" aria-hidden=\"true\" class=\"wp-block-spacer\"><\/div>\n\n\n\n<p class=\"has-big-font-size\">Wie gro\u00df sind Proton, andere Hadronen und Atomkerne? Wie sind sie geformt? Diese Fragen wollen wir durch verschiedene experimentelle Verfahren beantworten. Diese reichen von Formfaktormessungen bei der Elektronenstreuung mit unseren einzigartigen Elektronenbeschleunigern MAMI und MESA \u00fcber Elektron-Positron-Kollisionen bis hin zu Ladungsradiusmessungen mit Myonenatomen. Gleichzeitig entwickeln wir theoretische Methoden und f\u00fchren Berechnungen durch, die zur Korrektur und Auswertung dieser Messungen erforderlich sind.   <\/p>\n\n\n<jgu-base-accordion react-props=\"{&quot;selected&quot;:1,&quot;hasAllOpenButton&quot;:false,&quot;align&quot;:&quot;wide&quot;,&quot;onlyOne&quot;:false,&quot;initAllClosed&quot;:true,&quot;enableSearch&quot;:false}\">\n    \n<jgu-base-accordionitem react-props=\"{&quot;title&quot;:&quot;Experimentelle &amp;amp; theoretische Forschungsgruppen&quot;,&quot;init&quot;:false,&quot;slug&quot;:&quot;experimentelle-theoretische-forschungsgruppen&quot;,&quot;align&quot;:&quot;wide&quot;,&quot;customSlug&quot;:false}\">\n    \n\n<div class=\"wp-block-columns is-layout-flex wp-container-core-columns-is-layout-9d6595d7 wp-block-columns-is-layout-flex\">\n<div class=\"wp-block-column is-layout-flow wp-block-column-is-layout-flow\"><jgu-base-contactcard react-props=\"{\n    &quot;name&quot;: &quot;&lt;strong&gt;Prof. Dr. &lt;\\\/strong&gt;Patrick Achenbach&quot;,\n    &quot;avatar&quot;: {\n        &quot;id&quot;: 19251,\n        &quot;url&quot;: &quot;https:\\\/\\\/cms.zdv.uni-mainz.de\\\/fb08-physics\\\/wp-content\\\/uploads\\\/sites\\\/345\\\/2026\\\/02\\\/Patrick-Achenbach.jpg&quot;,\n        &quot;hideImageDescription&quot;: false,\n        &quot;title&quot;: &quot;Patrick Achenbach&quot;,\n        &quot;width&quot;: 2480,\n        &quot;height&quot;: 2480,\n        &quot;srcset&quot;: &quot;https:\\\/\\\/cms.zdv.uni-mainz.de\\\/fb08-physics\\\/wp-content\\\/uploads\\\/sites\\\/345\\\/2026\\\/02\\\/Patrick-Achenbach.jpg 2480w, https:\\\/\\\/cms.zdv.uni-mainz.de\\\/fb08-physics\\\/wp-content\\\/uploads\\\/sites\\\/345\\\/2026\\\/02\\\/Patrick-Achenbach-300x300.jpg 300w, https:\\\/\\\/cms.zdv.uni-mainz.de\\\/fb08-physics\\\/wp-content\\\/uploads\\\/sites\\\/345\\\/2026\\\/02\\\/Patrick-Achenbach-1024x1024.jpg 1024w, https:\\\/\\\/cms.zdv.uni-mainz.de\\\/fb08-physics\\\/wp-content\\\/uploads\\\/sites\\\/345\\\/2026\\\/02\\\/Patrick-Achenbach-150x150.jpg 150w, https:\\\/\\\/cms.zdv.uni-mainz.de\\\/fb08-physics\\\/wp-content\\\/uploads\\\/sites\\\/345\\\/2026\\\/02\\\/Patrick-Achenbach-768x768.jpg 768w, https:\\\/\\\/cms.zdv.uni-mainz.de\\\/fb08-physics\\\/wp-content\\\/uploads\\\/sites\\\/345\\\/2026\\\/02\\\/Patrick-Achenbach-1536x1536.jpg 1536w, https:\\\/\\\/cms.zdv.uni-mainz.de\\\/fb08-physics\\\/wp-content\\\/uploads\\\/sites\\\/345\\\/2026\\\/02\\\/Patrick-Achenbach-2048x2048.jpg 2048w&quot;\n    },\n    &quot;color&quot;: &quot;blue-gray&quot;,\n    &quot;align&quot;: &quot;wide&quot;,\n    &quot;actions&quot;: []\n}\">\n    \n<jgu-base-listitem react-props=\"{\n    &quot;icon&quot;: &quot;lightbulb-solid&quot;,\n    &quot;title&quot;: &quot;Hadronenphysik, Physik seltsamer Kerne; Magnetische Spektrometer &quot;,\n    &quot;uuid&quot;: &quot;1726244894144&quot;,\n    &quot;align&quot;: &quot;wide&quot;,\n    &quot;showInActions&quot;: false,\n    &quot;allowNesting&quot;: true,\n    &quot;showExpandableContent&quot;: false,\n    &quot;expandableContent&quot;: &quot;&quot;,\n    &quot;link&quot;: {\n        &quot;url&quot;: &quot;&quot;\n    }\n}\">\n    \n<\/jgu-base-listitem>\n\n<jgu-base-listitem react-props=\"{\n    &quot;icon&quot;: &quot;university-solid&quot;,\n    &quot;title&quot;: &quot;&lt;a href=\\&quot;https:\\\/\\\/www.kernphysik.uni-mainz.de\\\/\\&quot;&gt;Institut f\\u00fcr Kernphysik&lt;\\\/a&gt;&quot;,\n    &quot;uuid&quot;: &quot;1737119543817&quot;,\n    &quot;link&quot;: {\n        &quot;url&quot;: &quot;https:\\\/\\\/www.kernphysik.uni-mainz.de\\\/&quot;\n    },\n    &quot;align&quot;: &quot;wide&quot;,\n    &quot;showInActions&quot;: false,\n    &quot;allowNesting&quot;: true,\n    &quot;showExpandableContent&quot;: false,\n    &quot;expandableContent&quot;: &quot;&quot;\n}\">\n    \n<\/jgu-base-listitem>\n\n<\/jgu-base-contactcard><\/div>\n\n\n\n<div class=\"wp-block-column is-layout-flow wp-block-column-is-layout-flow\"><jgu-base-contactcard react-props=\"{\n    &quot;name&quot;: &quot;&lt;strong&gt;Prof. Dr. &lt;\\\/strong&gt;Sonia Bacca&quot;,\n    &quot;avatar&quot;: {\n        &quot;id&quot;: 19384,\n        &quot;url&quot;: &quot;https:\\\/\\\/cms.zdv.uni-mainz.de\\\/fb08-physics\\\/wp-content\\\/uploads\\\/sites\\\/345\\\/2026\\\/02\\\/Sonia-Bacca.jpg&quot;,\n        &quot;hideImageDescription&quot;: false,\n        &quot;title&quot;: &quot;Sonia Bacca&quot;,\n        &quot;width&quot;: 2480,\n        &quot;height&quot;: 2480,\n        &quot;srcset&quot;: &quot;https:\\\/\\\/cms.zdv.uni-mainz.de\\\/fb08-physics\\\/wp-content\\\/uploads\\\/sites\\\/345\\\/2026\\\/02\\\/Sonia-Bacca.jpg 2480w, https:\\\/\\\/cms.zdv.uni-mainz.de\\\/fb08-physics\\\/wp-content\\\/uploads\\\/sites\\\/345\\\/2026\\\/02\\\/Sonia-Bacca-300x300.jpg 300w, https:\\\/\\\/cms.zdv.uni-mainz.de\\\/fb08-physics\\\/wp-content\\\/uploads\\\/sites\\\/345\\\/2026\\\/02\\\/Sonia-Bacca-1024x1024.jpg 1024w, https:\\\/\\\/cms.zdv.uni-mainz.de\\\/fb08-physics\\\/wp-content\\\/uploads\\\/sites\\\/345\\\/2026\\\/02\\\/Sonia-Bacca-150x150.jpg 150w, https:\\\/\\\/cms.zdv.uni-mainz.de\\\/fb08-physics\\\/wp-content\\\/uploads\\\/sites\\\/345\\\/2026\\\/02\\\/Sonia-Bacca-768x768.jpg 768w, https:\\\/\\\/cms.zdv.uni-mainz.de\\\/fb08-physics\\\/wp-content\\\/uploads\\\/sites\\\/345\\\/2026\\\/02\\\/Sonia-Bacca-1536x1536.jpg 1536w, https:\\\/\\\/cms.zdv.uni-mainz.de\\\/fb08-physics\\\/wp-content\\\/uploads\\\/sites\\\/345\\\/2026\\\/02\\\/Sonia-Bacca-2048x2048.jpg 2048w&quot;\n    },\n    &quot;color&quot;: &quot;blue-gray&quot;,\n    &quot;align&quot;: &quot;wide&quot;,\n    &quot;actions&quot;: []\n}\">\n    \n<jgu-base-listitem react-props=\"{\n    &quot;icon&quot;: &quot;lightbulb-solid&quot;,\n    &quot;title&quot;: &quot;Kernstruktur, Kernreaktion, Wenig- und Vielteilchentheorie&quot;,\n    &quot;uuid&quot;: &quot;1726244894144&quot;,\n    &quot;align&quot;: &quot;wide&quot;,\n    &quot;showInActions&quot;: false,\n    &quot;allowNesting&quot;: true,\n    &quot;showExpandableContent&quot;: false,\n    &quot;expandableContent&quot;: &quot;&quot;,\n    &quot;link&quot;: {\n        &quot;url&quot;: &quot;&quot;\n    }\n}\">\n    \n<\/jgu-base-listitem>\n\n<jgu-base-listitem react-props=\"{\n    &quot;icon&quot;: &quot;address-card-solid&quot;,\n    &quot;title&quot;: &quot;&lt;a href=\\&quot;https:\\\/\\\/kph-th.physics.uni-mainz.de\\\/bacca-sonia\\\/\\&quot;&gt;Informationen zur Person&lt;\\\/a&gt;&quot;,\n    &quot;uuid&quot;: &quot;1726244894144&quot;,\n    &quot;link&quot;: {\n        &quot;url&quot;: &quot;https:\\\/\\\/kph-th.physics.uni-mainz.de\\\/bacca-sonia\\\/&quot;\n    },\n    &quot;align&quot;: &quot;wide&quot;,\n    &quot;showInActions&quot;: false,\n    &quot;allowNesting&quot;: true,\n    &quot;showExpandableContent&quot;: false,\n    &quot;expandableContent&quot;: &quot;&quot;\n}\">\n    \n<\/jgu-base-listitem>\n\n<jgu-base-listitem react-props=\"{\n    &quot;icon&quot;: &quot;university-solid&quot;,\n    &quot;title&quot;: &quot;&lt;a href=\\&quot;https:\\\/\\\/www.kernphysik.uni-mainz.de\\\/\\&quot;&gt;Institut f\\u00fcr Kernphysik&lt;\\\/a&gt;&quot;,\n    &quot;uuid&quot;: &quot;1737119550409&quot;,\n    &quot;link&quot;: {\n        &quot;url&quot;: &quot;https:\\\/\\\/www.kernphysik.uni-mainz.de\\\/&quot;\n    },\n    &quot;align&quot;: &quot;wide&quot;,\n    &quot;showInActions&quot;: false,\n    &quot;allowNesting&quot;: true,\n    &quot;showExpandableContent&quot;: false,\n    &quot;expandableContent&quot;: &quot;&quot;\n}\">\n    \n<\/jgu-base-listitem>\n\n<\/jgu-base-contactcard><\/div>\n\n\n\n<div class=\"wp-block-column is-layout-flow wp-block-column-is-layout-flow\"><jgu-base-contactcard react-props=\"{\n    &quot;name&quot;: &quot;&lt;strong&gt;Prof. Dr. Pierre Capel&lt;\\\/strong&gt;&quot;,\n    &quot;avatar&quot;: {\n        &quot;id&quot;: 10551,\n        &quot;url&quot;: &quot;https:\\\/\\\/cms.zdv.uni-mainz.de\\\/fb08-physics\\\/wp-content\\\/uploads\\\/sites\\\/345\\\/2025\\\/01\\\/capel.jpg&quot;,\n        &quot;hideImageDescription&quot;: false,\n        &quot;alt&quot;: &quot;Prof. Dr. Pierre Capel&quot;,\n        &quot;caption&quot;: &quot;Prof. Dr. Pierre Capel&quot;,\n        &quot;description&quot;: &quot;Prof. Dr. Pierre Capel&quot;,\n        &quot;title&quot;: &quot;Prof. Dr. Pierre Capel&quot;,\n        &quot;width&quot;: 2480,\n        &quot;height&quot;: 2480,\n        &quot;srcset&quot;: &quot;https:\\\/\\\/cms.zdv.uni-mainz.de\\\/fb08-physics\\\/wp-content\\\/uploads\\\/sites\\\/345\\\/2025\\\/01\\\/capel.jpg 2480w, https:\\\/\\\/cms.zdv.uni-mainz.de\\\/fb08-physics\\\/wp-content\\\/uploads\\\/sites\\\/345\\\/2025\\\/01\\\/capel-300x300.jpg 300w, https:\\\/\\\/cms.zdv.uni-mainz.de\\\/fb08-physics\\\/wp-content\\\/uploads\\\/sites\\\/345\\\/2025\\\/01\\\/capel-1024x1024.jpg 1024w, https:\\\/\\\/cms.zdv.uni-mainz.de\\\/fb08-physics\\\/wp-content\\\/uploads\\\/sites\\\/345\\\/2025\\\/01\\\/capel-150x150.jpg 150w, https:\\\/\\\/cms.zdv.uni-mainz.de\\\/fb08-physics\\\/wp-content\\\/uploads\\\/sites\\\/345\\\/2025\\\/01\\\/capel-768x768.jpg 768w, https:\\\/\\\/cms.zdv.uni-mainz.de\\\/fb08-physics\\\/wp-content\\\/uploads\\\/sites\\\/345\\\/2025\\\/01\\\/capel-1536x1536.jpg 1536w, https:\\\/\\\/cms.zdv.uni-mainz.de\\\/fb08-physics\\\/wp-content\\\/uploads\\\/sites\\\/345\\\/2025\\\/01\\\/capel-2048x2048.jpg 2048w, https:\\\/\\\/cms.zdv.uni-mainz.de\\\/fb08-physics\\\/wp-content\\\/uploads\\\/sites\\\/345\\\/2025\\\/01\\\/capel-400x400.jpg 400w, https:\\\/\\\/cms.zdv.uni-mainz.de\\\/fb08-physics\\\/wp-content\\\/uploads\\\/sites\\\/345\\\/2025\\\/01\\\/capel-600x600.jpg 600w&quot;\n    },\n    &quot;color&quot;: &quot;blue-gray&quot;,\n    &quot;align&quot;: &quot;wide&quot;,\n    &quot;actions&quot;: []\n}\">\n    \n<jgu-base-listitem react-props=\"{\n    &quot;icon&quot;: &quot;lightbulb-solid&quot;,\n    &quot;title&quot;: &quot;Kernreaktionstheorie, Halo-Kerne, Zerfalls-, Knockout- und Transferreaktionen, nukleare Astrophysik&quot;,\n    &quot;uuid&quot;: &quot;1726244894144&quot;,\n    &quot;align&quot;: &quot;wide&quot;,\n    &quot;showInActions&quot;: false,\n    &quot;allowNesting&quot;: true,\n    &quot;showExpandableContent&quot;: false,\n    &quot;expandableContent&quot;: &quot;&quot;,\n    &quot;link&quot;: {\n        &quot;url&quot;: &quot;&quot;\n    }\n}\">\n    \n<\/jgu-base-listitem>\n\n<jgu-base-listitem react-props=\"{\n    &quot;icon&quot;: &quot;address-card-solid&quot;,\n    &quot;title&quot;: &quot;&lt;a href=\\&quot;https:\\\/\\\/kph-th.physics.uni-mainz.de\\\/capel-pierre\\\/\\&quot;&gt;Informationen zur Person&lt;\\\/a&gt;&quot;,\n    &quot;uuid&quot;: &quot;1726244894144&quot;,\n    &quot;link&quot;: {\n        &quot;url&quot;: &quot;https:\\\/\\\/kph-th.physics.uni-mainz.de\\\/capel-pierre\\\/&quot;\n    },\n    &quot;align&quot;: &quot;wide&quot;,\n    &quot;showInActions&quot;: false,\n    &quot;allowNesting&quot;: true,\n    &quot;showExpandableContent&quot;: false,\n    &quot;expandableContent&quot;: &quot;&quot;\n}\">\n    \n<\/jgu-base-listitem>\n\n<jgu-base-listitem react-props=\"{\n    &quot;icon&quot;: &quot;university-solid&quot;,\n    &quot;title&quot;: &quot;&lt;a href=\\&quot;https:\\\/\\\/www.kernphysik.uni-mainz.de\\\/\\&quot;&gt;Institut f\\u00fcr Kernphysik&lt;\\\/a&gt;&quot;,\n    &quot;uuid&quot;: &quot;1751294537916&quot;,\n    &quot;link&quot;: {\n        &quot;url&quot;: &quot;https:\\\/\\\/www.kernphysik.uni-mainz.de\\\/&quot;\n    },\n    &quot;align&quot;: &quot;wide&quot;,\n    &quot;showInActions&quot;: false,\n    &quot;allowNesting&quot;: true,\n    &quot;showExpandableContent&quot;: false,\n    &quot;expandableContent&quot;: &quot;&quot;\n}\">\n    \n<\/jgu-base-listitem>\n\n<\/jgu-base-contactcard><\/div>\n<\/div>\n\n\n\n<div class=\"wp-block-columns is-layout-flex wp-container-core-columns-is-layout-9d6595d7 wp-block-columns-is-layout-flex\">\n<div class=\"wp-block-column is-layout-flow wp-block-column-is-layout-flow\"><jgu-base-contactcard react-props=\"{\n    &quot;name&quot;: &quot;&lt;strong&gt;Prof. Dr. Achim Denig&lt;\\\/strong&gt;&quot;,\n    &quot;avatar&quot;: {\n        &quot;id&quot;: 19257,\n        &quot;url&quot;: &quot;https:\\\/\\\/cms.zdv.uni-mainz.de\\\/fb08-physics\\\/wp-content\\\/uploads\\\/sites\\\/345\\\/2026\\\/02\\\/Achim-Denig.jpg&quot;,\n        &quot;hideImageDescription&quot;: false,\n        &quot;title&quot;: &quot;Achim Denig&quot;,\n        &quot;width&quot;: 2480,\n        &quot;height&quot;: 2480,\n        &quot;srcset&quot;: &quot;https:\\\/\\\/cms.zdv.uni-mainz.de\\\/fb08-physics\\\/wp-content\\\/uploads\\\/sites\\\/345\\\/2026\\\/02\\\/Achim-Denig.jpg 2480w, https:\\\/\\\/cms.zdv.uni-mainz.de\\\/fb08-physics\\\/wp-content\\\/uploads\\\/sites\\\/345\\\/2026\\\/02\\\/Achim-Denig-300x300.jpg 300w, https:\\\/\\\/cms.zdv.uni-mainz.de\\\/fb08-physics\\\/wp-content\\\/uploads\\\/sites\\\/345\\\/2026\\\/02\\\/Achim-Denig-1024x1024.jpg 1024w, https:\\\/\\\/cms.zdv.uni-mainz.de\\\/fb08-physics\\\/wp-content\\\/uploads\\\/sites\\\/345\\\/2026\\\/02\\\/Achim-Denig-150x150.jpg 150w, https:\\\/\\\/cms.zdv.uni-mainz.de\\\/fb08-physics\\\/wp-content\\\/uploads\\\/sites\\\/345\\\/2026\\\/02\\\/Achim-Denig-768x768.jpg 768w, https:\\\/\\\/cms.zdv.uni-mainz.de\\\/fb08-physics\\\/wp-content\\\/uploads\\\/sites\\\/345\\\/2026\\\/02\\\/Achim-Denig-1536x1536.jpg 1536w, https:\\\/\\\/cms.zdv.uni-mainz.de\\\/fb08-physics\\\/wp-content\\\/uploads\\\/sites\\\/345\\\/2026\\\/02\\\/Achim-Denig-2048x2048.jpg 2048w&quot;\n    },\n    &quot;color&quot;: &quot;blue-gray&quot;,\n    &quot;align&quot;: &quot;wide&quot;,\n    &quot;actions&quot;: []\n}\">\n    \n<jgu-base-listitem react-props=\"{\n    &quot;icon&quot;: &quot;lightbulb-solid&quot;,\n    &quot;title&quot;: &quot;Pr\\u00e4zisions-Hadronen-\\\/Teilchenphysik (g-2, Exotika, Dunkle Materie)&quot;,\n    &quot;uuid&quot;: &quot;1726244894144&quot;,\n    &quot;align&quot;: &quot;wide&quot;,\n    &quot;showInActions&quot;: false,\n    &quot;allowNesting&quot;: true,\n    &quot;showExpandableContent&quot;: false,\n    &quot;expandableContent&quot;: &quot;&quot;,\n    &quot;link&quot;: {\n        &quot;url&quot;: &quot;&quot;\n    }\n}\">\n    \n<\/jgu-base-listitem>\n\n<jgu-base-listitem react-props=\"{\n    &quot;icon&quot;: &quot;address-card-solid&quot;,\n    &quot;title&quot;: &quot;&lt;a href=\\&quot;https:\\\/\\\/ag-denig.physics.uni-mainz.de\\\/startpage-ag-denig\\\/univ-prof-dr-achim-denig\\\/\\&quot;&gt;Informationen zur Person&lt;\\\/a&gt;&quot;,\n    &quot;uuid&quot;: &quot;1773411103333&quot;,\n    &quot;link&quot;: {\n        &quot;url&quot;: &quot;https:\\\/\\\/ag-denig.physics.uni-mainz.de\\\/startpage-ag-denig\\\/univ-prof-dr-achim-denig\\\/&quot;\n    },\n    &quot;align&quot;: &quot;wide&quot;,\n    &quot;showInActions&quot;: false,\n    &quot;allowNesting&quot;: true,\n    &quot;showExpandableContent&quot;: false,\n    &quot;expandableContent&quot;: &quot;&quot;\n}\">\n    \n<\/jgu-base-listitem>\n\n<jgu-base-listitem react-props=\"{\n    &quot;icon&quot;: &quot;arrow-right-solid&quot;,\n    &quot;title&quot;: &quot;&lt;a href=\\&quot;https:\\\/\\\/ag-denig.physics.uni-mainz.de\\\/\\&quot;&gt;Gruppe von Achim Denig&lt;\\\/a&gt;&quot;,\n    &quot;uuid&quot;: &quot;1773411104301&quot;,\n    &quot;link&quot;: {\n        &quot;url&quot;: &quot;https:\\\/\\\/ag-denig.physics.uni-mainz.de\\\/&quot;\n    },\n    &quot;align&quot;: &quot;wide&quot;,\n    &quot;showInActions&quot;: false,\n    &quot;allowNesting&quot;: true,\n    &quot;showExpandableContent&quot;: false,\n    &quot;expandableContent&quot;: &quot;&quot;\n}\">\n    \n<\/jgu-base-listitem>\n\n<jgu-base-listitem react-props=\"{\n    &quot;icon&quot;: &quot;university-solid&quot;,\n    &quot;title&quot;: &quot;&lt;a href=\\&quot;https:\\\/\\\/www.kernphysik.uni-mainz.de\\\/\\&quot;&gt;Institut f\\u00fcr Kernphysik&lt;\\\/a&gt;&quot;,\n    &quot;uuid&quot;: &quot;1737119556643&quot;,\n    &quot;link&quot;: {\n        &quot;url&quot;: &quot;https:\\\/\\\/www.kernphysik.uni-mainz.de\\\/&quot;\n    },\n    &quot;align&quot;: &quot;wide&quot;,\n    &quot;showInActions&quot;: false,\n    &quot;allowNesting&quot;: true,\n    &quot;showExpandableContent&quot;: false,\n    &quot;expandableContent&quot;: &quot;&quot;\n}\">\n    \n<\/jgu-base-listitem>\n\n<\/jgu-base-contactcard><\/div>\n\n\n\n<div class=\"wp-block-column is-layout-flow wp-block-column-is-layout-flow\"><jgu-base-contactcard react-props=\"{\n    &quot;name&quot;: &quot;&lt;strong&gt;Prof. Dr. &lt;\\\/strong&gt;Luca Doria&quot;,\n    &quot;avatar&quot;: {\n        &quot;id&quot;: 19261,\n        &quot;url&quot;: &quot;https:\\\/\\\/cms.zdv.uni-mainz.de\\\/fb08-physics\\\/wp-content\\\/uploads\\\/sites\\\/345\\\/2026\\\/02\\\/luca-doria.jpg&quot;,\n        &quot;hideImageDescription&quot;: false,\n        &quot;title&quot;: &quot;luca doria&quot;,\n        &quot;width&quot;: 2480,\n        &quot;height&quot;: 2480,\n        &quot;srcset&quot;: &quot;https:\\\/\\\/cms.zdv.uni-mainz.de\\\/fb08-physics\\\/wp-content\\\/uploads\\\/sites\\\/345\\\/2026\\\/02\\\/luca-doria.jpg 2480w, https:\\\/\\\/cms.zdv.uni-mainz.de\\\/fb08-physics\\\/wp-content\\\/uploads\\\/sites\\\/345\\\/2026\\\/02\\\/luca-doria-300x300.jpg 300w, https:\\\/\\\/cms.zdv.uni-mainz.de\\\/fb08-physics\\\/wp-content\\\/uploads\\\/sites\\\/345\\\/2026\\\/02\\\/luca-doria-1024x1024.jpg 1024w, https:\\\/\\\/cms.zdv.uni-mainz.de\\\/fb08-physics\\\/wp-content\\\/uploads\\\/sites\\\/345\\\/2026\\\/02\\\/luca-doria-150x150.jpg 150w, https:\\\/\\\/cms.zdv.uni-mainz.de\\\/fb08-physics\\\/wp-content\\\/uploads\\\/sites\\\/345\\\/2026\\\/02\\\/luca-doria-768x768.jpg 768w, https:\\\/\\\/cms.zdv.uni-mainz.de\\\/fb08-physics\\\/wp-content\\\/uploads\\\/sites\\\/345\\\/2026\\\/02\\\/luca-doria-1536x1536.jpg 1536w, https:\\\/\\\/cms.zdv.uni-mainz.de\\\/fb08-physics\\\/wp-content\\\/uploads\\\/sites\\\/345\\\/2026\\\/02\\\/luca-doria-2048x2048.jpg 2048w&quot;\n    },\n    &quot;color&quot;: &quot;blue-gray&quot;,\n    &quot;align&quot;: &quot;wide&quot;,\n    &quot;actions&quot;: []\n}\">\n    \n<jgu-base-listitem react-props=\"{\n    &quot;icon&quot;: &quot;lightbulb-solid&quot;,\n    &quot;title&quot;: &quot;Dunkle Materie, Astroteilchenphysik, Hadronen- und Kernphysik, Maschinelles Lernen&quot;,\n    &quot;uuid&quot;: &quot;1726244894144&quot;,\n    &quot;align&quot;: &quot;wide&quot;,\n    &quot;showInActions&quot;: false,\n    &quot;allowNesting&quot;: true,\n    &quot;showExpandableContent&quot;: false,\n    &quot;expandableContent&quot;: &quot;&quot;,\n    &quot;link&quot;: {\n        &quot;url&quot;: &quot;&quot;\n    }\n}\">\n    \n<\/jgu-base-listitem>\n\n<jgu-base-listitem react-props=\"{\n    &quot;icon&quot;: &quot;arrow-right-solid&quot;,\n    &quot;title&quot;: &quot;&lt;a href=\\&quot;https:\\\/\\\/www.staff.uni-mainz.de\\\/doria\\&quot;&gt;Gruppe von Luca Doria &lt;\\\/a&gt;&quot;,\n    &quot;uuid&quot;: &quot;1734087422868&quot;,\n    &quot;link&quot;: {\n        &quot;url&quot;: &quot;https:\\\/\\\/www.staff.uni-mainz.de\\\/doria&quot;\n    },\n    &quot;align&quot;: &quot;wide&quot;,\n    &quot;showInActions&quot;: false,\n    &quot;allowNesting&quot;: true,\n    &quot;showExpandableContent&quot;: false,\n    &quot;expandableContent&quot;: &quot;&quot;\n}\">\n    \n<\/jgu-base-listitem>\n\n<jgu-base-listitem react-props=\"{\n    &quot;icon&quot;: &quot;university-solid&quot;,\n    &quot;title&quot;: &quot;&lt;a href=\\&quot;https:\\\/\\\/www.kernphysik.uni-mainz.de\\\/\\&quot;&gt;Institut f\\u00fcr Kernphysik&lt;\\\/a&gt;&quot;,\n    &quot;uuid&quot;: &quot;1746439853509&quot;,\n    &quot;link&quot;: {\n        &quot;url&quot;: &quot;https:\\\/\\\/www.kernphysik.uni-mainz.de\\\/&quot;\n    },\n    &quot;align&quot;: &quot;wide&quot;,\n    &quot;showInActions&quot;: false,\n    &quot;allowNesting&quot;: true,\n    &quot;showExpandableContent&quot;: false,\n    &quot;expandableContent&quot;: &quot;&quot;\n}\">\n    \n<\/jgu-base-listitem>\n\n<\/jgu-base-contactcard><\/div>\n\n\n\n<div class=\"wp-block-column is-layout-flow wp-block-column-is-layout-flow\"><jgu-base-contactcard react-props=\"{\n    &quot;name&quot;: &quot;&lt;strong&gt;Dr. Franziska Hagelstein&lt;\\\/strong&gt;&quot;,\n    &quot;avatar&quot;: {\n        &quot;id&quot;: 13369,\n        &quot;url&quot;: &quot;https:\\\/\\\/cms.zdv.uni-mainz.de\\\/fb08-physics\\\/wp-content\\\/uploads\\\/sites\\\/345\\\/2025\\\/07\\\/hagelstein.jpg&quot;,\n        &quot;hideImageDescription&quot;: false,\n        &quot;alt&quot;: &quot;Dr. Franziska Hagelstein&quot;,\n        &quot;caption&quot;: &quot;Dr. Franziska Hagelstein&quot;,\n        &quot;description&quot;: &quot;Dr. Franziska Hagelstein&quot;,\n        &quot;title&quot;: &quot;Dr. Franziska Hagelstein&quot;,\n        &quot;width&quot;: 2362,\n        &quot;height&quot;: 2362,\n        &quot;srcset&quot;: &quot;https:\\\/\\\/cms.zdv.uni-mainz.de\\\/fb08-physics\\\/wp-content\\\/uploads\\\/sites\\\/345\\\/2025\\\/07\\\/hagelstein.jpg 2362w, https:\\\/\\\/cms.zdv.uni-mainz.de\\\/fb08-physics\\\/wp-content\\\/uploads\\\/sites\\\/345\\\/2025\\\/07\\\/hagelstein-300x300.jpg 300w, https:\\\/\\\/cms.zdv.uni-mainz.de\\\/fb08-physics\\\/wp-content\\\/uploads\\\/sites\\\/345\\\/2025\\\/07\\\/hagelstein-1024x1024.jpg 1024w, https:\\\/\\\/cms.zdv.uni-mainz.de\\\/fb08-physics\\\/wp-content\\\/uploads\\\/sites\\\/345\\\/2025\\\/07\\\/hagelstein-150x150.jpg 150w, https:\\\/\\\/cms.zdv.uni-mainz.de\\\/fb08-physics\\\/wp-content\\\/uploads\\\/sites\\\/345\\\/2025\\\/07\\\/hagelstein-768x768.jpg 768w, https:\\\/\\\/cms.zdv.uni-mainz.de\\\/fb08-physics\\\/wp-content\\\/uploads\\\/sites\\\/345\\\/2025\\\/07\\\/hagelstein-1536x1536.jpg 1536w, https:\\\/\\\/cms.zdv.uni-mainz.de\\\/fb08-physics\\\/wp-content\\\/uploads\\\/sites\\\/345\\\/2025\\\/07\\\/hagelstein-2048x2048.jpg 2048w&quot;\n    },\n    &quot;color&quot;: &quot;blue-gray&quot;,\n    &quot;align&quot;: &quot;wide&quot;,\n    &quot;actions&quot;: []\n}\">\n    \n<jgu-base-listitem react-props=\"{\n    &quot;icon&quot;: &quot;lightbulb-solid&quot;,\n    &quot;title&quot;: &quot;Dispersionsbeziehungen &amp;amp; EFTs,&lt;br&gt;Nukleonenstruktur, Muonische Atome &amp;amp; Muon g-2 &quot;,\n    &quot;uuid&quot;: &quot;1726244894144&quot;,\n    &quot;align&quot;: &quot;wide&quot;,\n    &quot;showInActions&quot;: false,\n    &quot;allowNesting&quot;: true,\n    &quot;showExpandableContent&quot;: false,\n    &quot;expandableContent&quot;: &quot;&quot;,\n    &quot;link&quot;: {\n        &quot;url&quot;: &quot;&quot;\n    }\n}\">\n    \n<\/jgu-base-listitem>\n\n<jgu-base-listitem react-props=\"{\n    &quot;icon&quot;: &quot;address-card-solid&quot;,\n    &quot;title&quot;: &quot;&lt;a href=\\&quot;https:\\\/\\\/wwwth.kph.uni-mainz.de\\\/hagelstein-franziska\\\/\\&quot;&gt;Informationen zur Person&lt;\\\/a&gt;&quot;,\n    &quot;uuid&quot;: &quot;1734087422868&quot;,\n    &quot;link&quot;: {\n        &quot;url&quot;: &quot;https:\\\/\\\/wwwth.kph.uni-mainz.de\\\/hagelstein-franziska\\\/&quot;\n    },\n    &quot;align&quot;: &quot;wide&quot;,\n    &quot;showInActions&quot;: false,\n    &quot;allowNesting&quot;: true,\n    &quot;showExpandableContent&quot;: false,\n    &quot;expandableContent&quot;: &quot;&quot;\n}\">\n    \n<\/jgu-base-listitem>\n\n<jgu-base-listitem react-props=\"{\n    &quot;icon&quot;: &quot;university-solid&quot;,\n    &quot;title&quot;: &quot;&lt;a href=\\&quot;https:\\\/\\\/www.kernphysik.uni-mainz.de\\\/\\&quot;&gt;Institut f\\u00fcr Kernphysik&lt;\\\/a&gt;&quot;,\n    &quot;uuid&quot;: &quot;1737119550409&quot;,\n    &quot;link&quot;: {\n        &quot;url&quot;: &quot;https:\\\/\\\/www.kernphysik.uni-mainz.de\\\/&quot;\n    },\n    &quot;align&quot;: &quot;wide&quot;,\n    &quot;showInActions&quot;: false,\n    &quot;allowNesting&quot;: true,\n    &quot;showExpandableContent&quot;: false,\n    &quot;expandableContent&quot;: &quot;&quot;\n}\">\n    \n<\/jgu-base-listitem>\n\n<\/jgu-base-contactcard><\/div>\n<\/div>\n\n\n\n<div class=\"wp-block-columns is-layout-flex wp-container-core-columns-is-layout-9d6595d7 wp-block-columns-is-layout-flex\">\n<div class=\"wp-block-column is-layout-flow wp-block-column-is-layout-flow\"><jgu-base-contactcard react-props=\"{\n    &quot;name&quot;: &quot;&lt;strong&gt;Prof. Dr. Tyler Kutz&lt;\\\/strong&gt;&quot;,\n    &quot;avatar&quot;: {\n        &quot;id&quot;: 13260,\n        &quot;url&quot;: &quot;https:\\\/\\\/cms.zdv.uni-mainz.de\\\/fb08-physics\\\/wp-content\\\/uploads\\\/sites\\\/345\\\/2025\\\/07\\\/kutzneu.jpg&quot;,\n        &quot;hideImageDescription&quot;: false,\n        &quot;alt&quot;: &quot;Prof. Dr. Tyler Kutz&quot;,\n        &quot;caption&quot;: &quot;Prof. Dr. Tyler Kutz&quot;,\n        &quot;description&quot;: &quot;Prof. Dr. Tyler Kutz&quot;,\n        &quot;title&quot;: &quot;Prof. Dr. Tyler Kutz&quot;,\n        &quot;width&quot;: 2362,\n        &quot;height&quot;: 2362,\n        &quot;srcset&quot;: &quot;https:\\\/\\\/cms.zdv.uni-mainz.de\\\/fb08-physics\\\/wp-content\\\/uploads\\\/sites\\\/345\\\/2025\\\/07\\\/kutzneu.jpg 2362w, https:\\\/\\\/cms.zdv.uni-mainz.de\\\/fb08-physics\\\/wp-content\\\/uploads\\\/sites\\\/345\\\/2025\\\/07\\\/kutzneu-300x300.jpg 300w, https:\\\/\\\/cms.zdv.uni-mainz.de\\\/fb08-physics\\\/wp-content\\\/uploads\\\/sites\\\/345\\\/2025\\\/07\\\/kutzneu-1024x1024.jpg 1024w, https:\\\/\\\/cms.zdv.uni-mainz.de\\\/fb08-physics\\\/wp-content\\\/uploads\\\/sites\\\/345\\\/2025\\\/07\\\/kutzneu-150x150.jpg 150w, https:\\\/\\\/cms.zdv.uni-mainz.de\\\/fb08-physics\\\/wp-content\\\/uploads\\\/sites\\\/345\\\/2025\\\/07\\\/kutzneu-768x768.jpg 768w, https:\\\/\\\/cms.zdv.uni-mainz.de\\\/fb08-physics\\\/wp-content\\\/uploads\\\/sites\\\/345\\\/2025\\\/07\\\/kutzneu-1536x1536.jpg 1536w, https:\\\/\\\/cms.zdv.uni-mainz.de\\\/fb08-physics\\\/wp-content\\\/uploads\\\/sites\\\/345\\\/2025\\\/07\\\/kutzneu-2048x2048.jpg 2048w&quot;\n    },\n    &quot;color&quot;: &quot;blue-gray&quot;,\n    &quot;align&quot;: &quot;wide&quot;,\n    &quot;actions&quot;: []\n}\">\n    \n<jgu-base-listitem react-props=\"{\n    &quot;icon&quot;: &quot;lightbulb-solid&quot;,\n    &quot;title&quot;: &quot;Hadronen- und Kernphysik, fundamentale Wechselwirkungen&quot;,\n    &quot;uuid&quot;: &quot;1726244894144&quot;,\n    &quot;align&quot;: &quot;wide&quot;,\n    &quot;showInActions&quot;: false,\n    &quot;allowNesting&quot;: true,\n    &quot;showExpandableContent&quot;: false,\n    &quot;expandableContent&quot;: &quot;&quot;,\n    &quot;link&quot;: {\n        &quot;url&quot;: &quot;&quot;\n    }\n}\">\n    \n<\/jgu-base-listitem>\n\n<jgu-base-listitem react-props=\"{\n    &quot;icon&quot;: &quot;university-solid&quot;,\n    &quot;title&quot;: &quot;&lt;a href=\\&quot;https:\\\/\\\/www.kernphysik.uni-mainz.de\\\/\\&quot;&gt;Institut f\\u00fcr Kernphysik&lt;\\\/a&gt;&quot;,\n    &quot;uuid&quot;: &quot;1737119556643&quot;,\n    &quot;link&quot;: {\n        &quot;url&quot;: &quot;https:\\\/\\\/www.kernphysik.uni-mainz.de\\\/&quot;\n    },\n    &quot;align&quot;: &quot;wide&quot;,\n    &quot;showInActions&quot;: false,\n    &quot;allowNesting&quot;: true,\n    &quot;showExpandableContent&quot;: false,\n    &quot;expandableContent&quot;: &quot;&quot;\n}\">\n    \n<\/jgu-base-listitem>\n\n<\/jgu-base-contactcard><\/div>\n\n\n\n<div class=\"wp-block-column is-layout-flow wp-block-column-is-layout-flow\"><jgu-base-contactcard react-props=\"{\n    &quot;name&quot;: &quot;&lt;strong&gt;Prof. Dr. Frank Maas&lt;\\\/strong&gt;&quot;,\n    &quot;avatar&quot;: {\n        &quot;id&quot;: 12057,\n        &quot;url&quot;: &quot;https:\\\/\\\/cms.zdv.uni-mainz.de\\\/fb08-physics\\\/wp-content\\\/uploads\\\/sites\\\/345\\\/2025\\\/05\\\/maas.jpg&quot;,\n        &quot;hideImageDescription&quot;: false,\n        &quot;alt&quot;: &quot;Prof Dr. Frank Maas&quot;,\n        &quot;caption&quot;: &quot;Prof Dr. Frank Maas&quot;,\n        &quot;description&quot;: &quot;Prof Dr. Frank Maas&quot;,\n        &quot;title&quot;: &quot;Prof Dr. Frank Maas&quot;,\n        &quot;width&quot;: 2480,\n        &quot;height&quot;: 2480,\n        &quot;srcset&quot;: &quot;https:\\\/\\\/cms.zdv.uni-mainz.de\\\/fb08-physics\\\/wp-content\\\/uploads\\\/sites\\\/345\\\/2025\\\/05\\\/maas.jpg 2480w, https:\\\/\\\/cms.zdv.uni-mainz.de\\\/fb08-physics\\\/wp-content\\\/uploads\\\/sites\\\/345\\\/2025\\\/05\\\/maas-300x300.jpg 300w, https:\\\/\\\/cms.zdv.uni-mainz.de\\\/fb08-physics\\\/wp-content\\\/uploads\\\/sites\\\/345\\\/2025\\\/05\\\/maas-1024x1024.jpg 1024w, https:\\\/\\\/cms.zdv.uni-mainz.de\\\/fb08-physics\\\/wp-content\\\/uploads\\\/sites\\\/345\\\/2025\\\/05\\\/maas-150x150.jpg 150w, https:\\\/\\\/cms.zdv.uni-mainz.de\\\/fb08-physics\\\/wp-content\\\/uploads\\\/sites\\\/345\\\/2025\\\/05\\\/maas-768x768.jpg 768w, https:\\\/\\\/cms.zdv.uni-mainz.de\\\/fb08-physics\\\/wp-content\\\/uploads\\\/sites\\\/345\\\/2025\\\/05\\\/maas-1536x1536.jpg 1536w, https:\\\/\\\/cms.zdv.uni-mainz.de\\\/fb08-physics\\\/wp-content\\\/uploads\\\/sites\\\/345\\\/2025\\\/05\\\/maas-2048x2048.jpg 2048w&quot;\n    },\n    &quot;color&quot;: &quot;blue-gray&quot;,\n    &quot;align&quot;: &quot;wide&quot;,\n    &quot;actions&quot;: []\n}\">\n    \n<jgu-base-listitem react-props=\"{\n    &quot;icon&quot;: &quot;lightbulb-solid&quot;,\n    &quot;title&quot;: &quot;Experimentelle Hadronenstruktur und Tests des Standardmodells &quot;,\n    &quot;uuid&quot;: &quot;1726244894144&quot;,\n    &quot;align&quot;: &quot;wide&quot;,\n    &quot;showInActions&quot;: false,\n    &quot;allowNesting&quot;: true,\n    &quot;showExpandableContent&quot;: false,\n    &quot;expandableContent&quot;: &quot;&quot;,\n    &quot;link&quot;: {\n        &quot;url&quot;: &quot;&quot;\n    }\n}\">\n    \n<\/jgu-base-listitem>\n\n<jgu-base-listitem react-props=\"{\n    &quot;icon&quot;: &quot;university-solid&quot;,\n    &quot;title&quot;: &quot;&lt;a href=\\&quot;https:\\\/\\\/www.kernphysik.uni-mainz.de\\\/\\&quot;&gt;Institut f\\u00fcr Kernphysik&lt;\\\/a&gt;&quot;,\n    &quot;uuid&quot;: &quot;1737119543817&quot;,\n    &quot;link&quot;: {\n        &quot;url&quot;: &quot;https:\\\/\\\/www.kernphysik.uni-mainz.de\\\/&quot;\n    },\n    &quot;align&quot;: &quot;wide&quot;,\n    &quot;showInActions&quot;: false,\n    &quot;allowNesting&quot;: true,\n    &quot;showExpandableContent&quot;: false,\n    &quot;expandableContent&quot;: &quot;&quot;\n}\">\n    \n<\/jgu-base-listitem>\n\n<\/jgu-base-contactcard><\/div>\n\n\n\n<div class=\"wp-block-column is-layout-flow wp-block-column-is-layout-flow\"><jgu-base-contactcard react-props=\"{\n    &quot;name&quot;: &quot;&lt;strong&gt;Prof. Dr. &lt;\\\/strong&gt;Harald Merkel&quot;,\n    &quot;avatar&quot;: {\n        &quot;id&quot;: 19266,\n        &quot;url&quot;: &quot;https:\\\/\\\/cms.zdv.uni-mainz.de\\\/fb08-physics\\\/wp-content\\\/uploads\\\/sites\\\/345\\\/2026\\\/02\\\/Harald-Merkel.jpg&quot;,\n        &quot;hideImageDescription&quot;: false,\n        &quot;credit&quot;: &quot;&quot;,\n        &quot;title&quot;: &quot;Harald Merkel&quot;,\n        &quot;width&quot;: 2480,\n        &quot;height&quot;: 2480,\n        &quot;srcset&quot;: &quot;https:\\\/\\\/cms.zdv.uni-mainz.de\\\/fb08-physics\\\/wp-content\\\/uploads\\\/sites\\\/345\\\/2026\\\/02\\\/Harald-Merkel.jpg 2480w, https:\\\/\\\/cms.zdv.uni-mainz.de\\\/fb08-physics\\\/wp-content\\\/uploads\\\/sites\\\/345\\\/2026\\\/02\\\/Harald-Merkel-300x300.jpg 300w, https:\\\/\\\/cms.zdv.uni-mainz.de\\\/fb08-physics\\\/wp-content\\\/uploads\\\/sites\\\/345\\\/2026\\\/02\\\/Harald-Merkel-1024x1024.jpg 1024w, https:\\\/\\\/cms.zdv.uni-mainz.de\\\/fb08-physics\\\/wp-content\\\/uploads\\\/sites\\\/345\\\/2026\\\/02\\\/Harald-Merkel-150x150.jpg 150w, https:\\\/\\\/cms.zdv.uni-mainz.de\\\/fb08-physics\\\/wp-content\\\/uploads\\\/sites\\\/345\\\/2026\\\/02\\\/Harald-Merkel-768x768.jpg 768w, https:\\\/\\\/cms.zdv.uni-mainz.de\\\/fb08-physics\\\/wp-content\\\/uploads\\\/sites\\\/345\\\/2026\\\/02\\\/Harald-Merkel-1536x1536.jpg 1536w, https:\\\/\\\/cms.zdv.uni-mainz.de\\\/fb08-physics\\\/wp-content\\\/uploads\\\/sites\\\/345\\\/2026\\\/02\\\/Harald-Merkel-2048x2048.jpg 2048w&quot;\n    },\n    &quot;color&quot;: &quot;blue-gray&quot;,\n    &quot;align&quot;: &quot;wide&quot;,\n    &quot;actions&quot;: []\n}\">\n    \n<jgu-base-listitem react-props=\"{\n    &quot;icon&quot;: &quot;lightbulb-solid&quot;,\n    &quot;title&quot;: &quot;Elektronenstreuungsexperimente, Hadronenstruktur, Kernastrophysik, few body reactions, Kernphysik&quot;,\n    &quot;uuid&quot;: &quot;1737119550409&quot;,\n    &quot;align&quot;: &quot;wide&quot;,\n    &quot;showInActions&quot;: false,\n    &quot;allowNesting&quot;: true,\n    &quot;showExpandableContent&quot;: false,\n    &quot;expandableContent&quot;: &quot;&quot;,\n    &quot;link&quot;: {\n        &quot;url&quot;: &quot;&quot;\n    }\n}\">\n    \n<\/jgu-base-listitem>\n\n<jgu-base-listitem react-props=\"{\n    &quot;icon&quot;: &quot;arrow-right-solid&quot;,\n    &quot;title&quot;: &quot;&lt;a href=\\&quot;https:\\\/\\\/magix.uni-mainz.de\\\/\\&quot;&gt;MAGIX collaboration&lt;\\\/a&gt;&quot;,\n    &quot;uuid&quot;: &quot;1737119550409&quot;,\n    &quot;link&quot;: {\n        &quot;url&quot;: &quot;https:\\\/\\\/magix.uni-mainz.de\\\/&quot;\n    },\n    &quot;align&quot;: &quot;wide&quot;,\n    &quot;showInActions&quot;: false,\n    &quot;allowNesting&quot;: true,\n    &quot;showExpandableContent&quot;: false,\n    &quot;expandableContent&quot;: &quot;&quot;\n}\">\n    \n<\/jgu-base-listitem>\n\n<jgu-base-listitem react-props=\"{\n    &quot;icon&quot;: &quot;university-solid&quot;,\n    &quot;title&quot;: &quot;&lt;a href=\\&quot;https:\\\/\\\/www.kernphysik.uni-mainz.de\\\/\\&quot;&gt;Institut f\\u00fcr Kernphysik&lt;\\\/a&gt;&quot;,\n    &quot;uuid&quot;: &quot;1737119550409&quot;,\n    &quot;link&quot;: {\n        &quot;url&quot;: &quot;https:\\\/\\\/www.kernphysik.uni-mainz.de\\\/&quot;\n    },\n    &quot;align&quot;: &quot;wide&quot;,\n    &quot;showInActions&quot;: false,\n    &quot;allowNesting&quot;: true,\n    &quot;showExpandableContent&quot;: false,\n    &quot;expandableContent&quot;: &quot;&quot;\n}\">\n    \n<\/jgu-base-listitem>\n\n<\/jgu-base-contactcard><\/div>\n<\/div>\n\n\n\n<div class=\"wp-block-columns is-layout-flex wp-container-core-columns-is-layout-9d6595d7 wp-block-columns-is-layout-flex\">\n<div class=\"wp-block-column is-layout-flow wp-block-column-is-layout-flow\"><jgu-base-contactcard react-props=\"{\n    &quot;name&quot;: &quot;&lt;strong&gt;Prof. Dr. Michael&lt;\\\/strong&gt; Ostrick&quot;,\n    &quot;avatar&quot;: {\n        &quot;id&quot;: 12051,\n        &quot;url&quot;: &quot;https:\\\/\\\/cms.zdv.uni-mainz.de\\\/fb08-physics\\\/wp-content\\\/uploads\\\/sites\\\/345\\\/2025\\\/05\\\/ostrick.jpg&quot;,\n        &quot;hideImageDescription&quot;: false,\n        &quot;alt&quot;: &quot;Prof. Dr. Michael Ostrick&quot;,\n        &quot;caption&quot;: &quot;Prof. Dr. Michael Ostrick&quot;,\n        &quot;description&quot;: &quot;Prof. Dr. Michael Ostrick&quot;,\n        &quot;title&quot;: &quot;Prof. Dr. Michael Ostrick&quot;,\n        &quot;width&quot;: 2480,\n        &quot;height&quot;: 2480,\n        &quot;srcset&quot;: &quot;https:\\\/\\\/cms.zdv.uni-mainz.de\\\/fb08-physics\\\/wp-content\\\/uploads\\\/sites\\\/345\\\/2025\\\/05\\\/ostrick.jpg 2480w, https:\\\/\\\/cms.zdv.uni-mainz.de\\\/fb08-physics\\\/wp-content\\\/uploads\\\/sites\\\/345\\\/2025\\\/05\\\/ostrick-300x300.jpg 300w, https:\\\/\\\/cms.zdv.uni-mainz.de\\\/fb08-physics\\\/wp-content\\\/uploads\\\/sites\\\/345\\\/2025\\\/05\\\/ostrick-1024x1024.jpg 1024w, https:\\\/\\\/cms.zdv.uni-mainz.de\\\/fb08-physics\\\/wp-content\\\/uploads\\\/sites\\\/345\\\/2025\\\/05\\\/ostrick-150x150.jpg 150w, https:\\\/\\\/cms.zdv.uni-mainz.de\\\/fb08-physics\\\/wp-content\\\/uploads\\\/sites\\\/345\\\/2025\\\/05\\\/ostrick-768x768.jpg 768w, https:\\\/\\\/cms.zdv.uni-mainz.de\\\/fb08-physics\\\/wp-content\\\/uploads\\\/sites\\\/345\\\/2025\\\/05\\\/ostrick-1536x1536.jpg 1536w, https:\\\/\\\/cms.zdv.uni-mainz.de\\\/fb08-physics\\\/wp-content\\\/uploads\\\/sites\\\/345\\\/2025\\\/05\\\/ostrick-2048x2048.jpg 2048w&quot;\n    },\n    &quot;color&quot;: &quot;blue-gray&quot;,\n    &quot;align&quot;: &quot;wide&quot;,\n    &quot;actions&quot;: []\n}\">\n    \n<jgu-base-listitem react-props=\"{\n    &quot;icon&quot;: &quot;lightbulb-solid&quot;,\n    &quot;title&quot;: &quot;Experimentelle Hadronenphysik: Struktur und Spektrum &quot;,\n    &quot;uuid&quot;: &quot;1726244894144&quot;,\n    &quot;align&quot;: &quot;wide&quot;,\n    &quot;showInActions&quot;: false,\n    &quot;allowNesting&quot;: true,\n    &quot;showExpandableContent&quot;: false,\n    &quot;expandableContent&quot;: &quot;&quot;,\n    &quot;link&quot;: {\n        &quot;url&quot;: &quot;&quot;\n    }\n}\">\n    \n<\/jgu-base-listitem>\n\n<jgu-base-listitem react-props=\"{\n    &quot;icon&quot;: &quot;arrow-right-solid&quot;,\n    &quot;title&quot;: &quot;&lt;a href=\\&quot;https:\\\/\\\/www.blogs.uni-mainz.de\\\/fb08-nuclear-physics\\\/professors\\\/univ-prof-dr-michael-ostrick\\\/\\&quot;&gt;Gruppe von Michael Ostrick&lt;\\\/a&gt;&quot;,\n    &quot;uuid&quot;: &quot;1734087422868&quot;,\n    &quot;link&quot;: {\n        &quot;url&quot;: &quot;https:\\\/\\\/www.blogs.uni-mainz.de\\\/fb08-nuclear-physics\\\/professors\\\/univ-prof-dr-michael-ostrick\\\/&quot;\n    },\n    &quot;align&quot;: &quot;wide&quot;,\n    &quot;showInActions&quot;: false,\n    &quot;allowNesting&quot;: true,\n    &quot;showExpandableContent&quot;: false,\n    &quot;expandableContent&quot;: &quot;&quot;\n}\">\n    \n<\/jgu-base-listitem>\n\n<jgu-base-listitem react-props=\"{\n    &quot;icon&quot;: &quot;university-solid&quot;,\n    &quot;title&quot;: &quot;&lt;a href=\\&quot;https:\\\/\\\/www.kernphysik.uni-mainz.de\\\/\\&quot;&gt;Institut f\\u00fcr Kernphysik&lt;\\\/a&gt;&quot;,\n    &quot;uuid&quot;: &quot;1737119556643&quot;,\n    &quot;link&quot;: {\n        &quot;url&quot;: &quot;https:\\\/\\\/www.kernphysik.uni-mainz.de\\\/&quot;\n    },\n    &quot;align&quot;: &quot;wide&quot;,\n    &quot;showInActions&quot;: false,\n    &quot;allowNesting&quot;: true,\n    &quot;showExpandableContent&quot;: false,\n    &quot;expandableContent&quot;: &quot;&quot;\n}\">\n    \n<\/jgu-base-listitem>\n\n<\/jgu-base-contactcard><\/div>\n\n\n\n<div class=\"wp-block-column is-layout-flow wp-block-column-is-layout-flow\"><jgu-base-contactcard react-props=\"{\n    &quot;name&quot;: &quot;&lt;strong&gt;Prof. Dr. &lt;\\\/strong&gt;Randolf Pohl&quot;,\n    &quot;avatar&quot;: {\n        &quot;id&quot;: 14388,\n        &quot;url&quot;: &quot;https:\\\/\\\/cms.zdv.uni-mainz.de\\\/fb08-physics\\\/wp-content\\\/uploads\\\/sites\\\/345\\\/2025\\\/05\\\/pohl.jpg&quot;,\n        &quot;hideImageDescription&quot;: false,\n        &quot;credit&quot;: &quot;&quot;,\n        &quot;alt&quot;: &quot;Prof. Dr. Randolf Pohl&quot;,\n        &quot;caption&quot;: &quot;Prof. Dr. Randolf Pohl&quot;,\n        &quot;description&quot;: &quot;Prof. Dr. Randolf Pohl&quot;,\n        &quot;title&quot;: &quot;Prof. Dr. Randolf Pohl&quot;,\n        &quot;width&quot;: 2480,\n        &quot;height&quot;: 2480,\n        &quot;srcset&quot;: &quot;https:\\\/\\\/cms.zdv.uni-mainz.de\\\/fb08-physics\\\/wp-content\\\/uploads\\\/sites\\\/345\\\/2025\\\/05\\\/pohl.jpg 2480w, https:\\\/\\\/cms.zdv.uni-mainz.de\\\/fb08-physics\\\/wp-content\\\/uploads\\\/sites\\\/345\\\/2025\\\/05\\\/pohl-300x300.jpg 300w, https:\\\/\\\/cms.zdv.uni-mainz.de\\\/fb08-physics\\\/wp-content\\\/uploads\\\/sites\\\/345\\\/2025\\\/05\\\/pohl-1024x1024.jpg 1024w, https:\\\/\\\/cms.zdv.uni-mainz.de\\\/fb08-physics\\\/wp-content\\\/uploads\\\/sites\\\/345\\\/2025\\\/05\\\/pohl-150x150.jpg 150w, https:\\\/\\\/cms.zdv.uni-mainz.de\\\/fb08-physics\\\/wp-content\\\/uploads\\\/sites\\\/345\\\/2025\\\/05\\\/pohl-768x768.jpg 768w, https:\\\/\\\/cms.zdv.uni-mainz.de\\\/fb08-physics\\\/wp-content\\\/uploads\\\/sites\\\/345\\\/2025\\\/05\\\/pohl-1536x1536.jpg 1536w, https:\\\/\\\/cms.zdv.uni-mainz.de\\\/fb08-physics\\\/wp-content\\\/uploads\\\/sites\\\/345\\\/2025\\\/05\\\/pohl-2048x2048.jpg 2048w&quot;\n    },\n    &quot;color&quot;: &quot;blue-gray&quot;,\n    &quot;align&quot;: &quot;wide&quot;,\n    &quot;actions&quot;: []\n}\">\n    \n<jgu-base-listitem react-props=\"{\n    &quot;icon&quot;: &quot;university-solid&quot;,\n    &quot;title&quot;: &quot;&lt;a href=\\&quot;https:\\\/\\\/physics.uni-mainz.de\\\/de\\\/home\\\/physikalische-forschung\\\/forschungsfelder\\\/atom-quantenphysik\\\/\\&quot;&gt;Quanten-, Atom- und Neutronenphysik (QUANTUM)&lt;\\\/a&gt;&quot;,\n    &quot;uuid&quot;: &quot;1737119543817&quot;,\n    &quot;link&quot;: {\n        &quot;url&quot;: &quot;https:\\\/\\\/physics.uni-mainz.de\\\/de\\\/home\\\/physikalische-forschung\\\/forschungsfelder\\\/atom-quantenphysik\\\/&quot;\n    },\n    &quot;align&quot;: &quot;wide&quot;,\n    &quot;showInActions&quot;: false,\n    &quot;allowNesting&quot;: true,\n    &quot;showExpandableContent&quot;: false,\n    &quot;expandableContent&quot;: &quot;&quot;\n}\">\n    \n<\/jgu-base-listitem>\n\n<\/jgu-base-contactcard><\/div>\n\n\n\n<div class=\"wp-block-column is-layout-flow wp-block-column-is-layout-flow\"><jgu-base-contactcard react-props=\"{\n    &quot;name&quot;: &quot;&lt;strong&gt;Prof. Dr. Concettina Sfienti&lt;\\\/strong&gt;&quot;,\n    &quot;avatar&quot;: {\n        &quot;id&quot;: 10548,\n        &quot;url&quot;: &quot;https:\\\/\\\/cms.zdv.uni-mainz.de\\\/fb08-physics\\\/wp-content\\\/uploads\\\/sites\\\/345\\\/2025\\\/01\\\/sfienti.jpg&quot;,\n        &quot;hideImageDescription&quot;: false,\n        &quot;alt&quot;: &quot;Prof. Dr. Conecettina Sfienti&quot;,\n        &quot;caption&quot;: &quot;Prof. Dr. Conecettina Sfienti&quot;,\n        &quot;description&quot;: &quot;Prof. Dr. Conecettina Sfienti&quot;,\n        &quot;title&quot;: &quot;Prof. Dr. Conecettina Sfienti&quot;,\n        &quot;width&quot;: 2480,\n        &quot;height&quot;: 2480,\n        &quot;srcset&quot;: &quot;https:\\\/\\\/cms.zdv.uni-mainz.de\\\/fb08-physics\\\/wp-content\\\/uploads\\\/sites\\\/345\\\/2025\\\/01\\\/sfienti.jpg 2480w, https:\\\/\\\/cms.zdv.uni-mainz.de\\\/fb08-physics\\\/wp-content\\\/uploads\\\/sites\\\/345\\\/2025\\\/01\\\/sfienti-300x300.jpg 300w, https:\\\/\\\/cms.zdv.uni-mainz.de\\\/fb08-physics\\\/wp-content\\\/uploads\\\/sites\\\/345\\\/2025\\\/01\\\/sfienti-1024x1024.jpg 1024w, https:\\\/\\\/cms.zdv.uni-mainz.de\\\/fb08-physics\\\/wp-content\\\/uploads\\\/sites\\\/345\\\/2025\\\/01\\\/sfienti-150x150.jpg 150w, https:\\\/\\\/cms.zdv.uni-mainz.de\\\/fb08-physics\\\/wp-content\\\/uploads\\\/sites\\\/345\\\/2025\\\/01\\\/sfienti-768x768.jpg 768w, https:\\\/\\\/cms.zdv.uni-mainz.de\\\/fb08-physics\\\/wp-content\\\/uploads\\\/sites\\\/345\\\/2025\\\/01\\\/sfienti-1536x1536.jpg 1536w, https:\\\/\\\/cms.zdv.uni-mainz.de\\\/fb08-physics\\\/wp-content\\\/uploads\\\/sites\\\/345\\\/2025\\\/01\\\/sfienti-2048x2048.jpg 2048w, https:\\\/\\\/cms.zdv.uni-mainz.de\\\/fb08-physics\\\/wp-content\\\/uploads\\\/sites\\\/345\\\/2025\\\/01\\\/sfienti-400x400.jpg 400w, https:\\\/\\\/cms.zdv.uni-mainz.de\\\/fb08-physics\\\/wp-content\\\/uploads\\\/sites\\\/345\\\/2025\\\/01\\\/sfienti-600x600.jpg 600w&quot;\n    },\n    &quot;color&quot;: &quot;blue-gray&quot;,\n    &quot;align&quot;: &quot;wide&quot;,\n    &quot;actions&quot;: []\n}\">\n    \n<jgu-base-listitem react-props=\"{\n    &quot;icon&quot;: &quot;lightbulb-solid&quot;,\n    &quot;title&quot;: &quot;Experimentelle nukleare Astrophysik, Zustandsgleichung der Kernmaterie, Kernreaktionen&quot;,\n    &quot;uuid&quot;: &quot;1726244894144&quot;,\n    &quot;align&quot;: &quot;wide&quot;,\n    &quot;showInActions&quot;: false,\n    &quot;allowNesting&quot;: true,\n    &quot;showExpandableContent&quot;: false,\n    &quot;expandableContent&quot;: &quot;&quot;,\n    &quot;link&quot;: {\n        &quot;url&quot;: &quot;&quot;\n    }\n}\">\n    \n<\/jgu-base-listitem>\n\n<jgu-base-listitem react-props=\"{\n    &quot;icon&quot;: &quot;arrow-right-solid&quot;,\n    &quot;title&quot;: &quot;&lt;a href=\\&quot;https:\\\/\\\/agsfienti.uni-mainz.de\\\/\\&quot;&gt;Gruppe von Concettina Sfienti&lt;\\\/a&gt; &quot;,\n    &quot;uuid&quot;: &quot;1734087422868&quot;,\n    &quot;link&quot;: {\n        &quot;url&quot;: &quot;https:\\\/\\\/agsfienti.uni-mainz.de\\\/&quot;\n    },\n    &quot;align&quot;: &quot;wide&quot;,\n    &quot;showInActions&quot;: false,\n    &quot;allowNesting&quot;: true,\n    &quot;showExpandableContent&quot;: false,\n    &quot;expandableContent&quot;: &quot;&quot;\n}\">\n    \n<\/jgu-base-listitem>\n\n<jgu-base-listitem react-props=\"{\n    &quot;icon&quot;: &quot;university-solid&quot;,\n    &quot;title&quot;: &quot;&lt;a href=\\&quot;https:\\\/\\\/www.kernphysik.uni-mainz.de\\\/\\&quot;&gt;Institut f\\u00fcr Kernphysik&lt;\\\/a&gt;&quot;,\n    &quot;uuid&quot;: &quot;1751294552349&quot;,\n    &quot;link&quot;: {\n        &quot;url&quot;: &quot;https:\\\/\\\/www.kernphysik.uni-mainz.de\\\/&quot;\n    },\n    &quot;align&quot;: &quot;wide&quot;,\n    &quot;showInActions&quot;: false,\n    &quot;allowNesting&quot;: true,\n    &quot;showExpandableContent&quot;: false,\n    &quot;expandableContent&quot;: &quot;&quot;\n}\">\n    \n<\/jgu-base-listitem>\n\n<\/jgu-base-contactcard><\/div>\n<\/div>\n\n\n\n<div class=\"wp-block-columns is-layout-flex wp-container-core-columns-is-layout-9d6595d7 wp-block-columns-is-layout-flex\">\n<div class=\"wp-block-column is-layout-flow wp-block-column-is-layout-flow\"><jgu-base-contactcard react-props=\"{\n    &quot;name&quot;: &quot;&lt;strong&gt;Prof. Dr. &lt;\\\/strong&gt;Marc Vanderhaeghen&quot;,\n    &quot;avatar&quot;: {\n        &quot;id&quot;: 12042,\n        &quot;url&quot;: &quot;https:\\\/\\\/cms.zdv.uni-mainz.de\\\/fb08-physics\\\/wp-content\\\/uploads\\\/sites\\\/345\\\/2025\\\/05\\\/vanderhaegen1.jpg&quot;,\n        &quot;hideImageDescription&quot;: false,\n        &quot;credit&quot;: &quot;&quot;,\n        &quot;alt&quot;: &quot;Prof. Dr. Marc Vanderhaeghen&quot;,\n        &quot;caption&quot;: &quot;Prof. Dr. Marc Vanderhaeghen&quot;,\n        &quot;description&quot;: &quot;Prof. Dr. Marc Vanderhaeghen&quot;,\n        &quot;title&quot;: &quot;Prof. Dr. Marc Vanderhaeghen&quot;,\n        &quot;width&quot;: 2480,\n        &quot;height&quot;: 2480,\n        &quot;srcset&quot;: &quot;https:\\\/\\\/cms.zdv.uni-mainz.de\\\/fb08-physics\\\/wp-content\\\/uploads\\\/sites\\\/345\\\/2025\\\/05\\\/vanderhaegen1.jpg 2480w, https:\\\/\\\/cms.zdv.uni-mainz.de\\\/fb08-physics\\\/wp-content\\\/uploads\\\/sites\\\/345\\\/2025\\\/05\\\/vanderhaegen1-300x300.jpg 300w, https:\\\/\\\/cms.zdv.uni-mainz.de\\\/fb08-physics\\\/wp-content\\\/uploads\\\/sites\\\/345\\\/2025\\\/05\\\/vanderhaegen1-1024x1024.jpg 1024w, https:\\\/\\\/cms.zdv.uni-mainz.de\\\/fb08-physics\\\/wp-content\\\/uploads\\\/sites\\\/345\\\/2025\\\/05\\\/vanderhaegen1-150x150.jpg 150w, https:\\\/\\\/cms.zdv.uni-mainz.de\\\/fb08-physics\\\/wp-content\\\/uploads\\\/sites\\\/345\\\/2025\\\/05\\\/vanderhaegen1-768x768.jpg 768w, https:\\\/\\\/cms.zdv.uni-mainz.de\\\/fb08-physics\\\/wp-content\\\/uploads\\\/sites\\\/345\\\/2025\\\/05\\\/vanderhaegen1-1536x1536.jpg 1536w, https:\\\/\\\/cms.zdv.uni-mainz.de\\\/fb08-physics\\\/wp-content\\\/uploads\\\/sites\\\/345\\\/2025\\\/05\\\/vanderhaegen1-2048x2048.jpg 2048w&quot;\n    },\n    &quot;color&quot;: &quot;blue-gray&quot;,\n    &quot;align&quot;: &quot;wide&quot;,\n    &quot;actions&quot;: []\n}\">\n    \n<jgu-base-listitem react-props=\"{\n    &quot;icon&quot;: &quot;lightbulb-solid&quot;,\n    &quot;title&quot;: &quot;Theoretische Hadronenphysik: Hadronenstruktur und Ph\\u00e4nomenologie &quot;,\n    &quot;uuid&quot;: &quot;1737119550409&quot;,\n    &quot;align&quot;: &quot;wide&quot;,\n    &quot;showInActions&quot;: false,\n    &quot;allowNesting&quot;: true,\n    &quot;showExpandableContent&quot;: false,\n    &quot;expandableContent&quot;: &quot;&quot;,\n    &quot;link&quot;: {\n        &quot;url&quot;: &quot;&quot;\n    }\n}\">\n    \n<\/jgu-base-listitem>\n\n<jgu-base-listitem react-props=\"{\n    &quot;icon&quot;: &quot;address-card-solid&quot;,\n    &quot;title&quot;: &quot;&lt;a href=\\&quot;https:\\\/\\\/wwwth.kph.uni-mainz.de\\\/vanderhaeghen-marc\\\/\\&quot;&gt;Informationen zur Person&lt;\\\/a&gt;&quot;,\n    &quot;uuid&quot;: &quot;1737119550409&quot;,\n    &quot;link&quot;: {\n        &quot;url&quot;: &quot;https:\\\/\\\/wwwth.kph.uni-mainz.de\\\/vanderhaeghen-marc\\\/&quot;\n    },\n    &quot;align&quot;: &quot;wide&quot;,\n    &quot;showInActions&quot;: false,\n    &quot;allowNesting&quot;: true,\n    &quot;showExpandableContent&quot;: false,\n    &quot;expandableContent&quot;: &quot;&quot;\n}\">\n    \n<\/jgu-base-listitem>\n\n<jgu-base-listitem react-props=\"{\n    &quot;icon&quot;: &quot;university-solid&quot;,\n    &quot;title&quot;: &quot;&lt;a href=\\&quot;https:\\\/\\\/www.kernphysik.uni-mainz.de\\\/\\&quot;&gt;Institut f\\u00fcr Kernphysik&lt;\\\/a&gt;&quot;,\n    &quot;uuid&quot;: &quot;1737119550409&quot;,\n    &quot;link&quot;: {\n        &quot;url&quot;: &quot;https:\\\/\\\/www.kernphysik.uni-mainz.de\\\/&quot;\n    },\n    &quot;align&quot;: &quot;wide&quot;,\n    &quot;showInActions&quot;: false,\n    &quot;allowNesting&quot;: true,\n    &quot;showExpandableContent&quot;: false,\n    &quot;expandableContent&quot;: &quot;&quot;\n}\">\n    \n<\/jgu-base-listitem>\n\n<\/jgu-base-contactcard><\/div>\n\n\n\n<div class=\"wp-block-column is-layout-flow wp-block-column-is-layout-flow\"><jgu-base-contactcard react-props=\"{\n    &quot;name&quot;: &quot;&lt;strong&gt;Prof. Dr. Georg von Hippel&lt;\\\/strong&gt;&quot;,\n    &quot;avatar&quot;: {\n        &quot;id&quot;: 12171,\n        &quot;url&quot;: &quot;https:\\\/\\\/cms.zdv.uni-mainz.de\\\/fb08-physics\\\/wp-content\\\/uploads\\\/sites\\\/345\\\/2025\\\/05\\\/van-hippel.jpg&quot;,\n        &quot;hideImageDescription&quot;: false,\n        &quot;alt&quot;: &quot;Prof. Dr. Georg Van Hippel&quot;,\n        &quot;caption&quot;: &quot;Prof. Dr. Georg Van Hippel&quot;,\n        &quot;description&quot;: &quot;Prof. Dr. Georg Van Hippel&quot;,\n        &quot;title&quot;: &quot;Prof. Dr. Georg Van Hippel&quot;,\n        &quot;width&quot;: 2480,\n        &quot;height&quot;: 2480,\n        &quot;srcset&quot;: &quot;https:\\\/\\\/cms.zdv.uni-mainz.de\\\/fb08-physics\\\/wp-content\\\/uploads\\\/sites\\\/345\\\/2025\\\/05\\\/van-hippel.jpg 2480w, https:\\\/\\\/cms.zdv.uni-mainz.de\\\/fb08-physics\\\/wp-content\\\/uploads\\\/sites\\\/345\\\/2025\\\/05\\\/van-hippel-300x300.jpg 300w, https:\\\/\\\/cms.zdv.uni-mainz.de\\\/fb08-physics\\\/wp-content\\\/uploads\\\/sites\\\/345\\\/2025\\\/05\\\/van-hippel-1024x1024.jpg 1024w, https:\\\/\\\/cms.zdv.uni-mainz.de\\\/fb08-physics\\\/wp-content\\\/uploads\\\/sites\\\/345\\\/2025\\\/05\\\/van-hippel-150x150.jpg 150w, https:\\\/\\\/cms.zdv.uni-mainz.de\\\/fb08-physics\\\/wp-content\\\/uploads\\\/sites\\\/345\\\/2025\\\/05\\\/van-hippel-768x768.jpg 768w, https:\\\/\\\/cms.zdv.uni-mainz.de\\\/fb08-physics\\\/wp-content\\\/uploads\\\/sites\\\/345\\\/2025\\\/05\\\/van-hippel-1536x1536.jpg 1536w, https:\\\/\\\/cms.zdv.uni-mainz.de\\\/fb08-physics\\\/wp-content\\\/uploads\\\/sites\\\/345\\\/2025\\\/05\\\/van-hippel-2048x2048.jpg 2048w&quot;\n    },\n    &quot;color&quot;: &quot;blue-gray&quot;,\n    &quot;align&quot;: &quot;wide&quot;,\n    &quot;actions&quot;: []\n}\">\n    \n<jgu-base-listitem react-props=\"{\n    &quot;icon&quot;: &quot;lightbulb-solid&quot;,\n    &quot;title&quot;: &quot;Gitter-QCD, Hadronenstruktur, Pr\\u00e4zisionsbeobachtungen&quot;,\n    &quot;uuid&quot;: &quot;1726244894144&quot;,\n    &quot;align&quot;: &quot;wide&quot;,\n    &quot;showInActions&quot;: false,\n    &quot;allowNesting&quot;: true,\n    &quot;showExpandableContent&quot;: false,\n    &quot;expandableContent&quot;: &quot;&quot;,\n    &quot;link&quot;: {\n        &quot;url&quot;: &quot;&quot;\n    }\n}\">\n    \n<\/jgu-base-listitem>\n\n<jgu-base-listitem react-props=\"{\n    &quot;icon&quot;: &quot;address-card-solid&quot;,\n    &quot;title&quot;: &quot;&lt;a href=\\&quot;https:\\\/\\\/kph-th.physics.uni-mainz.de\\\/hippel-von-georg\\\/\\&quot;&gt;Informationen zur Person&lt;\\\/a&gt;&quot;,\n    &quot;uuid&quot;: &quot;1734087422868&quot;,\n    &quot;link&quot;: {\n        &quot;url&quot;: &quot;https:\\\/\\\/kph-th.physics.uni-mainz.de\\\/hippel-von-georg\\\/&quot;\n    },\n    &quot;align&quot;: &quot;wide&quot;,\n    &quot;showInActions&quot;: false,\n    &quot;allowNesting&quot;: true,\n    &quot;showExpandableContent&quot;: false,\n    &quot;expandableContent&quot;: &quot;&quot;\n}\">\n    \n<\/jgu-base-listitem>\n\n<jgu-base-listitem react-props=\"{\n    &quot;icon&quot;: &quot;university-solid&quot;,\n    &quot;title&quot;: &quot;&lt;a href=\\&quot;https:\\\/\\\/www.kernphysik.uni-mainz.de\\\/\\&quot;&gt;Institut f\\u00fcr Kernphysik&lt;\\\/a&gt;&quot;,\n    &quot;uuid&quot;: &quot;1746441707686&quot;,\n    &quot;link&quot;: {\n        &quot;url&quot;: &quot;https:\\\/\\\/www.kernphysik.uni-mainz.de\\\/&quot;\n    },\n    &quot;align&quot;: &quot;wide&quot;,\n    &quot;showInActions&quot;: false,\n    &quot;allowNesting&quot;: true,\n    &quot;showExpandableContent&quot;: false,\n    &quot;expandableContent&quot;: &quot;&quot;\n}\">\n    \n<\/jgu-base-listitem>\n\n<\/jgu-base-contactcard><\/div>\n\n\n\n<div class=\"wp-block-column is-layout-flow wp-block-column-is-layout-flow\"><jgu-base-contactcard react-props=\"{\n    &quot;name&quot;: &quot;&lt;strong&gt;Prof. Dr. Hartmut Wittig&lt;\\\/strong&gt;&quot;,\n    &quot;avatar&quot;: {\n        &quot;id&quot;: 19276,\n        &quot;url&quot;: &quot;https:\\\/\\\/cms.zdv.uni-mainz.de\\\/fb08-physics\\\/wp-content\\\/uploads\\\/sites\\\/345\\\/2026\\\/02\\\/Hartmut-Wittig.jpg&quot;,\n        &quot;hideImageDescription&quot;: false,\n        &quot;title&quot;: &quot;Hartmut Wittig&quot;,\n        &quot;width&quot;: 2480,\n        &quot;height&quot;: 2480,\n        &quot;srcset&quot;: &quot;https:\\\/\\\/cms.zdv.uni-mainz.de\\\/fb08-physics\\\/wp-content\\\/uploads\\\/sites\\\/345\\\/2026\\\/02\\\/Hartmut-Wittig.jpg 2480w, https:\\\/\\\/cms.zdv.uni-mainz.de\\\/fb08-physics\\\/wp-content\\\/uploads\\\/sites\\\/345\\\/2026\\\/02\\\/Hartmut-Wittig-300x300.jpg 300w, https:\\\/\\\/cms.zdv.uni-mainz.de\\\/fb08-physics\\\/wp-content\\\/uploads\\\/sites\\\/345\\\/2026\\\/02\\\/Hartmut-Wittig-1024x1024.jpg 1024w, https:\\\/\\\/cms.zdv.uni-mainz.de\\\/fb08-physics\\\/wp-content\\\/uploads\\\/sites\\\/345\\\/2026\\\/02\\\/Hartmut-Wittig-150x150.jpg 150w, https:\\\/\\\/cms.zdv.uni-mainz.de\\\/fb08-physics\\\/wp-content\\\/uploads\\\/sites\\\/345\\\/2026\\\/02\\\/Hartmut-Wittig-768x768.jpg 768w, https:\\\/\\\/cms.zdv.uni-mainz.de\\\/fb08-physics\\\/wp-content\\\/uploads\\\/sites\\\/345\\\/2026\\\/02\\\/Hartmut-Wittig-1536x1536.jpg 1536w, https:\\\/\\\/cms.zdv.uni-mainz.de\\\/fb08-physics\\\/wp-content\\\/uploads\\\/sites\\\/345\\\/2026\\\/02\\\/Hartmut-Wittig-2048x2048.jpg 2048w&quot;\n    },\n    &quot;color&quot;: &quot;blue-gray&quot;,\n    &quot;align&quot;: &quot;wide&quot;,\n    &quot;actions&quot;: []\n}\">\n    \n<jgu-base-listitem react-props=\"{\n    &quot;icon&quot;: &quot;lightbulb-solid&quot;,\n    &quot;title&quot;: &quot;Lattice QCD: Hadronenspektroskopie und -struktur, Hadronische Beitr\\u00e4ge zu Pr\\u00e4zisionsbeobachtungsdaten&quot;,\n    &quot;uuid&quot;: &quot;1726244894144&quot;,\n    &quot;align&quot;: &quot;wide&quot;,\n    &quot;showInActions&quot;: false,\n    &quot;allowNesting&quot;: true,\n    &quot;showExpandableContent&quot;: false,\n    &quot;expandableContent&quot;: &quot;&quot;,\n    &quot;link&quot;: {\n        &quot;url&quot;: &quot;&quot;\n    }\n}\">\n    \n<\/jgu-base-listitem>\n\n<jgu-base-listitem react-props=\"{\n    &quot;icon&quot;: &quot;address-card-solid&quot;,\n    &quot;title&quot;: &quot;&lt;a href=\\&quot;https:\\\/\\\/wwwth.kph.uni-mainz.de\\\/wittig-hartmut\\\/\\&quot;&gt;Informationen zur Person&lt;\\\/a&gt;&quot;,\n    &quot;uuid&quot;: &quot;1734087422868&quot;,\n    &quot;link&quot;: {\n        &quot;url&quot;: &quot;https:\\\/\\\/wwwth.kph.uni-mainz.de\\\/wittig-hartmut\\\/&quot;\n    },\n    &quot;align&quot;: &quot;wide&quot;,\n    &quot;showInActions&quot;: false,\n    &quot;allowNesting&quot;: true,\n    &quot;showExpandableContent&quot;: false,\n    &quot;expandableContent&quot;: &quot;&quot;\n}\">\n    \n<\/jgu-base-listitem>\n\n<jgu-base-listitem react-props=\"{\n    &quot;icon&quot;: &quot;university-solid&quot;,\n    &quot;title&quot;: &quot;&lt;a href=\\&quot;https:\\\/\\\/www.kernphysik.uni-mainz.de\\\/\\&quot;&gt;Institut f\\u00fcr Kernphysik&lt;\\\/a&gt;&quot;,\n    &quot;uuid&quot;: &quot;1746439866517&quot;,\n    &quot;link&quot;: {\n        &quot;url&quot;: &quot;https:\\\/\\\/www.kernphysik.uni-mainz.de\\\/&quot;\n    },\n    &quot;align&quot;: &quot;wide&quot;,\n    &quot;showInActions&quot;: false,\n    &quot;allowNesting&quot;: true,\n    &quot;showExpandableContent&quot;: false,\n    &quot;expandableContent&quot;: &quot;&quot;\n}\">\n    \n<\/jgu-base-listitem>\n\n<\/jgu-base-contactcard><\/div>\n<\/div>\n\n\n<\/jgu-base-accordionitem>\n\n<jgu-base-accordionitem react-props=\"{&quot;title&quot;:&quot;Experimente&quot;,&quot;init&quot;:false,&quot;slug&quot;:&quot;experimente-1&quot;,&quot;align&quot;:&quot;wide&quot;,&quot;customSlug&quot;:false}\">\n    \n<jgu-base-tabs react-props=\"{\n    &quot;layout&quot;: {\n        &quot;type&quot;: &quot;flex&quot;,\n        &quot;flexWrap&quot;: &quot;nowrap&quot;,\n        &quot;justifyContent&quot;: &quot;left&quot;,\n        &quot;orientation&quot;: &quot;vertical&quot;\n    },\n    &quot;align&quot;: &quot;wide&quot;,\n    &quot;selected&quot;: 1,\n    &quot;ratio&quot;: 0,\n    &quot;autoRatio&quot;: true,\n    &quot;stackMobile&quot;: false,\n    &quot;hasAllOpenButton&quot;: true,\n    &quot;onlyOne&quot;: false,\n    &quot;initAllClosed&quot;: true,\n    &quot;enableSearch&quot;: false\n}\">\n    \n<jgu-base-tabsitem react-props=\"{\n    &quot;title&quot;: &quot;A1&quot;,\n    &quot;slug&quot;: &quot;a1&quot;,\n    &quot;align&quot;: &quot;wide&quot;,\n    &quot;customSlug&quot;: false\n}\">\n    \n\n<div class=\"wp-block-columns is-layout-flex wp-container-core-columns-is-layout-9d6595d7 wp-block-columns-is-layout-flex\">\n<div class=\"wp-block-column is-layout-flow wp-block-column-is-layout-flow\" style=\"flex-basis:33.33%\"><jgu-base-heading react-props=\"{\n    &quot;tags&quot;: {\n        &quot;htmlTag&quot;: &quot;h2&quot;,\n        &quot;classTag&quot;: &quot;&quot;,\n        &quot;tag&quot;: &quot;h2&quot;\n    },\n    &quot;heading&quot;: &quot;A1&quot;,\n    &quot;textAlign&quot;: &quot;left&quot;,\n    &quot;anchor&quot;: &quot;&quot;,\n    &quot;index&quot;: &quot;&quot;,\n    &quot;color&quot;: &quot;red&quot;\n}\"><\/jgu-base-heading>\n\n\n<jgu-base-image react-props=\"{\n    &quot;image&quot;: {\n        &quot;url&quot;: &quot;https:\\\/\\\/cms.zdv.uni-mainz.de\\\/fb08-physics\\\/wp-content\\\/uploads\\\/sites\\\/345\\\/2025\\\/05\\\/Experiment-A1.jpg&quot;,\n        &quot;id&quot;: 12090,\n        &quot;alt&quot;: &quot;Experiment A1&quot;,\n        &quot;caption&quot;: &quot;Experiment A1&quot;,\n        &quot;credit&quot;: &quot; \\u00a9 JGU | Alexander Sell&quot;,\n        &quot;description&quot;: &quot;Experiment A1&quot;,\n        &quot;title&quot;: &quot;Experiment A1&quot;,\n        &quot;width&quot;: 2480,\n        &quot;height&quot;: 2480,\n        &quot;srcset&quot;: &quot;https:\\\/\\\/cms.zdv.uni-mainz.de\\\/fb08-physics\\\/wp-content\\\/uploads\\\/sites\\\/345\\\/2025\\\/05\\\/Experiment-A1.jpg 2480w, https:\\\/\\\/cms.zdv.uni-mainz.de\\\/fb08-physics\\\/wp-content\\\/uploads\\\/sites\\\/345\\\/2025\\\/05\\\/Experiment-A1-300x300.jpg 300w, https:\\\/\\\/cms.zdv.uni-mainz.de\\\/fb08-physics\\\/wp-content\\\/uploads\\\/sites\\\/345\\\/2025\\\/05\\\/Experiment-A1-1024x1024.jpg 1024w, https:\\\/\\\/cms.zdv.uni-mainz.de\\\/fb08-physics\\\/wp-content\\\/uploads\\\/sites\\\/345\\\/2025\\\/05\\\/Experiment-A1-150x150.jpg 150w, https:\\\/\\\/cms.zdv.uni-mainz.de\\\/fb08-physics\\\/wp-content\\\/uploads\\\/sites\\\/345\\\/2025\\\/05\\\/Experiment-A1-768x768.jpg 768w, https:\\\/\\\/cms.zdv.uni-mainz.de\\\/fb08-physics\\\/wp-content\\\/uploads\\\/sites\\\/345\\\/2025\\\/05\\\/Experiment-A1-1536x1536.jpg 1536w, https:\\\/\\\/cms.zdv.uni-mainz.de\\\/fb08-physics\\\/wp-content\\\/uploads\\\/sites\\\/345\\\/2025\\\/05\\\/Experiment-A1-2048x2048.jpg 2048w&quot;\n    },\n    &quot;caption&quot;: &quot;Experiment A1&quot;,\n    &quot;align&quot;: &quot;&quot;,\n    &quot;hasLightbox&quot;: false,\n    &quot;imgWidth&quot;: 0,\n    &quot;link&quot;: {\n        &quot;url&quot;: &quot;&quot;,\n        &quot;target&quot;: &quot;&quot;,\n        &quot;rel&quot;: &quot;&quot;\n    }\n}\" class=\"align-\">\n    \n<\/jgu-base-image><\/div>\n\n\n\n<div class=\"wp-block-column is-layout-flow wp-block-column-is-layout-flow\" style=\"flex-basis:66.66%\">\n<p class=\"has-big-font-size\">Die A1-Kollaboration mit 50 Mitgliedern aus 20 L\u00e4ndern konzentriert sich auf die Hadronenstruktur. Der Aufbau des Spektrometers ist besonders daf\u00fcr geeignet, grundlegende Eigenschaften des Nukleons zu erforschen, zum Beispiel Ladungsverteilungen durch Messungen des elastischen Formfaktors und verallgemeinerte Polarisierbarkeiten durch virtuelle Compton-Streuung. Die Mesonenproduktion gibt Aufschluss \u00fcber die Resonanzstruktur des Nukleons und die Eigenschaften des Mesons.  <\/p>\n\n\n<jgu-base-button style=\"display: flex; flex-wrap: wrap; column-gap: 30px; max-width: 100%; flex-direction: row; justify-content: left\">\n  \n<jgu-base-buttonitem react-props=\"{\n    &quot;text&quot;: &quot;Mehr erfahren&quot;,\n    &quot;link&quot;: {\n        &quot;url&quot;: &quot;https:\\\/\\\/wwwa1.kph.uni-mainz.de\\\/&quot;\n    },\n    &quot;align&quot;: &quot;left&quot;,\n    &quot;styling&quot;: &quot;primary&quot;,\n    &quot;icon&quot;: &quot;arrow-right-solid&quot;,\n    &quot;type&quot;: &quot;default&quot;,\n    &quot;iconBefore&quot;: false,\n    &quot;isSmall&quot;: false,\n    &quot;fullWidth&quot;: false,\n    &quot;className&quot;: &quot;&quot;\n}\"><\/jgu-base-buttonitem>\n\n<\/jgu-base-button><\/div>\n<\/div>\n\n\n<\/jgu-base-tabsitem>\n\n<jgu-base-tabsitem react-props=\"{\n    &quot;title&quot;: &quot;A2&quot;,\n    &quot;slug&quot;: &quot;a2&quot;,\n    &quot;align&quot;: &quot;wide&quot;,\n    &quot;customSlug&quot;: false\n}\">\n    \n\n<div class=\"wp-block-columns is-layout-flex wp-container-core-columns-is-layout-9d6595d7 wp-block-columns-is-layout-flex\">\n<div class=\"wp-block-column is-layout-flow wp-block-column-is-layout-flow\" style=\"flex-basis:33.33%\"><jgu-base-heading react-props=\"{\n    &quot;tags&quot;: {\n        &quot;htmlTag&quot;: &quot;h2&quot;,\n        &quot;classTag&quot;: &quot;&quot;,\n        &quot;tag&quot;: &quot;h2&quot;\n    },\n    &quot;heading&quot;: &quot;A2&quot;,\n    &quot;textAlign&quot;: &quot;left&quot;,\n    &quot;anchor&quot;: &quot;&quot;,\n    &quot;index&quot;: &quot;&quot;,\n    &quot;color&quot;: &quot;red&quot;\n}\"><\/jgu-base-heading>\n\n\n<jgu-base-image react-props=\"{\n    &quot;image&quot;: {\n        &quot;url&quot;: &quot;https:\\\/\\\/cms.zdv.uni-mainz.de\\\/fb08-physics\\\/wp-content\\\/uploads\\\/sites\\\/345\\\/2025\\\/05\\\/Experiment-A2.jpg&quot;,\n        &quot;id&quot;: 12096,\n        &quot;alt&quot;: &quot;Experiment A2&quot;,\n        &quot;caption&quot;: &quot;Experiment A2&quot;,\n        &quot;credit&quot;: &quot; \\u00a9 JGU | Institut f\\u00fcr Physik&quot;,\n        &quot;description&quot;: &quot;Experiment A2&quot;,\n        &quot;title&quot;: &quot;Experiment A2&quot;,\n        &quot;width&quot;: 2480,\n        &quot;height&quot;: 2480,\n        &quot;srcset&quot;: &quot;https:\\\/\\\/cms.zdv.uni-mainz.de\\\/fb08-physics\\\/wp-content\\\/uploads\\\/sites\\\/345\\\/2025\\\/05\\\/Experiment-A2.jpg 2480w, https:\\\/\\\/cms.zdv.uni-mainz.de\\\/fb08-physics\\\/wp-content\\\/uploads\\\/sites\\\/345\\\/2025\\\/05\\\/Experiment-A2-300x300.jpg 300w, https:\\\/\\\/cms.zdv.uni-mainz.de\\\/fb08-physics\\\/wp-content\\\/uploads\\\/sites\\\/345\\\/2025\\\/05\\\/Experiment-A2-1024x1024.jpg 1024w, https:\\\/\\\/cms.zdv.uni-mainz.de\\\/fb08-physics\\\/wp-content\\\/uploads\\\/sites\\\/345\\\/2025\\\/05\\\/Experiment-A2-150x150.jpg 150w, https:\\\/\\\/cms.zdv.uni-mainz.de\\\/fb08-physics\\\/wp-content\\\/uploads\\\/sites\\\/345\\\/2025\\\/05\\\/Experiment-A2-768x768.jpg 768w, https:\\\/\\\/cms.zdv.uni-mainz.de\\\/fb08-physics\\\/wp-content\\\/uploads\\\/sites\\\/345\\\/2025\\\/05\\\/Experiment-A2-1536x1536.jpg 1536w, https:\\\/\\\/cms.zdv.uni-mainz.de\\\/fb08-physics\\\/wp-content\\\/uploads\\\/sites\\\/345\\\/2025\\\/05\\\/Experiment-A2-2048x2048.jpg 2048w&quot;\n    },\n    &quot;caption&quot;: &quot;Experiment A2&quot;,\n    &quot;align&quot;: &quot;&quot;,\n    &quot;hasLightbox&quot;: false,\n    &quot;imgWidth&quot;: 0,\n    &quot;link&quot;: {\n        &quot;url&quot;: &quot;&quot;,\n        &quot;target&quot;: &quot;&quot;,\n        &quot;rel&quot;: &quot;&quot;\n    }\n}\" class=\"align-\">\n    \n<\/jgu-base-image><\/div>\n\n\n\n<div class=\"wp-block-column is-layout-flow wp-block-column-is-layout-flow\" style=\"flex-basis:66.66%\">\n<p class=\"has-big-font-size\">Ein Photon, das auf ein Nukleon trifft, koppelt an den elektromagnetischen Strom des Nukleons und bewirkt, dass es Mesonen abstrahlt, wenn die Photonenenergie hoch genug ist. Solche Reaktionen, die durch zirkular und linear polarisierte reale Photonen bis zu Energien von 1,5 GeV ausgel\u00f6st werden, werden von der internationalen A2 Kollaboration am MAMI untersucht. <\/p>\n\n\n<jgu-base-button style=\"display: flex; flex-wrap: wrap; column-gap: 30px; max-width: 100%; flex-direction: row; justify-content: left\">\n  \n<jgu-base-buttonitem react-props=\"{\n    &quot;text&quot;: &quot;Mehr erfahren&quot;,\n    &quot;link&quot;: {\n        &quot;url&quot;: &quot;https:\\\/\\\/wwwa2.kph.uni-mainz.de\\\/&quot;\n    },\n    &quot;align&quot;: &quot;left&quot;,\n    &quot;styling&quot;: &quot;primary&quot;,\n    &quot;icon&quot;: &quot;arrow-right-solid&quot;,\n    &quot;type&quot;: &quot;default&quot;,\n    &quot;iconBefore&quot;: false,\n    &quot;isSmall&quot;: false,\n    &quot;fullWidth&quot;: false,\n    &quot;className&quot;: &quot;&quot;\n}\"><\/jgu-base-buttonitem>\n\n<\/jgu-base-button><\/div>\n<\/div>\n\n\n<\/jgu-base-tabsitem>\n\n<jgu-base-tabsitem react-props=\"{\n    &quot;title&quot;: &quot;AMBER&quot;,\n    &quot;slug&quot;: &quot;amber&quot;,\n    &quot;align&quot;: &quot;wide&quot;,\n    &quot;customSlug&quot;: false\n}\">\n    \n\n<div class=\"wp-block-columns is-layout-flex wp-container-core-columns-is-layout-9d6595d7 wp-block-columns-is-layout-flex\">\n<div class=\"wp-block-column is-layout-flow wp-block-column-is-layout-flow\" style=\"flex-basis:33.33%\"><jgu-base-heading react-props=\"{\n    &quot;tags&quot;: {\n        &quot;htmlTag&quot;: &quot;h2&quot;,\n        &quot;classTag&quot;: &quot;&quot;,\n        &quot;tag&quot;: &quot;h2&quot;\n    },\n    &quot;heading&quot;: &quot;AMBER&quot;,\n    &quot;textAlign&quot;: &quot;left&quot;,\n    &quot;anchor&quot;: &quot;&quot;,\n    &quot;index&quot;: &quot;&quot;,\n    &quot;color&quot;: &quot;red&quot;\n}\"><\/jgu-base-heading>\n\n\n<jgu-base-image react-props=\"{\n    &quot;image&quot;: {\n        &quot;url&quot;: &quot;https:\\\/\\\/cms.zdv.uni-mainz.de\\\/fb08-physics\\\/wp-content\\\/uploads\\\/sites\\\/345\\\/2025\\\/05\\\/amber.jpg&quot;,\n        &quot;id&quot;: 12099,\n        &quot;alt&quot;: &quot;Experiment Amber&quot;,\n        &quot;caption&quot;: &quot;Experiment Amber&quot;,\n        &quot;credit&quot;: &quot; \\u00a9 JGU | Institut f\\u00fcr Physik&quot;,\n        &quot;description&quot;: &quot;Experiment Amber&quot;,\n        &quot;title&quot;: &quot;Experiment Amber&quot;,\n        &quot;width&quot;: 2480,\n        &quot;height&quot;: 2480,\n        &quot;srcset&quot;: &quot;https:\\\/\\\/cms.zdv.uni-mainz.de\\\/fb08-physics\\\/wp-content\\\/uploads\\\/sites\\\/345\\\/2025\\\/05\\\/amber.jpg 2480w, https:\\\/\\\/cms.zdv.uni-mainz.de\\\/fb08-physics\\\/wp-content\\\/uploads\\\/sites\\\/345\\\/2025\\\/05\\\/amber-300x300.jpg 300w, https:\\\/\\\/cms.zdv.uni-mainz.de\\\/fb08-physics\\\/wp-content\\\/uploads\\\/sites\\\/345\\\/2025\\\/05\\\/amber-1024x1024.jpg 1024w, https:\\\/\\\/cms.zdv.uni-mainz.de\\\/fb08-physics\\\/wp-content\\\/uploads\\\/sites\\\/345\\\/2025\\\/05\\\/amber-150x150.jpg 150w, https:\\\/\\\/cms.zdv.uni-mainz.de\\\/fb08-physics\\\/wp-content\\\/uploads\\\/sites\\\/345\\\/2025\\\/05\\\/amber-768x768.jpg 768w, https:\\\/\\\/cms.zdv.uni-mainz.de\\\/fb08-physics\\\/wp-content\\\/uploads\\\/sites\\\/345\\\/2025\\\/05\\\/amber-1536x1536.jpg 1536w, https:\\\/\\\/cms.zdv.uni-mainz.de\\\/fb08-physics\\\/wp-content\\\/uploads\\\/sites\\\/345\\\/2025\\\/05\\\/amber-2048x2048.jpg 2048w&quot;\n    },\n    &quot;caption&quot;: &quot;Experiment AMBER&quot;,\n    &quot;align&quot;: &quot;&quot;,\n    &quot;hasLightbox&quot;: false,\n    &quot;imgWidth&quot;: 0,\n    &quot;link&quot;: {\n        &quot;url&quot;: &quot;&quot;,\n        &quot;target&quot;: &quot;&quot;,\n        &quot;rel&quot;: &quot;&quot;\n    }\n}\" class=\"align-\">\n    \n<\/jgu-base-image><\/div>\n\n\n\n<div class=\"wp-block-column is-layout-flow wp-block-column-is-layout-flow\" style=\"flex-basis:66.66%\">\n<p class=\"has-big-font-size\">Protonen sind einer der wichtigsten Bausteine des sichtbaren Universums. Zusammen mit Neutronen bilden sie die Kerne eines jeden Atoms. Dennoch gibt es Fragen zu einigen der grundlegendsten Eigenschaften des Protons, wie seine Gr\u00f6\u00dfe, seine innere Struktur und seinen Eigendrehimpuls. Im Dezember 2020 genehmigte das CERN Research Board die erste Phase (&#8222;Phase-1&#8220;) eines neuen Experiments, das zur Kl\u00e4rung einiger dieser Fragen beitragen wird. <a href=\"https:\/\/nqf-m2.web.cern.ch\/\">AMBER<\/a>, oder Apparatus for Meson and Baryon Experimental Research, wird die n\u00e4chste Generation des <a href=\"https:\/\/home.cern\/science\/experiments\/compass\">COMPASS-Experiments<\/a> sein.   <\/p>\n\n\n<jgu-base-button style=\"display: flex; flex-wrap: wrap; column-gap: 30px; max-width: 100%; flex-direction: row; justify-content: left\">\n  \n<jgu-base-buttonitem react-props=\"{\n    &quot;text&quot;: &quot;Mehr erfahren&quot;,\n    &quot;link&quot;: {\n        &quot;url&quot;: &quot;https:\\\/\\\/home.cern\\\/news\\\/news\\\/physics\\\/meet-amber&quot;,\n        &quot;linkTarget&quot;: &quot;&quot;,\n        &quot;rel&quot;: &quot;&quot;\n    },\n    &quot;align&quot;: &quot;left&quot;,\n    &quot;styling&quot;: &quot;primary&quot;,\n    &quot;icon&quot;: &quot;arrow-right-solid&quot;,\n    &quot;type&quot;: &quot;default&quot;,\n    &quot;iconBefore&quot;: false,\n    &quot;isSmall&quot;: false,\n    &quot;fullWidth&quot;: false,\n    &quot;className&quot;: &quot;&quot;\n}\"><\/jgu-base-buttonitem>\n\n<\/jgu-base-button><\/div>\n<\/div>\n\n\n<\/jgu-base-tabsitem>\n\n<jgu-base-tabsitem react-props=\"{\n    &quot;title&quot;: &quot;BESIII&quot;,\n    &quot;slug&quot;: &quot;besiii&quot;,\n    &quot;align&quot;: &quot;wide&quot;,\n    &quot;customSlug&quot;: false\n}\">\n    \n\n<div class=\"wp-block-columns is-layout-flex wp-container-core-columns-is-layout-9d6595d7 wp-block-columns-is-layout-flex\">\n<div class=\"wp-block-column is-layout-flow wp-block-column-is-layout-flow\" style=\"flex-basis:33.33%\"><jgu-base-heading react-props=\"{\n    &quot;tags&quot;: {\n        &quot;htmlTag&quot;: &quot;h2&quot;,\n        &quot;classTag&quot;: &quot;&quot;,\n        &quot;tag&quot;: &quot;h2&quot;\n    },\n    &quot;heading&quot;: &quot;BESIII&quot;,\n    &quot;textAlign&quot;: &quot;left&quot;,\n    &quot;anchor&quot;: &quot;&quot;,\n    &quot;index&quot;: &quot;&quot;,\n    &quot;color&quot;: &quot;red&quot;\n}\"><\/jgu-base-heading>\n\n\n<jgu-base-image react-props=\"{\n    &quot;image&quot;: {\n        &quot;url&quot;: &quot;https:\\\/\\\/cms.zdv.uni-mainz.de\\\/fb08-physics\\\/wp-content\\\/uploads\\\/sites\\\/345\\\/2025\\\/05\\\/BESIII.png&quot;,\n        &quot;id&quot;: 12105,\n        &quot;alt&quot;: &quot;Experiment BESIII&quot;,\n        &quot;caption&quot;: &quot;Experiment BESIII&quot;,\n        &quot;credit&quot;: &quot; \\u00a9 JGU | Institut f\\u00fcr Physik&quot;,\n        &quot;description&quot;: &quot;Experiment BESIII&quot;,\n        &quot;title&quot;: &quot;Experiment BESIII&quot;,\n        &quot;width&quot;: 581,\n        &quot;height&quot;: 599,\n        &quot;srcset&quot;: &quot;https:\\\/\\\/cms.zdv.uni-mainz.de\\\/fb08-physics\\\/wp-content\\\/uploads\\\/sites\\\/345\\\/2025\\\/05\\\/BESIII.png 581w, https:\\\/\\\/cms.zdv.uni-mainz.de\\\/fb08-physics\\\/wp-content\\\/uploads\\\/sites\\\/345\\\/2025\\\/05\\\/BESIII-291x300.png 291w&quot;\n    },\n    &quot;caption&quot;: &quot;Experiment BESIII&quot;,\n    &quot;align&quot;: &quot;&quot;,\n    &quot;hasLightbox&quot;: false,\n    &quot;imgWidth&quot;: 0,\n    &quot;link&quot;: {\n        &quot;url&quot;: &quot;&quot;,\n        &quot;target&quot;: &quot;&quot;,\n        &quot;rel&quot;: &quot;&quot;\n    }\n}\" class=\"align-\">\n    \n<\/jgu-base-image><\/div>\n\n\n\n<div class=\"wp-block-column is-layout-flow wp-block-column-is-layout-flow\" style=\"flex-basis:66.66%\">\n<p class=\"has-big-font-size\">Das Institut f\u00fcr Hochenergiephysik der Chinesischen Akademie der Wissenschaften in Peking betreibt einen Elektron-Positron-Collider namens BEPC-II (Beijing electron-positron collider II). Er ist f\u00fcr Schwerpunktsenergien zwischen 2 und 5 GeV ausgelegt, was die Untersuchung von Charmonium mit sehr hoher Statistik erm\u00f6glicht. Die geplante Luminosit\u00e4t betr\u00e4gt 10<sup>33<\/sup> cm<sup>-2<\/sup> s<sup>-1<\/sup>. Seit 2009 werden Messungen bei verschiedenen Kollisionsenergien mit dem BESIII (Beijing Spectrometer III) Detektor durchgef\u00fchrt.   <\/p>\n\n\n<jgu-base-button style=\"display: flex; flex-wrap: wrap; column-gap: 30px; max-width: 100%; flex-direction: row; justify-content: left\">\n  \n<jgu-base-buttonitem react-props=\"{\n    &quot;text&quot;: &quot;Mehr erfahren&quot;,\n    &quot;link&quot;: {\n        &quot;url&quot;: &quot;https:\\\/\\\/www.blogs.uni-mainz.de\\\/fb08-nuclear-physics\\\/experiments\\\/external-experiments\\\/experiment-besiii\\\/&quot;,\n        &quot;linkTarget&quot;: &quot;&quot;,\n        &quot;rel&quot;: &quot;&quot;\n    },\n    &quot;align&quot;: &quot;left&quot;,\n    &quot;styling&quot;: &quot;primary&quot;,\n    &quot;icon&quot;: &quot;arrow-right-solid&quot;,\n    &quot;type&quot;: &quot;default&quot;,\n    &quot;iconBefore&quot;: false,\n    &quot;isSmall&quot;: false,\n    &quot;fullWidth&quot;: false,\n    &quot;className&quot;: &quot;&quot;\n}\"><\/jgu-base-buttonitem>\n\n<\/jgu-base-button><\/div>\n<\/div>\n\n\n<\/jgu-base-tabsitem>\n\n<jgu-base-tabsitem react-props=\"{\n    &quot;title&quot;: &quot;MAGIX&quot;,\n    &quot;slug&quot;: &quot;magix&quot;,\n    &quot;align&quot;: &quot;wide&quot;,\n    &quot;customSlug&quot;: false\n}\">\n    \n\n<div class=\"wp-block-columns is-layout-flex wp-container-core-columns-is-layout-9d6595d7 wp-block-columns-is-layout-flex\">\n<div class=\"wp-block-column is-layout-flow wp-block-column-is-layout-flow\" style=\"flex-basis:33.33%\"><jgu-base-heading react-props=\"{\n    &quot;tags&quot;: {\n        &quot;htmlTag&quot;: &quot;h2&quot;,\n        &quot;classTag&quot;: &quot;&quot;,\n        &quot;tag&quot;: &quot;h2&quot;\n    },\n    &quot;heading&quot;: &quot;MAGIX&quot;,\n    &quot;textAlign&quot;: &quot;left&quot;,\n    &quot;anchor&quot;: &quot;&quot;,\n    &quot;index&quot;: &quot;&quot;,\n    &quot;color&quot;: &quot;red&quot;\n}\"><\/jgu-base-heading>\n\n\n<jgu-base-image react-props=\"{\n    &quot;image&quot;: {\n        &quot;url&quot;: &quot;https:\\\/\\\/cms.zdv.uni-mainz.de\\\/fb08-physics\\\/wp-content\\\/uploads\\\/sites\\\/345\\\/2025\\\/04\\\/Magix.jpg&quot;,\n        &quot;id&quot;: 11936,\n        &quot;alt&quot;: &quot;Experiment MAGIX&quot;,\n        &quot;caption&quot;: &quot;Experiment MAGIX&quot;,\n        &quot;credit&quot;: &quot; \\u00a9 JGU | Institut f\\u00fcr Physik&quot;,\n        &quot;description&quot;: &quot;Experiment MAGIX&quot;,\n        &quot;title&quot;: &quot;Experiment MAGIX&quot;,\n        &quot;width&quot;: 2480,\n        &quot;height&quot;: 2480,\n        &quot;srcset&quot;: &quot;https:\\\/\\\/cms.zdv.uni-mainz.de\\\/fb08-physics\\\/wp-content\\\/uploads\\\/sites\\\/345\\\/2025\\\/04\\\/Magix.jpg 2480w, https:\\\/\\\/cms.zdv.uni-mainz.de\\\/fb08-physics\\\/wp-content\\\/uploads\\\/sites\\\/345\\\/2025\\\/04\\\/Magix-300x300.jpg 300w, https:\\\/\\\/cms.zdv.uni-mainz.de\\\/fb08-physics\\\/wp-content\\\/uploads\\\/sites\\\/345\\\/2025\\\/04\\\/Magix-1024x1024.jpg 1024w, https:\\\/\\\/cms.zdv.uni-mainz.de\\\/fb08-physics\\\/wp-content\\\/uploads\\\/sites\\\/345\\\/2025\\\/04\\\/Magix-150x150.jpg 150w, https:\\\/\\\/cms.zdv.uni-mainz.de\\\/fb08-physics\\\/wp-content\\\/uploads\\\/sites\\\/345\\\/2025\\\/04\\\/Magix-768x768.jpg 768w, https:\\\/\\\/cms.zdv.uni-mainz.de\\\/fb08-physics\\\/wp-content\\\/uploads\\\/sites\\\/345\\\/2025\\\/04\\\/Magix-1536x1536.jpg 1536w, https:\\\/\\\/cms.zdv.uni-mainz.de\\\/fb08-physics\\\/wp-content\\\/uploads\\\/sites\\\/345\\\/2025\\\/04\\\/Magix-2048x2048.jpg 2048w&quot;\n    },\n    &quot;caption&quot;: &quot;MAGIX&quot;,\n    &quot;align&quot;: &quot;&quot;,\n    &quot;hasLightbox&quot;: false,\n    &quot;imgWidth&quot;: 0,\n    &quot;link&quot;: {\n        &quot;url&quot;: &quot;&quot;,\n        &quot;target&quot;: &quot;&quot;,\n        &quot;rel&quot;: &quot;&quot;\n    }\n}\" class=\"align-\">\n    \n<\/jgu-base-image><\/div>\n\n\n\n<div class=\"wp-block-column is-layout-flow wp-block-column-is-layout-flow\" style=\"flex-basis:66.66%\">\n<p class=\"has-big-font-size\">Das MAGIX-Experiment (MAinz Gas-Internal Target Experiment) wird aus zwei magnetischen Spektrometern mit einer relativen Impulsaufl\u00f6sung in der Gr\u00f6\u00dfenordnung von 10<sup>&#8211;<\/sup>\u2074 bestehen, sofern eine r\u00e4umliche Aufl\u00f6sung in der Fokalebene der Spektrometer von 100 \u03bcm erreicht wird. MAGIX wird im Beam-Dump-Modus mit festen Zielen und im ERL-Modus mit einem fensterlosen internen Gasstrahltarget arbeiten. <\/p>\n\n\n<jgu-base-button style=\"display: flex; flex-wrap: wrap; column-gap: 30px; max-width: 100%; flex-direction: row; justify-content: left\">\n  \n<jgu-base-buttonitem react-props=\"{\n    &quot;text&quot;: &quot;Mehr erfahren&quot;,\n    &quot;link&quot;: {\n        &quot;url&quot;: &quot;https:\\\/\\\/magix.uni-mainz.de\\\/&quot;,\n        &quot;linkTarget&quot;: &quot;&quot;,\n        &quot;rel&quot;: &quot;&quot;\n    },\n    &quot;align&quot;: &quot;left&quot;,\n    &quot;styling&quot;: &quot;primary&quot;,\n    &quot;icon&quot;: &quot;arrow-right-solid&quot;,\n    &quot;type&quot;: &quot;default&quot;,\n    &quot;iconBefore&quot;: false,\n    &quot;isSmall&quot;: false,\n    &quot;fullWidth&quot;: false,\n    &quot;className&quot;: &quot;&quot;\n}\"><\/jgu-base-buttonitem>\n\n<\/jgu-base-button><\/div>\n<\/div>\n\n\n<\/jgu-base-tabsitem>\n\n<jgu-base-tabsitem react-props=\"{\n    &quot;title&quot;: &quot;MuX\\\/Quartet&quot;,\n    &quot;slug&quot;: &quot;mux-quartet&quot;,\n    &quot;align&quot;: &quot;wide&quot;,\n    &quot;customSlug&quot;: false\n}\">\n    \n\n<div class=\"wp-block-columns is-layout-flex wp-container-core-columns-is-layout-9d6595d7 wp-block-columns-is-layout-flex\">\n<div class=\"wp-block-column is-layout-flow wp-block-column-is-layout-flow\" style=\"flex-basis:33.33%\"><jgu-base-heading react-props=\"{\n    &quot;tags&quot;: {\n        &quot;htmlTag&quot;: &quot;h2&quot;,\n        &quot;classTag&quot;: &quot;&quot;,\n        &quot;tag&quot;: &quot;h2&quot;\n    },\n    &quot;heading&quot;: &quot;MuX\\\/&lt;br&gt;Quartet&quot;,\n    &quot;textAlign&quot;: &quot;left&quot;,\n    &quot;anchor&quot;: &quot;&quot;,\n    &quot;index&quot;: &quot;&quot;,\n    &quot;color&quot;: &quot;red&quot;\n}\"><\/jgu-base-heading>\n\n\n<jgu-base-image react-props=\"{\n    &quot;image&quot;: {\n        &quot;url&quot;: &quot;https:\\\/\\\/cms.zdv.uni-mainz.de\\\/fb08-physics\\\/wp-content\\\/uploads\\\/sites\\\/345\\\/2025\\\/05\\\/mux1.jpg&quot;,\n        &quot;id&quot;: 12111,\n        &quot;alt&quot;: &quot;Experiment MUX&quot;,\n        &quot;caption&quot;: &quot;Experiment MUX&quot;,\n        &quot;credit&quot;: &quot; \\u00a9 JGU | Institut f\\u00fcr Physik&quot;,\n        &quot;description&quot;: &quot;Experiment MUX&quot;,\n        &quot;title&quot;: &quot;Experiment MUX&quot;,\n        &quot;width&quot;: 2480,\n        &quot;height&quot;: 2480,\n        &quot;srcset&quot;: &quot;https:\\\/\\\/cms.zdv.uni-mainz.de\\\/fb08-physics\\\/wp-content\\\/uploads\\\/sites\\\/345\\\/2025\\\/05\\\/mux1.jpg 2480w, https:\\\/\\\/cms.zdv.uni-mainz.de\\\/fb08-physics\\\/wp-content\\\/uploads\\\/sites\\\/345\\\/2025\\\/05\\\/mux1-300x300.jpg 300w, https:\\\/\\\/cms.zdv.uni-mainz.de\\\/fb08-physics\\\/wp-content\\\/uploads\\\/sites\\\/345\\\/2025\\\/05\\\/mux1-1024x1024.jpg 1024w, https:\\\/\\\/cms.zdv.uni-mainz.de\\\/fb08-physics\\\/wp-content\\\/uploads\\\/sites\\\/345\\\/2025\\\/05\\\/mux1-150x150.jpg 150w, https:\\\/\\\/cms.zdv.uni-mainz.de\\\/fb08-physics\\\/wp-content\\\/uploads\\\/sites\\\/345\\\/2025\\\/05\\\/mux1-768x768.jpg 768w, https:\\\/\\\/cms.zdv.uni-mainz.de\\\/fb08-physics\\\/wp-content\\\/uploads\\\/sites\\\/345\\\/2025\\\/05\\\/mux1-1536x1536.jpg 1536w, https:\\\/\\\/cms.zdv.uni-mainz.de\\\/fb08-physics\\\/wp-content\\\/uploads\\\/sites\\\/345\\\/2025\\\/05\\\/mux1-2048x2048.jpg 2048w&quot;\n    },\n    &quot;caption&quot;: &quot;MuX Projekt&quot;,\n    &quot;align&quot;: &quot;&quot;,\n    &quot;hasLightbox&quot;: false,\n    &quot;imgWidth&quot;: 0,\n    &quot;link&quot;: {\n        &quot;url&quot;: &quot;&quot;,\n        &quot;target&quot;: &quot;&quot;,\n        &quot;rel&quot;: &quot;&quot;\n    }\n}\" class=\"align-\">\n    \n<\/jgu-base-image><\/div>\n\n\n\n<div class=\"wp-block-column is-layout-flow wp-block-column-is-layout-flow\" style=\"flex-basis:66.66%\">\n<p class=\"has-big-font-size\">Im Rahmen des Projekts werden am PSI eine Reihe von Myonen-R\u00f6ntgenmessungen in Kernen mit mittlerem und hohem Z-Wert durchgef\u00fchrt. Dabei werden ein hochreines Germanium-Detektor-Array, In-Beam-Myonendetektoren und ein modernes digitales Datenerfassungssystem eingesetzt. Es wurde ein neuartiges Wasserstofftarget f\u00fcr den Myonentransfer entwickelt, das Messungen mit nur wenigen Mikrogramm Targetmaterial erm\u00f6glicht.  <\/p>\n\n\n<jgu-base-button style=\"display: flex; flex-wrap: wrap; column-gap: 30px; max-width: 100%; flex-direction: row; justify-content: left\">\n  \n<jgu-base-buttonitem react-props=\"{\n    &quot;text&quot;: &quot;Mehr erfahren&quot;,\n    &quot;link&quot;: {\n        &quot;url&quot;: &quot;https:\\\/\\\/www.researchgate.net\\\/publication\\\/354412965_The_muX_project&quot;,\n        &quot;linkTarget&quot;: &quot;&quot;,\n        &quot;rel&quot;: &quot;&quot;\n    },\n    &quot;align&quot;: &quot;left&quot;,\n    &quot;styling&quot;: &quot;primary&quot;,\n    &quot;icon&quot;: &quot;arrow-right-solid&quot;,\n    &quot;type&quot;: &quot;default&quot;,\n    &quot;iconBefore&quot;: false,\n    &quot;isSmall&quot;: false,\n    &quot;fullWidth&quot;: false,\n    &quot;className&quot;: &quot;&quot;\n}\"><\/jgu-base-buttonitem>\n\n<\/jgu-base-button><\/div>\n<\/div>\n\n\n<\/jgu-base-tabsitem>\n\n<jgu-base-tabsitem react-props=\"{\n    &quot;title&quot;: &quot;P2&quot;,\n    &quot;slug&quot;: &quot;p2&quot;,\n    &quot;align&quot;: &quot;wide&quot;,\n    &quot;customSlug&quot;: false\n}\">\n    \n\n<div class=\"wp-block-columns is-layout-flex wp-container-core-columns-is-layout-9d6595d7 wp-block-columns-is-layout-flex\">\n<div class=\"wp-block-column is-layout-flow wp-block-column-is-layout-flow\" style=\"flex-basis:33.33%\"><jgu-base-heading react-props=\"{\n    &quot;tags&quot;: {\n        &quot;htmlTag&quot;: &quot;h2&quot;,\n        &quot;classTag&quot;: &quot;&quot;,\n        &quot;tag&quot;: &quot;h2&quot;\n    },\n    &quot;heading&quot;: &quot;P2&quot;,\n    &quot;textAlign&quot;: &quot;left&quot;,\n    &quot;anchor&quot;: &quot;&quot;,\n    &quot;index&quot;: &quot;&quot;,\n    &quot;color&quot;: &quot;red&quot;\n}\"><\/jgu-base-heading>\n\n\n<jgu-base-image react-props=\"{\n    &quot;image&quot;: {\n        &quot;url&quot;: &quot;https:\\\/\\\/cms.zdv.uni-mainz.de\\\/fb08-physics\\\/wp-content\\\/uploads\\\/sites\\\/345\\\/2025\\\/01\\\/p2.jpg&quot;,\n        &quot;id&quot;: 10560,\n        &quot;alt&quot;: &quot;P2 Experiment&quot;,\n        &quot;caption&quot;: &quot;P2 Experiment&quot;,\n        &quot;credit&quot;: &quot; \\u00a9 JGU | Institut f\\u00fcr Physik&quot;,\n        &quot;description&quot;: &quot;P2 Experiment&quot;,\n        &quot;title&quot;: &quot;P2 Experiment&quot;,\n        &quot;width&quot;: 2480,\n        &quot;height&quot;: 2480,\n        &quot;srcset&quot;: &quot;https:\\\/\\\/cms.zdv.uni-mainz.de\\\/fb08-physics\\\/wp-content\\\/uploads\\\/sites\\\/345\\\/2025\\\/01\\\/p2.jpg 2480w, https:\\\/\\\/cms.zdv.uni-mainz.de\\\/fb08-physics\\\/wp-content\\\/uploads\\\/sites\\\/345\\\/2025\\\/01\\\/p2-300x300.jpg 300w, https:\\\/\\\/cms.zdv.uni-mainz.de\\\/fb08-physics\\\/wp-content\\\/uploads\\\/sites\\\/345\\\/2025\\\/01\\\/p2-1024x1024.jpg 1024w, https:\\\/\\\/cms.zdv.uni-mainz.de\\\/fb08-physics\\\/wp-content\\\/uploads\\\/sites\\\/345\\\/2025\\\/01\\\/p2-150x150.jpg 150w, https:\\\/\\\/cms.zdv.uni-mainz.de\\\/fb08-physics\\\/wp-content\\\/uploads\\\/sites\\\/345\\\/2025\\\/01\\\/p2-768x768.jpg 768w, https:\\\/\\\/cms.zdv.uni-mainz.de\\\/fb08-physics\\\/wp-content\\\/uploads\\\/sites\\\/345\\\/2025\\\/01\\\/p2-1536x1536.jpg 1536w, https:\\\/\\\/cms.zdv.uni-mainz.de\\\/fb08-physics\\\/wp-content\\\/uploads\\\/sites\\\/345\\\/2025\\\/01\\\/p2-2048x2048.jpg 2048w, https:\\\/\\\/cms.zdv.uni-mainz.de\\\/fb08-physics\\\/wp-content\\\/uploads\\\/sites\\\/345\\\/2025\\\/01\\\/p2-400x400.jpg 400w, https:\\\/\\\/cms.zdv.uni-mainz.de\\\/fb08-physics\\\/wp-content\\\/uploads\\\/sites\\\/345\\\/2025\\\/01\\\/p2-600x600.jpg 600w&quot;\n    },\n    &quot;caption&quot;: &quot;Experiment P2&quot;,\n    &quot;align&quot;: &quot;&quot;,\n    &quot;hasLightbox&quot;: false,\n    &quot;imgWidth&quot;: 0,\n    &quot;link&quot;: {\n        &quot;url&quot;: &quot;&quot;,\n        &quot;target&quot;: &quot;&quot;,\n        &quot;rel&quot;: &quot;&quot;\n    }\n}\" class=\"align-\">\n    \n<\/jgu-base-image><\/div>\n\n\n\n<div class=\"wp-block-column is-layout-flow wp-block-column-is-layout-flow\" style=\"flex-basis:66.66%\">\n<p class=\"has-big-font-size\">Das P2-Experiment ist ein magnetisches Spektrometer, dessen Hauptziel die Messung des elektroschwachen Mischungswinkels bei sehr geringem Impuls\u00fcbergang ist, der durch die Messung einer parit\u00e4tsverletzenden Links-Rechts-Asymmetrie in der elastischen Elektron-Proton-Streuung erfassbar wird. <\/p>\n\n\n<jgu-base-button style=\"display: flex; flex-wrap: wrap; column-gap: 30px; max-width: 100%; flex-direction: row; justify-content: left\">\n  \n<jgu-base-buttonitem react-props=\"{\n    &quot;text&quot;: &quot;Mehr erfahren&quot;,\n    &quot;link&quot;: {\n        &quot;url&quot;: &quot;https:\\\/\\\/www.blogs.uni-mainz.de\\\/fb08p2\\\/&quot;\n    },\n    &quot;align&quot;: &quot;left&quot;,\n    &quot;styling&quot;: &quot;primary&quot;,\n    &quot;icon&quot;: &quot;arrow-right-solid&quot;,\n    &quot;type&quot;: &quot;default&quot;,\n    &quot;iconBefore&quot;: false,\n    &quot;isSmall&quot;: false,\n    &quot;fullWidth&quot;: false,\n    &quot;className&quot;: &quot;&quot;\n}\"><\/jgu-base-buttonitem>\n\n<\/jgu-base-button><\/div>\n<\/div>\n\n\n<\/jgu-base-tabsitem>\n\n<jgu-base-tabsitem react-props=\"{\n    &quot;title&quot;: &quot;Panda&quot;,\n    &quot;slug&quot;: &quot;panda&quot;,\n    &quot;align&quot;: &quot;wide&quot;,\n    &quot;customSlug&quot;: false\n}\">\n    \n\n<div class=\"wp-block-columns is-layout-flex wp-container-core-columns-is-layout-9d6595d7 wp-block-columns-is-layout-flex\">\n<div class=\"wp-block-column is-layout-flow wp-block-column-is-layout-flow\" style=\"flex-basis:33.33%\"><jgu-base-heading react-props=\"{\n    &quot;tags&quot;: {\n        &quot;htmlTag&quot;: &quot;h2&quot;,\n        &quot;classTag&quot;: &quot;&quot;,\n        &quot;tag&quot;: &quot;h2&quot;\n    },\n    &quot;heading&quot;: &quot;PANDA&quot;,\n    &quot;textAlign&quot;: &quot;left&quot;,\n    &quot;anchor&quot;: &quot;&quot;,\n    &quot;index&quot;: &quot;&quot;,\n    &quot;color&quot;: &quot;red&quot;\n}\"><\/jgu-base-heading>\n\n\n<jgu-base-image react-props=\"{\n    &quot;image&quot;: {\n        &quot;url&quot;: &quot;https:\\\/\\\/cms.zdv.uni-mainz.de\\\/fb08-physics\\\/wp-content\\\/uploads\\\/sites\\\/345\\\/2025\\\/05\\\/panda.jpg&quot;,\n        &quot;id&quot;: 12117,\n        &quot;alt&quot;: &quot;Experiment Panda&quot;,\n        &quot;caption&quot;: &quot;Experiment Panda&quot;,\n        &quot;credit&quot;: &quot; \\u00a9 JGU | Institut f\\u00fcr Physik&quot;,\n        &quot;description&quot;: &quot;Experiment Panda&quot;,\n        &quot;title&quot;: &quot;Experiment Panda&quot;,\n        &quot;width&quot;: 2480,\n        &quot;height&quot;: 2480,\n        &quot;srcset&quot;: &quot;https:\\\/\\\/cms.zdv.uni-mainz.de\\\/fb08-physics\\\/wp-content\\\/uploads\\\/sites\\\/345\\\/2025\\\/05\\\/panda.jpg 2480w, https:\\\/\\\/cms.zdv.uni-mainz.de\\\/fb08-physics\\\/wp-content\\\/uploads\\\/sites\\\/345\\\/2025\\\/05\\\/panda-300x300.jpg 300w, https:\\\/\\\/cms.zdv.uni-mainz.de\\\/fb08-physics\\\/wp-content\\\/uploads\\\/sites\\\/345\\\/2025\\\/05\\\/panda-1024x1024.jpg 1024w, https:\\\/\\\/cms.zdv.uni-mainz.de\\\/fb08-physics\\\/wp-content\\\/uploads\\\/sites\\\/345\\\/2025\\\/05\\\/panda-150x150.jpg 150w, https:\\\/\\\/cms.zdv.uni-mainz.de\\\/fb08-physics\\\/wp-content\\\/uploads\\\/sites\\\/345\\\/2025\\\/05\\\/panda-768x768.jpg 768w, https:\\\/\\\/cms.zdv.uni-mainz.de\\\/fb08-physics\\\/wp-content\\\/uploads\\\/sites\\\/345\\\/2025\\\/05\\\/panda-1536x1536.jpg 1536w, https:\\\/\\\/cms.zdv.uni-mainz.de\\\/fb08-physics\\\/wp-content\\\/uploads\\\/sites\\\/345\\\/2025\\\/05\\\/panda-2048x2048.jpg 2048w&quot;\n    },\n    &quot;caption&quot;: &quot;Experiment Panda&quot;,\n    &quot;align&quot;: &quot;&quot;,\n    &quot;hasLightbox&quot;: false,\n    &quot;imgWidth&quot;: 0,\n    &quot;link&quot;: {\n        &quot;url&quot;: &quot;&quot;,\n        &quot;target&quot;: &quot;&quot;,\n        &quot;rel&quot;: &quot;&quot;\n    }\n}\" class=\"align-\">\n    \n<\/jgu-base-image><\/div>\n\n\n\n<div class=\"wp-block-column is-layout-flow wp-block-column-is-layout-flow\" style=\"flex-basis:66.66%\">\n<p class=\"has-big-font-size\">Protonen und Neutronen &#8211; zusammenfassend Nukleonen genannt &#8211; geh\u00f6ren zur Familie der Hadronen. Sie sind aus Quarks aufgebaut und durch die starke Kraft gebunden, die durch Gluonen vermittelt wird. Die Kraft wirkt zwischen zwei Quarks und verh\u00e4lt sich ungew\u00f6hnlich: Sie ist sehr gering, wenn sich die Quarks in geringem Abstand zueinander befinden. Sie nimmt zu, wenn der Abstand gr\u00f6\u00dfer wird und bleibt dann konstant, auch wenn die Quarks immer weiter voneinander entfernt sind.  <\/p>\n\n\n<jgu-base-button style=\"display: flex; flex-wrap: wrap; column-gap: 30px; max-width: 100%; flex-direction: row; justify-content: left\">\n  \n<jgu-base-buttonitem react-props=\"{\n    &quot;text&quot;: &quot;Mehr erfahren&quot;,\n    &quot;link&quot;: {\n        &quot;url&quot;: &quot;https:\\\/\\\/panda.gsi.de\\\/&quot;\n    },\n    &quot;align&quot;: &quot;left&quot;,\n    &quot;styling&quot;: &quot;primary&quot;,\n    &quot;icon&quot;: &quot;arrow-right-solid&quot;,\n    &quot;type&quot;: &quot;default&quot;,\n    &quot;iconBefore&quot;: false,\n    &quot;isSmall&quot;: false,\n    &quot;fullWidth&quot;: false,\n    &quot;className&quot;: &quot;&quot;\n}\"><\/jgu-base-buttonitem>\n\n<\/jgu-base-button><\/div>\n<\/div>\n\n\n<\/jgu-base-tabsitem>\n\n<\/jgu-base-tabs>\n\n<\/jgu-base-accordionitem>\n\n<\/jgu-base-accordion>\n<\/div>\n<\/div>\n<\/div><\/div>\n<\/jgu-base-section>\n\n<jgu-base-section react-props=\"{&quot;color&quot;:&quot;light&quot;,&quot;align&quot;:&quot;wide&quot;,&quot;padding&quot;:&quot;medium&quot;}\">\n<div class=\"jgu-bgsection bg bg-light \"><div class=\"content padding-medium\"><div\n\tclass=\"jgu-anchorpoint\"\n\tid=\"hadronenspektroskopie\"\n\tdata-label=\"Hadronenspektroskopie\"\n\tdata-hide-in-nav=\"false\"\n\ttabindex=\"0\"\n\tdata-initial-scroll=\"true\"\n><\/div>\n\n\n\n<div class=\"wp-block-columns is-layout-flex wp-container-core-columns-is-layout-9d6595d7 wp-block-columns-is-layout-flex\">\n<div class=\"wp-block-column is-layout-flow wp-block-column-is-layout-flow\" style=\"flex-basis:66.66%\"><jgu-base-heading react-props=\"{\n    &quot;tags&quot;: {\n        &quot;htmlTag&quot;: &quot;h2&quot;,\n        &quot;classTag&quot;: &quot;&quot;,\n        &quot;tag&quot;: &quot;h2&quot;\n    },\n    &quot;heading&quot;: &quot;Hadronenspektroskopie&quot;,\n    &quot;textAlign&quot;: &quot;left&quot;,\n    &quot;anchor&quot;: &quot;&quot;,\n    &quot;index&quot;: &quot;&quot;,\n    &quot;color&quot;: &quot;red&quot;\n}\"><\/jgu-base-heading>\n\n\n\n<p class=\"has-big-font-size\">Wie verbinden sich Quarks und Gluonen zu Hadronen? Welche gebundenen Systeme gibt es, was sind ihre Bindungsenergien und ihre Anregungen? Mit Hilfe von Elektron-Positron- und Proton-Antiproton-Kollisionen sowie Elektronen- und Photonenstreuexperimenten gehen wir diesen Fragen auf den Grund. Wir untersuchen die angeregten Zust\u00e4nde des Nukleons sowie unkonventionelle Hadronen, die mehr als drei Quarks enthalten, insbesondere, wenn eines davon ein charm-Quark ist.   <\/p>\n\n\n\n<p class=\"has-big-font-size\">&nbsp;<\/p>\n\n\n<jgu-base-accordion react-props=\"{&quot;selected&quot;:1,&quot;hasAllOpenButton&quot;:false,&quot;align&quot;:&quot;wide&quot;,&quot;onlyOne&quot;:false,&quot;initAllClosed&quot;:true,&quot;enableSearch&quot;:false}\">\n    \n<jgu-base-accordionitem react-props=\"{&quot;title&quot;:&quot;Experimentelle &amp;amp; theoretische Forschungsgruppen&quot;,&quot;init&quot;:false,&quot;slug&quot;:&quot;experimentelle-theoretische-forschungsgruppen-1&quot;,&quot;align&quot;:&quot;wide&quot;,&quot;customSlug&quot;:false}\">\n    \n\n<div class=\"wp-block-columns is-layout-flex wp-container-core-columns-is-layout-9d6595d7 wp-block-columns-is-layout-flex\">\n<div class=\"wp-block-column is-layout-flow wp-block-column-is-layout-flow\"><jgu-base-contactcard react-props=\"{\n    &quot;name&quot;: &quot;&lt;strong&gt;Prof. Dr. Achim Denig&lt;\\\/strong&gt;&quot;,\n    &quot;avatar&quot;: {\n        &quot;id&quot;: 19257,\n        &quot;url&quot;: &quot;https:\\\/\\\/cms.zdv.uni-mainz.de\\\/fb08-physics\\\/wp-content\\\/uploads\\\/sites\\\/345\\\/2026\\\/02\\\/Achim-Denig.jpg&quot;,\n        &quot;hideImageDescription&quot;: false,\n        &quot;title&quot;: &quot;Achim Denig&quot;,\n        &quot;width&quot;: 2480,\n        &quot;height&quot;: 2480,\n        &quot;srcset&quot;: &quot;https:\\\/\\\/cms.zdv.uni-mainz.de\\\/fb08-physics\\\/wp-content\\\/uploads\\\/sites\\\/345\\\/2026\\\/02\\\/Achim-Denig.jpg 2480w, https:\\\/\\\/cms.zdv.uni-mainz.de\\\/fb08-physics\\\/wp-content\\\/uploads\\\/sites\\\/345\\\/2026\\\/02\\\/Achim-Denig-300x300.jpg 300w, https:\\\/\\\/cms.zdv.uni-mainz.de\\\/fb08-physics\\\/wp-content\\\/uploads\\\/sites\\\/345\\\/2026\\\/02\\\/Achim-Denig-1024x1024.jpg 1024w, https:\\\/\\\/cms.zdv.uni-mainz.de\\\/fb08-physics\\\/wp-content\\\/uploads\\\/sites\\\/345\\\/2026\\\/02\\\/Achim-Denig-150x150.jpg 150w, https:\\\/\\\/cms.zdv.uni-mainz.de\\\/fb08-physics\\\/wp-content\\\/uploads\\\/sites\\\/345\\\/2026\\\/02\\\/Achim-Denig-768x768.jpg 768w, https:\\\/\\\/cms.zdv.uni-mainz.de\\\/fb08-physics\\\/wp-content\\\/uploads\\\/sites\\\/345\\\/2026\\\/02\\\/Achim-Denig-1536x1536.jpg 1536w, https:\\\/\\\/cms.zdv.uni-mainz.de\\\/fb08-physics\\\/wp-content\\\/uploads\\\/sites\\\/345\\\/2026\\\/02\\\/Achim-Denig-2048x2048.jpg 2048w&quot;\n    },\n    &quot;color&quot;: &quot;blue-gray&quot;,\n    &quot;align&quot;: &quot;wide&quot;,\n    &quot;actions&quot;: []\n}\">\n    \n<jgu-base-listitem react-props=\"{\n    &quot;icon&quot;: &quot;lightbulb-solid&quot;,\n    &quot;title&quot;: &quot;Pr\\u00e4zisions-Hadronen-\\\/Teilchenphysik (g-2, Exotika, Dunkle Materie)&quot;,\n    &quot;uuid&quot;: &quot;1726244894144&quot;,\n    &quot;align&quot;: &quot;wide&quot;,\n    &quot;showInActions&quot;: false,\n    &quot;allowNesting&quot;: true,\n    &quot;showExpandableContent&quot;: false,\n    &quot;expandableContent&quot;: &quot;&quot;,\n    &quot;link&quot;: {\n        &quot;url&quot;: &quot;&quot;\n    }\n}\">\n    \n<\/jgu-base-listitem>\n\n<jgu-base-listitem react-props=\"{\n    &quot;icon&quot;: &quot;address-card-solid&quot;,\n    &quot;title&quot;: &quot;&lt;a href=\\&quot;https:\\\/\\\/ag-denig.physics.uni-mainz.de\\\/startpage-ag-denig\\\/univ-prof-dr-achim-denig\\\/\\&quot;&gt;Informationen zur Person&lt;\\\/a&gt;&quot;,\n    &quot;uuid&quot;: &quot;1773411103333&quot;,\n    &quot;link&quot;: {\n        &quot;url&quot;: &quot;https:\\\/\\\/ag-denig.physics.uni-mainz.de\\\/startpage-ag-denig\\\/univ-prof-dr-achim-denig\\\/&quot;\n    },\n    &quot;align&quot;: &quot;wide&quot;,\n    &quot;showInActions&quot;: false,\n    &quot;allowNesting&quot;: true,\n    &quot;showExpandableContent&quot;: false,\n    &quot;expandableContent&quot;: &quot;&quot;\n}\">\n    \n<\/jgu-base-listitem>\n\n<jgu-base-listitem react-props=\"{\n    &quot;icon&quot;: &quot;arrow-right-solid&quot;,\n    &quot;title&quot;: &quot;&lt;a href=\\&quot;https:\\\/\\\/ag-denig.physics.uni-mainz.de\\\/\\&quot;&gt;Gruppe von Achim Denig&lt;\\\/a&gt;&quot;,\n    &quot;uuid&quot;: &quot;1773411104301&quot;,\n    &quot;link&quot;: {\n        &quot;url&quot;: &quot;https:\\\/\\\/ag-denig.physics.uni-mainz.de\\\/&quot;\n    },\n    &quot;align&quot;: &quot;wide&quot;,\n    &quot;showInActions&quot;: false,\n    &quot;allowNesting&quot;: true,\n    &quot;showExpandableContent&quot;: false,\n    &quot;expandableContent&quot;: &quot;&quot;\n}\">\n    \n<\/jgu-base-listitem>\n\n<jgu-base-listitem react-props=\"{\n    &quot;icon&quot;: &quot;university-solid&quot;,\n    &quot;title&quot;: &quot;&lt;a href=\\&quot;https:\\\/\\\/www.kernphysik.uni-mainz.de\\\/\\&quot;&gt;Institut f\\u00fcr Kernphysik&lt;\\\/a&gt;&quot;,\n    &quot;uuid&quot;: &quot;1737119556643&quot;,\n    &quot;link&quot;: {\n        &quot;url&quot;: &quot;https:\\\/\\\/www.kernphysik.uni-mainz.de\\\/&quot;\n    },\n    &quot;align&quot;: &quot;wide&quot;,\n    &quot;showInActions&quot;: false,\n    &quot;allowNesting&quot;: true,\n    &quot;showExpandableContent&quot;: false,\n    &quot;expandableContent&quot;: &quot;&quot;\n}\">\n    \n<\/jgu-base-listitem>\n\n<\/jgu-base-contactcard><\/div>\n\n\n\n<div class=\"wp-block-column is-layout-flow wp-block-column-is-layout-flow\"><jgu-base-contactcard react-props=\"{\n    &quot;name&quot;: &quot;&lt;strong&gt;Prof. Dr. Wolfgang Gradl&lt;\\\/strong&gt;&quot;,\n    &quot;avatar&quot;: {\n        &quot;id&quot;: 19282,\n        &quot;url&quot;: &quot;https:\\\/\\\/cms.zdv.uni-mainz.de\\\/fb08-physics\\\/wp-content\\\/uploads\\\/sites\\\/345\\\/2026\\\/02\\\/Wolfgang-Gradl.jpg&quot;,\n        &quot;hideImageDescription&quot;: false,\n        &quot;credit&quot;: &quot;&quot;,\n        &quot;title&quot;: &quot;Wolfgang Gradl&quot;,\n        &quot;width&quot;: 2480,\n        &quot;height&quot;: 2480,\n        &quot;srcset&quot;: &quot;https:\\\/\\\/cms.zdv.uni-mainz.de\\\/fb08-physics\\\/wp-content\\\/uploads\\\/sites\\\/345\\\/2026\\\/02\\\/Wolfgang-Gradl.jpg 2480w, https:\\\/\\\/cms.zdv.uni-mainz.de\\\/fb08-physics\\\/wp-content\\\/uploads\\\/sites\\\/345\\\/2026\\\/02\\\/Wolfgang-Gradl-300x300.jpg 300w, https:\\\/\\\/cms.zdv.uni-mainz.de\\\/fb08-physics\\\/wp-content\\\/uploads\\\/sites\\\/345\\\/2026\\\/02\\\/Wolfgang-Gradl-1024x1024.jpg 1024w, https:\\\/\\\/cms.zdv.uni-mainz.de\\\/fb08-physics\\\/wp-content\\\/uploads\\\/sites\\\/345\\\/2026\\\/02\\\/Wolfgang-Gradl-150x150.jpg 150w, https:\\\/\\\/cms.zdv.uni-mainz.de\\\/fb08-physics\\\/wp-content\\\/uploads\\\/sites\\\/345\\\/2026\\\/02\\\/Wolfgang-Gradl-768x768.jpg 768w, https:\\\/\\\/cms.zdv.uni-mainz.de\\\/fb08-physics\\\/wp-content\\\/uploads\\\/sites\\\/345\\\/2026\\\/02\\\/Wolfgang-Gradl-1536x1536.jpg 1536w, https:\\\/\\\/cms.zdv.uni-mainz.de\\\/fb08-physics\\\/wp-content\\\/uploads\\\/sites\\\/345\\\/2026\\\/02\\\/Wolfgang-Gradl-2048x2048.jpg 2048w&quot;\n    },\n    &quot;color&quot;: &quot;blue-gray&quot;,\n    &quot;align&quot;: &quot;wide&quot;,\n    &quot;actions&quot;: []\n}\">\n    \n<jgu-base-listitem react-props=\"{\n    &quot;icon&quot;: &quot;lightbulb-solid&quot;,\n    &quot;title&quot;: &quot;Hadronenspektroskopie, Amplitudenanalyse&quot;,\n    &quot;uuid&quot;: &quot;1737119689318&quot;,\n    &quot;align&quot;: &quot;wide&quot;,\n    &quot;showInActions&quot;: false,\n    &quot;allowNesting&quot;: true,\n    &quot;showExpandableContent&quot;: false,\n    &quot;expandableContent&quot;: &quot;&quot;,\n    &quot;link&quot;: {\n        &quot;url&quot;: &quot;&quot;\n    }\n}\">\n    \n<\/jgu-base-listitem>\n\n<jgu-base-listitem react-props=\"{\n    &quot;icon&quot;: &quot;university-solid&quot;,\n    &quot;title&quot;: &quot;&lt;a href=\\&quot;https:\\\/\\\/www.kernphysik.uni-mainz.de\\\/\\&quot;&gt;Institut f\\u00fcr Kernphysik&lt;\\\/a&gt;&quot;,\n    &quot;uuid&quot;: &quot;1737119689318&quot;,\n    &quot;link&quot;: {\n        &quot;url&quot;: &quot;https:\\\/\\\/www.kernphysik.uni-mainz.de\\\/&quot;\n    },\n    &quot;align&quot;: &quot;wide&quot;,\n    &quot;showInActions&quot;: false,\n    &quot;allowNesting&quot;: true,\n    &quot;showExpandableContent&quot;: false,\n    &quot;expandableContent&quot;: &quot;&quot;\n}\">\n    \n<\/jgu-base-listitem>\n\n<\/jgu-base-contactcard><\/div>\n\n\n\n<div class=\"wp-block-column is-layout-flow wp-block-column-is-layout-flow\"><jgu-base-contactcard react-props=\"{\n    &quot;name&quot;: &quot;&lt;strong&gt;Prof. Dr. Michael&lt;\\\/strong&gt; Ostrick&quot;,\n    &quot;avatar&quot;: {\n        &quot;id&quot;: 12051,\n        &quot;url&quot;: &quot;https:\\\/\\\/cms.zdv.uni-mainz.de\\\/fb08-physics\\\/wp-content\\\/uploads\\\/sites\\\/345\\\/2025\\\/05\\\/ostrick.jpg&quot;,\n        &quot;hideImageDescription&quot;: false,\n        &quot;alt&quot;: &quot;Prof. Dr. Michael Ostrick&quot;,\n        &quot;caption&quot;: &quot;Prof. Dr. Michael Ostrick&quot;,\n        &quot;description&quot;: &quot;Prof. Dr. Michael Ostrick&quot;,\n        &quot;title&quot;: &quot;Prof. Dr. Michael Ostrick&quot;,\n        &quot;width&quot;: 2480,\n        &quot;height&quot;: 2480,\n        &quot;srcset&quot;: &quot;https:\\\/\\\/cms.zdv.uni-mainz.de\\\/fb08-physics\\\/wp-content\\\/uploads\\\/sites\\\/345\\\/2025\\\/05\\\/ostrick.jpg 2480w, https:\\\/\\\/cms.zdv.uni-mainz.de\\\/fb08-physics\\\/wp-content\\\/uploads\\\/sites\\\/345\\\/2025\\\/05\\\/ostrick-300x300.jpg 300w, https:\\\/\\\/cms.zdv.uni-mainz.de\\\/fb08-physics\\\/wp-content\\\/uploads\\\/sites\\\/345\\\/2025\\\/05\\\/ostrick-1024x1024.jpg 1024w, https:\\\/\\\/cms.zdv.uni-mainz.de\\\/fb08-physics\\\/wp-content\\\/uploads\\\/sites\\\/345\\\/2025\\\/05\\\/ostrick-150x150.jpg 150w, https:\\\/\\\/cms.zdv.uni-mainz.de\\\/fb08-physics\\\/wp-content\\\/uploads\\\/sites\\\/345\\\/2025\\\/05\\\/ostrick-768x768.jpg 768w, https:\\\/\\\/cms.zdv.uni-mainz.de\\\/fb08-physics\\\/wp-content\\\/uploads\\\/sites\\\/345\\\/2025\\\/05\\\/ostrick-1536x1536.jpg 1536w, https:\\\/\\\/cms.zdv.uni-mainz.de\\\/fb08-physics\\\/wp-content\\\/uploads\\\/sites\\\/345\\\/2025\\\/05\\\/ostrick-2048x2048.jpg 2048w&quot;\n    },\n    &quot;color&quot;: &quot;blue-gray&quot;,\n    &quot;align&quot;: &quot;wide&quot;,\n    &quot;actions&quot;: []\n}\">\n    \n<jgu-base-listitem react-props=\"{\n    &quot;icon&quot;: &quot;lightbulb-solid&quot;,\n    &quot;title&quot;: &quot;Experimentelle Hadronenphysik: Struktur und Spektrum &quot;,\n    &quot;uuid&quot;: &quot;1726244894144&quot;,\n    &quot;align&quot;: &quot;wide&quot;,\n    &quot;showInActions&quot;: false,\n    &quot;allowNesting&quot;: true,\n    &quot;showExpandableContent&quot;: false,\n    &quot;expandableContent&quot;: &quot;&quot;,\n    &quot;link&quot;: {\n        &quot;url&quot;: &quot;&quot;\n    }\n}\">\n    \n<\/jgu-base-listitem>\n\n<jgu-base-listitem react-props=\"{\n    &quot;icon&quot;: &quot;arrow-right-solid&quot;,\n    &quot;title&quot;: &quot;&lt;a href=\\&quot;https:\\\/\\\/www.blogs.uni-mainz.de\\\/fb08-nuclear-physics\\\/professors\\\/univ-prof-dr-michael-ostrick\\\/\\&quot;&gt;Gruppe von Michael Ostrick&lt;\\\/a&gt;&quot;,\n    &quot;uuid&quot;: &quot;1734087422868&quot;,\n    &quot;link&quot;: {\n        &quot;url&quot;: &quot;https:\\\/\\\/www.blogs.uni-mainz.de\\\/fb08-nuclear-physics\\\/professors\\\/univ-prof-dr-michael-ostrick\\\/&quot;\n    },\n    &quot;align&quot;: &quot;wide&quot;,\n    &quot;showInActions&quot;: false,\n    &quot;allowNesting&quot;: true,\n    &quot;showExpandableContent&quot;: false,\n    &quot;expandableContent&quot;: &quot;&quot;\n}\">\n    \n<\/jgu-base-listitem>\n\n<jgu-base-listitem react-props=\"{\n    &quot;icon&quot;: &quot;university-solid&quot;,\n    &quot;title&quot;: &quot;&lt;a href=\\&quot;https:\\\/\\\/www.kernphysik.uni-mainz.de\\\/\\&quot;&gt;Institut f\\u00fcr Kernphysik&lt;\\\/a&gt;&quot;,\n    &quot;uuid&quot;: &quot;1737119556643&quot;,\n    &quot;link&quot;: {\n        &quot;url&quot;: &quot;https:\\\/\\\/www.kernphysik.uni-mainz.de\\\/&quot;\n    },\n    &quot;align&quot;: &quot;wide&quot;,\n    &quot;showInActions&quot;: false,\n    &quot;allowNesting&quot;: true,\n    &quot;showExpandableContent&quot;: false,\n    &quot;expandableContent&quot;: &quot;&quot;\n}\">\n    \n<\/jgu-base-listitem>\n\n<\/jgu-base-contactcard><\/div>\n<\/div>\n\n\n\n<div class=\"wp-block-columns is-layout-flex wp-container-core-columns-is-layout-9d6595d7 wp-block-columns-is-layout-flex\">\n<div class=\"wp-block-column is-layout-flow wp-block-column-is-layout-flow\"><jgu-base-contactcard react-props=\"{\n    &quot;name&quot;: &quot;&lt;strong&gt;Prof. Dr. Stefan Scherer&lt;\\\/strong&gt;&quot;,\n    &quot;avatar&quot;: {\n        &quot;id&quot;: 12078,\n        &quot;url&quot;: &quot;https:\\\/\\\/cms.zdv.uni-mainz.de\\\/fb08-physics\\\/wp-content\\\/uploads\\\/sites\\\/345\\\/2025\\\/05\\\/scherrer.jpg&quot;,\n        &quot;hideImageDescription&quot;: false,\n        &quot;alt&quot;: &quot;Prof. Dr. Stefan Scherer&quot;,\n        &quot;caption&quot;: &quot;Prof. Dr. Stefan Scherer&quot;,\n        &quot;description&quot;: &quot;Prof. Dr. Stefan Scherer&quot;,\n        &quot;title&quot;: &quot;Prof. Dr. Stefan Scherer&quot;,\n        &quot;width&quot;: 2480,\n        &quot;height&quot;: 2480,\n        &quot;srcset&quot;: &quot;https:\\\/\\\/cms.zdv.uni-mainz.de\\\/fb08-physics\\\/wp-content\\\/uploads\\\/sites\\\/345\\\/2025\\\/05\\\/scherrer.jpg 2480w, https:\\\/\\\/cms.zdv.uni-mainz.de\\\/fb08-physics\\\/wp-content\\\/uploads\\\/sites\\\/345\\\/2025\\\/05\\\/scherrer-300x300.jpg 300w, https:\\\/\\\/cms.zdv.uni-mainz.de\\\/fb08-physics\\\/wp-content\\\/uploads\\\/sites\\\/345\\\/2025\\\/05\\\/scherrer-1024x1024.jpg 1024w, https:\\\/\\\/cms.zdv.uni-mainz.de\\\/fb08-physics\\\/wp-content\\\/uploads\\\/sites\\\/345\\\/2025\\\/05\\\/scherrer-150x150.jpg 150w, https:\\\/\\\/cms.zdv.uni-mainz.de\\\/fb08-physics\\\/wp-content\\\/uploads\\\/sites\\\/345\\\/2025\\\/05\\\/scherrer-768x768.jpg 768w, https:\\\/\\\/cms.zdv.uni-mainz.de\\\/fb08-physics\\\/wp-content\\\/uploads\\\/sites\\\/345\\\/2025\\\/05\\\/scherrer-1536x1536.jpg 1536w, https:\\\/\\\/cms.zdv.uni-mainz.de\\\/fb08-physics\\\/wp-content\\\/uploads\\\/sites\\\/345\\\/2025\\\/05\\\/scherrer-2048x2048.jpg 2048w&quot;\n    },\n    &quot;color&quot;: &quot;blue-gray&quot;,\n    &quot;align&quot;: &quot;wide&quot;,\n    &quot;actions&quot;: []\n}\">\n    \n<jgu-base-listitem react-props=\"{\n    &quot;icon&quot;: &quot;lightbulb-solid&quot;,\n    &quot;title&quot;: &quot;Chirale St\\u00f6rungstheorie, chirale effektive Feldtheorie&quot;,\n    &quot;uuid&quot;: &quot;1726244894144&quot;,\n    &quot;align&quot;: &quot;wide&quot;,\n    &quot;showInActions&quot;: false,\n    &quot;allowNesting&quot;: true,\n    &quot;showExpandableContent&quot;: false,\n    &quot;expandableContent&quot;: &quot;&quot;,\n    &quot;link&quot;: {\n        &quot;url&quot;: &quot;&quot;\n    }\n}\">\n    \n<\/jgu-base-listitem>\n\n<jgu-base-listitem react-props=\"{\n    &quot;icon&quot;: &quot;address-card-solid&quot;,\n    &quot;title&quot;: &quot;&lt;a href=\\&quot;https:\\\/\\\/kph-th.physics.uni-mainz.de\\\/scherer-stefan\\\/\\&quot;&gt;Informationen zur Person&lt;\\\/a&gt;&quot;,\n    &quot;uuid&quot;: &quot;1734087422868&quot;,\n    &quot;link&quot;: {\n        &quot;url&quot;: &quot;https:\\\/\\\/kph-th.physics.uni-mainz.de\\\/scherer-stefan\\\/&quot;\n    },\n    &quot;align&quot;: &quot;wide&quot;,\n    &quot;showInActions&quot;: false,\n    &quot;allowNesting&quot;: true,\n    &quot;showExpandableContent&quot;: false,\n    &quot;expandableContent&quot;: &quot;&quot;\n}\">\n    \n<\/jgu-base-listitem>\n\n<jgu-base-listitem react-props=\"{\n    &quot;icon&quot;: &quot;university-solid&quot;,\n    &quot;title&quot;: &quot;&lt;a href=\\&quot;https:\\\/\\\/www.kernphysik.uni-mainz.de\\\/\\&quot;&gt;Institut f\\u00fcr Kernphysik&lt;\\\/a&gt;&quot;,\n    &quot;uuid&quot;: &quot;1737119703835&quot;,\n    &quot;link&quot;: {\n        &quot;url&quot;: &quot;https:\\\/\\\/www.kernphysik.uni-mainz.de\\\/&quot;\n    },\n    &quot;align&quot;: &quot;wide&quot;,\n    &quot;showInActions&quot;: false,\n    &quot;allowNesting&quot;: true,\n    &quot;showExpandableContent&quot;: false,\n    &quot;expandableContent&quot;: &quot;&quot;\n}\">\n    \n<\/jgu-base-listitem>\n\n<\/jgu-base-contactcard><\/div>\n\n\n\n<div class=\"wp-block-column is-layout-flow wp-block-column-is-layout-flow\"><jgu-base-contactcard react-props=\"{\n    &quot;name&quot;: &quot;&lt;strong&gt;Prof. Dr. Hartmut Wittig&lt;\\\/strong&gt;&quot;,\n    &quot;avatar&quot;: {\n        &quot;id&quot;: 19276,\n        &quot;url&quot;: &quot;https:\\\/\\\/cms.zdv.uni-mainz.de\\\/fb08-physics\\\/wp-content\\\/uploads\\\/sites\\\/345\\\/2026\\\/02\\\/Hartmut-Wittig.jpg&quot;,\n        &quot;hideImageDescription&quot;: false,\n        &quot;title&quot;: &quot;Hartmut Wittig&quot;,\n        &quot;width&quot;: 2480,\n        &quot;height&quot;: 2480,\n        &quot;srcset&quot;: &quot;https:\\\/\\\/cms.zdv.uni-mainz.de\\\/fb08-physics\\\/wp-content\\\/uploads\\\/sites\\\/345\\\/2026\\\/02\\\/Hartmut-Wittig.jpg 2480w, https:\\\/\\\/cms.zdv.uni-mainz.de\\\/fb08-physics\\\/wp-content\\\/uploads\\\/sites\\\/345\\\/2026\\\/02\\\/Hartmut-Wittig-300x300.jpg 300w, https:\\\/\\\/cms.zdv.uni-mainz.de\\\/fb08-physics\\\/wp-content\\\/uploads\\\/sites\\\/345\\\/2026\\\/02\\\/Hartmut-Wittig-1024x1024.jpg 1024w, https:\\\/\\\/cms.zdv.uni-mainz.de\\\/fb08-physics\\\/wp-content\\\/uploads\\\/sites\\\/345\\\/2026\\\/02\\\/Hartmut-Wittig-150x150.jpg 150w, https:\\\/\\\/cms.zdv.uni-mainz.de\\\/fb08-physics\\\/wp-content\\\/uploads\\\/sites\\\/345\\\/2026\\\/02\\\/Hartmut-Wittig-768x768.jpg 768w, https:\\\/\\\/cms.zdv.uni-mainz.de\\\/fb08-physics\\\/wp-content\\\/uploads\\\/sites\\\/345\\\/2026\\\/02\\\/Hartmut-Wittig-1536x1536.jpg 1536w, https:\\\/\\\/cms.zdv.uni-mainz.de\\\/fb08-physics\\\/wp-content\\\/uploads\\\/sites\\\/345\\\/2026\\\/02\\\/Hartmut-Wittig-2048x2048.jpg 2048w&quot;\n    },\n    &quot;color&quot;: &quot;blue-gray&quot;,\n    &quot;align&quot;: &quot;wide&quot;,\n    &quot;actions&quot;: []\n}\">\n    \n<jgu-base-listitem react-props=\"{\n    &quot;icon&quot;: &quot;lightbulb-solid&quot;,\n    &quot;title&quot;: &quot;Lattice QCD: Hadronenspektroskopie und -struktur, Hadronische Beitr\\u00e4ge zu Pr\\u00e4zisionsbeobachtungsdaten&quot;,\n    &quot;uuid&quot;: &quot;1726244894144&quot;,\n    &quot;align&quot;: &quot;wide&quot;,\n    &quot;showInActions&quot;: false,\n    &quot;allowNesting&quot;: true,\n    &quot;showExpandableContent&quot;: false,\n    &quot;expandableContent&quot;: &quot;&quot;,\n    &quot;link&quot;: {\n        &quot;url&quot;: &quot;&quot;\n    }\n}\">\n    \n<\/jgu-base-listitem>\n\n<jgu-base-listitem react-props=\"{\n    &quot;icon&quot;: &quot;address-card-solid&quot;,\n    &quot;title&quot;: &quot;&lt;a href=\\&quot;https:\\\/\\\/wwwth.kph.uni-mainz.de\\\/wittig-hartmut\\\/\\&quot;&gt;Informationen zur Person&lt;\\\/a&gt;&quot;,\n    &quot;uuid&quot;: &quot;1734087422868&quot;,\n    &quot;link&quot;: {\n        &quot;url&quot;: &quot;https:\\\/\\\/wwwth.kph.uni-mainz.de\\\/wittig-hartmut\\\/&quot;\n    },\n    &quot;align&quot;: &quot;wide&quot;,\n    &quot;showInActions&quot;: false,\n    &quot;allowNesting&quot;: true,\n    &quot;showExpandableContent&quot;: false,\n    &quot;expandableContent&quot;: &quot;&quot;\n}\">\n    \n<\/jgu-base-listitem>\n\n<jgu-base-listitem react-props=\"{\n    &quot;icon&quot;: &quot;university-solid&quot;,\n    &quot;title&quot;: &quot;&lt;a href=\\&quot;https:\\\/\\\/www.kernphysik.uni-mainz.de\\\/\\&quot;&gt;Institut f\\u00fcr Kernphysik&lt;\\\/a&gt;&quot;,\n    &quot;uuid&quot;: &quot;1746439866517&quot;,\n    &quot;link&quot;: {\n        &quot;url&quot;: &quot;https:\\\/\\\/www.kernphysik.uni-mainz.de\\\/&quot;\n    },\n    &quot;align&quot;: &quot;wide&quot;,\n    &quot;showInActions&quot;: false,\n    &quot;allowNesting&quot;: true,\n    &quot;showExpandableContent&quot;: false,\n    &quot;expandableContent&quot;: &quot;&quot;\n}\">\n    \n<\/jgu-base-listitem>\n\n<\/jgu-base-contactcard><\/div>\n\n\n\n<div class=\"wp-block-column is-layout-flow wp-block-column-is-layout-flow\"><\/div>\n<\/div>\n\n\n<\/jgu-base-accordionitem>\n\n<jgu-base-accordionitem react-props=\"{&quot;title&quot;:&quot;Experimente&quot;,&quot;init&quot;:false,&quot;slug&quot;:&quot;experimente-2&quot;,&quot;align&quot;:&quot;wide&quot;,&quot;customSlug&quot;:false}\">\n    \n<jgu-base-tabs react-props=\"{\n    &quot;align&quot;: &quot;wide&quot;,\n    &quot;selected&quot;: 1,\n    &quot;ratio&quot;: 0,\n    &quot;autoRatio&quot;: true,\n    &quot;stackMobile&quot;: false,\n    &quot;hasAllOpenButton&quot;: true,\n    &quot;onlyOne&quot;: false,\n    &quot;initAllClosed&quot;: true,\n    &quot;enableSearch&quot;: false,\n    &quot;layout&quot;: {\n        &quot;type&quot;: &quot;flex&quot;,\n        &quot;flexWrap&quot;: &quot;nowrap&quot;,\n        &quot;justifyContent&quot;: &quot;space-between&quot;,\n        &quot;orientation&quot;: &quot;horizontal&quot;\n    }\n}\">\n    \n<jgu-base-tabsitem react-props=\"{\n    &quot;title&quot;: &quot;BESIII&quot;,\n    &quot;slug&quot;: &quot;besiii-1&quot;,\n    &quot;align&quot;: &quot;wide&quot;,\n    &quot;customSlug&quot;: false\n}\">\n    \n\n<div class=\"wp-block-columns is-layout-flex wp-container-core-columns-is-layout-9d6595d7 wp-block-columns-is-layout-flex\">\n<div class=\"wp-block-column is-layout-flow wp-block-column-is-layout-flow\" style=\"flex-basis:33.33%\"><jgu-base-image react-props=\"{\n    &quot;image&quot;: {\n        &quot;url&quot;: &quot;https:\\\/\\\/cms.zdv.uni-mainz.de\\\/fb08-physics\\\/wp-content\\\/uploads\\\/sites\\\/345\\\/2025\\\/05\\\/BESIII.png&quot;,\n        &quot;id&quot;: 12105,\n        &quot;alt&quot;: &quot;Experiment BESIII&quot;,\n        &quot;caption&quot;: &quot;Experiment BESIII&quot;,\n        &quot;credit&quot;: &quot; \\u00a9 JGU | Institut f\\u00fcr Physik&quot;,\n        &quot;description&quot;: &quot;Experiment BESIII&quot;,\n        &quot;title&quot;: &quot;Experiment BESIII&quot;,\n        &quot;width&quot;: 581,\n        &quot;height&quot;: 599,\n        &quot;srcset&quot;: &quot;https:\\\/\\\/cms.zdv.uni-mainz.de\\\/fb08-physics\\\/wp-content\\\/uploads\\\/sites\\\/345\\\/2025\\\/05\\\/BESIII.png 581w, https:\\\/\\\/cms.zdv.uni-mainz.de\\\/fb08-physics\\\/wp-content\\\/uploads\\\/sites\\\/345\\\/2025\\\/05\\\/BESIII-291x300.png 291w&quot;\n    },\n    &quot;caption&quot;: &quot;BESIII&quot;,\n    &quot;align&quot;: &quot;&quot;,\n    &quot;hasLightbox&quot;: false,\n    &quot;imgWidth&quot;: 0,\n    &quot;link&quot;: {\n        &quot;url&quot;: &quot;&quot;,\n        &quot;target&quot;: &quot;&quot;,\n        &quot;rel&quot;: &quot;&quot;\n    }\n}\" class=\"align-\">\n    \n<\/jgu-base-image><\/div>\n\n\n\n<div class=\"wp-block-column is-layout-flow wp-block-column-is-layout-flow\" style=\"flex-basis:66.66%\"><jgu-base-heading react-props=\"{\n    &quot;tags&quot;: {\n        &quot;htmlTag&quot;: &quot;h2&quot;,\n        &quot;classTag&quot;: &quot;&quot;,\n        &quot;tag&quot;: &quot;h2&quot;\n    },\n    &quot;heading&quot;: &quot;BESIII&quot;,\n    &quot;textAlign&quot;: &quot;left&quot;,\n    &quot;anchor&quot;: &quot;&quot;,\n    &quot;index&quot;: &quot;&quot;,\n    &quot;color&quot;: &quot;red&quot;\n}\"><\/jgu-base-heading>\n\n\n\n<p class=\"has-big-font-size\">Das Institut f\u00fcr Hochenergiephysik der Chinesischen Akademie der Wissenschaften in Peking betreibt einen Elektron-Positron-Collider namens BEPC-II (Beijing electron-positron collider II). Er ist f\u00fcr Schwerpunktsenergien zwischen 2 und 5 GeV ausgelegt, was die Untersuchung von Charmonium mit sehr hoher Statistik erm\u00f6glicht. Die geplante Luminosit\u00e4t betr\u00e4gt 10<sup>33<\/sup> cm<sup>-2<\/sup> s<sup>-1<\/sup>. Seit 2009 werden Messungen bei verschiedenen Kollisionsenergien mit dem BESIII (Beijing Spectrometer III) Detektor durchgef\u00fchrt.   <\/p>\n\n\n<jgu-base-button style=\"display: flex; flex-wrap: wrap; column-gap: 30px; max-width: 100%; flex-direction: row; justify-content: left\">\n  \n<jgu-base-buttonitem react-props=\"{\n    &quot;text&quot;: &quot;Mehr erfahren&quot;,\n    &quot;link&quot;: {\n        &quot;url&quot;: &quot;https:\\\/\\\/www.blogs.uni-mainz.de\\\/fb08-kernphysik\\\/experimente\\\/externe-experimente\\\/besiii\\\/&quot;,\n        &quot;linkTarget&quot;: &quot;&quot;,\n        &quot;rel&quot;: &quot;&quot;\n    },\n    &quot;align&quot;: &quot;left&quot;,\n    &quot;styling&quot;: &quot;primary&quot;,\n    &quot;icon&quot;: &quot;arrow-right-solid&quot;,\n    &quot;type&quot;: &quot;default&quot;,\n    &quot;iconBefore&quot;: false,\n    &quot;isSmall&quot;: false,\n    &quot;fullWidth&quot;: false,\n    &quot;className&quot;: &quot;&quot;\n}\"><\/jgu-base-buttonitem>\n\n<\/jgu-base-button><\/div>\n<\/div>\n\n\n<\/jgu-base-tabsitem>\n\n<jgu-base-tabsitem react-props=\"{\n    &quot;title&quot;: &quot;A2&quot;,\n    &quot;slug&quot;: &quot;a2-1&quot;,\n    &quot;align&quot;: &quot;wide&quot;,\n    &quot;customSlug&quot;: false\n}\">\n    \n\n<div class=\"wp-block-columns is-layout-flex wp-container-core-columns-is-layout-9d6595d7 wp-block-columns-is-layout-flex\">\n<div class=\"wp-block-column is-layout-flow wp-block-column-is-layout-flow\" style=\"flex-basis:33.33%\"><jgu-base-image react-props=\"{\n    &quot;image&quot;: {\n        &quot;url&quot;: &quot;https:\\\/\\\/cms.zdv.uni-mainz.de\\\/fb08-physics\\\/wp-content\\\/uploads\\\/sites\\\/345\\\/2025\\\/05\\\/Experiment-A2.jpg&quot;,\n        &quot;id&quot;: 12096,\n        &quot;alt&quot;: &quot;Experiment A2&quot;,\n        &quot;caption&quot;: &quot;Experiment A2&quot;,\n        &quot;credit&quot;: &quot; \\u00a9 JGU | Institut f\\u00fcr Physik&quot;,\n        &quot;description&quot;: &quot;Experiment A2&quot;,\n        &quot;title&quot;: &quot;Experiment A2&quot;,\n        &quot;width&quot;: 2480,\n        &quot;height&quot;: 2480,\n        &quot;srcset&quot;: &quot;https:\\\/\\\/cms.zdv.uni-mainz.de\\\/fb08-physics\\\/wp-content\\\/uploads\\\/sites\\\/345\\\/2025\\\/05\\\/Experiment-A2.jpg 2480w, https:\\\/\\\/cms.zdv.uni-mainz.de\\\/fb08-physics\\\/wp-content\\\/uploads\\\/sites\\\/345\\\/2025\\\/05\\\/Experiment-A2-300x300.jpg 300w, https:\\\/\\\/cms.zdv.uni-mainz.de\\\/fb08-physics\\\/wp-content\\\/uploads\\\/sites\\\/345\\\/2025\\\/05\\\/Experiment-A2-1024x1024.jpg 1024w, https:\\\/\\\/cms.zdv.uni-mainz.de\\\/fb08-physics\\\/wp-content\\\/uploads\\\/sites\\\/345\\\/2025\\\/05\\\/Experiment-A2-150x150.jpg 150w, https:\\\/\\\/cms.zdv.uni-mainz.de\\\/fb08-physics\\\/wp-content\\\/uploads\\\/sites\\\/345\\\/2025\\\/05\\\/Experiment-A2-768x768.jpg 768w, https:\\\/\\\/cms.zdv.uni-mainz.de\\\/fb08-physics\\\/wp-content\\\/uploads\\\/sites\\\/345\\\/2025\\\/05\\\/Experiment-A2-1536x1536.jpg 1536w, https:\\\/\\\/cms.zdv.uni-mainz.de\\\/fb08-physics\\\/wp-content\\\/uploads\\\/sites\\\/345\\\/2025\\\/05\\\/Experiment-A2-2048x2048.jpg 2048w&quot;\n    },\n    &quot;caption&quot;: &quot;Experiment A2&quot;,\n    &quot;align&quot;: &quot;&quot;,\n    &quot;hasLightbox&quot;: false,\n    &quot;imgWidth&quot;: 0,\n    &quot;link&quot;: {\n        &quot;url&quot;: &quot;&quot;,\n        &quot;target&quot;: &quot;&quot;,\n        &quot;rel&quot;: &quot;&quot;\n    }\n}\" class=\"align-\">\n    \n<\/jgu-base-image><\/div>\n\n\n\n<div class=\"wp-block-column is-layout-flow wp-block-column-is-layout-flow\" style=\"flex-basis:66.66%\"><jgu-base-heading react-props=\"{\n    &quot;tags&quot;: {\n        &quot;htmlTag&quot;: &quot;h2&quot;,\n        &quot;classTag&quot;: &quot;&quot;,\n        &quot;tag&quot;: &quot;h2&quot;\n    },\n    &quot;heading&quot;: &quot;A2&quot;,\n    &quot;textAlign&quot;: &quot;left&quot;,\n    &quot;anchor&quot;: &quot;&quot;,\n    &quot;index&quot;: &quot;&quot;,\n    &quot;color&quot;: &quot;red&quot;\n}\"><\/jgu-base-heading>\n\n\n\n<p class=\"has-big-font-size\">Ein Photon, das auf ein Nukleon trifft, koppelt an den elektromagnetischen Strom des Nukleons und bewirkt, dass es Mesonen abstrahlt, wenn die Photonenenergie hoch genug ist. Solche Reaktionen, die durch zirkular und linear polarisierte reale Photonen bis zu Energien von 1,5 GeV ausgel\u00f6st werden, werden von der internationalen A2 Kollaboration am MAMI untersucht.  <\/p>\n\n\n<jgu-base-button style=\"display: flex; flex-wrap: wrap; column-gap: 30px; max-width: 100%; flex-direction: row; justify-content: left\">\n  \n<jgu-base-buttonitem react-props=\"{\n    &quot;text&quot;: &quot;Mehr erfahren&quot;,\n    &quot;link&quot;: {\n        &quot;url&quot;: &quot;https:\\\/\\\/wwwa2.kph.uni-mainz.de\\\/&quot;,\n        &quot;linkTarget&quot;: &quot;&quot;,\n        &quot;rel&quot;: &quot;&quot;\n    },\n    &quot;align&quot;: &quot;left&quot;,\n    &quot;styling&quot;: &quot;primary&quot;,\n    &quot;icon&quot;: &quot;arrow-right-solid&quot;,\n    &quot;type&quot;: &quot;default&quot;,\n    &quot;iconBefore&quot;: false,\n    &quot;isSmall&quot;: false,\n    &quot;fullWidth&quot;: false,\n    &quot;className&quot;: &quot;&quot;\n}\"><\/jgu-base-buttonitem>\n\n<\/jgu-base-button><\/div>\n<\/div>\n\n\n<\/jgu-base-tabsitem>\n\n<jgu-base-tabsitem react-props=\"{\n    &quot;title&quot;: &quot;Panda&quot;,\n    &quot;slug&quot;: &quot;panda&quot;,\n    &quot;align&quot;: &quot;wide&quot;,\n    &quot;customSlug&quot;: false\n}\">\n    \n\n<div class=\"wp-block-columns is-layout-flex wp-container-core-columns-is-layout-9d6595d7 wp-block-columns-is-layout-flex\">\n<div class=\"wp-block-column is-layout-flow wp-block-column-is-layout-flow\" style=\"flex-basis:33.33%\"><jgu-base-image react-props=\"{\n    &quot;image&quot;: {\n        &quot;url&quot;: &quot;https:\\\/\\\/cms.zdv.uni-mainz.de\\\/fb08-physics\\\/wp-content\\\/uploads\\\/sites\\\/345\\\/2025\\\/05\\\/panda.jpg&quot;,\n        &quot;id&quot;: 12117,\n        &quot;alt&quot;: &quot;Experiment Panda&quot;,\n        &quot;caption&quot;: &quot;Experiment Panda&quot;,\n        &quot;credit&quot;: &quot; \\u00a9 JGU | Institut f\\u00fcr Physik&quot;,\n        &quot;description&quot;: &quot;Experiment Panda&quot;,\n        &quot;title&quot;: &quot;Experiment Panda&quot;,\n        &quot;width&quot;: 2480,\n        &quot;height&quot;: 2480,\n        &quot;srcset&quot;: &quot;https:\\\/\\\/cms.zdv.uni-mainz.de\\\/fb08-physics\\\/wp-content\\\/uploads\\\/sites\\\/345\\\/2025\\\/05\\\/panda.jpg 2480w, https:\\\/\\\/cms.zdv.uni-mainz.de\\\/fb08-physics\\\/wp-content\\\/uploads\\\/sites\\\/345\\\/2025\\\/05\\\/panda-300x300.jpg 300w, https:\\\/\\\/cms.zdv.uni-mainz.de\\\/fb08-physics\\\/wp-content\\\/uploads\\\/sites\\\/345\\\/2025\\\/05\\\/panda-1024x1024.jpg 1024w, https:\\\/\\\/cms.zdv.uni-mainz.de\\\/fb08-physics\\\/wp-content\\\/uploads\\\/sites\\\/345\\\/2025\\\/05\\\/panda-150x150.jpg 150w, https:\\\/\\\/cms.zdv.uni-mainz.de\\\/fb08-physics\\\/wp-content\\\/uploads\\\/sites\\\/345\\\/2025\\\/05\\\/panda-768x768.jpg 768w, https:\\\/\\\/cms.zdv.uni-mainz.de\\\/fb08-physics\\\/wp-content\\\/uploads\\\/sites\\\/345\\\/2025\\\/05\\\/panda-1536x1536.jpg 1536w, https:\\\/\\\/cms.zdv.uni-mainz.de\\\/fb08-physics\\\/wp-content\\\/uploads\\\/sites\\\/345\\\/2025\\\/05\\\/panda-2048x2048.jpg 2048w&quot;\n    },\n    &quot;caption&quot;: &quot;Panda&quot;,\n    &quot;align&quot;: &quot;&quot;,\n    &quot;hasLightbox&quot;: false,\n    &quot;imgWidth&quot;: 0,\n    &quot;link&quot;: {\n        &quot;url&quot;: &quot;&quot;,\n        &quot;target&quot;: &quot;&quot;,\n        &quot;rel&quot;: &quot;&quot;\n    }\n}\" class=\"align-\">\n    \n<\/jgu-base-image><\/div>\n\n\n\n<div class=\"wp-block-column is-layout-flow wp-block-column-is-layout-flow\" style=\"flex-basis:66.66%\"><jgu-base-heading react-props=\"{\n    &quot;tags&quot;: {\n        &quot;htmlTag&quot;: &quot;h2&quot;,\n        &quot;classTag&quot;: &quot;&quot;,\n        &quot;tag&quot;: &quot;h2&quot;\n    },\n    &quot;heading&quot;: &quot;Panda&quot;,\n    &quot;textAlign&quot;: &quot;left&quot;,\n    &quot;anchor&quot;: &quot;&quot;,\n    &quot;index&quot;: &quot;&quot;,\n    &quot;color&quot;: &quot;red&quot;\n}\"><\/jgu-base-heading>\n\n\n\n<p class=\"has-big-font-size\">Protonen und Neutronen &#8211; zusammenfassend Nukleonen genannt &#8211; geh\u00f6ren zur Familie der Hadronen. Sie sind aus Quarks aufgebaut und durch die starke Kraft gebunden, die durch Gluonen vermittelt wird. Die Kraft wirkt zwischen zwei Quarks und verh\u00e4lt sich ungew\u00f6hnlich: Sie ist sehr gering, wenn sich die Quarks in geringem Abstand zueinander befinden. Sie nimmt zu, wenn der Abstand gr\u00f6\u00dfer wird und bleibt dann konstant, auch wenn die Quarks immer weiter voneinander entfernt sind.  <\/p>\n\n\n<jgu-base-button style=\"display: flex; flex-wrap: wrap; column-gap: 30px; max-width: 100%; flex-direction: row; justify-content: left\">\n  \n<jgu-base-buttonitem react-props=\"{\n    &quot;text&quot;: &quot;Mehr erfahren&quot;,\n    &quot;link&quot;: {\n        &quot;url&quot;: &quot;https:\\\/\\\/panda.gsi.de\\\/&quot;,\n        &quot;linkTarget&quot;: &quot;&quot;,\n        &quot;rel&quot;: &quot;&quot;\n    },\n    &quot;align&quot;: &quot;left&quot;,\n    &quot;styling&quot;: &quot;primary&quot;,\n    &quot;icon&quot;: &quot;arrow-right-solid&quot;,\n    &quot;type&quot;: &quot;default&quot;,\n    &quot;iconBefore&quot;: false,\n    &quot;isSmall&quot;: false,\n    &quot;fullWidth&quot;: false,\n    &quot;className&quot;: &quot;&quot;\n}\"><\/jgu-base-buttonitem>\n\n<\/jgu-base-button><\/div>\n<\/div>\n\n\n<\/jgu-base-tabsitem>\n\n<\/jgu-base-tabs>\n\n<\/jgu-base-accordionitem>\n\n<\/jgu-base-accordion>\n<\/div>\n\n\n\n<div class=\"wp-block-column is-layout-flow wp-block-column-is-layout-flow\" style=\"flex-basis:33.33%\"><jgu-base-image react-props=\"{\n    &quot;image&quot;: {\n        &quot;url&quot;: &quot;https:\\\/\\\/cms.zdv.uni-mainz.de\\\/fb08-physics\\\/wp-content\\\/uploads\\\/sites\\\/345\\\/2025\\\/05\\\/hadron-spectroscopy.jpg&quot;,\n        &quot;id&quot;: 12123,\n        &quot;hideImageDescription&quot;: true,\n        &quot;alt&quot;: &quot;Hadron Spectroscopy&quot;,\n        &quot;caption&quot;: &quot;Hadron Spectroscopy&quot;,\n        &quot;credit&quot;: &quot;\\u00a9 adobe.stock.com&quot;,\n        &quot;description&quot;: &quot;Hadron Spectroscopy&quot;,\n        &quot;title&quot;: &quot;Hadron Spectroscopy&quot;,\n        &quot;width&quot;: 2480,\n        &quot;height&quot;: 2480,\n        &quot;srcset&quot;: &quot;https:\\\/\\\/cms.zdv.uni-mainz.de\\\/fb08-physics\\\/wp-content\\\/uploads\\\/sites\\\/345\\\/2025\\\/05\\\/hadron-spectroscopy.jpg 2480w, https:\\\/\\\/cms.zdv.uni-mainz.de\\\/fb08-physics\\\/wp-content\\\/uploads\\\/sites\\\/345\\\/2025\\\/05\\\/hadron-spectroscopy-300x300.jpg 300w, https:\\\/\\\/cms.zdv.uni-mainz.de\\\/fb08-physics\\\/wp-content\\\/uploads\\\/sites\\\/345\\\/2025\\\/05\\\/hadron-spectroscopy-1024x1024.jpg 1024w, https:\\\/\\\/cms.zdv.uni-mainz.de\\\/fb08-physics\\\/wp-content\\\/uploads\\\/sites\\\/345\\\/2025\\\/05\\\/hadron-spectroscopy-150x150.jpg 150w, https:\\\/\\\/cms.zdv.uni-mainz.de\\\/fb08-physics\\\/wp-content\\\/uploads\\\/sites\\\/345\\\/2025\\\/05\\\/hadron-spectroscopy-768x768.jpg 768w, https:\\\/\\\/cms.zdv.uni-mainz.de\\\/fb08-physics\\\/wp-content\\\/uploads\\\/sites\\\/345\\\/2025\\\/05\\\/hadron-spectroscopy-1536x1536.jpg 1536w, https:\\\/\\\/cms.zdv.uni-mainz.de\\\/fb08-physics\\\/wp-content\\\/uploads\\\/sites\\\/345\\\/2025\\\/05\\\/hadron-spectroscopy-2048x2048.jpg 2048w&quot;\n    },\n    &quot;align&quot;: &quot;&quot;,\n    &quot;hasLightbox&quot;: false,\n    &quot;caption&quot;: &quot;&quot;,\n    &quot;imgWidth&quot;: 0,\n    &quot;link&quot;: {\n        &quot;url&quot;: &quot;&quot;,\n        &quot;target&quot;: &quot;&quot;,\n        &quot;rel&quot;: &quot;&quot;\n    }\n}\" class=\"align-\">\n    \n<\/jgu-base-image><\/div>\n<\/div>\n<\/div><\/div>\n<\/jgu-base-section>\n\n<jgu-base-section react-props=\"{&quot;color&quot;:&quot;white&quot;,&quot;align&quot;:&quot;wide&quot;,&quot;padding&quot;:&quot;medium&quot;}\">\n<div class=\"jgu-bgsection bg bg-white \"><div class=\"content padding-medium\"><div\n\tclass=\"jgu-anchorpoint\"\n\tid=\"hadronen-und-kerne-fur-prazisionsmessungen\"\n\tdata-label=\"Hadronen und Kerne f\u00fcr Pr\u00e4zisionsmessungen\"\n\tdata-hide-in-nav=\"false\"\n\ttabindex=\"0\"\n\tdata-initial-scroll=\"true\"\n><\/div>\n\n\n\n<div class=\"wp-block-columns is-layout-flex wp-container-core-columns-is-layout-9d6595d7 wp-block-columns-is-layout-flex\">\n<div class=\"wp-block-column is-layout-flow wp-block-column-is-layout-flow\" style=\"flex-basis:33.33%\"><jgu-base-heading react-props=\"{\n    &quot;tags&quot;: {\n        &quot;htmlTag&quot;: &quot;h2&quot;,\n        &quot;classTag&quot;: &quot;&quot;,\n        &quot;tag&quot;: &quot;h2&quot;\n    },\n    &quot;heading&quot;: &quot;Hadronen und Kerne f\\u00fcr Pr\\u00e4zisionsmessungen&quot;,\n    &quot;textAlign&quot;: &quot;left&quot;,\n    &quot;anchor&quot;: &quot;&quot;,\n    &quot;index&quot;: &quot;&quot;,\n    &quot;color&quot;: &quot;red&quot;\n}\"><\/jgu-base-heading>\n\n\n<jgu-base-image react-props=\"{\n    &quot;image&quot;: {\n        &quot;url&quot;: &quot;https:\\\/\\\/cms.zdv.uni-mainz.de\\\/fb08-physics\\\/wp-content\\\/uploads\\\/sites\\\/345\\\/2025\\\/05\\\/precision-measurement.jpg&quot;,\n        &quot;id&quot;: 12132,\n        &quot;hideImageDescription&quot;: true,\n        &quot;alt&quot;: &quot;Precision Measurement&quot;,\n        &quot;caption&quot;: &quot;Precision Measurement&quot;,\n        &quot;credit&quot;: &quot;\\u00a9 adobe.stock.com&quot;,\n        &quot;description&quot;: &quot;Precision Measurement&quot;,\n        &quot;title&quot;: &quot;Precision Measurement&quot;,\n        &quot;width&quot;: 2480,\n        &quot;height&quot;: 2480,\n        &quot;srcset&quot;: &quot;https:\\\/\\\/cms.zdv.uni-mainz.de\\\/fb08-physics\\\/wp-content\\\/uploads\\\/sites\\\/345\\\/2025\\\/05\\\/precision-measurement.jpg 2480w, https:\\\/\\\/cms.zdv.uni-mainz.de\\\/fb08-physics\\\/wp-content\\\/uploads\\\/sites\\\/345\\\/2025\\\/05\\\/precision-measurement-300x300.jpg 300w, https:\\\/\\\/cms.zdv.uni-mainz.de\\\/fb08-physics\\\/wp-content\\\/uploads\\\/sites\\\/345\\\/2025\\\/05\\\/precision-measurement-1024x1024.jpg 1024w, https:\\\/\\\/cms.zdv.uni-mainz.de\\\/fb08-physics\\\/wp-content\\\/uploads\\\/sites\\\/345\\\/2025\\\/05\\\/precision-measurement-150x150.jpg 150w, https:\\\/\\\/cms.zdv.uni-mainz.de\\\/fb08-physics\\\/wp-content\\\/uploads\\\/sites\\\/345\\\/2025\\\/05\\\/precision-measurement-768x768.jpg 768w, https:\\\/\\\/cms.zdv.uni-mainz.de\\\/fb08-physics\\\/wp-content\\\/uploads\\\/sites\\\/345\\\/2025\\\/05\\\/precision-measurement-1536x1536.jpg 1536w, https:\\\/\\\/cms.zdv.uni-mainz.de\\\/fb08-physics\\\/wp-content\\\/uploads\\\/sites\\\/345\\\/2025\\\/05\\\/precision-measurement-2048x2048.jpg 2048w&quot;\n    },\n    &quot;align&quot;: &quot;&quot;,\n    &quot;hasLightbox&quot;: false,\n    &quot;caption&quot;: &quot;&quot;,\n    &quot;imgWidth&quot;: 0,\n    &quot;link&quot;: {\n        &quot;url&quot;: &quot;&quot;,\n        &quot;target&quot;: &quot;&quot;,\n        &quot;rel&quot;: &quot;&quot;\n    }\n}\" class=\"align-\">\n    \n<\/jgu-base-image><\/div>\n\n\n\n<div class=\"wp-block-column is-layout-flow wp-block-column-is-layout-flow\" style=\"flex-basis:66.66%\">\n<div style=\"height:51px\" aria-hidden=\"true\" class=\"wp-block-spacer\"><\/div>\n\n\n\n<p class=\"has-big-font-size\">Ein detailliertes Verst\u00e4ndnis von Hadronen und Kernen bildet die Grundlage f\u00fcr viele Pr\u00e4zisionsmessungen, mit denen das Standardmodell der Elementarteilchenphysik getestet oder fundamentale Konstanten bestimmt werden sollen. Das P2-Experiment bei MESA zielt darauf ab, den schwachen Mischungswinkel &#8211; einen fundamentalen Parameter des Standardmodells &#8211; bei der parit\u00e4tsaufhebenden Elektron-Proton-Streuung zu messen, was ein detailliertes Verst\u00e4ndnis des Protons erfordert. Hadronische Beitr\u00e4ge f\u00fchren zu den gr\u00f6\u00dften Unsicherheiten bei der Vorhersage des g-Faktors des Myons, einer der am genauesten berechneten und gemessenen Gr\u00f6\u00dfen des Standardmodells. Wir liefern experimentellen, ph\u00e4nomenologischen und Gitter-QCD-Input, um diese hadronischen Beitr\u00e4ge zu quantifizieren und ihre Unsicherheiten zu verringern, was zu immer genaueren Tests des Standardmodells f\u00fchrt.   <\/p>\n\n\n<jgu-base-accordion react-props=\"{&quot;selected&quot;:1,&quot;hasAllOpenButton&quot;:false,&quot;align&quot;:&quot;wide&quot;,&quot;onlyOne&quot;:false,&quot;initAllClosed&quot;:true,&quot;enableSearch&quot;:false}\">\n    \n<jgu-base-accordionitem react-props=\"{&quot;title&quot;:&quot;Experimentelle und theoretische Forschungsgruppen&quot;,&quot;init&quot;:false,&quot;slug&quot;:&quot;experimentelle-und-theoretische-forschungsgruppen&quot;,&quot;align&quot;:&quot;wide&quot;,&quot;customSlug&quot;:false}\">\n    \n\n<div class=\"wp-block-columns is-layout-flex wp-container-core-columns-is-layout-9d6595d7 wp-block-columns-is-layout-flex\">\n<div class=\"wp-block-column is-layout-flow wp-block-column-is-layout-flow\"><jgu-base-contactcard react-props=\"{\n    &quot;name&quot;: &quot;&lt;strong&gt;Prof. Dr. &lt;\\\/strong&gt;Sonia Bacca&quot;,\n    &quot;avatar&quot;: {\n        &quot;id&quot;: 19384,\n        &quot;url&quot;: &quot;https:\\\/\\\/cms.zdv.uni-mainz.de\\\/fb08-physics\\\/wp-content\\\/uploads\\\/sites\\\/345\\\/2026\\\/02\\\/Sonia-Bacca.jpg&quot;,\n        &quot;hideImageDescription&quot;: false,\n        &quot;title&quot;: &quot;Sonia Bacca&quot;,\n        &quot;width&quot;: 2480,\n        &quot;height&quot;: 2480,\n        &quot;srcset&quot;: &quot;https:\\\/\\\/cms.zdv.uni-mainz.de\\\/fb08-physics\\\/wp-content\\\/uploads\\\/sites\\\/345\\\/2026\\\/02\\\/Sonia-Bacca.jpg 2480w, https:\\\/\\\/cms.zdv.uni-mainz.de\\\/fb08-physics\\\/wp-content\\\/uploads\\\/sites\\\/345\\\/2026\\\/02\\\/Sonia-Bacca-300x300.jpg 300w, https:\\\/\\\/cms.zdv.uni-mainz.de\\\/fb08-physics\\\/wp-content\\\/uploads\\\/sites\\\/345\\\/2026\\\/02\\\/Sonia-Bacca-1024x1024.jpg 1024w, https:\\\/\\\/cms.zdv.uni-mainz.de\\\/fb08-physics\\\/wp-content\\\/uploads\\\/sites\\\/345\\\/2026\\\/02\\\/Sonia-Bacca-150x150.jpg 150w, https:\\\/\\\/cms.zdv.uni-mainz.de\\\/fb08-physics\\\/wp-content\\\/uploads\\\/sites\\\/345\\\/2026\\\/02\\\/Sonia-Bacca-768x768.jpg 768w, https:\\\/\\\/cms.zdv.uni-mainz.de\\\/fb08-physics\\\/wp-content\\\/uploads\\\/sites\\\/345\\\/2026\\\/02\\\/Sonia-Bacca-1536x1536.jpg 1536w, https:\\\/\\\/cms.zdv.uni-mainz.de\\\/fb08-physics\\\/wp-content\\\/uploads\\\/sites\\\/345\\\/2026\\\/02\\\/Sonia-Bacca-2048x2048.jpg 2048w&quot;\n    },\n    &quot;color&quot;: &quot;blue-gray&quot;,\n    &quot;align&quot;: &quot;wide&quot;,\n    &quot;actions&quot;: []\n}\">\n    \n<jgu-base-listitem react-props=\"{\n    &quot;icon&quot;: &quot;lightbulb-solid&quot;,\n    &quot;title&quot;: &quot;Kernstruktur, Kernreaktion, Wenig- und Vielteilchentheorie&quot;,\n    &quot;uuid&quot;: &quot;1726244894144&quot;,\n    &quot;align&quot;: &quot;wide&quot;,\n    &quot;showInActions&quot;: false,\n    &quot;allowNesting&quot;: true,\n    &quot;showExpandableContent&quot;: false,\n    &quot;expandableContent&quot;: &quot;&quot;,\n    &quot;link&quot;: {\n        &quot;url&quot;: &quot;&quot;\n    }\n}\">\n    \n<\/jgu-base-listitem>\n\n<jgu-base-listitem react-props=\"{\n    &quot;icon&quot;: &quot;address-card-solid&quot;,\n    &quot;title&quot;: &quot;&lt;a href=\\&quot;https:\\\/\\\/kph-th.physics.uni-mainz.de\\\/bacca-sonia\\\/\\&quot;&gt;Informationen zur Person&lt;\\\/a&gt;&quot;,\n    &quot;uuid&quot;: &quot;1726244894144&quot;,\n    &quot;link&quot;: {\n        &quot;url&quot;: &quot;https:\\\/\\\/kph-th.physics.uni-mainz.de\\\/bacca-sonia\\\/&quot;\n    },\n    &quot;align&quot;: &quot;wide&quot;,\n    &quot;showInActions&quot;: false,\n    &quot;allowNesting&quot;: true,\n    &quot;showExpandableContent&quot;: false,\n    &quot;expandableContent&quot;: &quot;&quot;\n}\">\n    \n<\/jgu-base-listitem>\n\n<jgu-base-listitem react-props=\"{\n    &quot;icon&quot;: &quot;university-solid&quot;,\n    &quot;title&quot;: &quot;&lt;a href=\\&quot;https:\\\/\\\/www.kernphysik.uni-mainz.de\\\/\\&quot;&gt;Institut f\\u00fcr Kernphysik&lt;\\\/a&gt;&quot;,\n    &quot;uuid&quot;: &quot;1737119550409&quot;,\n    &quot;link&quot;: {\n        &quot;url&quot;: &quot;https:\\\/\\\/www.kernphysik.uni-mainz.de\\\/&quot;\n    },\n    &quot;align&quot;: &quot;wide&quot;,\n    &quot;showInActions&quot;: false,\n    &quot;allowNesting&quot;: true,\n    &quot;showExpandableContent&quot;: false,\n    &quot;expandableContent&quot;: &quot;&quot;\n}\">\n    \n<\/jgu-base-listitem>\n\n<\/jgu-base-contactcard><\/div>\n\n\n\n<div class=\"wp-block-column is-layout-flow wp-block-column-is-layout-flow\"><jgu-base-contactcard react-props=\"{\n    &quot;name&quot;: &quot;&lt;strong&gt;Prof. Dr. Niklaus Berger&lt;\\\/strong&gt;&quot;,\n    &quot;avatar&quot;: {\n        &quot;id&quot;: 19288,\n        &quot;url&quot;: &quot;https:\\\/\\\/cms.zdv.uni-mainz.de\\\/fb08-physics\\\/wp-content\\\/uploads\\\/sites\\\/345\\\/2026\\\/02\\\/Niklaus-Berger.jpg&quot;,\n        &quot;hideImageDescription&quot;: false,\n        &quot;title&quot;: &quot;Niklaus Berger&quot;,\n        &quot;width&quot;: 2480,\n        &quot;height&quot;: 2480,\n        &quot;srcset&quot;: &quot;https:\\\/\\\/cms.zdv.uni-mainz.de\\\/fb08-physics\\\/wp-content\\\/uploads\\\/sites\\\/345\\\/2026\\\/02\\\/Niklaus-Berger.jpg 2480w, https:\\\/\\\/cms.zdv.uni-mainz.de\\\/fb08-physics\\\/wp-content\\\/uploads\\\/sites\\\/345\\\/2026\\\/02\\\/Niklaus-Berger-300x300.jpg 300w, https:\\\/\\\/cms.zdv.uni-mainz.de\\\/fb08-physics\\\/wp-content\\\/uploads\\\/sites\\\/345\\\/2026\\\/02\\\/Niklaus-Berger-1024x1024.jpg 1024w, https:\\\/\\\/cms.zdv.uni-mainz.de\\\/fb08-physics\\\/wp-content\\\/uploads\\\/sites\\\/345\\\/2026\\\/02\\\/Niklaus-Berger-150x150.jpg 150w, https:\\\/\\\/cms.zdv.uni-mainz.de\\\/fb08-physics\\\/wp-content\\\/uploads\\\/sites\\\/345\\\/2026\\\/02\\\/Niklaus-Berger-768x768.jpg 768w, https:\\\/\\\/cms.zdv.uni-mainz.de\\\/fb08-physics\\\/wp-content\\\/uploads\\\/sites\\\/345\\\/2026\\\/02\\\/Niklaus-Berger-1536x1536.jpg 1536w, https:\\\/\\\/cms.zdv.uni-mainz.de\\\/fb08-physics\\\/wp-content\\\/uploads\\\/sites\\\/345\\\/2026\\\/02\\\/Niklaus-Berger-2048x2048.jpg 2048w&quot;\n    },\n    &quot;color&quot;: &quot;blue-gray&quot;,\n    &quot;align&quot;: &quot;wide&quot;,\n    &quot;actions&quot;: []\n}\">\n    \n<jgu-base-listitem react-props=\"{\n    &quot;icon&quot;: &quot;lightbulb-solid&quot;,\n    &quot;title&quot;: &quot;Hadronen- und Teilchenphysik: Hochgeschwindigkeits-Pr\\u00e4zisionsexperimente &quot;,\n    &quot;uuid&quot;: &quot;1726244894144&quot;,\n    &quot;align&quot;: &quot;wide&quot;,\n    &quot;showInActions&quot;: false,\n    &quot;allowNesting&quot;: true,\n    &quot;showExpandableContent&quot;: false,\n    &quot;expandableContent&quot;: &quot;&quot;,\n    &quot;link&quot;: {\n        &quot;url&quot;: &quot;&quot;\n    }\n}\">\n    \n<\/jgu-base-listitem>\n\n<jgu-base-listitem react-props=\"{\n    &quot;icon&quot;: &quot;arrow-right-solid&quot;,\n    &quot;title&quot;: &quot;&lt;a href=\\&quot;https:\\\/\\\/agberger.kph.uni-mainz.de\\\/\\&quot;&gt;Gruppe von Niklaus Berger&lt;\\\/a&gt;&quot;,\n    &quot;uuid&quot;: &quot;1734087422868&quot;,\n    &quot;link&quot;: {\n        &quot;url&quot;: &quot;https:\\\/\\\/agberger.kph.uni-mainz.de\\\/&quot;\n    },\n    &quot;align&quot;: &quot;wide&quot;,\n    &quot;showInActions&quot;: false,\n    &quot;allowNesting&quot;: true,\n    &quot;showExpandableContent&quot;: false,\n    &quot;expandableContent&quot;: &quot;&quot;\n}\">\n    \n<\/jgu-base-listitem>\n\n<jgu-base-listitem react-props=\"{\n    &quot;icon&quot;: &quot;university-solid&quot;,\n    &quot;title&quot;: &quot;&lt;a href=\\&quot;https:\\\/\\\/www.kernphysik.uni-mainz.de\\\/\\&quot;&gt;Institut f\\u00fcr Kernphysik&lt;\\\/a&gt;&quot;,\n    &quot;uuid&quot;: &quot;1746439848744&quot;,\n    &quot;link&quot;: {\n        &quot;url&quot;: &quot;https:\\\/\\\/www.kernphysik.uni-mainz.de\\\/&quot;\n    },\n    &quot;align&quot;: &quot;wide&quot;,\n    &quot;showInActions&quot;: false,\n    &quot;allowNesting&quot;: true,\n    &quot;showExpandableContent&quot;: false,\n    &quot;expandableContent&quot;: &quot;&quot;\n}\">\n    \n<\/jgu-base-listitem>\n\n<\/jgu-base-contactcard><\/div>\n\n\n\n<div class=\"wp-block-column is-layout-flow wp-block-column-is-layout-flow\"><jgu-base-contactcard react-props=\"{\n    &quot;name&quot;: &quot;&lt;strong&gt;Prof. Dr. Pierre Capel&lt;\\\/strong&gt;&quot;,\n    &quot;avatar&quot;: {\n        &quot;id&quot;: 10551,\n        &quot;url&quot;: &quot;https:\\\/\\\/cms.zdv.uni-mainz.de\\\/fb08-physics\\\/wp-content\\\/uploads\\\/sites\\\/345\\\/2025\\\/01\\\/capel.jpg&quot;,\n        &quot;hideImageDescription&quot;: false,\n        &quot;alt&quot;: &quot;Prof. Dr. Pierre Capel&quot;,\n        &quot;caption&quot;: &quot;Prof. Dr. Pierre Capel&quot;,\n        &quot;description&quot;: &quot;Prof. Dr. Pierre Capel&quot;,\n        &quot;title&quot;: &quot;Prof. Dr. Pierre Capel&quot;,\n        &quot;width&quot;: 2480,\n        &quot;height&quot;: 2480,\n        &quot;srcset&quot;: &quot;https:\\\/\\\/cms.zdv.uni-mainz.de\\\/fb08-physics\\\/wp-content\\\/uploads\\\/sites\\\/345\\\/2025\\\/01\\\/capel.jpg 2480w, https:\\\/\\\/cms.zdv.uni-mainz.de\\\/fb08-physics\\\/wp-content\\\/uploads\\\/sites\\\/345\\\/2025\\\/01\\\/capel-300x300.jpg 300w, https:\\\/\\\/cms.zdv.uni-mainz.de\\\/fb08-physics\\\/wp-content\\\/uploads\\\/sites\\\/345\\\/2025\\\/01\\\/capel-1024x1024.jpg 1024w, https:\\\/\\\/cms.zdv.uni-mainz.de\\\/fb08-physics\\\/wp-content\\\/uploads\\\/sites\\\/345\\\/2025\\\/01\\\/capel-150x150.jpg 150w, https:\\\/\\\/cms.zdv.uni-mainz.de\\\/fb08-physics\\\/wp-content\\\/uploads\\\/sites\\\/345\\\/2025\\\/01\\\/capel-768x768.jpg 768w, https:\\\/\\\/cms.zdv.uni-mainz.de\\\/fb08-physics\\\/wp-content\\\/uploads\\\/sites\\\/345\\\/2025\\\/01\\\/capel-1536x1536.jpg 1536w, https:\\\/\\\/cms.zdv.uni-mainz.de\\\/fb08-physics\\\/wp-content\\\/uploads\\\/sites\\\/345\\\/2025\\\/01\\\/capel-2048x2048.jpg 2048w, https:\\\/\\\/cms.zdv.uni-mainz.de\\\/fb08-physics\\\/wp-content\\\/uploads\\\/sites\\\/345\\\/2025\\\/01\\\/capel-400x400.jpg 400w, https:\\\/\\\/cms.zdv.uni-mainz.de\\\/fb08-physics\\\/wp-content\\\/uploads\\\/sites\\\/345\\\/2025\\\/01\\\/capel-600x600.jpg 600w&quot;\n    },\n    &quot;color&quot;: &quot;blue-gray&quot;,\n    &quot;align&quot;: &quot;wide&quot;,\n    &quot;actions&quot;: []\n}\">\n    \n<jgu-base-listitem react-props=\"{\n    &quot;icon&quot;: &quot;lightbulb-solid&quot;,\n    &quot;title&quot;: &quot;Kernreaktionstheorie, Halo-Kerne, Zerfalls-, Knockout- und Transferreaktionen, nukleare Astrophysik&quot;,\n    &quot;uuid&quot;: &quot;1726244894144&quot;,\n    &quot;align&quot;: &quot;wide&quot;,\n    &quot;showInActions&quot;: false,\n    &quot;allowNesting&quot;: true,\n    &quot;showExpandableContent&quot;: false,\n    &quot;expandableContent&quot;: &quot;&quot;,\n    &quot;link&quot;: {\n        &quot;url&quot;: &quot;&quot;\n    }\n}\">\n    \n<\/jgu-base-listitem>\n\n<jgu-base-listitem react-props=\"{\n    &quot;icon&quot;: &quot;address-card-solid&quot;,\n    &quot;title&quot;: &quot;&lt;a href=\\&quot;https:\\\/\\\/kph-th.physics.uni-mainz.de\\\/capel-pierre\\\/\\&quot;&gt;Informationen zur Person&lt;\\\/a&gt;&quot;,\n    &quot;uuid&quot;: &quot;1726244894144&quot;,\n    &quot;link&quot;: {\n        &quot;url&quot;: &quot;https:\\\/\\\/kph-th.physics.uni-mainz.de\\\/capel-pierre\\\/&quot;\n    },\n    &quot;align&quot;: &quot;wide&quot;,\n    &quot;showInActions&quot;: false,\n    &quot;allowNesting&quot;: true,\n    &quot;showExpandableContent&quot;: false,\n    &quot;expandableContent&quot;: &quot;&quot;\n}\">\n    \n<\/jgu-base-listitem>\n\n<jgu-base-listitem react-props=\"{\n    &quot;icon&quot;: &quot;university-solid&quot;,\n    &quot;title&quot;: &quot;&lt;a href=\\&quot;https:\\\/\\\/www.kernphysik.uni-mainz.de\\\/\\&quot;&gt;Institut f\\u00fcr Kernphysik&lt;\\\/a&gt;&quot;,\n    &quot;uuid&quot;: &quot;1751294537916&quot;,\n    &quot;link&quot;: {\n        &quot;url&quot;: &quot;https:\\\/\\\/www.kernphysik.uni-mainz.de\\\/&quot;\n    },\n    &quot;align&quot;: &quot;wide&quot;,\n    &quot;showInActions&quot;: false,\n    &quot;allowNesting&quot;: true,\n    &quot;showExpandableContent&quot;: false,\n    &quot;expandableContent&quot;: &quot;&quot;\n}\">\n    \n<\/jgu-base-listitem>\n\n<\/jgu-base-contactcard><\/div>\n<\/div>\n\n\n\n<div class=\"wp-block-columns is-layout-flex wp-container-core-columns-is-layout-9d6595d7 wp-block-columns-is-layout-flex\">\n<div class=\"wp-block-column is-layout-flow wp-block-column-is-layout-flow\"><jgu-base-contactcard react-props=\"{\n    &quot;name&quot;: &quot;&lt;strong&gt;Prof. Dr. Achim Denig&lt;\\\/strong&gt;&quot;,\n    &quot;avatar&quot;: {\n        &quot;id&quot;: 19257,\n        &quot;url&quot;: &quot;https:\\\/\\\/cms.zdv.uni-mainz.de\\\/fb08-physics\\\/wp-content\\\/uploads\\\/sites\\\/345\\\/2026\\\/02\\\/Achim-Denig.jpg&quot;,\n        &quot;hideImageDescription&quot;: false,\n        &quot;title&quot;: &quot;Achim Denig&quot;,\n        &quot;width&quot;: 2480,\n        &quot;height&quot;: 2480,\n        &quot;srcset&quot;: &quot;https:\\\/\\\/cms.zdv.uni-mainz.de\\\/fb08-physics\\\/wp-content\\\/uploads\\\/sites\\\/345\\\/2026\\\/02\\\/Achim-Denig.jpg 2480w, https:\\\/\\\/cms.zdv.uni-mainz.de\\\/fb08-physics\\\/wp-content\\\/uploads\\\/sites\\\/345\\\/2026\\\/02\\\/Achim-Denig-300x300.jpg 300w, https:\\\/\\\/cms.zdv.uni-mainz.de\\\/fb08-physics\\\/wp-content\\\/uploads\\\/sites\\\/345\\\/2026\\\/02\\\/Achim-Denig-1024x1024.jpg 1024w, https:\\\/\\\/cms.zdv.uni-mainz.de\\\/fb08-physics\\\/wp-content\\\/uploads\\\/sites\\\/345\\\/2026\\\/02\\\/Achim-Denig-150x150.jpg 150w, https:\\\/\\\/cms.zdv.uni-mainz.de\\\/fb08-physics\\\/wp-content\\\/uploads\\\/sites\\\/345\\\/2026\\\/02\\\/Achim-Denig-768x768.jpg 768w, https:\\\/\\\/cms.zdv.uni-mainz.de\\\/fb08-physics\\\/wp-content\\\/uploads\\\/sites\\\/345\\\/2026\\\/02\\\/Achim-Denig-1536x1536.jpg 1536w, https:\\\/\\\/cms.zdv.uni-mainz.de\\\/fb08-physics\\\/wp-content\\\/uploads\\\/sites\\\/345\\\/2026\\\/02\\\/Achim-Denig-2048x2048.jpg 2048w&quot;\n    },\n    &quot;color&quot;: &quot;blue-gray&quot;,\n    &quot;align&quot;: &quot;wide&quot;,\n    &quot;actions&quot;: []\n}\">\n    \n<jgu-base-listitem react-props=\"{\n    &quot;icon&quot;: &quot;lightbulb-solid&quot;,\n    &quot;title&quot;: &quot;Pr\\u00e4zisions-Hadronen-\\\/Teilchenphysik (g-2, Exotika, Dunkle Materie)&quot;,\n    &quot;uuid&quot;: &quot;1726244894144&quot;,\n    &quot;align&quot;: &quot;wide&quot;,\n    &quot;showInActions&quot;: false,\n    &quot;allowNesting&quot;: true,\n    &quot;showExpandableContent&quot;: false,\n    &quot;expandableContent&quot;: &quot;&quot;,\n    &quot;link&quot;: {\n        &quot;url&quot;: &quot;&quot;\n    }\n}\">\n    \n<\/jgu-base-listitem>\n\n<jgu-base-listitem react-props=\"{\n    &quot;icon&quot;: &quot;address-card-solid&quot;,\n    &quot;title&quot;: &quot;&lt;a href=\\&quot;https:\\\/\\\/ag-denig.physics.uni-mainz.de\\\/startpage-ag-denig\\\/univ-prof-dr-achim-denig\\\/\\&quot;&gt;Informationen zur Person&lt;\\\/a&gt;&quot;,\n    &quot;uuid&quot;: &quot;1773411103333&quot;,\n    &quot;link&quot;: {\n        &quot;url&quot;: &quot;https:\\\/\\\/ag-denig.physics.uni-mainz.de\\\/startpage-ag-denig\\\/univ-prof-dr-achim-denig\\\/&quot;\n    },\n    &quot;align&quot;: &quot;wide&quot;,\n    &quot;showInActions&quot;: false,\n    &quot;allowNesting&quot;: true,\n    &quot;showExpandableContent&quot;: false,\n    &quot;expandableContent&quot;: &quot;&quot;\n}\">\n    \n<\/jgu-base-listitem>\n\n<jgu-base-listitem react-props=\"{\n    &quot;icon&quot;: &quot;arrow-right-solid&quot;,\n    &quot;title&quot;: &quot;&lt;a href=\\&quot;https:\\\/\\\/ag-denig.physics.uni-mainz.de\\\/\\&quot;&gt;Gruppe von Achim Denig&lt;\\\/a&gt;&quot;,\n    &quot;uuid&quot;: &quot;1773411104301&quot;,\n    &quot;link&quot;: {\n        &quot;url&quot;: &quot;https:\\\/\\\/ag-denig.physics.uni-mainz.de\\\/&quot;\n    },\n    &quot;align&quot;: &quot;wide&quot;,\n    &quot;showInActions&quot;: false,\n    &quot;allowNesting&quot;: true,\n    &quot;showExpandableContent&quot;: false,\n    &quot;expandableContent&quot;: &quot;&quot;\n}\">\n    \n<\/jgu-base-listitem>\n\n<jgu-base-listitem react-props=\"{\n    &quot;icon&quot;: &quot;university-solid&quot;,\n    &quot;title&quot;: &quot;&lt;a href=\\&quot;https:\\\/\\\/www.kernphysik.uni-mainz.de\\\/\\&quot;&gt;Institut f\\u00fcr Kernphysik&lt;\\\/a&gt;&quot;,\n    &quot;uuid&quot;: &quot;1737119556643&quot;,\n    &quot;link&quot;: {\n        &quot;url&quot;: &quot;https:\\\/\\\/www.kernphysik.uni-mainz.de\\\/&quot;\n    },\n    &quot;align&quot;: &quot;wide&quot;,\n    &quot;showInActions&quot;: false,\n    &quot;allowNesting&quot;: true,\n    &quot;showExpandableContent&quot;: false,\n    &quot;expandableContent&quot;: &quot;&quot;\n}\">\n    \n<\/jgu-base-listitem>\n\n<\/jgu-base-contactcard><\/div>\n\n\n\n<div class=\"wp-block-column is-layout-flow wp-block-column-is-layout-flow\"><jgu-base-contactcard react-props=\"{\n    &quot;name&quot;: &quot;&lt;strong&gt;Prof. Dr. &lt;\\\/strong&gt;Luca Doria&quot;,\n    &quot;avatar&quot;: {\n        &quot;id&quot;: 19261,\n        &quot;url&quot;: &quot;https:\\\/\\\/cms.zdv.uni-mainz.de\\\/fb08-physics\\\/wp-content\\\/uploads\\\/sites\\\/345\\\/2026\\\/02\\\/luca-doria.jpg&quot;,\n        &quot;hideImageDescription&quot;: false,\n        &quot;title&quot;: &quot;luca doria&quot;,\n        &quot;width&quot;: 2480,\n        &quot;height&quot;: 2480,\n        &quot;srcset&quot;: &quot;https:\\\/\\\/cms.zdv.uni-mainz.de\\\/fb08-physics\\\/wp-content\\\/uploads\\\/sites\\\/345\\\/2026\\\/02\\\/luca-doria.jpg 2480w, https:\\\/\\\/cms.zdv.uni-mainz.de\\\/fb08-physics\\\/wp-content\\\/uploads\\\/sites\\\/345\\\/2026\\\/02\\\/luca-doria-300x300.jpg 300w, https:\\\/\\\/cms.zdv.uni-mainz.de\\\/fb08-physics\\\/wp-content\\\/uploads\\\/sites\\\/345\\\/2026\\\/02\\\/luca-doria-1024x1024.jpg 1024w, https:\\\/\\\/cms.zdv.uni-mainz.de\\\/fb08-physics\\\/wp-content\\\/uploads\\\/sites\\\/345\\\/2026\\\/02\\\/luca-doria-150x150.jpg 150w, https:\\\/\\\/cms.zdv.uni-mainz.de\\\/fb08-physics\\\/wp-content\\\/uploads\\\/sites\\\/345\\\/2026\\\/02\\\/luca-doria-768x768.jpg 768w, https:\\\/\\\/cms.zdv.uni-mainz.de\\\/fb08-physics\\\/wp-content\\\/uploads\\\/sites\\\/345\\\/2026\\\/02\\\/luca-doria-1536x1536.jpg 1536w, https:\\\/\\\/cms.zdv.uni-mainz.de\\\/fb08-physics\\\/wp-content\\\/uploads\\\/sites\\\/345\\\/2026\\\/02\\\/luca-doria-2048x2048.jpg 2048w&quot;\n    },\n    &quot;color&quot;: &quot;blue-gray&quot;,\n    &quot;align&quot;: &quot;wide&quot;,\n    &quot;actions&quot;: []\n}\">\n    \n<jgu-base-listitem react-props=\"{\n    &quot;icon&quot;: &quot;lightbulb-solid&quot;,\n    &quot;title&quot;: &quot;Dunkle Materie, Astroteilchenphysik, Hadronen- und Kernphysik, Maschinelles Lernen&quot;,\n    &quot;uuid&quot;: &quot;1726244894144&quot;,\n    &quot;align&quot;: &quot;wide&quot;,\n    &quot;showInActions&quot;: false,\n    &quot;allowNesting&quot;: true,\n    &quot;showExpandableContent&quot;: false,\n    &quot;expandableContent&quot;: &quot;&quot;,\n    &quot;link&quot;: {\n        &quot;url&quot;: &quot;&quot;\n    }\n}\">\n    \n<\/jgu-base-listitem>\n\n<jgu-base-listitem react-props=\"{\n    &quot;icon&quot;: &quot;arrow-right-solid&quot;,\n    &quot;title&quot;: &quot;&lt;a href=\\&quot;https:\\\/\\\/www.staff.uni-mainz.de\\\/doria\\&quot;&gt;Gruppe von Luca Doria &lt;\\\/a&gt;&quot;,\n    &quot;uuid&quot;: &quot;1734087422868&quot;,\n    &quot;link&quot;: {\n        &quot;url&quot;: &quot;https:\\\/\\\/www.staff.uni-mainz.de\\\/doria&quot;\n    },\n    &quot;align&quot;: &quot;wide&quot;,\n    &quot;showInActions&quot;: false,\n    &quot;allowNesting&quot;: true,\n    &quot;showExpandableContent&quot;: false,\n    &quot;expandableContent&quot;: &quot;&quot;\n}\">\n    \n<\/jgu-base-listitem>\n\n<jgu-base-listitem react-props=\"{\n    &quot;icon&quot;: &quot;university-solid&quot;,\n    &quot;title&quot;: &quot;&lt;a href=\\&quot;https:\\\/\\\/www.kernphysik.uni-mainz.de\\\/\\&quot;&gt;Institut f\\u00fcr Kernphysik&lt;\\\/a&gt;&quot;,\n    &quot;uuid&quot;: &quot;1746439853509&quot;,\n    &quot;link&quot;: {\n        &quot;url&quot;: &quot;https:\\\/\\\/www.kernphysik.uni-mainz.de\\\/&quot;\n    },\n    &quot;align&quot;: &quot;wide&quot;,\n    &quot;showInActions&quot;: false,\n    &quot;allowNesting&quot;: true,\n    &quot;showExpandableContent&quot;: false,\n    &quot;expandableContent&quot;: &quot;&quot;\n}\">\n    \n<\/jgu-base-listitem>\n\n<\/jgu-base-contactcard><\/div>\n\n\n\n<div class=\"wp-block-column is-layout-flow wp-block-column-is-layout-flow\"><jgu-base-contactcard react-props=\"{\n    &quot;name&quot;: &quot;&lt;strong&gt;Prof. Dr. Jens Erler&lt;\\\/strong&gt;&quot;,\n    &quot;avatar&quot;: {\n        &quot;id&quot;: 19294,\n        &quot;url&quot;: &quot;https:\\\/\\\/cms.zdv.uni-mainz.de\\\/fb08-physics\\\/wp-content\\\/uploads\\\/sites\\\/345\\\/2026\\\/02\\\/Jens-Erler.jpg&quot;,\n        &quot;hideImageDescription&quot;: false,\n        &quot;title&quot;: &quot;Jens Erler&quot;,\n        &quot;width&quot;: 2480,\n        &quot;height&quot;: 2480,\n        &quot;srcset&quot;: &quot;https:\\\/\\\/cms.zdv.uni-mainz.de\\\/fb08-physics\\\/wp-content\\\/uploads\\\/sites\\\/345\\\/2026\\\/02\\\/Jens-Erler.jpg 2480w, https:\\\/\\\/cms.zdv.uni-mainz.de\\\/fb08-physics\\\/wp-content\\\/uploads\\\/sites\\\/345\\\/2026\\\/02\\\/Jens-Erler-300x300.jpg 300w, https:\\\/\\\/cms.zdv.uni-mainz.de\\\/fb08-physics\\\/wp-content\\\/uploads\\\/sites\\\/345\\\/2026\\\/02\\\/Jens-Erler-1024x1024.jpg 1024w, https:\\\/\\\/cms.zdv.uni-mainz.de\\\/fb08-physics\\\/wp-content\\\/uploads\\\/sites\\\/345\\\/2026\\\/02\\\/Jens-Erler-150x150.jpg 150w, https:\\\/\\\/cms.zdv.uni-mainz.de\\\/fb08-physics\\\/wp-content\\\/uploads\\\/sites\\\/345\\\/2026\\\/02\\\/Jens-Erler-768x768.jpg 768w, https:\\\/\\\/cms.zdv.uni-mainz.de\\\/fb08-physics\\\/wp-content\\\/uploads\\\/sites\\\/345\\\/2026\\\/02\\\/Jens-Erler-1536x1536.jpg 1536w, https:\\\/\\\/cms.zdv.uni-mainz.de\\\/fb08-physics\\\/wp-content\\\/uploads\\\/sites\\\/345\\\/2026\\\/02\\\/Jens-Erler-2048x2048.jpg 2048w&quot;\n    },\n    &quot;color&quot;: &quot;blue-gray&quot;,\n    &quot;align&quot;: &quot;wide&quot;,\n    &quot;actions&quot;: []\n}\">\n    \n<jgu-base-listitem react-props=\"{\n    &quot;icon&quot;: &quot;lightbulb-solid&quot;,\n    &quot;title&quot;: &quot;Globale Analyse der elektroschwachen Pr\\u00e4zisionsdaten&quot;,\n    &quot;uuid&quot;: &quot;1726244894144&quot;,\n    &quot;align&quot;: &quot;wide&quot;,\n    &quot;showInActions&quot;: false,\n    &quot;allowNesting&quot;: true,\n    &quot;showExpandableContent&quot;: false,\n    &quot;expandableContent&quot;: &quot;&quot;,\n    &quot;link&quot;: {\n        &quot;url&quot;: &quot;&quot;\n    }\n}\">\n    \n<\/jgu-base-listitem>\n\n<jgu-base-listitem react-props=\"{\n    &quot;icon&quot;: &quot;address-card-solid&quot;,\n    &quot;title&quot;: &quot;&lt;a href=\\&quot;https:\\\/\\\/agerler.physics.uni-mainz.de\\\/\\&quot;&gt;Informationen zur Person&lt;\\\/a&gt;&quot;,\n    &quot;uuid&quot;: &quot;1734087422868&quot;,\n    &quot;link&quot;: {\n        &quot;url&quot;: &quot;https:\\\/\\\/agerler.physics.uni-mainz.de\\\/&quot;\n    },\n    &quot;align&quot;: &quot;wide&quot;,\n    &quot;showInActions&quot;: false,\n    &quot;allowNesting&quot;: true,\n    &quot;showExpandableContent&quot;: false,\n    &quot;expandableContent&quot;: &quot;&quot;\n}\">\n    \n<\/jgu-base-listitem>\n\n<jgu-base-listitem react-props=\"{\n    &quot;icon&quot;: &quot;arrow-right-solid&quot;,\n    &quot;title&quot;: &quot;&lt;a href=\\&quot;https:\\\/\\\/agerler.physics.uni-mainz.de\\\/\\&quot;&gt;Gruppe von Jens Erler&lt;\\\/a&gt;&quot;,\n    &quot;uuid&quot;: &quot;1734087422868&quot;,\n    &quot;link&quot;: {\n        &quot;url&quot;: &quot;https:\\\/\\\/agerler.physics.uni-mainz.de\\\/&quot;\n    },\n    &quot;align&quot;: &quot;wide&quot;,\n    &quot;showInActions&quot;: false,\n    &quot;allowNesting&quot;: true,\n    &quot;showExpandableContent&quot;: false,\n    &quot;expandableContent&quot;: &quot;&quot;\n}\">\n    \n<\/jgu-base-listitem>\n\n<jgu-base-listitem react-props=\"{\n    &quot;icon&quot;: &quot;university-solid&quot;,\n    &quot;title&quot;: &quot;&lt;a href=\\&quot;https:\\\/\\\/www.kernphysik.uni-mainz.de\\\/\\&quot;&gt;Institut f\\u00fcr Kernphysik&lt;\\\/a&gt;&quot;,\n    &quot;uuid&quot;: &quot;1746439855759&quot;,\n    &quot;link&quot;: {\n        &quot;url&quot;: &quot;https:\\\/\\\/www.kernphysik.uni-mainz.de\\\/&quot;\n    },\n    &quot;align&quot;: &quot;wide&quot;,\n    &quot;showInActions&quot;: false,\n    &quot;allowNesting&quot;: true,\n    &quot;showExpandableContent&quot;: false,\n    &quot;expandableContent&quot;: &quot;&quot;\n}\">\n    \n<\/jgu-base-listitem>\n\n<\/jgu-base-contactcard><\/div>\n<\/div>\n\n\n\n<div class=\"wp-block-columns is-layout-flex wp-container-core-columns-is-layout-9d6595d7 wp-block-columns-is-layout-flex\">\n<div class=\"wp-block-column is-layout-flow wp-block-column-is-layout-flow\"><jgu-base-contactcard react-props=\"{\n    &quot;name&quot;: &quot;&lt;strong&gt;Dr. Franziska Hagelstein&lt;\\\/strong&gt;&quot;,\n    &quot;avatar&quot;: {\n        &quot;id&quot;: 13369,\n        &quot;url&quot;: &quot;https:\\\/\\\/cms.zdv.uni-mainz.de\\\/fb08-physics\\\/wp-content\\\/uploads\\\/sites\\\/345\\\/2025\\\/07\\\/hagelstein.jpg&quot;,\n        &quot;hideImageDescription&quot;: false,\n        &quot;alt&quot;: &quot;Dr. Franziska Hagelstein&quot;,\n        &quot;caption&quot;: &quot;Dr. Franziska Hagelstein&quot;,\n        &quot;description&quot;: &quot;Dr. Franziska Hagelstein&quot;,\n        &quot;title&quot;: &quot;Dr. Franziska Hagelstein&quot;,\n        &quot;width&quot;: 2362,\n        &quot;height&quot;: 2362,\n        &quot;srcset&quot;: &quot;https:\\\/\\\/cms.zdv.uni-mainz.de\\\/fb08-physics\\\/wp-content\\\/uploads\\\/sites\\\/345\\\/2025\\\/07\\\/hagelstein.jpg 2362w, https:\\\/\\\/cms.zdv.uni-mainz.de\\\/fb08-physics\\\/wp-content\\\/uploads\\\/sites\\\/345\\\/2025\\\/07\\\/hagelstein-300x300.jpg 300w, https:\\\/\\\/cms.zdv.uni-mainz.de\\\/fb08-physics\\\/wp-content\\\/uploads\\\/sites\\\/345\\\/2025\\\/07\\\/hagelstein-1024x1024.jpg 1024w, https:\\\/\\\/cms.zdv.uni-mainz.de\\\/fb08-physics\\\/wp-content\\\/uploads\\\/sites\\\/345\\\/2025\\\/07\\\/hagelstein-150x150.jpg 150w, https:\\\/\\\/cms.zdv.uni-mainz.de\\\/fb08-physics\\\/wp-content\\\/uploads\\\/sites\\\/345\\\/2025\\\/07\\\/hagelstein-768x768.jpg 768w, https:\\\/\\\/cms.zdv.uni-mainz.de\\\/fb08-physics\\\/wp-content\\\/uploads\\\/sites\\\/345\\\/2025\\\/07\\\/hagelstein-1536x1536.jpg 1536w, https:\\\/\\\/cms.zdv.uni-mainz.de\\\/fb08-physics\\\/wp-content\\\/uploads\\\/sites\\\/345\\\/2025\\\/07\\\/hagelstein-2048x2048.jpg 2048w&quot;\n    },\n    &quot;color&quot;: &quot;blue-gray&quot;,\n    &quot;align&quot;: &quot;wide&quot;,\n    &quot;actions&quot;: []\n}\">\n    \n<jgu-base-listitem react-props=\"{\n    &quot;icon&quot;: &quot;lightbulb-solid&quot;,\n    &quot;title&quot;: &quot;Dispersionsbeziehungen &amp;amp; EFTs,&lt;br&gt;Nukleonenstruktur, Muonische Atome &amp;amp; Muon g-2 &quot;,\n    &quot;uuid&quot;: &quot;1726244894144&quot;,\n    &quot;align&quot;: &quot;wide&quot;,\n    &quot;showInActions&quot;: false,\n    &quot;allowNesting&quot;: true,\n    &quot;showExpandableContent&quot;: false,\n    &quot;expandableContent&quot;: &quot;&quot;,\n    &quot;link&quot;: {\n        &quot;url&quot;: &quot;&quot;\n    }\n}\">\n    \n<\/jgu-base-listitem>\n\n<jgu-base-listitem react-props=\"{\n    &quot;icon&quot;: &quot;address-card-solid&quot;,\n    &quot;title&quot;: &quot;&lt;a href=\\&quot;https:\\\/\\\/wwwth.kph.uni-mainz.de\\\/hagelstein-franziska\\\/\\&quot;&gt;Informationen zur Person&lt;\\\/a&gt;&quot;,\n    &quot;uuid&quot;: &quot;1734087422868&quot;,\n    &quot;link&quot;: {\n        &quot;url&quot;: &quot;https:\\\/\\\/wwwth.kph.uni-mainz.de\\\/hagelstein-franziska\\\/&quot;\n    },\n    &quot;align&quot;: &quot;wide&quot;,\n    &quot;showInActions&quot;: false,\n    &quot;allowNesting&quot;: true,\n    &quot;showExpandableContent&quot;: false,\n    &quot;expandableContent&quot;: &quot;&quot;\n}\">\n    \n<\/jgu-base-listitem>\n\n<jgu-base-listitem react-props=\"{\n    &quot;icon&quot;: &quot;university-solid&quot;,\n    &quot;title&quot;: &quot;&lt;a href=\\&quot;https:\\\/\\\/www.kernphysik.uni-mainz.de\\\/\\&quot;&gt;Institut f\\u00fcr Kernphysik&lt;\\\/a&gt;&quot;,\n    &quot;uuid&quot;: &quot;1737119550409&quot;,\n    &quot;link&quot;: {\n        &quot;url&quot;: &quot;https:\\\/\\\/www.kernphysik.uni-mainz.de\\\/&quot;\n    },\n    &quot;align&quot;: &quot;wide&quot;,\n    &quot;showInActions&quot;: false,\n    &quot;allowNesting&quot;: true,\n    &quot;showExpandableContent&quot;: false,\n    &quot;expandableContent&quot;: &quot;&quot;\n}\">\n    \n<\/jgu-base-listitem>\n\n<\/jgu-base-contactcard><\/div>\n\n\n\n<div class=\"wp-block-column is-layout-flow wp-block-column-is-layout-flow\"><jgu-base-contactcard react-props=\"{\n    &quot;name&quot;: &quot;&lt;strong&gt;Prof. Dr. Tyler Kutz&lt;\\\/strong&gt;&quot;,\n    &quot;avatar&quot;: {\n        &quot;id&quot;: 13260,\n        &quot;url&quot;: &quot;https:\\\/\\\/cms.zdv.uni-mainz.de\\\/fb08-physics\\\/wp-content\\\/uploads\\\/sites\\\/345\\\/2025\\\/07\\\/kutzneu.jpg&quot;,\n        &quot;hideImageDescription&quot;: false,\n        &quot;alt&quot;: &quot;Prof. Dr. Tyler Kutz&quot;,\n        &quot;caption&quot;: &quot;Prof. Dr. Tyler Kutz&quot;,\n        &quot;description&quot;: &quot;Prof. Dr. Tyler Kutz&quot;,\n        &quot;title&quot;: &quot;Prof. Dr. Tyler Kutz&quot;,\n        &quot;width&quot;: 2362,\n        &quot;height&quot;: 2362,\n        &quot;srcset&quot;: &quot;https:\\\/\\\/cms.zdv.uni-mainz.de\\\/fb08-physics\\\/wp-content\\\/uploads\\\/sites\\\/345\\\/2025\\\/07\\\/kutzneu.jpg 2362w, https:\\\/\\\/cms.zdv.uni-mainz.de\\\/fb08-physics\\\/wp-content\\\/uploads\\\/sites\\\/345\\\/2025\\\/07\\\/kutzneu-300x300.jpg 300w, https:\\\/\\\/cms.zdv.uni-mainz.de\\\/fb08-physics\\\/wp-content\\\/uploads\\\/sites\\\/345\\\/2025\\\/07\\\/kutzneu-1024x1024.jpg 1024w, https:\\\/\\\/cms.zdv.uni-mainz.de\\\/fb08-physics\\\/wp-content\\\/uploads\\\/sites\\\/345\\\/2025\\\/07\\\/kutzneu-150x150.jpg 150w, https:\\\/\\\/cms.zdv.uni-mainz.de\\\/fb08-physics\\\/wp-content\\\/uploads\\\/sites\\\/345\\\/2025\\\/07\\\/kutzneu-768x768.jpg 768w, https:\\\/\\\/cms.zdv.uni-mainz.de\\\/fb08-physics\\\/wp-content\\\/uploads\\\/sites\\\/345\\\/2025\\\/07\\\/kutzneu-1536x1536.jpg 1536w, https:\\\/\\\/cms.zdv.uni-mainz.de\\\/fb08-physics\\\/wp-content\\\/uploads\\\/sites\\\/345\\\/2025\\\/07\\\/kutzneu-2048x2048.jpg 2048w&quot;\n    },\n    &quot;color&quot;: &quot;blue-gray&quot;,\n    &quot;align&quot;: &quot;wide&quot;,\n    &quot;actions&quot;: []\n}\">\n    \n<jgu-base-listitem react-props=\"{\n    &quot;icon&quot;: &quot;lightbulb-solid&quot;,\n    &quot;title&quot;: &quot;Hadronen- und Kernphysik, fundamentale Wechselwirkungen&quot;,\n    &quot;uuid&quot;: &quot;1726244894144&quot;,\n    &quot;align&quot;: &quot;wide&quot;,\n    &quot;showInActions&quot;: false,\n    &quot;allowNesting&quot;: true,\n    &quot;showExpandableContent&quot;: false,\n    &quot;expandableContent&quot;: &quot;&quot;,\n    &quot;link&quot;: {\n        &quot;url&quot;: &quot;&quot;\n    }\n}\">\n    \n<\/jgu-base-listitem>\n\n<jgu-base-listitem react-props=\"{\n    &quot;icon&quot;: &quot;university-solid&quot;,\n    &quot;title&quot;: &quot;&lt;a href=\\&quot;https:\\\/\\\/www.kernphysik.uni-mainz.de\\\/\\&quot;&gt;Institut f\\u00fcr Kernphysik&lt;\\\/a&gt;&quot;,\n    &quot;uuid&quot;: &quot;1737119556643&quot;,\n    &quot;link&quot;: {\n        &quot;url&quot;: &quot;https:\\\/\\\/www.kernphysik.uni-mainz.de\\\/&quot;\n    },\n    &quot;align&quot;: &quot;wide&quot;,\n    &quot;showInActions&quot;: false,\n    &quot;allowNesting&quot;: true,\n    &quot;showExpandableContent&quot;: false,\n    &quot;expandableContent&quot;: &quot;&quot;\n}\">\n    \n<\/jgu-base-listitem>\n\n<\/jgu-base-contactcard><\/div>\n\n\n\n<div class=\"wp-block-column is-layout-flow wp-block-column-is-layout-flow\"><jgu-base-contactcard react-props=\"{\n    &quot;name&quot;: &quot;&lt;strong&gt;Prof. Dr. Frank Maas&lt;\\\/strong&gt;&quot;,\n    &quot;avatar&quot;: {\n        &quot;id&quot;: 12057,\n        &quot;url&quot;: &quot;https:\\\/\\\/cms.zdv.uni-mainz.de\\\/fb08-physics\\\/wp-content\\\/uploads\\\/sites\\\/345\\\/2025\\\/05\\\/maas.jpg&quot;,\n        &quot;hideImageDescription&quot;: false,\n        &quot;alt&quot;: &quot;Prof Dr. Frank Maas&quot;,\n        &quot;caption&quot;: &quot;Prof Dr. Frank Maas&quot;,\n        &quot;description&quot;: &quot;Prof Dr. Frank Maas&quot;,\n        &quot;title&quot;: &quot;Prof Dr. Frank Maas&quot;,\n        &quot;width&quot;: 2480,\n        &quot;height&quot;: 2480,\n        &quot;srcset&quot;: &quot;https:\\\/\\\/cms.zdv.uni-mainz.de\\\/fb08-physics\\\/wp-content\\\/uploads\\\/sites\\\/345\\\/2025\\\/05\\\/maas.jpg 2480w, https:\\\/\\\/cms.zdv.uni-mainz.de\\\/fb08-physics\\\/wp-content\\\/uploads\\\/sites\\\/345\\\/2025\\\/05\\\/maas-300x300.jpg 300w, https:\\\/\\\/cms.zdv.uni-mainz.de\\\/fb08-physics\\\/wp-content\\\/uploads\\\/sites\\\/345\\\/2025\\\/05\\\/maas-1024x1024.jpg 1024w, https:\\\/\\\/cms.zdv.uni-mainz.de\\\/fb08-physics\\\/wp-content\\\/uploads\\\/sites\\\/345\\\/2025\\\/05\\\/maas-150x150.jpg 150w, https:\\\/\\\/cms.zdv.uni-mainz.de\\\/fb08-physics\\\/wp-content\\\/uploads\\\/sites\\\/345\\\/2025\\\/05\\\/maas-768x768.jpg 768w, https:\\\/\\\/cms.zdv.uni-mainz.de\\\/fb08-physics\\\/wp-content\\\/uploads\\\/sites\\\/345\\\/2025\\\/05\\\/maas-1536x1536.jpg 1536w, https:\\\/\\\/cms.zdv.uni-mainz.de\\\/fb08-physics\\\/wp-content\\\/uploads\\\/sites\\\/345\\\/2025\\\/05\\\/maas-2048x2048.jpg 2048w&quot;\n    },\n    &quot;color&quot;: &quot;blue-gray&quot;,\n    &quot;align&quot;: &quot;wide&quot;,\n    &quot;actions&quot;: []\n}\">\n    \n<jgu-base-listitem react-props=\"{\n    &quot;icon&quot;: &quot;lightbulb-solid&quot;,\n    &quot;title&quot;: &quot;Experimentelle Hadronenstruktur und Tests des Standardmodells &quot;,\n    &quot;uuid&quot;: &quot;1726244894144&quot;,\n    &quot;align&quot;: &quot;wide&quot;,\n    &quot;showInActions&quot;: false,\n    &quot;allowNesting&quot;: true,\n    &quot;showExpandableContent&quot;: false,\n    &quot;expandableContent&quot;: &quot;&quot;,\n    &quot;link&quot;: {\n        &quot;url&quot;: &quot;&quot;\n    }\n}\">\n    \n<\/jgu-base-listitem>\n\n<jgu-base-listitem react-props=\"{\n    &quot;icon&quot;: &quot;university-solid&quot;,\n    &quot;title&quot;: &quot;&lt;a href=\\&quot;https:\\\/\\\/www.kernphysik.uni-mainz.de\\\/\\&quot;&gt;Institut f\\u00fcr Kernphysik&lt;\\\/a&gt;&quot;,\n    &quot;uuid&quot;: &quot;1737119543817&quot;,\n    &quot;link&quot;: {\n        &quot;url&quot;: &quot;https:\\\/\\\/www.kernphysik.uni-mainz.de\\\/&quot;\n    },\n    &quot;align&quot;: &quot;wide&quot;,\n    &quot;showInActions&quot;: false,\n    &quot;allowNesting&quot;: true,\n    &quot;showExpandableContent&quot;: false,\n    &quot;expandableContent&quot;: &quot;&quot;\n}\">\n    \n<\/jgu-base-listitem>\n\n<\/jgu-base-contactcard><\/div>\n<\/div>\n\n\n\n<div class=\"wp-block-columns is-layout-flex wp-container-core-columns-is-layout-9d6595d7 wp-block-columns-is-layout-flex\">\n<div class=\"wp-block-column is-layout-flow wp-block-column-is-layout-flow\"><jgu-base-contactcard react-props=\"{\n    &quot;name&quot;: &quot;&lt;strong&gt;Prof. Dr. Concettina Sfienti&lt;\\\/strong&gt;&quot;,\n    &quot;avatar&quot;: {\n        &quot;id&quot;: 10548,\n        &quot;url&quot;: &quot;https:\\\/\\\/cms.zdv.uni-mainz.de\\\/fb08-physics\\\/wp-content\\\/uploads\\\/sites\\\/345\\\/2025\\\/01\\\/sfienti.jpg&quot;,\n        &quot;hideImageDescription&quot;: false,\n        &quot;alt&quot;: &quot;Prof. Dr. Conecettina Sfienti&quot;,\n        &quot;caption&quot;: &quot;Prof. Dr. Conecettina Sfienti&quot;,\n        &quot;description&quot;: &quot;Prof. Dr. Conecettina Sfienti&quot;,\n        &quot;title&quot;: &quot;Prof. Dr. Conecettina Sfienti&quot;,\n        &quot;width&quot;: 2480,\n        &quot;height&quot;: 2480,\n        &quot;srcset&quot;: &quot;https:\\\/\\\/cms.zdv.uni-mainz.de\\\/fb08-physics\\\/wp-content\\\/uploads\\\/sites\\\/345\\\/2025\\\/01\\\/sfienti.jpg 2480w, https:\\\/\\\/cms.zdv.uni-mainz.de\\\/fb08-physics\\\/wp-content\\\/uploads\\\/sites\\\/345\\\/2025\\\/01\\\/sfienti-300x300.jpg 300w, https:\\\/\\\/cms.zdv.uni-mainz.de\\\/fb08-physics\\\/wp-content\\\/uploads\\\/sites\\\/345\\\/2025\\\/01\\\/sfienti-1024x1024.jpg 1024w, https:\\\/\\\/cms.zdv.uni-mainz.de\\\/fb08-physics\\\/wp-content\\\/uploads\\\/sites\\\/345\\\/2025\\\/01\\\/sfienti-150x150.jpg 150w, https:\\\/\\\/cms.zdv.uni-mainz.de\\\/fb08-physics\\\/wp-content\\\/uploads\\\/sites\\\/345\\\/2025\\\/01\\\/sfienti-768x768.jpg 768w, https:\\\/\\\/cms.zdv.uni-mainz.de\\\/fb08-physics\\\/wp-content\\\/uploads\\\/sites\\\/345\\\/2025\\\/01\\\/sfienti-1536x1536.jpg 1536w, https:\\\/\\\/cms.zdv.uni-mainz.de\\\/fb08-physics\\\/wp-content\\\/uploads\\\/sites\\\/345\\\/2025\\\/01\\\/sfienti-2048x2048.jpg 2048w, https:\\\/\\\/cms.zdv.uni-mainz.de\\\/fb08-physics\\\/wp-content\\\/uploads\\\/sites\\\/345\\\/2025\\\/01\\\/sfienti-400x400.jpg 400w, https:\\\/\\\/cms.zdv.uni-mainz.de\\\/fb08-physics\\\/wp-content\\\/uploads\\\/sites\\\/345\\\/2025\\\/01\\\/sfienti-600x600.jpg 600w&quot;\n    },\n    &quot;color&quot;: &quot;blue-gray&quot;,\n    &quot;align&quot;: &quot;wide&quot;,\n    &quot;actions&quot;: []\n}\">\n    \n<jgu-base-listitem react-props=\"{\n    &quot;icon&quot;: &quot;lightbulb-solid&quot;,\n    &quot;title&quot;: &quot;Experimentelle nukleare Astrophysik, Zustandsgleichung der Kernmaterie, Kernreaktionen&quot;,\n    &quot;uuid&quot;: &quot;1726244894144&quot;,\n    &quot;align&quot;: &quot;wide&quot;,\n    &quot;showInActions&quot;: false,\n    &quot;allowNesting&quot;: true,\n    &quot;showExpandableContent&quot;: false,\n    &quot;expandableContent&quot;: &quot;&quot;,\n    &quot;link&quot;: {\n        &quot;url&quot;: &quot;&quot;\n    }\n}\">\n    \n<\/jgu-base-listitem>\n\n<jgu-base-listitem react-props=\"{\n    &quot;icon&quot;: &quot;arrow-right-solid&quot;,\n    &quot;title&quot;: &quot;&lt;a href=\\&quot;https:\\\/\\\/agsfienti.uni-mainz.de\\\/\\&quot;&gt;Gruppe von Concettina Sfienti&lt;\\\/a&gt; &quot;,\n    &quot;uuid&quot;: &quot;1734087422868&quot;,\n    &quot;link&quot;: {\n        &quot;url&quot;: &quot;https:\\\/\\\/agsfienti.uni-mainz.de\\\/&quot;\n    },\n    &quot;align&quot;: &quot;wide&quot;,\n    &quot;showInActions&quot;: false,\n    &quot;allowNesting&quot;: true,\n    &quot;showExpandableContent&quot;: false,\n    &quot;expandableContent&quot;: &quot;&quot;\n}\">\n    \n<\/jgu-base-listitem>\n\n<jgu-base-listitem react-props=\"{\n    &quot;icon&quot;: &quot;university-solid&quot;,\n    &quot;title&quot;: &quot;&lt;a href=\\&quot;https:\\\/\\\/www.kernphysik.uni-mainz.de\\\/\\&quot;&gt;Institut f\\u00fcr Kernphysik&lt;\\\/a&gt;&quot;,\n    &quot;uuid&quot;: &quot;1751294552349&quot;,\n    &quot;link&quot;: {\n        &quot;url&quot;: &quot;https:\\\/\\\/www.kernphysik.uni-mainz.de\\\/&quot;\n    },\n    &quot;align&quot;: &quot;wide&quot;,\n    &quot;showInActions&quot;: false,\n    &quot;allowNesting&quot;: true,\n    &quot;showExpandableContent&quot;: false,\n    &quot;expandableContent&quot;: &quot;&quot;\n}\">\n    \n<\/jgu-base-listitem>\n\n<\/jgu-base-contactcard><\/div>\n\n\n\n<div class=\"wp-block-column is-layout-flow wp-block-column-is-layout-flow\"><jgu-base-contactcard react-props=\"{\n    &quot;name&quot;: &quot;&lt;strong&gt;Prof. Dr. &lt;\\\/strong&gt;Marc Vanderhaeghen&quot;,\n    &quot;avatar&quot;: {\n        &quot;id&quot;: 12042,\n        &quot;url&quot;: &quot;https:\\\/\\\/cms.zdv.uni-mainz.de\\\/fb08-physics\\\/wp-content\\\/uploads\\\/sites\\\/345\\\/2025\\\/05\\\/vanderhaegen1.jpg&quot;,\n        &quot;hideImageDescription&quot;: false,\n        &quot;credit&quot;: &quot;&quot;,\n        &quot;alt&quot;: &quot;Prof. Dr. Marc Vanderhaeghen&quot;,\n        &quot;caption&quot;: &quot;Prof. Dr. Marc Vanderhaeghen&quot;,\n        &quot;description&quot;: &quot;Prof. Dr. Marc Vanderhaeghen&quot;,\n        &quot;title&quot;: &quot;Prof. Dr. Marc Vanderhaeghen&quot;,\n        &quot;width&quot;: 2480,\n        &quot;height&quot;: 2480,\n        &quot;srcset&quot;: &quot;https:\\\/\\\/cms.zdv.uni-mainz.de\\\/fb08-physics\\\/wp-content\\\/uploads\\\/sites\\\/345\\\/2025\\\/05\\\/vanderhaegen1.jpg 2480w, https:\\\/\\\/cms.zdv.uni-mainz.de\\\/fb08-physics\\\/wp-content\\\/uploads\\\/sites\\\/345\\\/2025\\\/05\\\/vanderhaegen1-300x300.jpg 300w, https:\\\/\\\/cms.zdv.uni-mainz.de\\\/fb08-physics\\\/wp-content\\\/uploads\\\/sites\\\/345\\\/2025\\\/05\\\/vanderhaegen1-1024x1024.jpg 1024w, https:\\\/\\\/cms.zdv.uni-mainz.de\\\/fb08-physics\\\/wp-content\\\/uploads\\\/sites\\\/345\\\/2025\\\/05\\\/vanderhaegen1-150x150.jpg 150w, https:\\\/\\\/cms.zdv.uni-mainz.de\\\/fb08-physics\\\/wp-content\\\/uploads\\\/sites\\\/345\\\/2025\\\/05\\\/vanderhaegen1-768x768.jpg 768w, https:\\\/\\\/cms.zdv.uni-mainz.de\\\/fb08-physics\\\/wp-content\\\/uploads\\\/sites\\\/345\\\/2025\\\/05\\\/vanderhaegen1-1536x1536.jpg 1536w, https:\\\/\\\/cms.zdv.uni-mainz.de\\\/fb08-physics\\\/wp-content\\\/uploads\\\/sites\\\/345\\\/2025\\\/05\\\/vanderhaegen1-2048x2048.jpg 2048w&quot;\n    },\n    &quot;color&quot;: &quot;blue-gray&quot;,\n    &quot;align&quot;: &quot;wide&quot;,\n    &quot;actions&quot;: []\n}\">\n    \n<jgu-base-listitem react-props=\"{\n    &quot;icon&quot;: &quot;lightbulb-solid&quot;,\n    &quot;title&quot;: &quot;Theoretische Hadronenphysik: Hadronenstruktur und Ph\\u00e4nomenologie &quot;,\n    &quot;uuid&quot;: &quot;1737119550409&quot;,\n    &quot;align&quot;: &quot;wide&quot;,\n    &quot;showInActions&quot;: false,\n    &quot;allowNesting&quot;: true,\n    &quot;showExpandableContent&quot;: false,\n    &quot;expandableContent&quot;: &quot;&quot;,\n    &quot;link&quot;: {\n        &quot;url&quot;: &quot;&quot;\n    }\n}\">\n    \n<\/jgu-base-listitem>\n\n<jgu-base-listitem react-props=\"{\n    &quot;icon&quot;: &quot;address-card-solid&quot;,\n    &quot;title&quot;: &quot;&lt;a href=\\&quot;https:\\\/\\\/wwwth.kph.uni-mainz.de\\\/vanderhaeghen-marc\\\/\\&quot;&gt;Informationen zur Person&lt;\\\/a&gt;&quot;,\n    &quot;uuid&quot;: &quot;1737119550409&quot;,\n    &quot;link&quot;: {\n        &quot;url&quot;: &quot;https:\\\/\\\/wwwth.kph.uni-mainz.de\\\/vanderhaeghen-marc\\\/&quot;\n    },\n    &quot;align&quot;: &quot;wide&quot;,\n    &quot;showInActions&quot;: false,\n    &quot;allowNesting&quot;: true,\n    &quot;showExpandableContent&quot;: false,\n    &quot;expandableContent&quot;: &quot;&quot;\n}\">\n    \n<\/jgu-base-listitem>\n\n<jgu-base-listitem react-props=\"{\n    &quot;icon&quot;: &quot;university-solid&quot;,\n    &quot;title&quot;: &quot;&lt;a href=\\&quot;https:\\\/\\\/www.kernphysik.uni-mainz.de\\\/\\&quot;&gt;Institut f\\u00fcr Kernphysik&lt;\\\/a&gt;&quot;,\n    &quot;uuid&quot;: &quot;1737119550409&quot;,\n    &quot;link&quot;: {\n        &quot;url&quot;: &quot;https:\\\/\\\/www.kernphysik.uni-mainz.de\\\/&quot;\n    },\n    &quot;align&quot;: &quot;wide&quot;,\n    &quot;showInActions&quot;: false,\n    &quot;allowNesting&quot;: true,\n    &quot;showExpandableContent&quot;: false,\n    &quot;expandableContent&quot;: &quot;&quot;\n}\">\n    \n<\/jgu-base-listitem>\n\n<\/jgu-base-contactcard><\/div>\n\n\n\n<div class=\"wp-block-column is-layout-flow wp-block-column-is-layout-flow\"><jgu-base-contactcard react-props=\"{\n    &quot;name&quot;: &quot;&lt;strong&gt;Prof. Dr. Georg von Hippel&lt;\\\/strong&gt;&quot;,\n    &quot;avatar&quot;: {\n        &quot;id&quot;: 12171,\n        &quot;url&quot;: &quot;https:\\\/\\\/cms.zdv.uni-mainz.de\\\/fb08-physics\\\/wp-content\\\/uploads\\\/sites\\\/345\\\/2025\\\/05\\\/van-hippel.jpg&quot;,\n        &quot;hideImageDescription&quot;: false,\n        &quot;alt&quot;: &quot;Prof. Dr. Georg Van Hippel&quot;,\n        &quot;caption&quot;: &quot;Prof. Dr. Georg Van Hippel&quot;,\n        &quot;description&quot;: &quot;Prof. Dr. Georg Van Hippel&quot;,\n        &quot;title&quot;: &quot;Prof. Dr. Georg Van Hippel&quot;,\n        &quot;width&quot;: 2480,\n        &quot;height&quot;: 2480,\n        &quot;srcset&quot;: &quot;https:\\\/\\\/cms.zdv.uni-mainz.de\\\/fb08-physics\\\/wp-content\\\/uploads\\\/sites\\\/345\\\/2025\\\/05\\\/van-hippel.jpg 2480w, https:\\\/\\\/cms.zdv.uni-mainz.de\\\/fb08-physics\\\/wp-content\\\/uploads\\\/sites\\\/345\\\/2025\\\/05\\\/van-hippel-300x300.jpg 300w, https:\\\/\\\/cms.zdv.uni-mainz.de\\\/fb08-physics\\\/wp-content\\\/uploads\\\/sites\\\/345\\\/2025\\\/05\\\/van-hippel-1024x1024.jpg 1024w, https:\\\/\\\/cms.zdv.uni-mainz.de\\\/fb08-physics\\\/wp-content\\\/uploads\\\/sites\\\/345\\\/2025\\\/05\\\/van-hippel-150x150.jpg 150w, https:\\\/\\\/cms.zdv.uni-mainz.de\\\/fb08-physics\\\/wp-content\\\/uploads\\\/sites\\\/345\\\/2025\\\/05\\\/van-hippel-768x768.jpg 768w, https:\\\/\\\/cms.zdv.uni-mainz.de\\\/fb08-physics\\\/wp-content\\\/uploads\\\/sites\\\/345\\\/2025\\\/05\\\/van-hippel-1536x1536.jpg 1536w, https:\\\/\\\/cms.zdv.uni-mainz.de\\\/fb08-physics\\\/wp-content\\\/uploads\\\/sites\\\/345\\\/2025\\\/05\\\/van-hippel-2048x2048.jpg 2048w&quot;\n    },\n    &quot;color&quot;: &quot;blue-gray&quot;,\n    &quot;align&quot;: &quot;wide&quot;,\n    &quot;actions&quot;: []\n}\">\n    \n<jgu-base-listitem react-props=\"{\n    &quot;icon&quot;: &quot;lightbulb-solid&quot;,\n    &quot;title&quot;: &quot;Gitter-QCD, Hadronenstruktur, Pr\\u00e4zisionsbeobachtungen&quot;,\n    &quot;uuid&quot;: &quot;1726244894144&quot;,\n    &quot;align&quot;: &quot;wide&quot;,\n    &quot;showInActions&quot;: false,\n    &quot;allowNesting&quot;: true,\n    &quot;showExpandableContent&quot;: false,\n    &quot;expandableContent&quot;: &quot;&quot;,\n    &quot;link&quot;: {\n        &quot;url&quot;: &quot;&quot;\n    }\n}\">\n    \n<\/jgu-base-listitem>\n\n<jgu-base-listitem react-props=\"{\n    &quot;icon&quot;: &quot;address-card-solid&quot;,\n    &quot;title&quot;: &quot;&lt;a href=\\&quot;https:\\\/\\\/kph-th.physics.uni-mainz.de\\\/hippel-von-georg\\\/\\&quot;&gt;Informationen zur Person&lt;\\\/a&gt;&quot;,\n    &quot;uuid&quot;: &quot;1734087422868&quot;,\n    &quot;link&quot;: {\n        &quot;url&quot;: &quot;https:\\\/\\\/kph-th.physics.uni-mainz.de\\\/hippel-von-georg\\\/&quot;\n    },\n    &quot;align&quot;: &quot;wide&quot;,\n    &quot;showInActions&quot;: false,\n    &quot;allowNesting&quot;: true,\n    &quot;showExpandableContent&quot;: false,\n    &quot;expandableContent&quot;: &quot;&quot;\n}\">\n    \n<\/jgu-base-listitem>\n\n<jgu-base-listitem react-props=\"{\n    &quot;icon&quot;: &quot;university-solid&quot;,\n    &quot;title&quot;: &quot;&lt;a href=\\&quot;https:\\\/\\\/www.kernphysik.uni-mainz.de\\\/\\&quot;&gt;Institut f\\u00fcr Kernphysik&lt;\\\/a&gt;&quot;,\n    &quot;uuid&quot;: &quot;1746441707686&quot;,\n    &quot;link&quot;: {\n        &quot;url&quot;: &quot;https:\\\/\\\/www.kernphysik.uni-mainz.de\\\/&quot;\n    },\n    &quot;align&quot;: &quot;wide&quot;,\n    &quot;showInActions&quot;: false,\n    &quot;allowNesting&quot;: true,\n    &quot;showExpandableContent&quot;: false,\n    &quot;expandableContent&quot;: &quot;&quot;\n}\">\n    \n<\/jgu-base-listitem>\n\n<\/jgu-base-contactcard><\/div>\n<\/div>\n\n\n\n<div class=\"wp-block-columns is-layout-flex wp-container-core-columns-is-layout-9d6595d7 wp-block-columns-is-layout-flex\">\n<div class=\"wp-block-column is-layout-flow wp-block-column-is-layout-flow\"><jgu-base-contactcard react-props=\"{\n    &quot;name&quot;: &quot;&lt;strong&gt;Prof. Dr. Hartmut Wittig&lt;\\\/strong&gt;&quot;,\n    &quot;avatar&quot;: {\n        &quot;id&quot;: 19276,\n        &quot;url&quot;: &quot;https:\\\/\\\/cms.zdv.uni-mainz.de\\\/fb08-physics\\\/wp-content\\\/uploads\\\/sites\\\/345\\\/2026\\\/02\\\/Hartmut-Wittig.jpg&quot;,\n        &quot;hideImageDescription&quot;: false,\n        &quot;title&quot;: &quot;Hartmut Wittig&quot;,\n        &quot;width&quot;: 2480,\n        &quot;height&quot;: 2480,\n        &quot;srcset&quot;: &quot;https:\\\/\\\/cms.zdv.uni-mainz.de\\\/fb08-physics\\\/wp-content\\\/uploads\\\/sites\\\/345\\\/2026\\\/02\\\/Hartmut-Wittig.jpg 2480w, https:\\\/\\\/cms.zdv.uni-mainz.de\\\/fb08-physics\\\/wp-content\\\/uploads\\\/sites\\\/345\\\/2026\\\/02\\\/Hartmut-Wittig-300x300.jpg 300w, https:\\\/\\\/cms.zdv.uni-mainz.de\\\/fb08-physics\\\/wp-content\\\/uploads\\\/sites\\\/345\\\/2026\\\/02\\\/Hartmut-Wittig-1024x1024.jpg 1024w, https:\\\/\\\/cms.zdv.uni-mainz.de\\\/fb08-physics\\\/wp-content\\\/uploads\\\/sites\\\/345\\\/2026\\\/02\\\/Hartmut-Wittig-150x150.jpg 150w, https:\\\/\\\/cms.zdv.uni-mainz.de\\\/fb08-physics\\\/wp-content\\\/uploads\\\/sites\\\/345\\\/2026\\\/02\\\/Hartmut-Wittig-768x768.jpg 768w, https:\\\/\\\/cms.zdv.uni-mainz.de\\\/fb08-physics\\\/wp-content\\\/uploads\\\/sites\\\/345\\\/2026\\\/02\\\/Hartmut-Wittig-1536x1536.jpg 1536w, https:\\\/\\\/cms.zdv.uni-mainz.de\\\/fb08-physics\\\/wp-content\\\/uploads\\\/sites\\\/345\\\/2026\\\/02\\\/Hartmut-Wittig-2048x2048.jpg 2048w&quot;\n    },\n    &quot;color&quot;: &quot;blue-gray&quot;,\n    &quot;align&quot;: &quot;wide&quot;,\n    &quot;actions&quot;: []\n}\">\n    \n<jgu-base-listitem react-props=\"{\n    &quot;icon&quot;: &quot;lightbulb-solid&quot;,\n    &quot;title&quot;: &quot;Lattice QCD: Hadronenspektroskopie und -struktur, Hadronische Beitr\\u00e4ge zu Pr\\u00e4zisionsbeobachtungsdaten&quot;,\n    &quot;uuid&quot;: &quot;1726244894144&quot;,\n    &quot;align&quot;: &quot;wide&quot;,\n    &quot;showInActions&quot;: false,\n    &quot;allowNesting&quot;: true,\n    &quot;showExpandableContent&quot;: false,\n    &quot;expandableContent&quot;: &quot;&quot;,\n    &quot;link&quot;: {\n        &quot;url&quot;: &quot;&quot;\n    }\n}\">\n    \n<\/jgu-base-listitem>\n\n<jgu-base-listitem react-props=\"{\n    &quot;icon&quot;: &quot;address-card-solid&quot;,\n    &quot;title&quot;: &quot;&lt;a href=\\&quot;https:\\\/\\\/wwwth.kph.uni-mainz.de\\\/wittig-hartmut\\\/\\&quot;&gt;Informationen zur Person&lt;\\\/a&gt;&quot;,\n    &quot;uuid&quot;: &quot;1734087422868&quot;,\n    &quot;link&quot;: {\n        &quot;url&quot;: &quot;https:\\\/\\\/wwwth.kph.uni-mainz.de\\\/wittig-hartmut\\\/&quot;\n    },\n    &quot;align&quot;: &quot;wide&quot;,\n    &quot;showInActions&quot;: false,\n    &quot;allowNesting&quot;: true,\n    &quot;showExpandableContent&quot;: false,\n    &quot;expandableContent&quot;: &quot;&quot;\n}\">\n    \n<\/jgu-base-listitem>\n\n<jgu-base-listitem react-props=\"{\n    &quot;icon&quot;: &quot;university-solid&quot;,\n    &quot;title&quot;: &quot;&lt;a href=\\&quot;https:\\\/\\\/www.kernphysik.uni-mainz.de\\\/\\&quot;&gt;Institut f\\u00fcr Kernphysik&lt;\\\/a&gt;&quot;,\n    &quot;uuid&quot;: &quot;1746439866517&quot;,\n    &quot;link&quot;: {\n        &quot;url&quot;: &quot;https:\\\/\\\/www.kernphysik.uni-mainz.de\\\/&quot;\n    },\n    &quot;align&quot;: &quot;wide&quot;,\n    &quot;showInActions&quot;: false,\n    &quot;allowNesting&quot;: true,\n    &quot;showExpandableContent&quot;: false,\n    &quot;expandableContent&quot;: &quot;&quot;\n}\">\n    \n<\/jgu-base-listitem>\n\n<\/jgu-base-contactcard><\/div>\n\n\n\n<div class=\"wp-block-column is-layout-flow wp-block-column-is-layout-flow\"><\/div>\n\n\n\n<div class=\"wp-block-column is-layout-flow wp-block-column-is-layout-flow\"><\/div>\n<\/div>\n\n\n<\/jgu-base-accordionitem>\n\n<\/jgu-base-accordion>\n<\/div>\n<\/div>\n<\/div><\/div>\n<\/jgu-base-section>\n\n<jgu-base-section react-props=\"{&quot;color&quot;:&quot;light&quot;,&quot;align&quot;:&quot;wide&quot;,&quot;padding&quot;:&quot;medium&quot;}\">\n<div class=\"jgu-bgsection bg bg-light \"><div class=\"content padding-medium\"><div\n\tclass=\"jgu-anchorpoint\"\n\tid=\"nukleare-astrophysik\"\n\tdata-label=\"Nukleare Astrophysik\"\n\tdata-hide-in-nav=\"false\"\n\ttabindex=\"0\"\n\tdata-initial-scroll=\"true\"\n><\/div>\n\n\n\n<div class=\"wp-block-columns is-layout-flex wp-container-core-columns-is-layout-9d6595d7 wp-block-columns-is-layout-flex\">\n<div class=\"wp-block-column is-layout-flow wp-block-column-is-layout-flow\" style=\"flex-basis:66.66%\"><jgu-base-heading react-props=\"{\n    &quot;tags&quot;: {\n        &quot;htmlTag&quot;: &quot;h2&quot;,\n        &quot;classTag&quot;: &quot;&quot;,\n        &quot;tag&quot;: &quot;h2&quot;\n    },\n    &quot;heading&quot;: &quot;Nukleare Astrophysik&quot;,\n    &quot;textAlign&quot;: &quot;left&quot;,\n    &quot;anchor&quot;: &quot;&quot;,\n    &quot;index&quot;: &quot;&quot;,\n    &quot;color&quot;: &quot;red&quot;\n}\"><\/jgu-base-heading>\n\n\n\n<p class=\"has-big-font-size\">Wir untersuchen, wie Sterne die Elemente schmieden und wie sich Materie unter extremen Bedingungen verh\u00e4lt, von den Kernreaktionen, die die Sternentwicklung antreiben, bis hin zur dichten Materie in Neutronensternen. Erfahren Sie mehr \u00fcber unsere Forschung im Bereich der nuklearen Astrophysik im Abschnitt &#8222;Sterne &amp; Galaxien&#8220; auf unserer Webseite &#8222;Astro-, Astroteilchen- &amp; Neutrinophysik&#8220;. <\/p>\n\n\n\n<hr class=\"wp-block-separator has-alpha-channel-opacity\" \/>\n\n\n\n<div style=\"height:19px\" aria-hidden=\"true\" class=\"wp-block-spacer\"><\/div>\n\n\n\n<p class=\"has-big-font-size\"><a href=\"https:\/\/physics.uni-mainz.de\/de\/home\/physikalische-forschung\/forschungsfelder\/astroteilchen-neutrinophysik\/#experimental-amp-theoretical-research-groups-1\">Experimentelle &amp; Theoretische Forschungsgruppen<\/a><\/p>\n\n\n\n<hr class=\"wp-block-separator has-alpha-channel-opacity is-style-default\" \/>\n<\/div>\n\n\n\n<div class=\"wp-block-column is-layout-flow wp-block-column-is-layout-flow\" style=\"flex-basis:33.33%\">\n<div style=\"height:65px\" aria-hidden=\"true\" class=\"wp-block-spacer\"><\/div>\n\n\n<jgu-base-button style=\"display: flex; flex-wrap: wrap; column-gap: 30px; max-width: 100%; flex-direction: row; justify-content: left\">\n  \n<jgu-base-buttonitem react-props=\"{\n    &quot;text&quot;: &quot;Astro-, Astroteilchen- &amp; Neutrinophysik&quot;,\n    &quot;link&quot;: {\n        &quot;url&quot;: &quot;https:\\\/\\\/physics.uni-mainz.de\\\/de\\\/home\\\/physikalische-forschung\\\/forschungsfelder\\\/astroteilchen-neutrinophysik\\\/&quot;,\n        &quot;linkTarget&quot;: &quot;&quot;,\n        &quot;rel&quot;: &quot;&quot;\n    },\n    &quot;align&quot;: &quot;left&quot;,\n    &quot;styling&quot;: &quot;primary&quot;,\n    &quot;icon&quot;: &quot;arrow-right-solid&quot;,\n    &quot;type&quot;: &quot;default&quot;,\n    &quot;iconBefore&quot;: false,\n    &quot;isSmall&quot;: false,\n    &quot;fullWidth&quot;: false,\n    &quot;className&quot;: &quot;&quot;\n}\"><\/jgu-base-buttonitem>\n\n<\/jgu-base-button><\/div>\n<\/div>\n<\/div><\/div>\n<\/jgu-base-section>\n\n<jgu-base-section react-props=\"{&quot;color&quot;:&quot;white&quot;,&quot;align&quot;:&quot;wide&quot;,&quot;padding&quot;:&quot;medium&quot;}\">\n<div class=\"jgu-bgsection bg bg-white \"><div class=\"content padding-medium\"><div\n\tclass=\"jgu-anchorpoint\"\n\tid=\"neutronenphysik\"\n\tdata-label=\"Neutronenphysik\"\n\tdata-hide-in-nav=\"false\"\n\ttabindex=\"0\"\n\tdata-initial-scroll=\"true\"\n><\/div>\n\n\n\n<div class=\"wp-block-columns is-layout-flex wp-container-core-columns-is-layout-9d6595d7 wp-block-columns-is-layout-flex\">\n<div class=\"wp-block-column is-layout-flow wp-block-column-is-layout-flow\" style=\"flex-basis:33.33%\"><jgu-base-heading react-props=\"{\n    &quot;tags&quot;: {\n        &quot;htmlTag&quot;: &quot;h2&quot;,\n        &quot;classTag&quot;: &quot;&quot;,\n        &quot;tag&quot;: &quot;h2&quot;\n    },\n    &quot;heading&quot;: &quot;Neutronenphysik&quot;,\n    &quot;textAlign&quot;: &quot;left&quot;,\n    &quot;anchor&quot;: &quot;&quot;,\n    &quot;index&quot;: &quot;&quot;,\n    &quot;color&quot;: &quot;red&quot;\n}\"><\/jgu-base-heading>\n\n\n<jgu-base-image react-props=\"{\n    &quot;image&quot;: {\n        &quot;url&quot;: &quot;https:\\\/\\\/cms.zdv.uni-mainz.de\\\/fb08-physics\\\/wp-content\\\/uploads\\\/sites\\\/345\\\/2025\\\/08\\\/triga.png&quot;,\n        &quot;id&quot;: 16720,\n        &quot;hideImageDescription&quot;: true,\n        &quot;alt&quot;: &quot;Research Reactor TRIGA JGU&quot;,\n        &quot;caption&quot;: &quot;Research Reactor TRIGA JGU&quot;,\n        &quot;credit&quot;: &quot;\\u00a9 JGU | Bernhard Ludewig&quot;,\n        &quot;description&quot;: &quot;Research Reactor TRIGA JGU&quot;,\n        &quot;title&quot;: &quot;Research Reactor TRIGA JGU&quot;,\n        &quot;width&quot;: 567,\n        &quot;height&quot;: 567,\n        &quot;srcset&quot;: &quot;https:\\\/\\\/cms.zdv.uni-mainz.de\\\/fb08-physics\\\/wp-content\\\/uploads\\\/sites\\\/345\\\/2025\\\/08\\\/triga.png 567w, https:\\\/\\\/cms.zdv.uni-mainz.de\\\/fb08-physics\\\/wp-content\\\/uploads\\\/sites\\\/345\\\/2025\\\/08\\\/triga-300x300.png 300w, https:\\\/\\\/cms.zdv.uni-mainz.de\\\/fb08-physics\\\/wp-content\\\/uploads\\\/sites\\\/345\\\/2025\\\/08\\\/triga-150x150.png 150w&quot;\n    },\n    &quot;align&quot;: &quot;&quot;,\n    &quot;hasLightbox&quot;: false,\n    &quot;caption&quot;: &quot;&quot;,\n    &quot;imgWidth&quot;: 0,\n    &quot;link&quot;: {\n        &quot;url&quot;: &quot;&quot;,\n        &quot;target&quot;: &quot;&quot;,\n        &quot;rel&quot;: &quot;&quot;\n    }\n}\" class=\"align-\">\n    \n<\/jgu-base-image><\/div>\n\n\n\n<div class=\"wp-block-column is-layout-flow wp-block-column-is-layout-flow\" style=\"flex-basis:66.66%\">\n<div style=\"height:51px\" aria-hidden=\"true\" class=\"wp-block-spacer\"><\/div>\n\n\n\n<p class=\"has-big-font-size\">Die Neutronenphysik untersucht die Eigenschaften, das Verhalten und die Wechselwirkungen von Neutronen, den elektrisch neutralen Bestandteilen von Atomkernen. Wir untersuchen freie Neutronen mit hoher Pr\u00e4zision, um ihre Lebensdauer, ihre magnetische Wechselwirkung, die m\u00f6gliche Existenz eines elektrischen Dipolmoments und die Korrelationen zwischen den Zerfallsprodukten der Neutronen zu bestimmen. Wir erzeugen freie Neutronen entweder durch Kernspaltung in Kernreaktoren wie dem <a href=\"https:\/\/www.triga.uni-mainz.de\/\">TRIGA-Reaktor<\/a> oder aus Spallationsquellen wie am <a href=\"https:\/\/www.psi.ch\/de\/nedm\">PSI<\/a>.<\/p>\n\n\n<jgu-base-accordion react-props=\"{&quot;selected&quot;:1,&quot;hasAllOpenButton&quot;:false,&quot;align&quot;:&quot;wide&quot;,&quot;onlyOne&quot;:false,&quot;initAllClosed&quot;:true,&quot;enableSearch&quot;:false}\">\n    \n<jgu-base-accordionitem react-props=\"{&quot;title&quot;:&quot;Forschungsgruppe&quot;,&quot;init&quot;:false,&quot;slug&quot;:&quot;forschungsgruppe&quot;,&quot;align&quot;:&quot;wide&quot;,&quot;customSlug&quot;:false}\">\n    \n\n<div class=\"wp-block-columns is-layout-flex wp-container-core-columns-is-layout-9d6595d7 wp-block-columns-is-layout-flex\">\n<div class=\"wp-block-column is-layout-flow wp-block-column-is-layout-flow\"><jgu-base-contactcard react-props=\"{\n    &quot;name&quot;: &quot;&lt;strong&gt;Prof. Dr. Martin Fertl&lt;\\\/strong&gt;&quot;,\n    &quot;avatar&quot;: {\n        &quot;id&quot;: 19401,\n        &quot;url&quot;: &quot;https:\\\/\\\/cms.zdv.uni-mainz.de\\\/fb08-physics\\\/wp-content\\\/uploads\\\/sites\\\/345\\\/2026\\\/02\\\/Martin-Fertl-1.jpg&quot;,\n        &quot;hideImageDescription&quot;: false,\n        &quot;title&quot;: &quot;Martin Fertl 1&quot;,\n        &quot;width&quot;: 2480,\n        &quot;height&quot;: 2480,\n        &quot;srcset&quot;: &quot;https:\\\/\\\/cms.zdv.uni-mainz.de\\\/fb08-physics\\\/wp-content\\\/uploads\\\/sites\\\/345\\\/2026\\\/02\\\/Martin-Fertl-1.jpg 2480w, https:\\\/\\\/cms.zdv.uni-mainz.de\\\/fb08-physics\\\/wp-content\\\/uploads\\\/sites\\\/345\\\/2026\\\/02\\\/Martin-Fertl-1-300x300.jpg 300w, https:\\\/\\\/cms.zdv.uni-mainz.de\\\/fb08-physics\\\/wp-content\\\/uploads\\\/sites\\\/345\\\/2026\\\/02\\\/Martin-Fertl-1-1024x1024.jpg 1024w, https:\\\/\\\/cms.zdv.uni-mainz.de\\\/fb08-physics\\\/wp-content\\\/uploads\\\/sites\\\/345\\\/2026\\\/02\\\/Martin-Fertl-1-150x150.jpg 150w, https:\\\/\\\/cms.zdv.uni-mainz.de\\\/fb08-physics\\\/wp-content\\\/uploads\\\/sites\\\/345\\\/2026\\\/02\\\/Martin-Fertl-1-768x768.jpg 768w, https:\\\/\\\/cms.zdv.uni-mainz.de\\\/fb08-physics\\\/wp-content\\\/uploads\\\/sites\\\/345\\\/2026\\\/02\\\/Martin-Fertl-1-1536x1536.jpg 1536w, https:\\\/\\\/cms.zdv.uni-mainz.de\\\/fb08-physics\\\/wp-content\\\/uploads\\\/sites\\\/345\\\/2026\\\/02\\\/Martin-Fertl-1-2048x2048.jpg 2048w&quot;\n    },\n    &quot;color&quot;: &quot;blue-gray&quot;,\n    &quot;align&quot;: &quot;wide&quot;,\n    &quot;actions&quot;: []\n}\">\n    \n<jgu-base-listitem react-props=\"{\n    &quot;icon&quot;: &quot;lightbulb-solid&quot;,\n    &quot;title&quot;: &quot;Pr\\u00e4zisionsmessungen der fundamentalen Eigenschaften von Neutronen, Myonen und Neutrinos&quot;,\n    &quot;uuid&quot;: &quot;1726244894144&quot;,\n    &quot;align&quot;: &quot;wide&quot;,\n    &quot;showInActions&quot;: false,\n    &quot;allowNesting&quot;: true,\n    &quot;showExpandableContent&quot;: false,\n    &quot;expandableContent&quot;: &quot;&quot;,\n    &quot;link&quot;: {\n        &quot;url&quot;: &quot;&quot;\n    }\n}\">\n    \n<\/jgu-base-listitem>\n\n<jgu-base-listitem react-props=\"{\n    &quot;icon&quot;: &quot;arrow-right-solid&quot;,\n    &quot;title&quot;: &quot;&lt;a href=\\&quot;https:\\\/\\\/ag-fertl.physik.uni-mainz.de\\\/\\&quot;&gt;Gruppe von Martin Fertl&lt;\\\/a&gt;&quot;,\n    &quot;uuid&quot;: &quot;1734087422868&quot;,\n    &quot;link&quot;: {\n        &quot;url&quot;: &quot;https:\\\/\\\/ag-fertl.physik.uni-mainz.de\\\/&quot;\n    },\n    &quot;align&quot;: &quot;wide&quot;,\n    &quot;showInActions&quot;: false,\n    &quot;allowNesting&quot;: true,\n    &quot;showExpandableContent&quot;: false,\n    &quot;expandableContent&quot;: &quot;&quot;\n}\">\n    \n<\/jgu-base-listitem>\n\n<jgu-base-listitem react-props=\"{\n    &quot;icon&quot;: &quot;university-solid&quot;,\n    &quot;title&quot;: &quot;&lt;a href=\\&quot;https:\\\/\\\/physics.uni-mainz.de\\\/de\\\/home\\\/physikalische-forschung\\\/forschungsfelder\\\/atom-quantenphysik\\\/\\&quot;&gt;Quanten-, Atom- und Neutronenphysik (QUANTUM)&lt;\\\/a&gt;&quot;,\n    &quot;uuid&quot;: &quot;1737119550409&quot;,\n    &quot;link&quot;: {\n        &quot;url&quot;: &quot;https:\\\/\\\/physics.uni-mainz.de\\\/de\\\/home\\\/physikalische-forschung\\\/forschungsfelder\\\/atom-quantenphysik\\\/&quot;\n    },\n    &quot;align&quot;: &quot;wide&quot;,\n    &quot;showInActions&quot;: false,\n    &quot;allowNesting&quot;: true,\n    &quot;showExpandableContent&quot;: false,\n    &quot;expandableContent&quot;: &quot;&quot;\n}\">\n    \n<\/jgu-base-listitem>\n\n<\/jgu-base-contactcard><\/div>\n\n\n\n<div class=\"wp-block-column is-layout-flow wp-block-column-is-layout-flow\"><\/div>\n<\/div>\n\n\n<\/jgu-base-accordionitem>\n\n<jgu-base-accordionitem react-props=\"{&quot;title&quot;:&quot;Experimente&quot;,&quot;init&quot;:false,&quot;slug&quot;:&quot;experimente&quot;,&quot;align&quot;:&quot;wide&quot;,&quot;customSlug&quot;:false}\">\n    \n<jgu-base-tabs react-props=\"{\n    &quot;align&quot;: &quot;wide&quot;,\n    &quot;selected&quot;: 1,\n    &quot;ratio&quot;: 0,\n    &quot;autoRatio&quot;: true,\n    &quot;stackMobile&quot;: false,\n    &quot;hasAllOpenButton&quot;: true,\n    &quot;onlyOne&quot;: false,\n    &quot;initAllClosed&quot;: true,\n    &quot;enableSearch&quot;: false,\n    &quot;layout&quot;: {\n        &quot;type&quot;: &quot;flex&quot;,\n        &quot;flexWrap&quot;: &quot;nowrap&quot;,\n        &quot;justifyContent&quot;: &quot;space-between&quot;,\n        &quot;orientation&quot;: &quot;horizontal&quot;\n    }\n}\">\n    \n<jgu-base-tabsitem react-props=\"{\n    &quot;title&quot;: &quot;tSPECT&quot;,\n    &quot;slug&quot;: &quot;tspect&quot;,\n    &quot;align&quot;: &quot;wide&quot;,\n    &quot;customSlug&quot;: false\n}\">\n    \n\n<div class=\"wp-block-columns is-layout-flex wp-container-core-columns-is-layout-9d6595d7 wp-block-columns-is-layout-flex\">\n<div class=\"wp-block-column is-layout-flow wp-block-column-is-layout-flow\" style=\"flex-basis:33.33%\"><jgu-base-image react-props=\"{\n    &quot;image&quot;: {\n        &quot;url&quot;: &quot;https:\\\/\\\/cms.zdv.uni-mainz.de\\\/fb08-physics\\\/wp-content\\\/uploads\\\/sites\\\/345\\\/2025\\\/08\\\/tspect.png&quot;,\n        &quot;id&quot;: 16736,\n        &quot;alt&quot;: &quot;Experiment TSPECT&quot;,\n        &quot;caption&quot;: &quot;Experiment TSPECT&quot;,\n        &quot;credit&quot;: &quot;\\u00a9 JGU | Institut f\\u00fcr Physik&quot;,\n        &quot;description&quot;: &quot;Experiment TSPECT&quot;,\n        &quot;title&quot;: &quot;Experiment TSPECT&quot;,\n        &quot;width&quot;: 567,\n        &quot;height&quot;: 567,\n        &quot;srcset&quot;: &quot;https:\\\/\\\/cms.zdv.uni-mainz.de\\\/fb08-physics\\\/wp-content\\\/uploads\\\/sites\\\/345\\\/2025\\\/08\\\/tspect.png 567w, https:\\\/\\\/cms.zdv.uni-mainz.de\\\/fb08-physics\\\/wp-content\\\/uploads\\\/sites\\\/345\\\/2025\\\/08\\\/tspect-300x300.png 300w, https:\\\/\\\/cms.zdv.uni-mainz.de\\\/fb08-physics\\\/wp-content\\\/uploads\\\/sites\\\/345\\\/2025\\\/08\\\/tspect-150x150.png 150w&quot;\n    },\n    &quot;caption&quot;: &quot;tSPECT&quot;,\n    &quot;align&quot;: &quot;&quot;,\n    &quot;hasLightbox&quot;: false,\n    &quot;imgWidth&quot;: 0,\n    &quot;link&quot;: {\n        &quot;url&quot;: &quot;&quot;,\n        &quot;target&quot;: &quot;&quot;,\n        &quot;rel&quot;: &quot;&quot;\n    }\n}\" class=\"align-\">\n    \n<\/jgu-base-image><\/div>\n\n\n\n<div class=\"wp-block-column is-layout-flow wp-block-column-is-layout-flow\" style=\"flex-basis:66.66%\"><jgu-base-heading react-props=\"{\n    &quot;tags&quot;: {\n        &quot;htmlTag&quot;: &quot;h2&quot;,\n        &quot;classTag&quot;: &quot;&quot;,\n        &quot;tag&quot;: &quot;h2&quot;\n    },\n    &quot;heading&quot;: &quot;tSPECT&quot;,\n    &quot;textAlign&quot;: &quot;left&quot;,\n    &quot;anchor&quot;: &quot;&quot;,\n    &quot;index&quot;: &quot;&quot;,\n    &quot;color&quot;: &quot;red&quot;\n}\"><\/jgu-base-heading>\n\n\n\n<p class=\"has-big-font-size\">Das tSPECT-Experiment zielt darauf ab, die Lebensdauer freier Neutronen zu messen, indem wir sehr energiearme Neutronen, sogenannte ultrakalte Neutronen (UCNs), in einer vollst\u00e4ndig magnetischen Falle ohne Kollisionen mit Materialw\u00e4nden suspendieren. Basierend auf der Wechselwirkung des magnetischen Moments von Neutronen mit einem Magnetfeldgradienten, lassen wir UCNs im freien Raum schweben. UCNs, die ihre potentielle Energie in einer Region mit niedrigem Magnetfeld minimieren, k\u00f6nnen dort gelagert werden, um ihre Zerfallsrate durch Neutronen-\u03b2-Zerfall zu messen. Mit einer Kombination aus permanenten und supraleitenden Magneten schaffen wir einen geeigneten Einfangbereich in der kalten Bohrung eines Kryostaten.   <\/p>\n\n\n<jgu-base-button style=\"display: flex; flex-wrap: wrap; column-gap: 30px; max-width: 100%; flex-direction: row; justify-content: left\">\n  \n<jgu-base-buttonitem react-props=\"{\n    &quot;text&quot;: &quot;Mehr erfahren&quot;,\n    &quot;link&quot;: {\n        &quot;url&quot;: &quot;https:\\\/\\\/ag-fertl.physik.uni-mainz.de\\\/tspect\\\/&quot;\n    },\n    &quot;align&quot;: &quot;left&quot;,\n    &quot;styling&quot;: &quot;primary&quot;,\n    &quot;icon&quot;: &quot;arrow-right-solid&quot;,\n    &quot;type&quot;: &quot;default&quot;,\n    &quot;iconBefore&quot;: false,\n    &quot;isSmall&quot;: false,\n    &quot;fullWidth&quot;: false,\n    &quot;className&quot;: &quot;&quot;\n}\"><\/jgu-base-buttonitem>\n\n<\/jgu-base-button><\/div>\n<\/div>\n\n\n<\/jgu-base-tabsitem>\n\n<jgu-base-tabsitem react-props=\"{\n    &quot;title&quot;: &quot;n2EDM&quot;,\n    &quot;slug&quot;: &quot;n2edm&quot;,\n    &quot;align&quot;: &quot;wide&quot;,\n    &quot;customSlug&quot;: false\n}\">\n    \n\n<div class=\"wp-block-columns is-layout-flex wp-container-core-columns-is-layout-9d6595d7 wp-block-columns-is-layout-flex\">\n<div class=\"wp-block-column is-layout-flow wp-block-column-is-layout-flow\" style=\"flex-basis:33.33%\"><jgu-base-image react-props=\"{\n    &quot;image&quot;: {\n        &quot;url&quot;: &quot;https:\\\/\\\/cms.zdv.uni-mainz.de\\\/fb08-physics\\\/wp-content\\\/uploads\\\/sites\\\/345\\\/2025\\\/09\\\/n2emd.png&quot;,\n        &quot;id&quot;: 17830,\n        &quot;alt&quot;: &quot;Experiment n2EMD&quot;,\n        &quot;caption&quot;: &quot;Experiment n2EMD&quot;,\n        &quot;credit&quot;: &quot;\\u00a9 PSI | Bernhard Lause&quot;,\n        &quot;description&quot;: &quot;Experiment n2EMD&quot;,\n        &quot;title&quot;: &quot;Experiment n2EMD&quot;,\n        &quot;width&quot;: 567,\n        &quot;height&quot;: 567,\n        &quot;srcset&quot;: &quot;https:\\\/\\\/cms.zdv.uni-mainz.de\\\/fb08-physics\\\/wp-content\\\/uploads\\\/sites\\\/345\\\/2025\\\/09\\\/n2emd.png 567w, https:\\\/\\\/cms.zdv.uni-mainz.de\\\/fb08-physics\\\/wp-content\\\/uploads\\\/sites\\\/345\\\/2025\\\/09\\\/n2emd-300x300.png 300w, https:\\\/\\\/cms.zdv.uni-mainz.de\\\/fb08-physics\\\/wp-content\\\/uploads\\\/sites\\\/345\\\/2025\\\/09\\\/n2emd-150x150.png 150w&quot;\n    },\n    &quot;caption&quot;: &quot;n2EDM&quot;,\n    &quot;align&quot;: &quot;&quot;,\n    &quot;hasLightbox&quot;: false,\n    &quot;imgWidth&quot;: 0,\n    &quot;link&quot;: {\n        &quot;url&quot;: &quot;&quot;,\n        &quot;target&quot;: &quot;&quot;,\n        &quot;rel&quot;: &quot;&quot;\n    }\n}\" class=\"align-\">\n    \n<\/jgu-base-image><\/div>\n\n\n\n<div class=\"wp-block-column is-layout-flow wp-block-column-is-layout-flow\" style=\"flex-basis:66.66%\"><jgu-base-heading react-props=\"{\n    &quot;tags&quot;: {\n        &quot;htmlTag&quot;: &quot;h2&quot;,\n        &quot;classTag&quot;: &quot;&quot;,\n        &quot;tag&quot;: &quot;h2&quot;\n    },\n    &quot;heading&quot;: &quot;n2EDM&quot;,\n    &quot;textAlign&quot;: &quot;left&quot;,\n    &quot;anchor&quot;: &quot;&quot;,\n    &quot;index&quot;: &quot;&quot;,\n    &quot;color&quot;: &quot;red&quot;\n}\"><\/jgu-base-heading>\n\n\n\n<p class=\"has-big-font-size\">Mit ultrakalten Neutronen, die sehr gut charakterisierten schwachen magnetischen und starken elektrischen Feldern ausgesetzt werden, suchen wir nach dem elektrischen Dipolmoment des Neutrons. Diese Eigenschaft bricht, falls sie endlich ist, die Symmetrie zwischen Materie und Antimaterie und kann einen der unverzichtbaren Bestandteile f\u00fcr die Erzeugung der Materie-Antimaterie-Asymmetrie liefern, die wir im Universum beobachten.<\/p>\n\n\n<jgu-base-button style=\"display: flex; flex-wrap: wrap; column-gap: 30px; max-width: 100%; flex-direction: row; justify-content: left\">\n  \n<jgu-base-buttonitem react-props=\"{\n    &quot;text&quot;: &quot;n2EDM&quot;,\n    &quot;link&quot;: {\n        &quot;url&quot;: &quot;https:\\\/\\\/www.psi.ch\\\/de\\\/nedm&quot;,\n        &quot;linkTarget&quot;: &quot;&quot;,\n        &quot;rel&quot;: &quot;&quot;\n    },\n    &quot;align&quot;: &quot;left&quot;,\n    &quot;styling&quot;: &quot;primary&quot;,\n    &quot;icon&quot;: &quot;arrow-right-solid&quot;,\n    &quot;type&quot;: &quot;default&quot;,\n    &quot;iconBefore&quot;: false,\n    &quot;isSmall&quot;: false,\n    &quot;fullWidth&quot;: false,\n    &quot;className&quot;: &quot;&quot;\n}\"><\/jgu-base-buttonitem>\n\n<\/jgu-base-button><\/div>\n<\/div>\n\n\n<\/jgu-base-tabsitem>\n\n<\/jgu-base-tabs>\n\n<\/jgu-base-accordionitem>\n\n<\/jgu-base-accordion>\n<\/div>\n<\/div>\n<\/div><\/div>\n<\/jgu-base-section>\n\n<jgu-base-section react-props=\"{&quot;color&quot;:&quot;light&quot;,&quot;align&quot;:&quot;wide&quot;,&quot;padding&quot;:&quot;medium&quot;}\">\n<div class=\"jgu-bgsection bg bg-light \"><div class=\"content padding-medium\"><div\n\tclass=\"jgu-anchorpoint\"\n\tid=\"gitter-qcd\"\n\tdata-label=\"Gitter-QCD\"\n\tdata-hide-in-nav=\"false\"\n\ttabindex=\"0\"\n\tdata-initial-scroll=\"true\"\n><\/div>\n\n\n\n<div class=\"wp-block-columns is-layout-flex wp-container-core-columns-is-layout-9d6595d7 wp-block-columns-is-layout-flex\">\n<div class=\"wp-block-column is-layout-flow wp-block-column-is-layout-flow\" style=\"flex-basis:66.66%\"><jgu-base-heading react-props=\"{\n    &quot;tags&quot;: {\n        &quot;htmlTag&quot;: &quot;h2&quot;,\n        &quot;classTag&quot;: &quot;&quot;,\n        &quot;tag&quot;: &quot;h2&quot;\n    },\n    &quot;heading&quot;: &quot;Gitter-QCD&quot;,\n    &quot;textAlign&quot;: &quot;left&quot;,\n    &quot;anchor&quot;: &quot;&quot;,\n    &quot;index&quot;: &quot;&quot;,\n    &quot;color&quot;: &quot;red&quot;\n}\"><\/jgu-base-heading>\n\n\n\n<p class=\"has-big-font-size\">Auf den Skalen, die f\u00fcr die Hadronen- und Kernphysik von Interesse sind, l\u00e4sst die St\u00e4rke der starken Wechselwirkung keine St\u00f6rungsexpansionen zu. Stattdessen k\u00f6nnen Berechnungen mit einer diskretisierten Raumzeit und Monte-Carlo-Methoden auf Supercomputern durchgef\u00fchrt werden. Die Mainzer &#8222;Gitter&#8220;-Forschungsgruppe f\u00fchrt bahnbrechende Berechnungen f\u00fcr die Hadronenspektroskopie und -struktur sowie f\u00fcr hadronische Korrekturen an Pr\u00e4zisionsobservablen, insbesondere dem magnetischen Moment des Myons, durch.  <\/p>\n\n\n<jgu-base-accordion react-props=\"{&quot;selected&quot;:1,&quot;hasAllOpenButton&quot;:false,&quot;align&quot;:&quot;wide&quot;,&quot;onlyOne&quot;:false,&quot;initAllClosed&quot;:true,&quot;enableSearch&quot;:false}\">\n    \n<jgu-base-accordionitem react-props=\"{&quot;title&quot;:&quot;Theoretische Forschungsgruppen&quot;,&quot;init&quot;:false,&quot;slug&quot;:&quot;theoretische-forschungsgruppen&quot;,&quot;align&quot;:&quot;wide&quot;,&quot;customSlug&quot;:false}\">\n    \n\n<div class=\"wp-block-columns is-layout-flex wp-container-core-columns-is-layout-9d6595d7 wp-block-columns-is-layout-flex\">\n<div class=\"wp-block-column is-layout-flow wp-block-column-is-layout-flow\"><jgu-base-contactcard react-props=\"{\n    &quot;name&quot;: &quot;&lt;strong&gt;Prof. Dr. Harvey Meyer&lt;\\\/strong&gt;&quot;,\n    &quot;avatar&quot;: {\n        &quot;id&quot;: 16757,\n        &quot;url&quot;: &quot;https:\\\/\\\/cms.zdv.uni-mainz.de\\\/fb08-physics\\\/wp-content\\\/uploads\\\/sites\\\/345\\\/2025\\\/08\\\/meyer-neu.png&quot;,\n        &quot;hideImageDescription&quot;: false,\n        &quot;alt&quot;: &quot;Prof. Dr. Harvey Meyer&quot;,\n        &quot;caption&quot;: &quot;Prof. Dr. Harvey Meyer&quot;,\n        &quot;description&quot;: &quot;Prof. Dr. Harvey Meyer&quot;,\n        &quot;title&quot;: &quot;Prof. Dr. Harvey Meyer&quot;,\n        &quot;width&quot;: 567,\n        &quot;height&quot;: 567,\n        &quot;srcset&quot;: &quot;https:\\\/\\\/cms.zdv.uni-mainz.de\\\/fb08-physics\\\/wp-content\\\/uploads\\\/sites\\\/345\\\/2025\\\/08\\\/meyer-neu.png 567w, https:\\\/\\\/cms.zdv.uni-mainz.de\\\/fb08-physics\\\/wp-content\\\/uploads\\\/sites\\\/345\\\/2025\\\/08\\\/meyer-neu-300x300.png 300w, https:\\\/\\\/cms.zdv.uni-mainz.de\\\/fb08-physics\\\/wp-content\\\/uploads\\\/sites\\\/345\\\/2025\\\/08\\\/meyer-neu-150x150.png 150w&quot;\n    },\n    &quot;color&quot;: &quot;blue-gray&quot;,\n    &quot;align&quot;: &quot;wide&quot;,\n    &quot;actions&quot;: []\n}\">\n    \n<jgu-base-listitem react-props=\"{\n    &quot;icon&quot;: &quot;lightbulb-solid&quot;,\n    &quot;title&quot;: &quot;Gitterfeldtheorie, Nicht-Gleichgewichtsph\\u00e4nomene aus der euklidischen QCD, QCD-Phasendiagramm, thermische Feldtheorie, Spektralfunktionen, Hadronenstruktur, hadronische Licht-nach-Licht-Streuung  &lt;br&gt;&quot;,\n    &quot;uuid&quot;: &quot;1726244894144&quot;,\n    &quot;align&quot;: &quot;wide&quot;,\n    &quot;showInActions&quot;: false,\n    &quot;allowNesting&quot;: true,\n    &quot;showExpandableContent&quot;: false,\n    &quot;expandableContent&quot;: &quot;&quot;,\n    &quot;link&quot;: {\n        &quot;url&quot;: &quot;&quot;\n    }\n}\">\n    \n<\/jgu-base-listitem>\n\n<jgu-base-listitem react-props=\"{\n    &quot;icon&quot;: &quot;address-card-solid&quot;,\n    &quot;title&quot;: &quot;&lt;a href=\\&quot;https:\\\/\\\/kph-th.physics.uni-mainz.de\\\/meyer-harvey\\\/\\&quot;&gt;Informationen zur Person&lt;\\\/a&gt;&quot;,\n    &quot;uuid&quot;: &quot;1734087422868&quot;,\n    &quot;link&quot;: {\n        &quot;url&quot;: &quot;https:\\\/\\\/kph-th.physics.uni-mainz.de\\\/meyer-harvey\\\/&quot;\n    },\n    &quot;align&quot;: &quot;wide&quot;,\n    &quot;showInActions&quot;: false,\n    &quot;allowNesting&quot;: true,\n    &quot;showExpandableContent&quot;: false,\n    &quot;expandableContent&quot;: &quot;&quot;\n}\">\n    \n<\/jgu-base-listitem>\n\n<jgu-base-listitem react-props=\"{\n    &quot;icon&quot;: &quot;university-solid&quot;,\n    &quot;title&quot;: &quot;&lt;a href=\\&quot;https:\\\/\\\/www.kernphysik.uni-mainz.de\\\/\\&quot;&gt;Institut f\\u00fcr Kernphysik&lt;\\\/a&gt;&quot;,\n    &quot;uuid&quot;: &quot;1746441707686&quot;,\n    &quot;link&quot;: {\n        &quot;url&quot;: &quot;https:\\\/\\\/www.kernphysik.uni-mainz.de\\\/&quot;\n    },\n    &quot;align&quot;: &quot;wide&quot;,\n    &quot;showInActions&quot;: false,\n    &quot;allowNesting&quot;: true,\n    &quot;showExpandableContent&quot;: false,\n    &quot;expandableContent&quot;: &quot;&quot;\n}\">\n    \n<\/jgu-base-listitem>\n\n<\/jgu-base-contactcard><\/div>\n\n\n\n<div class=\"wp-block-column is-layout-flow wp-block-column-is-layout-flow\"><jgu-base-contactcard react-props=\"{\n    &quot;name&quot;: &quot;&lt;strong&gt;Prof. Dr. Georg von Hippel&lt;\\\/strong&gt;&quot;,\n    &quot;avatar&quot;: {\n        &quot;id&quot;: 12171,\n        &quot;url&quot;: &quot;https:\\\/\\\/cms.zdv.uni-mainz.de\\\/fb08-physics\\\/wp-content\\\/uploads\\\/sites\\\/345\\\/2025\\\/05\\\/van-hippel.jpg&quot;,\n        &quot;hideImageDescription&quot;: false,\n        &quot;alt&quot;: &quot;Prof. Dr. Georg Van Hippel&quot;,\n        &quot;caption&quot;: &quot;Prof. Dr. Georg Van Hippel&quot;,\n        &quot;description&quot;: &quot;Prof. Dr. Georg Van Hippel&quot;,\n        &quot;title&quot;: &quot;Prof. Dr. Georg Van Hippel&quot;,\n        &quot;width&quot;: 2480,\n        &quot;height&quot;: 2480,\n        &quot;srcset&quot;: &quot;https:\\\/\\\/cms.zdv.uni-mainz.de\\\/fb08-physics\\\/wp-content\\\/uploads\\\/sites\\\/345\\\/2025\\\/05\\\/van-hippel.jpg 2480w, https:\\\/\\\/cms.zdv.uni-mainz.de\\\/fb08-physics\\\/wp-content\\\/uploads\\\/sites\\\/345\\\/2025\\\/05\\\/van-hippel-300x300.jpg 300w, https:\\\/\\\/cms.zdv.uni-mainz.de\\\/fb08-physics\\\/wp-content\\\/uploads\\\/sites\\\/345\\\/2025\\\/05\\\/van-hippel-1024x1024.jpg 1024w, https:\\\/\\\/cms.zdv.uni-mainz.de\\\/fb08-physics\\\/wp-content\\\/uploads\\\/sites\\\/345\\\/2025\\\/05\\\/van-hippel-150x150.jpg 150w, https:\\\/\\\/cms.zdv.uni-mainz.de\\\/fb08-physics\\\/wp-content\\\/uploads\\\/sites\\\/345\\\/2025\\\/05\\\/van-hippel-768x768.jpg 768w, https:\\\/\\\/cms.zdv.uni-mainz.de\\\/fb08-physics\\\/wp-content\\\/uploads\\\/sites\\\/345\\\/2025\\\/05\\\/van-hippel-1536x1536.jpg 1536w, https:\\\/\\\/cms.zdv.uni-mainz.de\\\/fb08-physics\\\/wp-content\\\/uploads\\\/sites\\\/345\\\/2025\\\/05\\\/van-hippel-2048x2048.jpg 2048w&quot;\n    },\n    &quot;color&quot;: &quot;blue-gray&quot;,\n    &quot;align&quot;: &quot;wide&quot;,\n    &quot;actions&quot;: []\n}\">\n    \n<jgu-base-listitem react-props=\"{\n    &quot;icon&quot;: &quot;lightbulb-solid&quot;,\n    &quot;title&quot;: &quot;Gitter-QCD, Hadronenstruktur, Pr\\u00e4zisionsbeobachtungen&quot;,\n    &quot;uuid&quot;: &quot;1726244894144&quot;,\n    &quot;align&quot;: &quot;wide&quot;,\n    &quot;showInActions&quot;: false,\n    &quot;allowNesting&quot;: true,\n    &quot;showExpandableContent&quot;: false,\n    &quot;expandableContent&quot;: &quot;&quot;,\n    &quot;link&quot;: {\n        &quot;url&quot;: &quot;&quot;\n    }\n}\">\n    \n<\/jgu-base-listitem>\n\n<jgu-base-listitem react-props=\"{\n    &quot;icon&quot;: &quot;address-card-solid&quot;,\n    &quot;title&quot;: &quot;&lt;a href=\\&quot;https:\\\/\\\/kph-th.physics.uni-mainz.de\\\/hippel-von-georg\\\/\\&quot;&gt;Informationen zur Person&lt;\\\/a&gt;&quot;,\n    &quot;uuid&quot;: &quot;1734087422868&quot;,\n    &quot;link&quot;: {\n        &quot;url&quot;: &quot;https:\\\/\\\/kph-th.physics.uni-mainz.de\\\/hippel-von-georg\\\/&quot;\n    },\n    &quot;align&quot;: &quot;wide&quot;,\n    &quot;showInActions&quot;: false,\n    &quot;allowNesting&quot;: true,\n    &quot;showExpandableContent&quot;: false,\n    &quot;expandableContent&quot;: &quot;&quot;\n}\">\n    \n<\/jgu-base-listitem>\n\n<jgu-base-listitem react-props=\"{\n    &quot;icon&quot;: &quot;university-solid&quot;,\n    &quot;title&quot;: &quot;&lt;a href=\\&quot;https:\\\/\\\/www.kernphysik.uni-mainz.de\\\/\\&quot;&gt;Institut f\\u00fcr Kernphysik&lt;\\\/a&gt;&quot;,\n    &quot;uuid&quot;: &quot;1746441707686&quot;,\n    &quot;link&quot;: {\n        &quot;url&quot;: &quot;https:\\\/\\\/www.kernphysik.uni-mainz.de\\\/&quot;\n    },\n    &quot;align&quot;: &quot;wide&quot;,\n    &quot;showInActions&quot;: false,\n    &quot;allowNesting&quot;: true,\n    &quot;showExpandableContent&quot;: false,\n    &quot;expandableContent&quot;: &quot;&quot;\n}\">\n    \n<\/jgu-base-listitem>\n\n<\/jgu-base-contactcard><\/div>\n\n\n\n<div class=\"wp-block-column is-layout-flow wp-block-column-is-layout-flow\"><jgu-base-contactcard react-props=\"{\n    &quot;name&quot;: &quot;&lt;strong&gt;Prof. Dr. Hartmut Wittig&lt;\\\/strong&gt;&quot;,\n    &quot;avatar&quot;: {\n        &quot;id&quot;: 19276,\n        &quot;url&quot;: &quot;https:\\\/\\\/cms.zdv.uni-mainz.de\\\/fb08-physics\\\/wp-content\\\/uploads\\\/sites\\\/345\\\/2026\\\/02\\\/Hartmut-Wittig.jpg&quot;,\n        &quot;hideImageDescription&quot;: false,\n        &quot;title&quot;: &quot;Hartmut Wittig&quot;,\n        &quot;width&quot;: 2480,\n        &quot;height&quot;: 2480,\n        &quot;srcset&quot;: &quot;https:\\\/\\\/cms.zdv.uni-mainz.de\\\/fb08-physics\\\/wp-content\\\/uploads\\\/sites\\\/345\\\/2026\\\/02\\\/Hartmut-Wittig.jpg 2480w, https:\\\/\\\/cms.zdv.uni-mainz.de\\\/fb08-physics\\\/wp-content\\\/uploads\\\/sites\\\/345\\\/2026\\\/02\\\/Hartmut-Wittig-300x300.jpg 300w, https:\\\/\\\/cms.zdv.uni-mainz.de\\\/fb08-physics\\\/wp-content\\\/uploads\\\/sites\\\/345\\\/2026\\\/02\\\/Hartmut-Wittig-1024x1024.jpg 1024w, https:\\\/\\\/cms.zdv.uni-mainz.de\\\/fb08-physics\\\/wp-content\\\/uploads\\\/sites\\\/345\\\/2026\\\/02\\\/Hartmut-Wittig-150x150.jpg 150w, https:\\\/\\\/cms.zdv.uni-mainz.de\\\/fb08-physics\\\/wp-content\\\/uploads\\\/sites\\\/345\\\/2026\\\/02\\\/Hartmut-Wittig-768x768.jpg 768w, https:\\\/\\\/cms.zdv.uni-mainz.de\\\/fb08-physics\\\/wp-content\\\/uploads\\\/sites\\\/345\\\/2026\\\/02\\\/Hartmut-Wittig-1536x1536.jpg 1536w, https:\\\/\\\/cms.zdv.uni-mainz.de\\\/fb08-physics\\\/wp-content\\\/uploads\\\/sites\\\/345\\\/2026\\\/02\\\/Hartmut-Wittig-2048x2048.jpg 2048w&quot;\n    },\n    &quot;color&quot;: &quot;blue-gray&quot;,\n    &quot;align&quot;: &quot;wide&quot;,\n    &quot;actions&quot;: []\n}\">\n    \n<jgu-base-listitem react-props=\"{\n    &quot;icon&quot;: &quot;lightbulb-solid&quot;,\n    &quot;title&quot;: &quot;Lattice QCD: Hadronenspektroskopie und -struktur, Hadronische Beitr\\u00e4ge zu Pr\\u00e4zisionsbeobachtungsdaten&quot;,\n    &quot;uuid&quot;: &quot;1726244894144&quot;,\n    &quot;align&quot;: &quot;wide&quot;,\n    &quot;showInActions&quot;: false,\n    &quot;allowNesting&quot;: true,\n    &quot;showExpandableContent&quot;: false,\n    &quot;expandableContent&quot;: &quot;&quot;,\n    &quot;link&quot;: {\n        &quot;url&quot;: &quot;&quot;\n    }\n}\">\n    \n<\/jgu-base-listitem>\n\n<jgu-base-listitem react-props=\"{\n    &quot;icon&quot;: &quot;address-card-solid&quot;,\n    &quot;title&quot;: &quot;&lt;a href=\\&quot;https:\\\/\\\/wwwth.kph.uni-mainz.de\\\/wittig-hartmut\\\/\\&quot;&gt;Informationen zur Person&lt;\\\/a&gt;&quot;,\n    &quot;uuid&quot;: &quot;1734087422868&quot;,\n    &quot;link&quot;: {\n        &quot;url&quot;: &quot;https:\\\/\\\/wwwth.kph.uni-mainz.de\\\/wittig-hartmut\\\/&quot;\n    },\n    &quot;align&quot;: &quot;wide&quot;,\n    &quot;showInActions&quot;: false,\n    &quot;allowNesting&quot;: true,\n    &quot;showExpandableContent&quot;: false,\n    &quot;expandableContent&quot;: &quot;&quot;\n}\">\n    \n<\/jgu-base-listitem>\n\n<jgu-base-listitem react-props=\"{\n    &quot;icon&quot;: &quot;university-solid&quot;,\n    &quot;title&quot;: &quot;&lt;a href=\\&quot;https:\\\/\\\/www.kernphysik.uni-mainz.de\\\/\\&quot;&gt;Institut f\\u00fcr Kernphysik&lt;\\\/a&gt;&quot;,\n    &quot;uuid&quot;: &quot;1746439866517&quot;,\n    &quot;link&quot;: {\n        &quot;url&quot;: &quot;https:\\\/\\\/www.kernphysik.uni-mainz.de\\\/&quot;\n    },\n    &quot;align&quot;: &quot;wide&quot;,\n    &quot;showInActions&quot;: false,\n    &quot;allowNesting&quot;: true,\n    &quot;showExpandableContent&quot;: false,\n    &quot;expandableContent&quot;: &quot;&quot;\n}\">\n    \n<\/jgu-base-listitem>\n\n<\/jgu-base-contactcard><\/div>\n<\/div>\n\n\n<\/jgu-base-accordionitem>\n\n<\/jgu-base-accordion>\n<\/div>\n\n\n\n<div class=\"wp-block-column is-layout-flow wp-block-column-is-layout-flow\" style=\"flex-basis:33.33%\"><jgu-base-image react-props=\"{\n    &quot;image&quot;: {\n        &quot;url&quot;: &quot;https:\\\/\\\/cms.zdv.uni-mainz.de\\\/fb08-physics\\\/wp-content\\\/uploads\\\/sites\\\/345\\\/2025\\\/05\\\/lattice-qcd.jpg&quot;,\n        &quot;id&quot;: 12165,\n        &quot;hideImageDescription&quot;: true,\n        &quot;alt&quot;: &quot;Lattice QCD&quot;,\n        &quot;caption&quot;: &quot;Lattice QCD&quot;,\n        &quot;credit&quot;: &quot;\\u00a9 adobe.stock.com&quot;,\n        &quot;description&quot;: &quot;Lattice QCD&quot;,\n        &quot;title&quot;: &quot;Lattice QCD&quot;,\n        &quot;width&quot;: 2480,\n        &quot;height&quot;: 2480,\n        &quot;srcset&quot;: &quot;https:\\\/\\\/cms.zdv.uni-mainz.de\\\/fb08-physics\\\/wp-content\\\/uploads\\\/sites\\\/345\\\/2025\\\/05\\\/lattice-qcd.jpg 2480w, https:\\\/\\\/cms.zdv.uni-mainz.de\\\/fb08-physics\\\/wp-content\\\/uploads\\\/sites\\\/345\\\/2025\\\/05\\\/lattice-qcd-300x300.jpg 300w, https:\\\/\\\/cms.zdv.uni-mainz.de\\\/fb08-physics\\\/wp-content\\\/uploads\\\/sites\\\/345\\\/2025\\\/05\\\/lattice-qcd-1024x1024.jpg 1024w, https:\\\/\\\/cms.zdv.uni-mainz.de\\\/fb08-physics\\\/wp-content\\\/uploads\\\/sites\\\/345\\\/2025\\\/05\\\/lattice-qcd-150x150.jpg 150w, https:\\\/\\\/cms.zdv.uni-mainz.de\\\/fb08-physics\\\/wp-content\\\/uploads\\\/sites\\\/345\\\/2025\\\/05\\\/lattice-qcd-768x768.jpg 768w, https:\\\/\\\/cms.zdv.uni-mainz.de\\\/fb08-physics\\\/wp-content\\\/uploads\\\/sites\\\/345\\\/2025\\\/05\\\/lattice-qcd-1536x1536.jpg 1536w, https:\\\/\\\/cms.zdv.uni-mainz.de\\\/fb08-physics\\\/wp-content\\\/uploads\\\/sites\\\/345\\\/2025\\\/05\\\/lattice-qcd-2048x2048.jpg 2048w&quot;\n    },\n    &quot;align&quot;: &quot;&quot;,\n    &quot;hasLightbox&quot;: false,\n    &quot;caption&quot;: &quot;&quot;,\n    &quot;imgWidth&quot;: 0,\n    &quot;link&quot;: {\n        &quot;url&quot;: &quot;&quot;,\n        &quot;target&quot;: &quot;&quot;,\n        &quot;rel&quot;: &quot;&quot;\n    }\n}\" class=\"align-\">\n    \n<\/jgu-base-image><\/div>\n<\/div>\n<\/div><\/div>\n<\/jgu-base-section>\n\n<jgu-base-section react-props=\"{&quot;color&quot;:&quot;white&quot;,&quot;align&quot;:&quot;wide&quot;,&quot;padding&quot;:&quot;medium&quot;}\">\n<div class=\"jgu-bgsection bg bg-white \"><div class=\"content padding-medium\"><div\n\tclass=\"jgu-anchorpoint\"\n\tid=\"flavourphysik\"\n\tdata-label=\"Flavourphysik\"\n\tdata-hide-in-nav=\"false\"\n\ttabindex=\"0\"\n\tdata-initial-scroll=\"true\"\n><\/div>\n\n\n\n<div class=\"wp-block-columns is-layout-flex wp-container-core-columns-is-layout-9d6595d7 wp-block-columns-is-layout-flex\">\n<div class=\"wp-block-column is-layout-flow wp-block-column-is-layout-flow\" style=\"flex-basis:66.66%\"><jgu-base-heading react-props=\"{\n    &quot;tags&quot;: {\n        &quot;htmlTag&quot;: &quot;h2&quot;,\n        &quot;classTag&quot;: &quot;&quot;,\n        &quot;tag&quot;: &quot;h2&quot;\n    },\n    &quot;heading&quot;: &quot;Flavour-Physik&quot;,\n    &quot;textAlign&quot;: &quot;left&quot;,\n    &quot;anchor&quot;: &quot;&quot;,\n    &quot;index&quot;: &quot;&quot;,\n    &quot;color&quot;: &quot;red&quot;\n}\"><\/jgu-base-heading>\n\n\n\n<p class=\"has-big-font-size\">Die Flavour-Physik beschreibt die \u00dcberg\u00e4nge zwischen verschiedenen Generationen (Flavours) von Quarks und Leptonen \u00fcber die schwache Wechselwirkung. Um mehr \u00fcber unsere Forschung im Bereich der &#8222;Flavour-Physik&#8220; zu erfahren, besuchen Sie bitte die Webseite &#8222;Hochenergie-Teilchenphysik&#8220;. <\/p>\n\n\n\n<hr class=\"wp-block-separator has-alpha-channel-opacity\" \/>\n\n\n\n<div style=\"height:19px\" aria-hidden=\"true\" class=\"wp-block-spacer\"><\/div>\n\n\n\n<p class=\"has-big-font-size\"><a href=\"https:\/\/physics.uni-mainz.de\/de\/home\/physikalische-forschung\/forschungsfelder\/hochenergie-teilchenphysik\/#experimental-amp-theoretical-research-groups-3\">Experimentelle &amp; Theoretische Forschungsgruppen<\/a><\/p>\n\n\n\n<hr class=\"wp-block-separator has-alpha-channel-opacity is-style-default\" \/>\n<\/div>\n\n\n\n<div class=\"wp-block-column is-layout-flow wp-block-column-is-layout-flow\" style=\"flex-basis:33.33%\">\n<div style=\"height:65px\" aria-hidden=\"true\" class=\"wp-block-spacer\"><\/div>\n\n\n<jgu-base-button style=\"display: flex; flex-wrap: wrap; column-gap: 30px; max-width: 100%; flex-direction: row; justify-content: left\">\n  \n<jgu-base-buttonitem react-props=\"{\n    &quot;text&quot;: &quot;Hochenergie-Teilchenphysik&quot;,\n    &quot;link&quot;: {\n        &quot;url&quot;: &quot;https:\\\/\\\/cms.zdv.uni-mainz.de\\\/fb08-physics\\\/de\\\/home\\\/physikalische-forschung\\\/forschungsfelder\\\/hochenergie-teilchenphysik\\\/&quot;,\n        &quot;linkTarget&quot;: &quot;&quot;,\n        &quot;rel&quot;: &quot;&quot;\n    },\n    &quot;align&quot;: &quot;left&quot;,\n    &quot;styling&quot;: &quot;primary&quot;,\n    &quot;icon&quot;: &quot;arrow-right-solid&quot;,\n    &quot;type&quot;: &quot;default&quot;,\n    &quot;iconBefore&quot;: false,\n    &quot;isSmall&quot;: false,\n    &quot;fullWidth&quot;: false,\n    &quot;className&quot;: &quot;&quot;\n}\"><\/jgu-base-buttonitem>\n\n<\/jgu-base-button><\/div>\n<\/div>\n<\/div><\/div>\n<\/jgu-base-section>\n\n<jgu-base-section react-props=\"{&quot;color&quot;:&quot;dark&quot;,&quot;align&quot;:&quot;wide&quot;,&quot;padding&quot;:&quot;medium&quot;}\">\n<div class=\"jgu-bgsection bg bg-dark \"><div class=\"content padding-medium\"><div\n\tclass=\"jgu-anchorpoint\"\n\tid=\"forschungsgruppen-liste\"\n\tdata-label=\"Forschungsgruppen (Liste)\"\n\tdata-hide-in-nav=\"false\"\n\ttabindex=\"0\"\n\tdata-initial-scroll=\"true\"\n><\/div>\n\n\n<jgu-base-heading react-props=\"{\n    &quot;color&quot;: &quot;default&quot;,\n    &quot;tags&quot;: {\n        &quot;htmlTag&quot;: &quot;h2&quot;,\n        &quot;classTag&quot;: &quot;&quot;,\n        &quot;tag&quot;: &quot;h2&quot;\n    },\n    &quot;heading&quot;: &quot;Forschende (alphabetisch)&quot;,\n    &quot;textAlign&quot;: &quot;left&quot;,\n    &quot;anchor&quot;: &quot;&quot;,\n    &quot;index&quot;: &quot;&quot;\n}\"><\/jgu-base-heading>\n\n\n\n<div class=\"wp-block-columns is-layout-flex wp-container-core-columns-is-layout-9d6595d7 wp-block-columns-is-layout-flex\">\n<div class=\"wp-block-column is-layout-flow wp-block-column-is-layout-flow\"><ul class=\"styled-list hyphenation\">\n\t\n<ul class=\"styled-list hyphenation\"><jgu-base-listitem react-props=\"{\n    &quot;icon&quot;: &quot;address-card-solid&quot;,\n    &quot;title&quot;: &quot;Prof. Dr. Patrick Achenbach &lt;a href=\\&quot;https:\\\/\\\/www.kernphysik.uni-mainz.de\\\/\\&quot;&gt;(Institut f\\u00fcr Kernphysik&lt;\\\/a&gt;)&quot;,\n    &quot;uuid&quot;: &quot;1737120137498&quot;,\n    &quot;align&quot;: &quot;wide&quot;,\n    &quot;showInActions&quot;: false,\n    &quot;allowNesting&quot;: true,\n    &quot;showExpandableContent&quot;: false,\n    &quot;expandableContent&quot;: &quot;&quot;,\n    &quot;link&quot;: {\n        &quot;url&quot;: &quot;&quot;\n    }\n}\">\n    \n<\/jgu-base-listitem>\n\n<jgu-base-listitem react-props=\"{\n    &quot;icon&quot;: &quot;address-card-solid&quot;,\n    &quot;title&quot;: &quot;&lt;a href=\\&quot;https:\\\/\\\/kph-th.physics.uni-mainz.de\\\/bacca-sonia\\\/\\&quot;&gt;Prof. Dr. Sonia Bacca&lt;\\\/a&gt; &lt;a href=\\&quot;https:\\\/\\\/www.kernphysik.uni-mainz.de\\\/\\&quot;&gt;(Institut f\\u00fcr Kernphysik&lt;\\\/a&gt;)&quot;,\n    &quot;uuid&quot;: &quot;1737120233732&quot;,\n    &quot;link&quot;: {\n        &quot;url&quot;: &quot;https:\\\/\\\/kph-th.physics.uni-mainz.de\\\/bacca-sonia\\\/&quot;\n    },\n    &quot;align&quot;: &quot;wide&quot;,\n    &quot;showInActions&quot;: false,\n    &quot;allowNesting&quot;: true,\n    &quot;showExpandableContent&quot;: false,\n    &quot;expandableContent&quot;: &quot;&quot;\n}\">\n    \n<\/jgu-base-listitem>\n\n<jgu-base-listitem react-props=\"{\n    &quot;icon&quot;: &quot;address-card-solid&quot;,\n    &quot;title&quot;: &quot;Prof. Dr. Niklaus Berger &lt;a href=\\&quot;https:\\\/\\\/www.kernphysik.uni-mainz.de\\\/\\&quot;&gt;(Institut f\\u00fcr Kernphysik&lt;\\\/a&gt;)&quot;,\n    &quot;uuid&quot;: &quot;1737120137498&quot;,\n    &quot;align&quot;: &quot;wide&quot;,\n    &quot;showInActions&quot;: false,\n    &quot;allowNesting&quot;: true,\n    &quot;showExpandableContent&quot;: false,\n    &quot;expandableContent&quot;: &quot;&quot;,\n    &quot;link&quot;: {\n        &quot;url&quot;: &quot;&quot;\n    }\n}\">\n    \n<jgu-base-listitem react-props=\"{\n    &quot;icon&quot;: &quot;arrow-right-solid&quot;,\n    &quot;title&quot;: &quot;&lt;a href=\\&quot;https:\\\/\\\/agberger.kph.uni-mainz.de\\\/\\&quot;&gt;Gruppe von Niklaus Berger&lt;\\\/a&gt;&quot;,\n    &quot;uuid&quot;: &quot;1737120272020&quot;,\n    &quot;link&quot;: {\n        &quot;url&quot;: &quot;https:\\\/\\\/agberger.kph.uni-mainz.de\\\/&quot;\n    },\n    &quot;align&quot;: &quot;wide&quot;,\n    &quot;showInActions&quot;: false,\n    &quot;allowNesting&quot;: true,\n    &quot;showExpandableContent&quot;: false,\n    &quot;expandableContent&quot;: &quot;&quot;\n}\">\n    \n<\/jgu-base-listitem>\n\n<\/jgu-base-listitem>\n\n<jgu-base-listitem react-props=\"{\n    &quot;icon&quot;: &quot;address-card-solid&quot;,\n    &quot;title&quot;: &quot;&lt;a href=\\&quot;https:\\\/\\\/kph-th.physics.uni-mainz.de\\\/capel-pierre\\\/\\&quot;&gt;Prof. Dr. Pierre Capel&lt;\\\/a&gt; &lt;a href=\\&quot;https:\\\/\\\/www.kernphysik.uni-mainz.de\\\/\\&quot;&gt;(Institut f\\u00fcr Kernphysik&lt;\\\/a&gt;)&quot;,\n    &quot;uuid&quot;: &quot;1737120137498&quot;,\n    &quot;link&quot;: {\n        &quot;url&quot;: &quot;https:\\\/\\\/kph-th.physics.uni-mainz.de\\\/capel-pierre\\\/&quot;\n    },\n    &quot;align&quot;: &quot;wide&quot;,\n    &quot;showInActions&quot;: false,\n    &quot;allowNesting&quot;: true,\n    &quot;showExpandableContent&quot;: false,\n    &quot;expandableContent&quot;: &quot;&quot;\n}\">\n    \n<\/jgu-base-listitem>\n\n<jgu-base-listitem react-props=\"{\n    &quot;icon&quot;: &quot;address-card-solid&quot;,\n    &quot;title&quot;: &quot;Prof. Dr. Achim Denig &lt;a href=\\&quot;https:\\\/\\\/www.kernphysik.uni-mainz.de\\\/\\&quot;&gt;(Institut f\\u00fcr Kernphysik&lt;\\\/a&gt;)&quot;,\n    &quot;uuid&quot;: &quot;1737120372115&quot;,\n    &quot;align&quot;: &quot;wide&quot;,\n    &quot;showInActions&quot;: false,\n    &quot;allowNesting&quot;: true,\n    &quot;showExpandableContent&quot;: false,\n    &quot;expandableContent&quot;: &quot;&quot;,\n    &quot;link&quot;: {\n        &quot;url&quot;: &quot;&quot;\n    }\n}\">\n    \n<jgu-base-listitem react-props=\"{\n    &quot;icon&quot;: &quot;arrow-right-solid&quot;,\n    &quot;title&quot;: &quot;&lt;a href=\\&quot;https:\\\/\\\/ag-denig.physics.uni-mainz.de\\\/\\&quot;&gt;Gruppe von Achim Denig&lt;\\\/a&gt;&quot;,\n    &quot;uuid&quot;: &quot;1773411515274&quot;,\n    &quot;link&quot;: {\n        &quot;url&quot;: &quot;https:\\\/\\\/ag-denig.physics.uni-mainz.de\\\/&quot;\n    },\n    &quot;align&quot;: &quot;wide&quot;,\n    &quot;showInActions&quot;: false,\n    &quot;allowNesting&quot;: true,\n    &quot;showExpandableContent&quot;: false,\n    &quot;expandableContent&quot;: &quot;&quot;\n}\">\n    \n<\/jgu-base-listitem>\n\n<\/jgu-base-listitem>\n\n<jgu-base-listitem react-props=\"{\n    &quot;icon&quot;: &quot;address-card-solid&quot;,\n    &quot;title&quot;: &quot;Prof. Dr. Luca Doria &lt;a href=\\&quot;https:\\\/\\\/www.kernphysik.uni-mainz.de\\\/\\&quot;&gt;(Institut f\\u00fcr Kernphysik&lt;\\\/a&gt;)&quot;,\n    &quot;uuid&quot;: &quot;1737120233732&quot;,\n    &quot;align&quot;: &quot;wide&quot;,\n    &quot;showInActions&quot;: false,\n    &quot;allowNesting&quot;: true,\n    &quot;showExpandableContent&quot;: false,\n    &quot;expandableContent&quot;: &quot;&quot;,\n    &quot;link&quot;: {\n        &quot;url&quot;: &quot;&quot;\n    }\n}\">\n    \n<jgu-base-listitem react-props=\"{\n    &quot;icon&quot;: &quot;arrow-right-solid&quot;,\n    &quot;title&quot;: &quot;&lt;a href=\\&quot;https:\\\/\\\/www.staff.uni-mainz.de\\\/doria\\&quot;&gt;Gruppe von Luca Doria&lt;\\\/a&gt;&quot;,\n    &quot;uuid&quot;: &quot;1737120347905&quot;,\n    &quot;link&quot;: {\n        &quot;url&quot;: &quot;https:\\\/\\\/www.staff.uni-mainz.de\\\/doria&quot;\n    },\n    &quot;align&quot;: &quot;wide&quot;,\n    &quot;showInActions&quot;: false,\n    &quot;allowNesting&quot;: true,\n    &quot;showExpandableContent&quot;: false,\n    &quot;expandableContent&quot;: &quot;&quot;\n}\">\n    \n<\/jgu-base-listitem>\n\n<\/jgu-base-listitem>\n\n<jgu-base-listitem react-props=\"{\n    &quot;icon&quot;: &quot;address-card-solid&quot;,\n    &quot;title&quot;: &quot;&lt;a href=\\&quot;https:\\\/\\\/kph-th.physics.uni-mainz.de\\\/erler-jens\\\/\\&quot;&gt;Prof. Dr. Jens Erler&lt;\\\/a&gt; &lt;a href=\\&quot;https:\\\/\\\/www.kernphysik.uni-mainz.de\\\/\\&quot;&gt;(Institut f\\u00fcr Kernphysik&lt;\\\/a&gt;)&quot;,\n    &quot;uuid&quot;: &quot;1737120233732&quot;,\n    &quot;link&quot;: {\n        &quot;url&quot;: &quot;https:\\\/\\\/kph-th.physics.uni-mainz.de\\\/erler-jens\\\/&quot;\n    },\n    &quot;align&quot;: &quot;wide&quot;,\n    &quot;showInActions&quot;: false,\n    &quot;allowNesting&quot;: true,\n    &quot;showExpandableContent&quot;: false,\n    &quot;expandableContent&quot;: &quot;&quot;\n}\">\n    \n<jgu-base-listitem react-props=\"{\n    &quot;icon&quot;: &quot;arrow-right-solid&quot;,\n    &quot;title&quot;: &quot;&lt;a href=\\&quot;https:\\\/\\\/agerler.physics.uni-mainz.de\\\/\\&quot;&gt;Gruppe von Jens Erler&lt;\\\/a&gt;&quot;,\n    &quot;uuid&quot;: &quot;1737120347905&quot;,\n    &quot;link&quot;: {\n        &quot;url&quot;: &quot;https:\\\/\\\/agerler.physics.uni-mainz.de\\\/&quot;\n    },\n    &quot;align&quot;: &quot;wide&quot;,\n    &quot;showInActions&quot;: false,\n    &quot;allowNesting&quot;: true,\n    &quot;showExpandableContent&quot;: false,\n    &quot;expandableContent&quot;: &quot;&quot;\n}\">\n    \n<\/jgu-base-listitem>\n\n<\/jgu-base-listitem><\/ul>\n\n<\/ul><\/div>\n\n\n\n<div class=\"wp-block-column is-layout-flow wp-block-column-is-layout-flow\"><ul class=\"styled-list hyphenation\">\n\t\n<ul class=\"styled-list hyphenation\"><jgu-base-listitem react-props=\"{\n    &quot;icon&quot;: &quot;address-card-solid&quot;,\n    &quot;title&quot;: &quot;Prof. Dr. Martin Fertl (&lt;a href=\\&quot;https:\\\/\\\/physics.uni-mainz.de\\\/de\\\/home\\\/physikalische-forschung\\\/forschungsfelder\\\/atom-quantenphysik\\\/\\&quot;&gt;Quanten-, Atom- &amp;amp; Neutronenphysik&lt;\\\/a&gt;)&quot;,\n    &quot;uuid&quot;: &quot;1737120372115&quot;,\n    &quot;align&quot;: &quot;wide&quot;,\n    &quot;showInActions&quot;: false,\n    &quot;allowNesting&quot;: true,\n    &quot;showExpandableContent&quot;: false,\n    &quot;expandableContent&quot;: &quot;&quot;,\n    &quot;link&quot;: {\n        &quot;url&quot;: &quot;&quot;\n    }\n}\">\n    \n<jgu-base-listitem react-props=\"{\n    &quot;icon&quot;: &quot;arrow-right-solid&quot;,\n    &quot;title&quot;: &quot;&lt;a href=\\&quot;https:\\\/\\\/ag-fertl.physik.uni-mainz.de\\\/\\&quot;&gt;Gruppe von Martin Fertl&lt;\\\/a&gt;&quot;,\n    &quot;uuid&quot;: &quot;1755182703896&quot;,\n    &quot;link&quot;: {\n        &quot;url&quot;: &quot;https:\\\/\\\/ag-fertl.physik.uni-mainz.de\\\/&quot;\n    },\n    &quot;align&quot;: &quot;wide&quot;,\n    &quot;showInActions&quot;: false,\n    &quot;allowNesting&quot;: true,\n    &quot;showExpandableContent&quot;: false,\n    &quot;expandableContent&quot;: &quot;&quot;\n}\">\n    \n<\/jgu-base-listitem>\n\n<\/jgu-base-listitem>\n\n<jgu-base-listitem react-props=\"{\n    &quot;icon&quot;: &quot;address-card-solid&quot;,\n    &quot;title&quot;: &quot;Prof. Dr. Wolfgang Gradl &lt;a href=\\&quot;https:\\\/\\\/www.kernphysik.uni-mainz.de\\\/\\&quot;&gt;(Institut f\\u00fcr Kernphysik&lt;\\\/a&gt;)&quot;,\n    &quot;uuid&quot;: &quot;1737120372115&quot;,\n    &quot;align&quot;: &quot;wide&quot;,\n    &quot;showInActions&quot;: false,\n    &quot;allowNesting&quot;: true,\n    &quot;showExpandableContent&quot;: false,\n    &quot;expandableContent&quot;: &quot;&quot;,\n    &quot;link&quot;: {\n        &quot;url&quot;: &quot;&quot;\n    }\n}\">\n    \n<\/jgu-base-listitem>\n\n<jgu-base-listitem react-props=\"{\n    &quot;icon&quot;: &quot;address-card-solid&quot;,\n    &quot;title&quot;: &quot;&lt;a href=\\&quot;https:\\\/\\\/kph-th.physics.uni-mainz.de\\\/hagelstein-franziska\\\/\\&quot;&gt;Dr. Franziska Hagelstein&lt;\\\/a&gt; &lt;a href=\\&quot;https:\\\/\\\/www.kernphysik.uni-mainz.de\\\/\\&quot;&gt;(Institut f\\u00fcr Kernphysik&lt;\\\/a&gt;)&quot;,\n    &quot;uuid&quot;: &quot;1737120372115&quot;,\n    &quot;link&quot;: {\n        &quot;url&quot;: &quot;https:\\\/\\\/kph-th.physics.uni-mainz.de\\\/hagelstein-franziska\\\/&quot;\n    },\n    &quot;align&quot;: &quot;wide&quot;,\n    &quot;showInActions&quot;: false,\n    &quot;allowNesting&quot;: true,\n    &quot;showExpandableContent&quot;: false,\n    &quot;expandableContent&quot;: &quot;&quot;\n}\">\n    \n<\/jgu-base-listitem>\n\n<jgu-base-listitem react-props=\"{\n    &quot;icon&quot;: &quot;address-card-solid&quot;,\n    &quot;title&quot;: &quot;Prof. Dr. Tyler Kutz &lt;a href=\\&quot;https:\\\/\\\/www.kernphysik.uni-mainz.de\\\/\\&quot;&gt;(Institut f\\u00fcr Kernphysik&lt;\\\/a&gt;)&quot;,\n    &quot;uuid&quot;: &quot;1737120372115&quot;,\n    &quot;align&quot;: &quot;wide&quot;,\n    &quot;showInActions&quot;: false,\n    &quot;allowNesting&quot;: true,\n    &quot;showExpandableContent&quot;: false,\n    &quot;expandableContent&quot;: &quot;&quot;,\n    &quot;link&quot;: {\n        &quot;url&quot;: &quot;&quot;\n    }\n}\">\n    \n<\/jgu-base-listitem>\n\n<jgu-base-listitem react-props=\"{\n    &quot;icon&quot;: &quot;address-card-solid&quot;,\n    &quot;title&quot;: &quot;Prof. Dr. Frank Maas &lt;a href=\\&quot;https:\\\/\\\/www.kernphysik.uni-mainz.de\\\/\\&quot;&gt;(Institut f\\u00fcr Kernphysik&lt;\\\/a&gt;)&quot;,\n    &quot;uuid&quot;: &quot;1737120372115&quot;,\n    &quot;align&quot;: &quot;wide&quot;,\n    &quot;showInActions&quot;: false,\n    &quot;allowNesting&quot;: true,\n    &quot;showExpandableContent&quot;: false,\n    &quot;expandableContent&quot;: &quot;&quot;,\n    &quot;link&quot;: {\n        &quot;url&quot;: &quot;&quot;\n    }\n}\">\n    \n<\/jgu-base-listitem>\n\n<jgu-base-listitem react-props=\"{\n    &quot;icon&quot;: &quot;address-card-solid&quot;,\n    &quot;title&quot;: &quot;Prof. Dr. Harald Merkel &lt;a href=\\&quot;https:\\\/\\\/www.kernphysik.uni-mainz.de\\\/\\&quot;&gt;(Institut f\\u00fcr Kernphysik&lt;\\\/a&gt;)&quot;,\n    &quot;uuid&quot;: &quot;1737120372115&quot;,\n    &quot;align&quot;: &quot;wide&quot;,\n    &quot;showInActions&quot;: false,\n    &quot;allowNesting&quot;: true,\n    &quot;showExpandableContent&quot;: false,\n    &quot;expandableContent&quot;: &quot;&quot;,\n    &quot;link&quot;: {\n        &quot;url&quot;: &quot;&quot;\n    }\n}\">\n    \n<\/jgu-base-listitem>\n\n<jgu-base-listitem react-props=\"{\n    &quot;icon&quot;: &quot;address-card-solid&quot;,\n    &quot;title&quot;: &quot;&lt;a href=\\&quot;https:\\\/\\\/kph-th.physics.uni-mainz.de\\\/meyer-harvey\\\/\\&quot;&gt;Prof. Dr. Harvey Meyer&lt;\\\/a&gt; &lt;a href=\\&quot;https:\\\/\\\/www.kernphysik.uni-mainz.de\\\/\\&quot;&gt;(Institut f\\u00fcr Kernphysik&lt;\\\/a&gt;)&quot;,\n    &quot;uuid&quot;: &quot;1737120372115&quot;,\n    &quot;link&quot;: {\n        &quot;url&quot;: &quot;https:\\\/\\\/kph-th.physics.uni-mainz.de\\\/meyer-harvey\\\/&quot;\n    },\n    &quot;align&quot;: &quot;wide&quot;,\n    &quot;showInActions&quot;: false,\n    &quot;allowNesting&quot;: true,\n    &quot;showExpandableContent&quot;: false,\n    &quot;expandableContent&quot;: &quot;&quot;\n}\">\n    \n<\/jgu-base-listitem>\n\n<jgu-base-listitem react-props=\"{\n    &quot;icon&quot;: &quot;address-card-solid&quot;,\n    &quot;title&quot;: &quot;Prof. Dr. Michael Ostrick &lt;a href=\\&quot;https:\\\/\\\/www.kernphysik.uni-mainz.de\\\/\\&quot;&gt;(Institut f\\u00fcr Kernphysik&lt;\\\/a&gt;)&quot;,\n    &quot;uuid&quot;: &quot;1737120372115&quot;,\n    &quot;align&quot;: &quot;wide&quot;,\n    &quot;showInActions&quot;: false,\n    &quot;allowNesting&quot;: true,\n    &quot;showExpandableContent&quot;: false,\n    &quot;expandableContent&quot;: &quot;&quot;,\n    &quot;link&quot;: {\n        &quot;url&quot;: &quot;&quot;\n    }\n}\">\n    \n<jgu-base-listitem react-props=\"{\n    &quot;icon&quot;: &quot;arrow-right-solid&quot;,\n    &quot;title&quot;: &quot;&lt;a href=\\&quot;https:\\\/\\\/www.blogs.uni-mainz.de\\\/fb08-nuclear-physics\\\/professors\\\/univ-prof-dr-michael-ostrick\\\/\\&quot;&gt;Gruppe von Michael Ostrick&lt;\\\/a&gt;&quot;,\n    &quot;uuid&quot;: &quot;1737120429648&quot;,\n    &quot;link&quot;: {\n        &quot;url&quot;: &quot;https:\\\/\\\/www.blogs.uni-mainz.de\\\/fb08-nuclear-physics\\\/professors\\\/univ-prof-dr-michael-ostrick\\\/&quot;\n    },\n    &quot;align&quot;: &quot;wide&quot;,\n    &quot;showInActions&quot;: false,\n    &quot;allowNesting&quot;: true,\n    &quot;showExpandableContent&quot;: false,\n    &quot;expandableContent&quot;: &quot;&quot;\n}\">\n    \n<\/jgu-base-listitem>\n\n<\/jgu-base-listitem><\/ul>\n\n<\/ul><\/div>\n\n\n\n<div class=\"wp-block-column is-layout-flow wp-block-column-is-layout-flow\"><ul class=\"styled-list hyphenation\">\n\t\n<ul class=\"styled-list hyphenation\"><jgu-base-listitem react-props=\"{\n    &quot;icon&quot;: &quot;address-card-solid&quot;,\n    &quot;title&quot;: &quot;Prof. Dr. Randolf Pohl (&lt;a href=\\&quot;https:\\\/\\\/physics.uni-mainz.de\\\/de\\\/home\\\/physikalische-forschung\\\/forschungsfelder\\\/atom-quantenphysik\\\/\\&quot;&gt;Quanten-, Atom- &amp;amp; Neutronenphysik&lt;\\\/a&gt;)&quot;,\n    &quot;uuid&quot;: &quot;1737120372115&quot;,\n    &quot;align&quot;: &quot;wide&quot;,\n    &quot;showInActions&quot;: false,\n    &quot;allowNesting&quot;: true,\n    &quot;showExpandableContent&quot;: false,\n    &quot;expandableContent&quot;: &quot;&quot;,\n    &quot;link&quot;: {\n        &quot;url&quot;: &quot;&quot;\n    }\n}\">\n    \n<\/jgu-base-listitem>\n\n<jgu-base-listitem react-props=\"{\n    &quot;icon&quot;: &quot;address-card-solid&quot;,\n    &quot;title&quot;: &quot;&lt;a href=\\&quot;https:\\\/\\\/kph-th.physics.uni-mainz.de\\\/scherer-stefan\\\/\\&quot;&gt;Prof. Dr. Stefan Scherer&lt;\\\/a&gt; &lt;a href=\\&quot;https:\\\/\\\/www.kernphysik.uni-mainz.de\\\/\\&quot;&gt;(Institut f\\u00fcr Kernphysik&lt;\\\/a&gt;)&quot;,\n    &quot;uuid&quot;: &quot;1737120372115&quot;,\n    &quot;link&quot;: {\n        &quot;url&quot;: &quot;https:\\\/\\\/kph-th.physics.uni-mainz.de\\\/scherer-stefan\\\/&quot;\n    },\n    &quot;align&quot;: &quot;wide&quot;,\n    &quot;showInActions&quot;: false,\n    &quot;allowNesting&quot;: true,\n    &quot;showExpandableContent&quot;: false,\n    &quot;expandableContent&quot;: &quot;&quot;\n}\">\n    \n<\/jgu-base-listitem>\n\n<jgu-base-listitem react-props=\"{\n    &quot;icon&quot;: &quot;address-card-solid&quot;,\n    &quot;title&quot;: &quot;Prof. Dr. Concettina Sfienti &lt;a href=\\&quot;https:\\\/\\\/www.kernphysik.uni-mainz.de\\\/\\&quot;&gt;(Institut f\\u00fcr Kernphysik&lt;\\\/a&gt;)&quot;,\n    &quot;uuid&quot;: &quot;1737120372115&quot;,\n    &quot;align&quot;: &quot;wide&quot;,\n    &quot;showInActions&quot;: false,\n    &quot;allowNesting&quot;: true,\n    &quot;showExpandableContent&quot;: false,\n    &quot;expandableContent&quot;: &quot;&quot;,\n    &quot;link&quot;: {\n        &quot;url&quot;: &quot;&quot;\n    }\n}\">\n    \n<jgu-base-listitem react-props=\"{\n    &quot;icon&quot;: &quot;arrow-right-solid&quot;,\n    &quot;title&quot;: &quot;&lt;a href=\\&quot;https:\\\/\\\/agsfienti.uni-mainz.de\\\/\\&quot;&gt;Gruppe von Concettina Sfienti&lt;\\\/a&gt;&quot;,\n    &quot;uuid&quot;: &quot;1737120429648&quot;,\n    &quot;link&quot;: {\n        &quot;url&quot;: &quot;https:\\\/\\\/agsfienti.uni-mainz.de\\\/&quot;\n    },\n    &quot;align&quot;: &quot;wide&quot;,\n    &quot;showInActions&quot;: false,\n    &quot;allowNesting&quot;: true,\n    &quot;showExpandableContent&quot;: false,\n    &quot;expandableContent&quot;: &quot;&quot;\n}\">\n    \n<\/jgu-base-listitem>\n\n<\/jgu-base-listitem>\n\n<jgu-base-listitem react-props=\"{\n    &quot;icon&quot;: &quot;address-card-solid&quot;,\n    &quot;title&quot;: &quot;&lt;a href=\\&quot;https:\\\/\\\/kph-th.physics.uni-mainz.de\\\/vanderhaeghen-marc\\\/\\&quot;&gt;Prof. Dr. Marc Vanderhaeghen&lt;\\\/a&gt; &lt;a href=\\&quot;https:\\\/\\\/www.kernphysik.uni-mainz.de\\\/\\&quot;&gt;(Institut f\\u00fcr Kernphysik&lt;\\\/a&gt;)&quot;,\n    &quot;uuid&quot;: &quot;1737120372115&quot;,\n    &quot;link&quot;: {\n        &quot;url&quot;: &quot;https:\\\/\\\/kph-th.physics.uni-mainz.de\\\/vanderhaeghen-marc\\\/&quot;\n    },\n    &quot;align&quot;: &quot;wide&quot;,\n    &quot;showInActions&quot;: false,\n    &quot;allowNesting&quot;: true,\n    &quot;showExpandableContent&quot;: false,\n    &quot;expandableContent&quot;: &quot;&quot;\n}\">\n    \n<\/jgu-base-listitem>\n\n<jgu-base-listitem react-props=\"{\n    &quot;icon&quot;: &quot;address-card-solid&quot;,\n    &quot;title&quot;: &quot;&lt;a href=\\&quot;https:\\\/\\\/kph-th.physics.uni-mainz.de\\\/hippel-von-georg\\\/\\&quot;&gt;Prof. Dr. Georg von Hippel&lt;\\\/a&gt; &lt;a href=\\&quot;https:\\\/\\\/www.kernphysik.uni-mainz.de\\\/\\&quot;&gt;(Institut f\\u00fcr Kernphysik&lt;\\\/a&gt;)&quot;,\n    &quot;uuid&quot;: &quot;1737120372115&quot;,\n    &quot;link&quot;: {\n        &quot;url&quot;: &quot;https:\\\/\\\/kph-th.physics.uni-mainz.de\\\/hippel-von-georg\\\/&quot;\n    },\n    &quot;align&quot;: &quot;wide&quot;,\n    &quot;showInActions&quot;: false,\n    &quot;allowNesting&quot;: true,\n    &quot;showExpandableContent&quot;: false,\n    &quot;expandableContent&quot;: &quot;&quot;\n}\">\n    \n<\/jgu-base-listitem>\n\n<jgu-base-listitem react-props=\"{\n    &quot;icon&quot;: &quot;address-card-solid&quot;,\n    &quot;title&quot;: &quot;&lt;a href=\\&quot;https:\\\/\\\/kph-th.physics.uni-mainz.de\\\/wittig-hartmut\\\/\\&quot;&gt;Prof. Dr. Hartmut Wittig&lt;\\\/a&gt; &lt;a href=\\&quot;https:\\\/\\\/www.kernphysik.uni-mainz.de\\\/\\&quot;&gt;(Institut f\\u00fcr Kernphysik&lt;\\\/a&gt;)&quot;,\n    &quot;uuid&quot;: &quot;1737120372115&quot;,\n    &quot;link&quot;: {\n        &quot;url&quot;: &quot;https:\\\/\\\/kph-th.physics.uni-mainz.de\\\/wittig-hartmut\\\/&quot;\n    },\n    &quot;align&quot;: &quot;wide&quot;,\n    &quot;showInActions&quot;: false,\n    &quot;allowNesting&quot;: true,\n    &quot;showExpandableContent&quot;: false,\n    &quot;expandableContent&quot;: &quot;&quot;\n}\">\n    \n<\/jgu-base-listitem><\/ul>\n\n<\/ul><\/div>\n<\/div>\n<\/div><\/div>\n<\/jgu-base-section>\n\n\n<p class=\"has-big-font-size\"><\/p>\n    <div style=\"display: none\">\n        \n    <\/div>","protected":false},"excerpt":{"rendered":"<p>Johannes Gutenberg-Universit\u00e4t Mainz &gt; Fachbereich 08 &gt; Physik &gt; Physikforschung &gt; Forschungsfelder &gt; Hadronen- &amp; Kernphysik<\/p>\n","protected":false},"author":311,"featured_media":0,"parent":16008,"menu_order":0,"comment_status":"closed","ping_status":"closed","template":"","meta":{"footnotes":""},"categories":[66],"tags":[],"class_list":["post-15675","page","type-page","status-publish","hentry","category-forschungsfeld-seiten"],"content_raw":"<!-- wp:jgu\/pageheader {\"items\":[{\"box\":{\"index\":\"Die aufregende Welt der\",\"title\":\"Hadronen- \\u0026amp; Kernphysik\",\"link\":{\"url\":\"\",\"title\":\"Mehr erfahren\"}},\"color\":\"default\",\"image\":{\"url\":\"\"},\"imgCredit\":\"\",\"useVideo\":false,\"video\":false}],\"type\":\"border\"} \/-->\n\n<!-- wp:paragraph -->\n<p class=\"has-big-font-size\"><a href=\"https:\/\/www.uni-mainz.de\/\">Johannes Gutenberg-Universit\u00e4t Mainz<\/a> &gt; <a href=\"https:\/\/www.phmi.uni-mainz.de\/\">Fachbereich 08<\/a> &gt; <a href=\"https:\/\/cms.zdv.uni-mainz.de\/fb08-physics\/de\/\">Physik<\/a> &gt; <a href=\"https:\/\/physics.uni-mainz.de\/de\/home\/physikalische-forschung\/\">Physikforschung<\/a> &gt; <a href=\"https:\/\/physics.uni-mainz.de\/de\/home\/physikalische-forschung\/forschungsfelder\/\">Forschungsfelder<\/a> &gt; Hadronen- &amp; Kernphysik<\/p>\n<!-- \/wp:paragraph -->\n\n<!-- wp:spacer -->\n<div style=\"height:90px\" aria-hidden=\"true\" class=\"wp-block-spacer\"><\/div>\n<!-- \/wp:spacer -->\n\n<!-- wp:jgu\/anchornavigation \/-->\n\n<!-- wp:jgu\/anchorpoint {\"title\":\"Hadronen- \\u0026amp; Kernstruktur\",\"slug\":\"hadronen-kernstruktur\"} \/-->\n\n<!-- wp:jgu\/section {\"color\":\"white\"} -->\n<div class=\"jgu-bgsection bg bg-white \"><div class=\"content padding-medium\"><!-- wp:columns {\"className\":\"\"} -->\n<div class=\"wp-block-columns\"><!-- wp:column {\"width\":\"33.33%\"} -->\n<div class=\"wp-block-column\" style=\"flex-basis:33.33%\"><!-- wp:jgu\/heading {\"tags\":{\"htmlTag\":\"h2\",\"classTag\":\"\",\"tag\":\"h2\"},\"heading\":\"Hadronen- \\u0026amp; Kernstruktur\"} \/-->\n\n<!-- wp:jgu\/image {\"image\":{\"url\":null,\"id\":12072,\"hideImageDescription\":true}} \/--><\/div>\n<!-- \/wp:column -->\n\n<!-- wp:column {\"width\":\"66.66%\"} -->\n<div class=\"wp-block-column\" style=\"flex-basis:66.66%\"><!-- wp:spacer {\"height\":\"54px\"} -->\n<div style=\"height:54px\" aria-hidden=\"true\" class=\"wp-block-spacer\"><\/div>\n<!-- \/wp:spacer -->\n\n<!-- wp:paragraph -->\n<p class=\"has-big-font-size\">Wie gro\u00df sind Proton, andere Hadronen und Atomkerne? Wie sind sie geformt? Diese Fragen wollen wir durch verschiedene experimentelle Verfahren beantworten. Diese reichen von Formfaktormessungen bei der Elektronenstreuung mit unseren einzigartigen Elektronenbeschleunigern MAMI und MESA \u00fcber Elektron-Positron-Kollisionen bis hin zu Ladungsradiusmessungen mit Myonenatomen. Gleichzeitig entwickeln wir theoretische Methoden und f\u00fchren Berechnungen durch, die zur Korrektur und Auswertung dieser Messungen erforderlich sind.   <\/p>\n<!-- \/wp:paragraph -->\n\n<!-- wp:jgu\/accordion {\"selected\":1,\"hasAllOpenButton\":false} -->\n<!-- wp:jgu\/accordion-item {\"title\":\"Experimentelle \\u0026amp; theoretische Forschungsgruppen\",\"init\":false,\"slug\":\"experimentelle-theoretische-forschungsgruppen\"} -->\n<!-- wp:columns {\"className\":\"\"} -->\n<div class=\"wp-block-columns\"><!-- wp:column -->\n<div class=\"wp-block-column\"><!-- wp:jgu\/contact-card {\"name\":\"\\u003cstrong\\u003eProf. Dr. \\u003c\/strong\\u003ePatrick Achenbach\",\"avatar\":{\"id\":19251,\"url\":null,\"hideImageDescription\":false},\"color\":\"blue-gray\"} -->\n<!-- wp:jgu\/list-item {\"icon\":\"lightbulb-solid\",\"title\":\"Hadronenphysik, Physik seltsamer Kerne; Magnetische Spektrometer \",\"uuid\":\"1726244894144\"} \/-->\n\n<!-- wp:jgu\/list-item {\"icon\":\"university-solid\",\"title\":\"\\u003ca href=\\u0022https:\/\/www.kernphysik.uni-mainz.de\/\\u0022\\u003eInstitut f\u00fcr Kernphysik\\u003c\/a\\u003e\",\"uuid\":\"1737119543817\",\"link\":{\"url\":\"https:\/\/www.kernphysik.uni-mainz.de\/\"}} \/-->\n<!-- \/wp:jgu\/contact-card --><\/div>\n<!-- \/wp:column -->\n\n<!-- wp:column -->\n<div class=\"wp-block-column\"><!-- wp:jgu\/contact-card {\"name\":\"\\u003cstrong\\u003eProf. Dr. \\u003c\/strong\\u003eSonia Bacca\",\"avatar\":{\"id\":19384,\"url\":null,\"hideImageDescription\":false},\"color\":\"blue-gray\"} -->\n<!-- wp:jgu\/list-item {\"icon\":\"lightbulb-solid\",\"title\":\"Kernstruktur, Kernreaktion, Wenig- und Vielteilchentheorie\",\"uuid\":\"1726244894144\"} \/-->\n\n<!-- wp:jgu\/list-item {\"icon\":\"address-card-solid\",\"title\":\"\\u003ca href=\\u0022https:\/\/kph-th.physics.uni-mainz.de\/bacca-sonia\/\\u0022\\u003eInformationen zur Person\\u003c\/a\\u003e\",\"uuid\":\"1726244894144\",\"link\":{\"url\":\"https:\/\/kph-th.physics.uni-mainz.de\/bacca-sonia\/\"}} \/-->\n\n<!-- wp:jgu\/list-item {\"icon\":\"university-solid\",\"title\":\"\\u003ca href=\\u0022https:\/\/www.kernphysik.uni-mainz.de\/\\u0022\\u003eInstitut f\u00fcr Kernphysik\\u003c\/a\\u003e\",\"uuid\":\"1737119550409\",\"link\":{\"url\":\"https:\/\/www.kernphysik.uni-mainz.de\/\"}} \/-->\n<!-- \/wp:jgu\/contact-card --><\/div>\n<!-- \/wp:column -->\n\n<!-- wp:column -->\n<div class=\"wp-block-column\"><!-- wp:jgu\/contact-card {\"name\":\"\\u003cstrong\\u003eProf. Dr. Pierre Capel\\u003c\/strong\\u003e\",\"avatar\":{\"id\":10551,\"url\":null,\"hideImageDescription\":false},\"color\":\"blue-gray\"} -->\n<!-- wp:jgu\/list-item {\"icon\":\"lightbulb-solid\",\"title\":\"Kernreaktionstheorie, Halo-Kerne, Zerfalls-, Knockout- und Transferreaktionen, nukleare Astrophysik\",\"uuid\":\"1726244894144\"} \/-->\n\n<!-- wp:jgu\/list-item {\"icon\":\"address-card-solid\",\"title\":\"\\u003ca href=\\u0022https:\/\/kph-th.physics.uni-mainz.de\/capel-pierre\/\\u0022\\u003eInformationen zur Person\\u003c\/a\\u003e\",\"uuid\":\"1726244894144\",\"link\":{\"url\":\"https:\/\/kph-th.physics.uni-mainz.de\/capel-pierre\/\"}} \/-->\n\n<!-- wp:jgu\/list-item {\"icon\":\"university-solid\",\"title\":\"\\u003ca href=\\u0022https:\/\/www.kernphysik.uni-mainz.de\/\\u0022\\u003eInstitut f\u00fcr Kernphysik\\u003c\/a\\u003e\",\"uuid\":\"1751294537916\",\"link\":{\"url\":\"https:\/\/www.kernphysik.uni-mainz.de\/\"}} \/-->\n<!-- \/wp:jgu\/contact-card --><\/div>\n<!-- \/wp:column --><\/div>\n<!-- \/wp:columns -->\n\n<!-- wp:columns {\"className\":\"\"} -->\n<div class=\"wp-block-columns\"><!-- wp:column -->\n<div class=\"wp-block-column\"><!-- wp:jgu\/contact-card {\"name\":\"\\u003cstrong\\u003eProf. Dr. Achim Denig\\u003c\/strong\\u003e\",\"avatar\":{\"id\":19257,\"url\":null,\"hideImageDescription\":false},\"color\":\"blue-gray\"} -->\n<!-- wp:jgu\/list-item {\"icon\":\"lightbulb-solid\",\"title\":\"Pr\u00e4zisions-Hadronen-\/Teilchenphysik (g-2, Exotika, Dunkle Materie)\",\"uuid\":\"1726244894144\"} \/-->\n\n<!-- wp:jgu\/list-item {\"icon\":\"address-card-solid\",\"title\":\"\\u003ca href=\\u0022https:\/\/ag-denig.physics.uni-mainz.de\/startpage-ag-denig\/univ-prof-dr-achim-denig\/\\u0022\\u003eInformationen zur Person\\u003c\/a\\u003e\",\"uuid\":\"1773411103333\",\"link\":{\"url\":\"https:\/\/ag-denig.physics.uni-mainz.de\/startpage-ag-denig\/univ-prof-dr-achim-denig\/\"}} \/-->\n\n<!-- wp:jgu\/list-item {\"icon\":\"arrow-right-solid\",\"title\":\"\\u003ca href=\\u0022https:\/\/ag-denig.physics.uni-mainz.de\/\\u0022\\u003eGruppe von Achim Denig\\u003c\/a\\u003e\",\"uuid\":\"1773411104301\",\"link\":{\"url\":\"https:\/\/ag-denig.physics.uni-mainz.de\/\"}} \/-->\n\n<!-- wp:jgu\/list-item {\"icon\":\"university-solid\",\"title\":\"\\u003ca href=\\u0022https:\/\/www.kernphysik.uni-mainz.de\/\\u0022\\u003eInstitut f\u00fcr Kernphysik\\u003c\/a\\u003e\",\"uuid\":\"1737119556643\",\"link\":{\"url\":\"https:\/\/www.kernphysik.uni-mainz.de\/\"}} \/-->\n<!-- \/wp:jgu\/contact-card --><\/div>\n<!-- \/wp:column -->\n\n<!-- wp:column -->\n<div class=\"wp-block-column\"><!-- wp:jgu\/contact-card {\"name\":\"\\u003cstrong\\u003eProf. Dr. \\u003c\/strong\\u003eLuca Doria\",\"avatar\":{\"id\":19261,\"url\":null,\"hideImageDescription\":false},\"color\":\"blue-gray\"} -->\n<!-- wp:jgu\/list-item {\"icon\":\"lightbulb-solid\",\"title\":\"Dunkle Materie, Astroteilchenphysik, Hadronen- und Kernphysik, Maschinelles Lernen\",\"uuid\":\"1726244894144\"} \/-->\n\n<!-- wp:jgu\/list-item {\"icon\":\"arrow-right-solid\",\"title\":\"\\u003ca href=\\u0022https:\/\/www.staff.uni-mainz.de\/doria\\u0022\\u003eGruppe von Luca Doria \\u003c\/a\\u003e\",\"uuid\":\"1734087422868\",\"link\":{\"url\":\"https:\/\/www.staff.uni-mainz.de\/doria\"}} \/-->\n\n<!-- wp:jgu\/list-item {\"icon\":\"university-solid\",\"title\":\"\\u003ca href=\\u0022https:\/\/www.kernphysik.uni-mainz.de\/\\u0022\\u003eInstitut f\u00fcr Kernphysik\\u003c\/a\\u003e\",\"uuid\":\"1746439853509\",\"link\":{\"url\":\"https:\/\/www.kernphysik.uni-mainz.de\/\"}} \/-->\n<!-- \/wp:jgu\/contact-card --><\/div>\n<!-- \/wp:column -->\n\n<!-- wp:column -->\n<div class=\"wp-block-column\"><!-- wp:jgu\/contact-card {\"name\":\"\\u003cstrong\\u003eDr. Franziska Hagelstein\\u003c\/strong\\u003e\",\"avatar\":{\"id\":13369,\"url\":null,\"hideImageDescription\":false},\"color\":\"blue-gray\"} -->\n<!-- wp:jgu\/list-item {\"icon\":\"lightbulb-solid\",\"title\":\"Dispersionsbeziehungen \\u0026amp; EFTs,\\u003cbr\\u003eNukleonenstruktur, Muonische Atome \\u0026amp; Muon g-2 \",\"uuid\":\"1726244894144\"} \/-->\n\n<!-- wp:jgu\/list-item {\"icon\":\"address-card-solid\",\"title\":\"\\u003ca href=\\u0022https:\/\/wwwth.kph.uni-mainz.de\/hagelstein-franziska\/\\u0022\\u003eInformationen zur Person\\u003c\/a\\u003e\",\"uuid\":\"1734087422868\",\"link\":{\"url\":\"https:\/\/wwwth.kph.uni-mainz.de\/hagelstein-franziska\/\"}} \/-->\n\n<!-- wp:jgu\/list-item {\"icon\":\"university-solid\",\"title\":\"\\u003ca href=\\u0022https:\/\/www.kernphysik.uni-mainz.de\/\\u0022\\u003eInstitut f\u00fcr Kernphysik\\u003c\/a\\u003e\",\"uuid\":\"1737119550409\",\"link\":{\"url\":\"https:\/\/www.kernphysik.uni-mainz.de\/\"}} \/-->\n<!-- \/wp:jgu\/contact-card --><\/div>\n<!-- \/wp:column --><\/div>\n<!-- \/wp:columns -->\n\n<!-- wp:columns {\"className\":\"\"} -->\n<div class=\"wp-block-columns\"><!-- wp:column -->\n<div class=\"wp-block-column\"><!-- wp:jgu\/contact-card {\"name\":\"\\u003cstrong\\u003eProf. Dr. Tyler Kutz\\u003c\/strong\\u003e\",\"avatar\":{\"id\":13260,\"url\":null,\"hideImageDescription\":false},\"color\":\"blue-gray\"} -->\n<!-- wp:jgu\/list-item {\"icon\":\"lightbulb-solid\",\"title\":\"Hadronen- und Kernphysik, fundamentale Wechselwirkungen\",\"uuid\":\"1726244894144\"} \/-->\n\n<!-- wp:jgu\/list-item {\"icon\":\"university-solid\",\"title\":\"\\u003ca href=\\u0022https:\/\/www.kernphysik.uni-mainz.de\/\\u0022\\u003eInstitut f\u00fcr Kernphysik\\u003c\/a\\u003e\",\"uuid\":\"1737119556643\",\"link\":{\"url\":\"https:\/\/www.kernphysik.uni-mainz.de\/\"}} \/-->\n<!-- \/wp:jgu\/contact-card --><\/div>\n<!-- \/wp:column -->\n\n<!-- wp:column -->\n<div class=\"wp-block-column\"><!-- wp:jgu\/contact-card {\"name\":\"\\u003cstrong\\u003eProf. Dr. Frank Maas\\u003c\/strong\\u003e\",\"avatar\":{\"id\":12057,\"url\":null,\"hideImageDescription\":false},\"color\":\"blue-gray\"} -->\n<!-- wp:jgu\/list-item {\"icon\":\"lightbulb-solid\",\"title\":\"Experimentelle Hadronenstruktur und Tests des Standardmodells \",\"uuid\":\"1726244894144\"} \/-->\n\n<!-- wp:jgu\/list-item {\"icon\":\"university-solid\",\"title\":\"\\u003ca href=\\u0022https:\/\/www.kernphysik.uni-mainz.de\/\\u0022\\u003eInstitut f\u00fcr Kernphysik\\u003c\/a\\u003e\",\"uuid\":\"1737119543817\",\"link\":{\"url\":\"https:\/\/www.kernphysik.uni-mainz.de\/\"}} \/-->\n<!-- \/wp:jgu\/contact-card --><\/div>\n<!-- \/wp:column -->\n\n<!-- wp:column -->\n<div class=\"wp-block-column\"><!-- wp:jgu\/contact-card {\"name\":\"\\u003cstrong\\u003eProf. Dr. \\u003c\/strong\\u003eHarald Merkel\",\"avatar\":{\"id\":19266,\"url\":null,\"hideImageDescription\":false,\"credit\":\"\"},\"color\":\"blue-gray\"} -->\n<!-- wp:jgu\/list-item {\"icon\":\"lightbulb-solid\",\"title\":\"Elektronenstreuungsexperimente, Hadronenstruktur, Kernastrophysik, few body reactions, Kernphysik\",\"uuid\":\"1737119550409\"} \/-->\n\n<!-- wp:jgu\/list-item {\"icon\":\"arrow-right-solid\",\"title\":\"\\u003ca href=\\u0022https:\/\/magix.uni-mainz.de\/\\u0022\\u003eMAGIX collaboration\\u003c\/a\\u003e\",\"uuid\":\"1737119550409\",\"link\":{\"url\":\"https:\/\/magix.uni-mainz.de\/\"}} \/-->\n\n<!-- wp:jgu\/list-item {\"icon\":\"university-solid\",\"title\":\"\\u003ca href=\\u0022https:\/\/www.kernphysik.uni-mainz.de\/\\u0022\\u003eInstitut f\u00fcr Kernphysik\\u003c\/a\\u003e\",\"uuid\":\"1737119550409\",\"link\":{\"url\":\"https:\/\/www.kernphysik.uni-mainz.de\/\"}} \/-->\n<!-- \/wp:jgu\/contact-card --><\/div>\n<!-- \/wp:column --><\/div>\n<!-- \/wp:columns -->\n\n<!-- wp:columns {\"className\":\"\"} -->\n<div class=\"wp-block-columns\"><!-- wp:column -->\n<div class=\"wp-block-column\"><!-- wp:jgu\/contact-card {\"name\":\"\\u003cstrong\\u003eProf. Dr. Michael\\u003c\/strong\\u003e Ostrick\",\"avatar\":{\"id\":12051,\"url\":null,\"hideImageDescription\":false},\"color\":\"blue-gray\"} -->\n<!-- wp:jgu\/list-item {\"icon\":\"lightbulb-solid\",\"title\":\"Experimentelle Hadronenphysik: Struktur und Spektrum \",\"uuid\":\"1726244894144\"} \/-->\n\n<!-- wp:jgu\/list-item {\"icon\":\"arrow-right-solid\",\"title\":\"\\u003ca href=\\u0022https:\/\/www.blogs.uni-mainz.de\/fb08-nuclear-physics\/professors\/univ-prof-dr-michael-ostrick\/\\u0022\\u003eGruppe von Michael Ostrick\\u003c\/a\\u003e\",\"uuid\":\"1734087422868\",\"link\":{\"url\":\"https:\/\/www.blogs.uni-mainz.de\/fb08-nuclear-physics\/professors\/univ-prof-dr-michael-ostrick\/\"}} \/-->\n\n<!-- wp:jgu\/list-item {\"icon\":\"university-solid\",\"title\":\"\\u003ca href=\\u0022https:\/\/www.kernphysik.uni-mainz.de\/\\u0022\\u003eInstitut f\u00fcr Kernphysik\\u003c\/a\\u003e\",\"uuid\":\"1737119556643\",\"link\":{\"url\":\"https:\/\/www.kernphysik.uni-mainz.de\/\"}} \/-->\n<!-- \/wp:jgu\/contact-card --><\/div>\n<!-- \/wp:column -->\n\n<!-- wp:column -->\n<div class=\"wp-block-column\"><!-- wp:jgu\/contact-card {\"name\":\"\\u003cstrong\\u003eProf. Dr. \\u003c\/strong\\u003eRandolf Pohl\",\"avatar\":{\"id\":14388,\"url\":null,\"hideImageDescription\":false,\"credit\":\"\"},\"color\":\"blue-gray\"} -->\n<!-- wp:jgu\/list-item {\"icon\":\"university-solid\",\"title\":\"\\u003ca href=\\u0022https:\/\/physics.uni-mainz.de\/de\/home\/physikalische-forschung\/forschungsfelder\/atom-quantenphysik\/\\u0022\\u003eQuanten-, Atom- und Neutronenphysik (QUANTUM)\\u003c\/a\\u003e\",\"uuid\":\"1737119543817\",\"link\":{\"url\":\"https:\/\/physics.uni-mainz.de\/de\/home\/physikalische-forschung\/forschungsfelder\/atom-quantenphysik\/\"}} \/-->\n<!-- \/wp:jgu\/contact-card --><\/div>\n<!-- \/wp:column -->\n\n<!-- wp:column -->\n<div class=\"wp-block-column\"><!-- wp:jgu\/contact-card {\"name\":\"\\u003cstrong\\u003eProf. Dr. Concettina Sfienti\\u003c\/strong\\u003e\",\"avatar\":{\"id\":10548,\"url\":null,\"hideImageDescription\":false},\"color\":\"blue-gray\"} -->\n<!-- wp:jgu\/list-item {\"icon\":\"lightbulb-solid\",\"title\":\"Experimentelle nukleare Astrophysik, Zustandsgleichung der Kernmaterie, Kernreaktionen\",\"uuid\":\"1726244894144\"} \/-->\n\n<!-- wp:jgu\/list-item {\"icon\":\"arrow-right-solid\",\"title\":\"\\u003ca href=\\u0022https:\/\/agsfienti.uni-mainz.de\/\\u0022\\u003eGruppe von Concettina Sfienti\\u003c\/a\\u003e \",\"uuid\":\"1734087422868\",\"link\":{\"url\":\"https:\/\/agsfienti.uni-mainz.de\/\"}} \/-->\n\n<!-- wp:jgu\/list-item {\"icon\":\"university-solid\",\"title\":\"\\u003ca href=\\u0022https:\/\/www.kernphysik.uni-mainz.de\/\\u0022\\u003eInstitut f\u00fcr Kernphysik\\u003c\/a\\u003e\",\"uuid\":\"1751294552349\",\"link\":{\"url\":\"https:\/\/www.kernphysik.uni-mainz.de\/\"}} \/-->\n<!-- \/wp:jgu\/contact-card --><\/div>\n<!-- \/wp:column --><\/div>\n<!-- \/wp:columns -->\n\n<!-- wp:columns {\"className\":\"\"} -->\n<div class=\"wp-block-columns\"><!-- wp:column -->\n<div class=\"wp-block-column\"><!-- wp:jgu\/contact-card {\"name\":\"\\u003cstrong\\u003eProf. Dr. \\u003c\/strong\\u003eMarc Vanderhaeghen\",\"avatar\":{\"id\":12042,\"url\":null,\"hideImageDescription\":false,\"credit\":\"\"},\"color\":\"blue-gray\"} -->\n<!-- wp:jgu\/list-item {\"icon\":\"lightbulb-solid\",\"title\":\"Theoretische Hadronenphysik: Hadronenstruktur und Ph\u00e4nomenologie \",\"uuid\":\"1737119550409\"} \/-->\n\n<!-- wp:jgu\/list-item {\"icon\":\"address-card-solid\",\"title\":\"\\u003ca href=\\u0022https:\/\/wwwth.kph.uni-mainz.de\/vanderhaeghen-marc\/\\u0022\\u003eInformationen zur Person\\u003c\/a\\u003e\",\"uuid\":\"1737119550409\",\"link\":{\"url\":\"https:\/\/wwwth.kph.uni-mainz.de\/vanderhaeghen-marc\/\"}} \/-->\n\n<!-- wp:jgu\/list-item {\"icon\":\"university-solid\",\"title\":\"\\u003ca href=\\u0022https:\/\/www.kernphysik.uni-mainz.de\/\\u0022\\u003eInstitut f\u00fcr Kernphysik\\u003c\/a\\u003e\",\"uuid\":\"1737119550409\",\"link\":{\"url\":\"https:\/\/www.kernphysik.uni-mainz.de\/\"}} \/-->\n<!-- \/wp:jgu\/contact-card --><\/div>\n<!-- \/wp:column -->\n\n<!-- wp:column -->\n<div class=\"wp-block-column\"><!-- wp:jgu\/contact-card {\"name\":\"\\u003cstrong\\u003eProf. Dr. Georg von Hippel\\u003c\/strong\\u003e\",\"avatar\":{\"id\":12171,\"url\":null,\"hideImageDescription\":false},\"color\":\"blue-gray\"} -->\n<!-- wp:jgu\/list-item {\"icon\":\"lightbulb-solid\",\"title\":\"Gitter-QCD, Hadronenstruktur, Pr\u00e4zisionsbeobachtungen\",\"uuid\":\"1726244894144\"} \/-->\n\n<!-- wp:jgu\/list-item {\"icon\":\"address-card-solid\",\"title\":\"\\u003ca href=\\u0022https:\/\/kph-th.physics.uni-mainz.de\/hippel-von-georg\/\\u0022\\u003eInformationen zur Person\\u003c\/a\\u003e\",\"uuid\":\"1734087422868\",\"link\":{\"url\":\"https:\/\/kph-th.physics.uni-mainz.de\/hippel-von-georg\/\"}} \/-->\n\n<!-- wp:jgu\/list-item {\"icon\":\"university-solid\",\"title\":\"\\u003ca href=\\u0022https:\/\/www.kernphysik.uni-mainz.de\/\\u0022\\u003eInstitut f\u00fcr Kernphysik\\u003c\/a\\u003e\",\"uuid\":\"1746441707686\",\"link\":{\"url\":\"https:\/\/www.kernphysik.uni-mainz.de\/\"}} \/-->\n<!-- \/wp:jgu\/contact-card --><\/div>\n<!-- \/wp:column -->\n\n<!-- wp:column -->\n<div class=\"wp-block-column\"><!-- wp:jgu\/contact-card {\"name\":\"\\u003cstrong\\u003eProf. Dr. Hartmut Wittig\\u003c\/strong\\u003e\",\"avatar\":{\"id\":19276,\"url\":null,\"hideImageDescription\":false},\"color\":\"blue-gray\"} -->\n<!-- wp:jgu\/list-item {\"icon\":\"lightbulb-solid\",\"title\":\"Lattice QCD: Hadronenspektroskopie und -struktur, Hadronische Beitr\u00e4ge zu Pr\u00e4zisionsbeobachtungsdaten\",\"uuid\":\"1726244894144\"} \/-->\n\n<!-- wp:jgu\/list-item {\"icon\":\"address-card-solid\",\"title\":\"\\u003ca href=\\u0022https:\/\/wwwth.kph.uni-mainz.de\/wittig-hartmut\/\\u0022\\u003eInformationen zur Person\\u003c\/a\\u003e\",\"uuid\":\"1734087422868\",\"link\":{\"url\":\"https:\/\/wwwth.kph.uni-mainz.de\/wittig-hartmut\/\"}} \/-->\n\n<!-- wp:jgu\/list-item {\"icon\":\"university-solid\",\"title\":\"\\u003ca href=\\u0022https:\/\/www.kernphysik.uni-mainz.de\/\\u0022\\u003eInstitut f\u00fcr Kernphysik\\u003c\/a\\u003e\",\"uuid\":\"1746439866517\",\"link\":{\"url\":\"https:\/\/www.kernphysik.uni-mainz.de\/\"}} \/-->\n<!-- \/wp:jgu\/contact-card --><\/div>\n<!-- \/wp:column --><\/div>\n<!-- \/wp:columns -->\n<!-- \/wp:jgu\/accordion-item -->\n\n<!-- wp:jgu\/accordion-item {\"title\":\"Experimente\",\"init\":false,\"slug\":\"experimente-1\"} -->\n<!-- wp:jgu\/tabs {\"layout\":{\"type\":\"flex\",\"flexWrap\":\"nowrap\",\"justifyContent\":\"left\",\"orientation\":\"vertical\"}} -->\n<!-- wp:jgu\/tabs-item {\"title\":\"A1\",\"slug\":\"a1\"} -->\n<!-- wp:columns -->\n<div class=\"wp-block-columns\"><!-- wp:column {\"width\":\"33.33%\"} -->\n<div class=\"wp-block-column\" style=\"flex-basis:33.33%\"><!-- wp:jgu\/heading {\"tags\":{\"htmlTag\":\"h2\",\"classTag\":\"\",\"tag\":\"h2\"},\"heading\":\"A1\"} \/-->\n\n<!-- wp:jgu\/image {\"image\":{\"url\":null,\"id\":12090},\"caption\":\"Experiment A1\"} \/--><\/div>\n<!-- \/wp:column -->\n\n<!-- wp:column {\"width\":\"66.66%\"} -->\n<div class=\"wp-block-column\" style=\"flex-basis:66.66%\"><!-- wp:paragraph -->\n<p class=\"has-big-font-size\">Die A1-Kollaboration mit 50 Mitgliedern aus 20 L\u00e4ndern konzentriert sich auf die Hadronenstruktur. Der Aufbau des Spektrometers ist besonders daf\u00fcr geeignet, grundlegende Eigenschaften des Nukleons zu erforschen, zum Beispiel Ladungsverteilungen durch Messungen des elastischen Formfaktors und verallgemeinerte Polarisierbarkeiten durch virtuelle Compton-Streuung. Die Mesonenproduktion gibt Aufschluss \u00fcber die Resonanzstruktur des Nukleons und die Eigenschaften des Mesons.  <\/p>\n<!-- \/wp:paragraph -->\n\n<!-- wp:jgu\/button -->\n<!-- wp:jgu\/button-item {\"text\":\"Mehr erfahren\",\"link\":{\"url\":\"https:\/\/wwwa1.kph.uni-mainz.de\/\"}} \/-->\n<!-- \/wp:jgu\/button --><\/div>\n<!-- \/wp:column --><\/div>\n<!-- \/wp:columns -->\n<!-- \/wp:jgu\/tabs-item -->\n\n<!-- wp:jgu\/tabs-item {\"title\":\"A2\",\"slug\":\"a2\"} -->\n<!-- wp:columns -->\n<div class=\"wp-block-columns\"><!-- wp:column {\"width\":\"33.33%\"} -->\n<div class=\"wp-block-column\" style=\"flex-basis:33.33%\"><!-- wp:jgu\/heading {\"tags\":{\"htmlTag\":\"h2\",\"classTag\":\"\",\"tag\":\"h2\"},\"heading\":\"A2\"} \/-->\n\n<!-- wp:jgu\/image {\"image\":{\"url\":null,\"id\":12096},\"caption\":\"Experiment A2\"} \/--><\/div>\n<!-- \/wp:column -->\n\n<!-- wp:column {\"width\":\"66.66%\"} -->\n<div class=\"wp-block-column\" style=\"flex-basis:66.66%\"><!-- wp:paragraph -->\n<p class=\"has-big-font-size\">Ein Photon, das auf ein Nukleon trifft, koppelt an den elektromagnetischen Strom des Nukleons und bewirkt, dass es Mesonen abstrahlt, wenn die Photonenenergie hoch genug ist. Solche Reaktionen, die durch zirkular und linear polarisierte reale Photonen bis zu Energien von 1,5 GeV ausgel\u00f6st werden, werden von der internationalen A2 Kollaboration am MAMI untersucht. <\/p>\n<!-- \/wp:paragraph -->\n\n<!-- wp:jgu\/button -->\n<!-- wp:jgu\/button-item {\"text\":\"Mehr erfahren\",\"link\":{\"url\":\"https:\/\/wwwa2.kph.uni-mainz.de\/\"}} \/-->\n<!-- \/wp:jgu\/button --><\/div>\n<!-- \/wp:column --><\/div>\n<!-- \/wp:columns -->\n<!-- \/wp:jgu\/tabs-item -->\n\n<!-- wp:jgu\/tabs-item {\"title\":\"AMBER\",\"slug\":\"amber\"} -->\n<!-- wp:columns -->\n<div class=\"wp-block-columns\"><!-- wp:column {\"width\":\"33.33%\"} -->\n<div class=\"wp-block-column\" style=\"flex-basis:33.33%\"><!-- wp:jgu\/heading {\"tags\":{\"htmlTag\":\"h2\",\"classTag\":\"\",\"tag\":\"h2\"},\"heading\":\"AMBER\"} \/-->\n\n<!-- wp:jgu\/image {\"image\":{\"url\":null,\"id\":12099},\"caption\":\"Experiment AMBER\"} \/--><\/div>\n<!-- \/wp:column -->\n\n<!-- wp:column {\"width\":\"66.66%\"} -->\n<div class=\"wp-block-column\" style=\"flex-basis:66.66%\"><!-- wp:paragraph -->\n<p class=\"has-big-font-size\">Protonen sind einer der wichtigsten Bausteine des sichtbaren Universums. Zusammen mit Neutronen bilden sie die Kerne eines jeden Atoms. Dennoch gibt es Fragen zu einigen der grundlegendsten Eigenschaften des Protons, wie seine Gr\u00f6\u00dfe, seine innere Struktur und seinen Eigendrehimpuls. Im Dezember 2020 genehmigte das CERN Research Board die erste Phase (\"Phase-1\") eines neuen Experiments, das zur Kl\u00e4rung einiger dieser Fragen beitragen wird. <a href=\"https:\/\/nqf-m2.web.cern.ch\/\">AMBER<\/a>, oder Apparatus for Meson and Baryon Experimental Research, wird die n\u00e4chste Generation des <a href=\"https:\/\/home.cern\/science\/experiments\/compass\">COMPASS-Experiments<\/a> sein.   <\/p>\n<!-- \/wp:paragraph -->\n\n<!-- wp:jgu\/button -->\n<!-- wp:jgu\/button-item {\"text\":\"Mehr erfahren\",\"link\":{\"url\":\"https:\/\/home.cern\/news\/news\/physics\/meet-amber\",\"linkTarget\":\"\",\"rel\":\"\"}} \/-->\n<!-- \/wp:jgu\/button --><\/div>\n<!-- \/wp:column --><\/div>\n<!-- \/wp:columns -->\n<!-- \/wp:jgu\/tabs-item -->\n\n<!-- wp:jgu\/tabs-item {\"title\":\"BESIII\",\"slug\":\"besiii\"} -->\n<!-- wp:columns -->\n<div class=\"wp-block-columns\"><!-- wp:column {\"width\":\"33.33%\"} -->\n<div class=\"wp-block-column\" style=\"flex-basis:33.33%\"><!-- wp:jgu\/heading {\"tags\":{\"htmlTag\":\"h2\",\"classTag\":\"\",\"tag\":\"h2\"},\"heading\":\"BESIII\"} \/-->\n\n<!-- wp:jgu\/image {\"image\":{\"url\":null,\"id\":12105},\"caption\":\"Experiment BESIII\"} \/--><\/div>\n<!-- \/wp:column -->\n\n<!-- wp:column {\"width\":\"66.66%\"} -->\n<div class=\"wp-block-column\" style=\"flex-basis:66.66%\"><!-- wp:paragraph -->\n<p class=\"has-big-font-size\">Das Institut f\u00fcr Hochenergiephysik der Chinesischen Akademie der Wissenschaften in Peking betreibt einen Elektron-Positron-Collider namens BEPC-II (Beijing electron-positron collider II). Er ist f\u00fcr Schwerpunktsenergien zwischen 2 und 5 GeV ausgelegt, was die Untersuchung von Charmonium mit sehr hoher Statistik erm\u00f6glicht. Die geplante Luminosit\u00e4t betr\u00e4gt 10<sup>33<\/sup> cm<sup>-2<\/sup> s<sup>-1<\/sup>. Seit 2009 werden Messungen bei verschiedenen Kollisionsenergien mit dem BESIII (Beijing Spectrometer III) Detektor durchgef\u00fchrt.   <\/p>\n<!-- \/wp:paragraph -->\n\n<!-- wp:jgu\/button -->\n<!-- wp:jgu\/button-item {\"text\":\"Mehr erfahren\",\"link\":{\"url\":\"https:\/\/www.blogs.uni-mainz.de\/fb08-nuclear-physics\/experiments\/external-experiments\/experiment-besiii\/\",\"linkTarget\":\"\",\"rel\":\"\"}} \/-->\n<!-- \/wp:jgu\/button --><\/div>\n<!-- \/wp:column --><\/div>\n<!-- \/wp:columns -->\n<!-- \/wp:jgu\/tabs-item -->\n\n<!-- wp:jgu\/tabs-item {\"title\":\"MAGIX\",\"slug\":\"magix\"} -->\n<!-- wp:columns -->\n<div class=\"wp-block-columns\"><!-- wp:column {\"width\":\"33.33%\"} -->\n<div class=\"wp-block-column\" style=\"flex-basis:33.33%\"><!-- wp:jgu\/heading {\"tags\":{\"htmlTag\":\"h2\",\"classTag\":\"\",\"tag\":\"h2\"},\"heading\":\"MAGIX\"} \/-->\n\n<!-- wp:jgu\/image {\"image\":{\"url\":null,\"id\":11936},\"caption\":\"MAGIX\"} \/--><\/div>\n<!-- \/wp:column -->\n\n<!-- wp:column {\"width\":\"66.66%\"} -->\n<div class=\"wp-block-column\" style=\"flex-basis:66.66%\"><!-- wp:paragraph -->\n<p class=\"has-big-font-size\">Das MAGIX-Experiment (MAinz Gas-Internal Target Experiment) wird aus zwei magnetischen Spektrometern mit einer relativen Impulsaufl\u00f6sung in der Gr\u00f6\u00dfenordnung von 10<sup>-<\/sup>\u2074 bestehen, sofern eine r\u00e4umliche Aufl\u00f6sung in der Fokalebene der Spektrometer von 100 \u03bcm erreicht wird. MAGIX wird im Beam-Dump-Modus mit festen Zielen und im ERL-Modus mit einem fensterlosen internen Gasstrahltarget arbeiten. <\/p>\n<!-- \/wp:paragraph -->\n\n<!-- wp:jgu\/button -->\n<!-- wp:jgu\/button-item {\"text\":\"Mehr erfahren\",\"link\":{\"url\":\"https:\/\/magix.uni-mainz.de\/\",\"linkTarget\":\"\",\"rel\":\"\"}} \/-->\n<!-- \/wp:jgu\/button --><\/div>\n<!-- \/wp:column --><\/div>\n<!-- \/wp:columns -->\n<!-- \/wp:jgu\/tabs-item -->\n\n<!-- wp:jgu\/tabs-item {\"title\":\"MuX\/Quartet\",\"slug\":\"mux-quartet\"} -->\n<!-- wp:columns -->\n<div class=\"wp-block-columns\"><!-- wp:column {\"width\":\"33.33%\"} -->\n<div class=\"wp-block-column\" style=\"flex-basis:33.33%\"><!-- wp:jgu\/heading {\"tags\":{\"htmlTag\":\"h2\",\"classTag\":\"\",\"tag\":\"h2\"},\"heading\":\"MuX\/\\u003cbr\\u003eQuartet\"} \/-->\n\n<!-- wp:jgu\/image {\"image\":{\"url\":null,\"id\":12111},\"caption\":\"MuX Projekt\"} \/--><\/div>\n<!-- \/wp:column -->\n\n<!-- wp:column {\"width\":\"66.66%\"} -->\n<div class=\"wp-block-column\" style=\"flex-basis:66.66%\"><!-- wp:paragraph -->\n<p class=\"has-big-font-size\">Im Rahmen des Projekts werden am PSI eine Reihe von Myonen-R\u00f6ntgenmessungen in Kernen mit mittlerem und hohem Z-Wert durchgef\u00fchrt. Dabei werden ein hochreines Germanium-Detektor-Array, In-Beam-Myonendetektoren und ein modernes digitales Datenerfassungssystem eingesetzt. Es wurde ein neuartiges Wasserstofftarget f\u00fcr den Myonentransfer entwickelt, das Messungen mit nur wenigen Mikrogramm Targetmaterial erm\u00f6glicht.  <\/p>\n<!-- \/wp:paragraph -->\n\n<!-- wp:jgu\/button -->\n<!-- wp:jgu\/button-item {\"text\":\"Mehr erfahren\",\"link\":{\"url\":\"https:\/\/www.researchgate.net\/publication\/354412965_The_muX_project\",\"linkTarget\":\"\",\"rel\":\"\"}} \/-->\n<!-- \/wp:jgu\/button --><\/div>\n<!-- \/wp:column --><\/div>\n<!-- \/wp:columns -->\n<!-- \/wp:jgu\/tabs-item -->\n\n<!-- wp:jgu\/tabs-item {\"title\":\"P2\",\"slug\":\"p2\"} -->\n<!-- wp:columns -->\n<div class=\"wp-block-columns\"><!-- wp:column {\"width\":\"33.33%\"} -->\n<div class=\"wp-block-column\" style=\"flex-basis:33.33%\"><!-- wp:jgu\/heading {\"tags\":{\"htmlTag\":\"h2\",\"classTag\":\"\",\"tag\":\"h2\"},\"heading\":\"P2\"} \/-->\n\n<!-- wp:jgu\/image {\"image\":{\"url\":null,\"id\":10560},\"caption\":\"Experiment P2\"} \/--><\/div>\n<!-- \/wp:column -->\n\n<!-- wp:column {\"width\":\"66.66%\"} -->\n<div class=\"wp-block-column\" style=\"flex-basis:66.66%\"><!-- wp:paragraph -->\n<p class=\"has-big-font-size\">Das P2-Experiment ist ein magnetisches Spektrometer, dessen Hauptziel die Messung des elektroschwachen Mischungswinkels bei sehr geringem Impuls\u00fcbergang ist, der durch die Messung einer parit\u00e4tsverletzenden Links-Rechts-Asymmetrie in der elastischen Elektron-Proton-Streuung erfassbar wird. <\/p>\n<!-- \/wp:paragraph -->\n\n<!-- wp:jgu\/button -->\n<!-- wp:jgu\/button-item {\"text\":\"Mehr erfahren\",\"link\":{\"url\":\"https:\/\/www.blogs.uni-mainz.de\/fb08p2\/\"}} \/-->\n<!-- \/wp:jgu\/button --><\/div>\n<!-- \/wp:column --><\/div>\n<!-- \/wp:columns -->\n<!-- \/wp:jgu\/tabs-item -->\n\n<!-- wp:jgu\/tabs-item {\"title\":\"Panda\",\"slug\":\"panda\"} -->\n<!-- wp:columns -->\n<div class=\"wp-block-columns\"><!-- wp:column {\"width\":\"33.33%\"} -->\n<div class=\"wp-block-column\" style=\"flex-basis:33.33%\"><!-- wp:jgu\/heading {\"tags\":{\"htmlTag\":\"h2\",\"classTag\":\"\",\"tag\":\"h2\"},\"heading\":\"PANDA\"} \/-->\n\n<!-- wp:jgu\/image {\"image\":{\"url\":null,\"id\":12117},\"caption\":\"Experiment Panda\"} \/--><\/div>\n<!-- \/wp:column -->\n\n<!-- wp:column {\"width\":\"66.66%\"} -->\n<div class=\"wp-block-column\" style=\"flex-basis:66.66%\"><!-- wp:paragraph -->\n<p class=\"has-big-font-size\">Protonen und Neutronen - zusammenfassend Nukleonen genannt - geh\u00f6ren zur Familie der Hadronen. Sie sind aus Quarks aufgebaut und durch die starke Kraft gebunden, die durch Gluonen vermittelt wird. Die Kraft wirkt zwischen zwei Quarks und verh\u00e4lt sich ungew\u00f6hnlich: Sie ist sehr gering, wenn sich die Quarks in geringem Abstand zueinander befinden. Sie nimmt zu, wenn der Abstand gr\u00f6\u00dfer wird und bleibt dann konstant, auch wenn die Quarks immer weiter voneinander entfernt sind.  <\/p>\n<!-- \/wp:paragraph -->\n\n<!-- wp:jgu\/button -->\n<!-- wp:jgu\/button-item {\"text\":\"Mehr erfahren\",\"link\":{\"url\":\"https:\/\/panda.gsi.de\/\"}} \/-->\n<!-- \/wp:jgu\/button --><\/div>\n<!-- \/wp:column --><\/div>\n<!-- \/wp:columns -->\n<!-- \/wp:jgu\/tabs-item -->\n<!-- \/wp:jgu\/tabs -->\n<!-- \/wp:jgu\/accordion-item -->\n<!-- \/wp:jgu\/accordion --><\/div>\n<!-- \/wp:column --><\/div>\n<!-- \/wp:columns --><\/div><\/div>\n<!-- \/wp:jgu\/section -->\n\n<!-- wp:jgu\/section {\"color\":\"light\"} -->\n<div class=\"jgu-bgsection bg bg-light \"><div class=\"content padding-medium\"><!-- wp:jgu\/anchorpoint {\"title\":\"Hadronenspektroskopie\",\"slug\":\"hadronenspektroskopie\"} \/-->\n\n<!-- wp:columns {\"className\":\"\"} -->\n<div class=\"wp-block-columns\"><!-- wp:column {\"width\":\"66.66%\"} -->\n<div class=\"wp-block-column\" style=\"flex-basis:66.66%\"><!-- wp:jgu\/heading {\"tags\":{\"htmlTag\":\"h2\",\"classTag\":\"\",\"tag\":\"h2\"},\"heading\":\"Hadronenspektroskopie\"} \/-->\n\n<!-- wp:paragraph -->\n<p class=\"has-big-font-size\">Wie verbinden sich Quarks und Gluonen zu Hadronen? Welche gebundenen Systeme gibt es, was sind ihre Bindungsenergien und ihre Anregungen? Mit Hilfe von Elektron-Positron- und Proton-Antiproton-Kollisionen sowie Elektronen- und Photonenstreuexperimenten gehen wir diesen Fragen auf den Grund. Wir untersuchen die angeregten Zust\u00e4nde des Nukleons sowie unkonventionelle Hadronen, die mehr als drei Quarks enthalten, insbesondere, wenn eines davon ein charm-Quark ist.   <\/p>\n<!-- \/wp:paragraph -->\n\n<!-- wp:paragraph -->\n<p class=\"has-big-font-size\">&nbsp;<\/p>\n<!-- \/wp:paragraph -->\n\n<!-- wp:jgu\/accordion {\"selected\":1,\"hasAllOpenButton\":false} -->\n<!-- wp:jgu\/accordion-item {\"title\":\"Experimentelle \\u0026amp; theoretische Forschungsgruppen\",\"init\":false,\"slug\":\"experimentelle-theoretische-forschungsgruppen-1\"} -->\n<!-- wp:columns {\"className\":\"\"} -->\n<div class=\"wp-block-columns\"><!-- wp:column -->\n<div class=\"wp-block-column\"><!-- wp:jgu\/contact-card {\"name\":\"\\u003cstrong\\u003eProf. Dr. Achim Denig\\u003c\/strong\\u003e\",\"avatar\":{\"id\":19257,\"url\":null,\"hideImageDescription\":false},\"color\":\"blue-gray\"} -->\n<!-- wp:jgu\/list-item {\"icon\":\"lightbulb-solid\",\"title\":\"Pr\u00e4zisions-Hadronen-\/Teilchenphysik (g-2, Exotika, Dunkle Materie)\",\"uuid\":\"1726244894144\"} \/-->\n\n<!-- wp:jgu\/list-item {\"icon\":\"address-card-solid\",\"title\":\"\\u003ca href=\\u0022https:\/\/ag-denig.physics.uni-mainz.de\/startpage-ag-denig\/univ-prof-dr-achim-denig\/\\u0022\\u003eInformationen zur Person\\u003c\/a\\u003e\",\"uuid\":\"1773411103333\",\"link\":{\"url\":\"https:\/\/ag-denig.physics.uni-mainz.de\/startpage-ag-denig\/univ-prof-dr-achim-denig\/\"}} \/-->\n\n<!-- wp:jgu\/list-item {\"icon\":\"arrow-right-solid\",\"title\":\"\\u003ca href=\\u0022https:\/\/ag-denig.physics.uni-mainz.de\/\\u0022\\u003eGruppe von Achim Denig\\u003c\/a\\u003e\",\"uuid\":\"1773411104301\",\"link\":{\"url\":\"https:\/\/ag-denig.physics.uni-mainz.de\/\"}} \/-->\n\n<!-- wp:jgu\/list-item {\"icon\":\"university-solid\",\"title\":\"\\u003ca href=\\u0022https:\/\/www.kernphysik.uni-mainz.de\/\\u0022\\u003eInstitut f\u00fcr Kernphysik\\u003c\/a\\u003e\",\"uuid\":\"1737119556643\",\"link\":{\"url\":\"https:\/\/www.kernphysik.uni-mainz.de\/\"}} \/-->\n<!-- \/wp:jgu\/contact-card --><\/div>\n<!-- \/wp:column -->\n\n<!-- wp:column -->\n<div class=\"wp-block-column\"><!-- wp:jgu\/contact-card {\"name\":\"\\u003cstrong\\u003eProf. Dr. Wolfgang Gradl\\u003c\/strong\\u003e\",\"avatar\":{\"id\":19282,\"url\":null,\"hideImageDescription\":false,\"credit\":\"\"},\"color\":\"blue-gray\"} -->\n<!-- wp:jgu\/list-item {\"icon\":\"lightbulb-solid\",\"title\":\"Hadronenspektroskopie, Amplitudenanalyse\",\"uuid\":\"1737119689318\"} \/-->\n\n<!-- wp:jgu\/list-item {\"icon\":\"university-solid\",\"title\":\"\\u003ca href=\\u0022https:\/\/www.kernphysik.uni-mainz.de\/\\u0022\\u003eInstitut f\u00fcr Kernphysik\\u003c\/a\\u003e\",\"uuid\":\"1737119689318\",\"link\":{\"url\":\"https:\/\/www.kernphysik.uni-mainz.de\/\"}} \/-->\n<!-- \/wp:jgu\/contact-card --><\/div>\n<!-- \/wp:column -->\n\n<!-- wp:column -->\n<div class=\"wp-block-column\"><!-- wp:jgu\/contact-card {\"name\":\"\\u003cstrong\\u003eProf. Dr. Michael\\u003c\/strong\\u003e Ostrick\",\"avatar\":{\"id\":12051,\"url\":null,\"hideImageDescription\":false},\"color\":\"blue-gray\"} -->\n<!-- wp:jgu\/list-item {\"icon\":\"lightbulb-solid\",\"title\":\"Experimentelle Hadronenphysik: Struktur und Spektrum \",\"uuid\":\"1726244894144\"} \/-->\n\n<!-- wp:jgu\/list-item {\"icon\":\"arrow-right-solid\",\"title\":\"\\u003ca href=\\u0022https:\/\/www.blogs.uni-mainz.de\/fb08-nuclear-physics\/professors\/univ-prof-dr-michael-ostrick\/\\u0022\\u003eGruppe von Michael Ostrick\\u003c\/a\\u003e\",\"uuid\":\"1734087422868\",\"link\":{\"url\":\"https:\/\/www.blogs.uni-mainz.de\/fb08-nuclear-physics\/professors\/univ-prof-dr-michael-ostrick\/\"}} \/-->\n\n<!-- wp:jgu\/list-item {\"icon\":\"university-solid\",\"title\":\"\\u003ca href=\\u0022https:\/\/www.kernphysik.uni-mainz.de\/\\u0022\\u003eInstitut f\u00fcr Kernphysik\\u003c\/a\\u003e\",\"uuid\":\"1737119556643\",\"link\":{\"url\":\"https:\/\/www.kernphysik.uni-mainz.de\/\"}} \/-->\n<!-- \/wp:jgu\/contact-card --><\/div>\n<!-- \/wp:column --><\/div>\n<!-- \/wp:columns -->\n\n<!-- wp:columns {\"className\":\"\"} -->\n<div class=\"wp-block-columns\"><!-- wp:column -->\n<div class=\"wp-block-column\"><!-- wp:jgu\/contact-card {\"name\":\"\\u003cstrong\\u003eProf. Dr. Stefan Scherer\\u003c\/strong\\u003e\",\"avatar\":{\"id\":12078,\"url\":null,\"hideImageDescription\":false},\"color\":\"blue-gray\"} -->\n<!-- wp:jgu\/list-item {\"icon\":\"lightbulb-solid\",\"title\":\"Chirale St\u00f6rungstheorie, chirale effektive Feldtheorie\",\"uuid\":\"1726244894144\"} \/-->\n\n<!-- wp:jgu\/list-item {\"icon\":\"address-card-solid\",\"title\":\"\\u003ca href=\\u0022https:\/\/kph-th.physics.uni-mainz.de\/scherer-stefan\/\\u0022\\u003eInformationen zur Person\\u003c\/a\\u003e\",\"uuid\":\"1734087422868\",\"link\":{\"url\":\"https:\/\/kph-th.physics.uni-mainz.de\/scherer-stefan\/\"}} \/-->\n\n<!-- wp:jgu\/list-item {\"icon\":\"university-solid\",\"title\":\"\\u003ca href=\\u0022https:\/\/www.kernphysik.uni-mainz.de\/\\u0022\\u003eInstitut f\u00fcr Kernphysik\\u003c\/a\\u003e\",\"uuid\":\"1737119703835\",\"link\":{\"url\":\"https:\/\/www.kernphysik.uni-mainz.de\/\"}} \/-->\n<!-- \/wp:jgu\/contact-card --><\/div>\n<!-- \/wp:column -->\n\n<!-- wp:column -->\n<div class=\"wp-block-column\"><!-- wp:jgu\/contact-card {\"name\":\"\\u003cstrong\\u003eProf. Dr. Hartmut Wittig\\u003c\/strong\\u003e\",\"avatar\":{\"id\":19276,\"url\":null,\"hideImageDescription\":false},\"color\":\"blue-gray\"} -->\n<!-- wp:jgu\/list-item {\"icon\":\"lightbulb-solid\",\"title\":\"Lattice QCD: Hadronenspektroskopie und -struktur, Hadronische Beitr\u00e4ge zu Pr\u00e4zisionsbeobachtungsdaten\",\"uuid\":\"1726244894144\"} \/-->\n\n<!-- wp:jgu\/list-item {\"icon\":\"address-card-solid\",\"title\":\"\\u003ca href=\\u0022https:\/\/wwwth.kph.uni-mainz.de\/wittig-hartmut\/\\u0022\\u003eInformationen zur Person\\u003c\/a\\u003e\",\"uuid\":\"1734087422868\",\"link\":{\"url\":\"https:\/\/wwwth.kph.uni-mainz.de\/wittig-hartmut\/\"}} \/-->\n\n<!-- wp:jgu\/list-item {\"icon\":\"university-solid\",\"title\":\"\\u003ca href=\\u0022https:\/\/www.kernphysik.uni-mainz.de\/\\u0022\\u003eInstitut f\u00fcr Kernphysik\\u003c\/a\\u003e\",\"uuid\":\"1746439866517\",\"link\":{\"url\":\"https:\/\/www.kernphysik.uni-mainz.de\/\"}} \/-->\n<!-- \/wp:jgu\/contact-card --><\/div>\n<!-- \/wp:column -->\n\n<!-- wp:column -->\n<div class=\"wp-block-column\"><\/div>\n<!-- \/wp:column --><\/div>\n<!-- \/wp:columns -->\n<!-- \/wp:jgu\/accordion-item -->\n\n<!-- wp:jgu\/accordion-item {\"title\":\"Experimente\",\"init\":false,\"slug\":\"experimente-2\"} -->\n<!-- wp:jgu\/tabs -->\n<!-- wp:jgu\/tabs-item {\"title\":\"BESIII\",\"slug\":\"besiii-1\"} -->\n<!-- wp:columns -->\n<div class=\"wp-block-columns\"><!-- wp:column {\"width\":\"33.33%\"} -->\n<div class=\"wp-block-column\" style=\"flex-basis:33.33%\"><!-- wp:jgu\/image {\"image\":{\"url\":null,\"id\":12105},\"caption\":\"BESIII\"} \/--><\/div>\n<!-- \/wp:column -->\n\n<!-- wp:column {\"width\":\"66.66%\"} -->\n<div class=\"wp-block-column\" style=\"flex-basis:66.66%\"><!-- wp:jgu\/heading {\"tags\":{\"htmlTag\":\"h2\",\"classTag\":\"\",\"tag\":\"h2\"},\"heading\":\"BESIII\"} \/-->\n\n<!-- wp:paragraph -->\n<p class=\"has-big-font-size\">Das Institut f\u00fcr Hochenergiephysik der Chinesischen Akademie der Wissenschaften in Peking betreibt einen Elektron-Positron-Collider namens BEPC-II (Beijing electron-positron collider II). Er ist f\u00fcr Schwerpunktsenergien zwischen 2 und 5 GeV ausgelegt, was die Untersuchung von Charmonium mit sehr hoher Statistik erm\u00f6glicht. Die geplante Luminosit\u00e4t betr\u00e4gt 10<sup>33<\/sup> cm<sup>-2<\/sup> s<sup>-1<\/sup>. Seit 2009 werden Messungen bei verschiedenen Kollisionsenergien mit dem BESIII (Beijing Spectrometer III) Detektor durchgef\u00fchrt.   <\/p>\n<!-- \/wp:paragraph -->\n\n<!-- wp:jgu\/button -->\n<!-- wp:jgu\/button-item {\"text\":\"Mehr erfahren\",\"link\":{\"url\":\"https:\/\/www.blogs.uni-mainz.de\/fb08-kernphysik\/experimente\/externe-experimente\/besiii\/\",\"linkTarget\":\"\",\"rel\":\"\"}} \/-->\n<!-- \/wp:jgu\/button --><\/div>\n<!-- \/wp:column --><\/div>\n<!-- \/wp:columns -->\n<!-- \/wp:jgu\/tabs-item -->\n\n<!-- wp:jgu\/tabs-item {\"title\":\"A2\",\"slug\":\"a2-1\"} -->\n<!-- wp:columns -->\n<div class=\"wp-block-columns\"><!-- wp:column {\"width\":\"33.33%\"} -->\n<div class=\"wp-block-column\" style=\"flex-basis:33.33%\"><!-- wp:jgu\/image {\"image\":{\"url\":null,\"id\":12096},\"caption\":\"Experiment A2\"} \/--><\/div>\n<!-- \/wp:column -->\n\n<!-- wp:column {\"width\":\"66.66%\"} -->\n<div class=\"wp-block-column\" style=\"flex-basis:66.66%\"><!-- wp:jgu\/heading {\"tags\":{\"htmlTag\":\"h2\",\"classTag\":\"\",\"tag\":\"h2\"},\"heading\":\"A2\"} \/-->\n\n<!-- wp:paragraph -->\n<p class=\"has-big-font-size\">Ein Photon, das auf ein Nukleon trifft, koppelt an den elektromagnetischen Strom des Nukleons und bewirkt, dass es Mesonen abstrahlt, wenn die Photonenenergie hoch genug ist. Solche Reaktionen, die durch zirkular und linear polarisierte reale Photonen bis zu Energien von 1,5 GeV ausgel\u00f6st werden, werden von der internationalen A2 Kollaboration am MAMI untersucht.  <\/p>\n<!-- \/wp:paragraph -->\n\n<!-- wp:jgu\/button -->\n<!-- wp:jgu\/button-item {\"text\":\"Mehr erfahren\",\"link\":{\"url\":\"https:\/\/wwwa2.kph.uni-mainz.de\/\",\"linkTarget\":\"\",\"rel\":\"\"}} \/-->\n<!-- \/wp:jgu\/button --><\/div>\n<!-- \/wp:column --><\/div>\n<!-- \/wp:columns -->\n<!-- \/wp:jgu\/tabs-item -->\n\n<!-- wp:jgu\/tabs-item {\"title\":\"Panda\",\"slug\":\"panda\"} -->\n<!-- wp:columns -->\n<div class=\"wp-block-columns\"><!-- wp:column {\"width\":\"33.33%\"} -->\n<div class=\"wp-block-column\" style=\"flex-basis:33.33%\"><!-- wp:jgu\/image {\"image\":{\"url\":null,\"id\":12117},\"caption\":\"Panda\"} \/--><\/div>\n<!-- \/wp:column -->\n\n<!-- wp:column {\"width\":\"66.66%\"} -->\n<div class=\"wp-block-column\" style=\"flex-basis:66.66%\"><!-- wp:jgu\/heading {\"tags\":{\"htmlTag\":\"h2\",\"classTag\":\"\",\"tag\":\"h2\"},\"heading\":\"Panda\"} \/-->\n\n<!-- wp:paragraph -->\n<p class=\"has-big-font-size\">Protonen und Neutronen - zusammenfassend Nukleonen genannt - geh\u00f6ren zur Familie der Hadronen. Sie sind aus Quarks aufgebaut und durch die starke Kraft gebunden, die durch Gluonen vermittelt wird. Die Kraft wirkt zwischen zwei Quarks und verh\u00e4lt sich ungew\u00f6hnlich: Sie ist sehr gering, wenn sich die Quarks in geringem Abstand zueinander befinden. Sie nimmt zu, wenn der Abstand gr\u00f6\u00dfer wird und bleibt dann konstant, auch wenn die Quarks immer weiter voneinander entfernt sind.  <\/p>\n<!-- \/wp:paragraph -->\n\n<!-- wp:jgu\/button -->\n<!-- wp:jgu\/button-item {\"text\":\"Mehr erfahren\",\"link\":{\"url\":\"https:\/\/panda.gsi.de\/\",\"linkTarget\":\"\",\"rel\":\"\"}} \/-->\n<!-- \/wp:jgu\/button --><\/div>\n<!-- \/wp:column --><\/div>\n<!-- \/wp:columns -->\n<!-- \/wp:jgu\/tabs-item -->\n<!-- \/wp:jgu\/tabs -->\n<!-- \/wp:jgu\/accordion-item -->\n<!-- \/wp:jgu\/accordion --><\/div>\n<!-- \/wp:column -->\n\n<!-- wp:column {\"width\":\"33.33%\"} -->\n<div class=\"wp-block-column\" style=\"flex-basis:33.33%\"><!-- wp:jgu\/image {\"image\":{\"url\":null,\"id\":12123,\"hideImageDescription\":true}} \/--><\/div>\n<!-- \/wp:column --><\/div>\n<!-- \/wp:columns --><\/div><\/div>\n<!-- \/wp:jgu\/section -->\n\n<!-- wp:jgu\/section {\"color\":\"white\"} -->\n<div class=\"jgu-bgsection bg bg-white \"><div class=\"content padding-medium\"><!-- wp:jgu\/anchorpoint {\"title\":\"Hadronen und Kerne f\u00fcr Pr\u00e4zisionsmessungen\",\"slug\":\"hadronen-und-kerne-fur-prazisionsmessungen\"} \/-->\n\n<!-- wp:columns {\"className\":\"\"} -->\n<div class=\"wp-block-columns\"><!-- wp:column {\"width\":\"33.33%\"} -->\n<div class=\"wp-block-column\" style=\"flex-basis:33.33%\"><!-- wp:jgu\/heading {\"tags\":{\"htmlTag\":\"h2\",\"classTag\":\"\",\"tag\":\"h2\"},\"heading\":\"Hadronen und Kerne f\u00fcr Pr\u00e4zisionsmessungen\"} \/-->\n\n<!-- wp:jgu\/image {\"image\":{\"url\":null,\"id\":12132,\"hideImageDescription\":true}} \/--><\/div>\n<!-- \/wp:column -->\n\n<!-- wp:column {\"width\":\"66.66%\"} -->\n<div class=\"wp-block-column\" style=\"flex-basis:66.66%\"><!-- wp:spacer {\"height\":\"51px\"} -->\n<div style=\"height:51px\" aria-hidden=\"true\" class=\"wp-block-spacer\"><\/div>\n<!-- \/wp:spacer -->\n\n<!-- wp:paragraph -->\n<p class=\"has-big-font-size\">Ein detailliertes Verst\u00e4ndnis von Hadronen und Kernen bildet die Grundlage f\u00fcr viele Pr\u00e4zisionsmessungen, mit denen das Standardmodell der Elementarteilchenphysik getestet oder fundamentale Konstanten bestimmt werden sollen. Das P2-Experiment bei MESA zielt darauf ab, den schwachen Mischungswinkel - einen fundamentalen Parameter des Standardmodells - bei der parit\u00e4tsaufhebenden Elektron-Proton-Streuung zu messen, was ein detailliertes Verst\u00e4ndnis des Protons erfordert. Hadronische Beitr\u00e4ge f\u00fchren zu den gr\u00f6\u00dften Unsicherheiten bei der Vorhersage des g-Faktors des Myons, einer der am genauesten berechneten und gemessenen Gr\u00f6\u00dfen des Standardmodells. Wir liefern experimentellen, ph\u00e4nomenologischen und Gitter-QCD-Input, um diese hadronischen Beitr\u00e4ge zu quantifizieren und ihre Unsicherheiten zu verringern, was zu immer genaueren Tests des Standardmodells f\u00fchrt.   <\/p>\n<!-- \/wp:paragraph -->\n\n<!-- wp:jgu\/accordion {\"selected\":1,\"hasAllOpenButton\":false} -->\n<!-- wp:jgu\/accordion-item {\"title\":\"Experimentelle und theoretische Forschungsgruppen\",\"init\":false,\"slug\":\"experimentelle-und-theoretische-forschungsgruppen\"} -->\n<!-- wp:columns {\"className\":\"\"} -->\n<div class=\"wp-block-columns\"><!-- wp:column -->\n<div class=\"wp-block-column\"><!-- wp:jgu\/contact-card {\"name\":\"\\u003cstrong\\u003eProf. Dr. \\u003c\/strong\\u003eSonia Bacca\",\"avatar\":{\"id\":19384,\"url\":null,\"hideImageDescription\":false},\"color\":\"blue-gray\"} -->\n<!-- wp:jgu\/list-item {\"icon\":\"lightbulb-solid\",\"title\":\"Kernstruktur, Kernreaktion, Wenig- und Vielteilchentheorie\",\"uuid\":\"1726244894144\"} \/-->\n\n<!-- wp:jgu\/list-item {\"icon\":\"address-card-solid\",\"title\":\"\\u003ca href=\\u0022https:\/\/kph-th.physics.uni-mainz.de\/bacca-sonia\/\\u0022\\u003eInformationen zur Person\\u003c\/a\\u003e\",\"uuid\":\"1726244894144\",\"link\":{\"url\":\"https:\/\/kph-th.physics.uni-mainz.de\/bacca-sonia\/\"}} \/-->\n\n<!-- wp:jgu\/list-item {\"icon\":\"university-solid\",\"title\":\"\\u003ca href=\\u0022https:\/\/www.kernphysik.uni-mainz.de\/\\u0022\\u003eInstitut f\u00fcr Kernphysik\\u003c\/a\\u003e\",\"uuid\":\"1737119550409\",\"link\":{\"url\":\"https:\/\/www.kernphysik.uni-mainz.de\/\"}} \/-->\n<!-- \/wp:jgu\/contact-card --><\/div>\n<!-- \/wp:column -->\n\n<!-- wp:column -->\n<div class=\"wp-block-column\"><!-- wp:jgu\/contact-card {\"name\":\"\\u003cstrong\\u003eProf. Dr. Niklaus Berger\\u003c\/strong\\u003e\",\"avatar\":{\"id\":19288,\"url\":null,\"hideImageDescription\":false},\"color\":\"blue-gray\"} -->\n<!-- wp:jgu\/list-item {\"icon\":\"lightbulb-solid\",\"title\":\"Hadronen- und Teilchenphysik: Hochgeschwindigkeits-Pr\u00e4zisionsexperimente \",\"uuid\":\"1726244894144\"} \/-->\n\n<!-- wp:jgu\/list-item {\"icon\":\"arrow-right-solid\",\"title\":\"\\u003ca href=\\u0022https:\/\/agberger.kph.uni-mainz.de\/\\u0022\\u003eGruppe von Niklaus Berger\\u003c\/a\\u003e\",\"uuid\":\"1734087422868\",\"link\":{\"url\":\"https:\/\/agberger.kph.uni-mainz.de\/\"}} \/-->\n\n<!-- wp:jgu\/list-item {\"icon\":\"university-solid\",\"title\":\"\\u003ca href=\\u0022https:\/\/www.kernphysik.uni-mainz.de\/\\u0022\\u003eInstitut f\u00fcr Kernphysik\\u003c\/a\\u003e\",\"uuid\":\"1746439848744\",\"link\":{\"url\":\"https:\/\/www.kernphysik.uni-mainz.de\/\"}} \/-->\n<!-- \/wp:jgu\/contact-card --><\/div>\n<!-- \/wp:column -->\n\n<!-- wp:column -->\n<div class=\"wp-block-column\"><!-- wp:jgu\/contact-card {\"name\":\"\\u003cstrong\\u003eProf. Dr. Pierre Capel\\u003c\/strong\\u003e\",\"avatar\":{\"id\":10551,\"url\":null,\"hideImageDescription\":false},\"color\":\"blue-gray\"} -->\n<!-- wp:jgu\/list-item {\"icon\":\"lightbulb-solid\",\"title\":\"Kernreaktionstheorie, Halo-Kerne, Zerfalls-, Knockout- und Transferreaktionen, nukleare Astrophysik\",\"uuid\":\"1726244894144\"} \/-->\n\n<!-- wp:jgu\/list-item {\"icon\":\"address-card-solid\",\"title\":\"\\u003ca href=\\u0022https:\/\/kph-th.physics.uni-mainz.de\/capel-pierre\/\\u0022\\u003eInformationen zur Person\\u003c\/a\\u003e\",\"uuid\":\"1726244894144\",\"link\":{\"url\":\"https:\/\/kph-th.physics.uni-mainz.de\/capel-pierre\/\"}} \/-->\n\n<!-- wp:jgu\/list-item {\"icon\":\"university-solid\",\"title\":\"\\u003ca href=\\u0022https:\/\/www.kernphysik.uni-mainz.de\/\\u0022\\u003eInstitut f\u00fcr Kernphysik\\u003c\/a\\u003e\",\"uuid\":\"1751294537916\",\"link\":{\"url\":\"https:\/\/www.kernphysik.uni-mainz.de\/\"}} \/-->\n<!-- \/wp:jgu\/contact-card --><\/div>\n<!-- \/wp:column --><\/div>\n<!-- \/wp:columns -->\n\n<!-- wp:columns {\"className\":\"\"} -->\n<div class=\"wp-block-columns\"><!-- wp:column -->\n<div class=\"wp-block-column\"><!-- wp:jgu\/contact-card {\"name\":\"\\u003cstrong\\u003eProf. Dr. Achim Denig\\u003c\/strong\\u003e\",\"avatar\":{\"id\":19257,\"url\":null,\"hideImageDescription\":false},\"color\":\"blue-gray\"} -->\n<!-- wp:jgu\/list-item {\"icon\":\"lightbulb-solid\",\"title\":\"Pr\u00e4zisions-Hadronen-\/Teilchenphysik (g-2, Exotika, Dunkle Materie)\",\"uuid\":\"1726244894144\"} \/-->\n\n<!-- wp:jgu\/list-item {\"icon\":\"address-card-solid\",\"title\":\"\\u003ca href=\\u0022https:\/\/ag-denig.physics.uni-mainz.de\/startpage-ag-denig\/univ-prof-dr-achim-denig\/\\u0022\\u003eInformationen zur Person\\u003c\/a\\u003e\",\"uuid\":\"1773411103333\",\"link\":{\"url\":\"https:\/\/ag-denig.physics.uni-mainz.de\/startpage-ag-denig\/univ-prof-dr-achim-denig\/\"}} \/-->\n\n<!-- wp:jgu\/list-item {\"icon\":\"arrow-right-solid\",\"title\":\"\\u003ca href=\\u0022https:\/\/ag-denig.physics.uni-mainz.de\/\\u0022\\u003eGruppe von Achim Denig\\u003c\/a\\u003e\",\"uuid\":\"1773411104301\",\"link\":{\"url\":\"https:\/\/ag-denig.physics.uni-mainz.de\/\"}} \/-->\n\n<!-- wp:jgu\/list-item {\"icon\":\"university-solid\",\"title\":\"\\u003ca href=\\u0022https:\/\/www.kernphysik.uni-mainz.de\/\\u0022\\u003eInstitut f\u00fcr Kernphysik\\u003c\/a\\u003e\",\"uuid\":\"1737119556643\",\"link\":{\"url\":\"https:\/\/www.kernphysik.uni-mainz.de\/\"}} \/-->\n<!-- \/wp:jgu\/contact-card --><\/div>\n<!-- \/wp:column -->\n\n<!-- wp:column -->\n<div class=\"wp-block-column\"><!-- wp:jgu\/contact-card {\"name\":\"\\u003cstrong\\u003eProf. Dr. \\u003c\/strong\\u003eLuca Doria\",\"avatar\":{\"id\":19261,\"url\":null,\"hideImageDescription\":false},\"color\":\"blue-gray\"} -->\n<!-- wp:jgu\/list-item {\"icon\":\"lightbulb-solid\",\"title\":\"Dunkle Materie, Astroteilchenphysik, Hadronen- und Kernphysik, Maschinelles Lernen\",\"uuid\":\"1726244894144\"} \/-->\n\n<!-- wp:jgu\/list-item {\"icon\":\"arrow-right-solid\",\"title\":\"\\u003ca href=\\u0022https:\/\/www.staff.uni-mainz.de\/doria\\u0022\\u003eGruppe von Luca Doria \\u003c\/a\\u003e\",\"uuid\":\"1734087422868\",\"link\":{\"url\":\"https:\/\/www.staff.uni-mainz.de\/doria\"}} \/-->\n\n<!-- wp:jgu\/list-item {\"icon\":\"university-solid\",\"title\":\"\\u003ca href=\\u0022https:\/\/www.kernphysik.uni-mainz.de\/\\u0022\\u003eInstitut f\u00fcr Kernphysik\\u003c\/a\\u003e\",\"uuid\":\"1746439853509\",\"link\":{\"url\":\"https:\/\/www.kernphysik.uni-mainz.de\/\"}} \/-->\n<!-- \/wp:jgu\/contact-card --><\/div>\n<!-- \/wp:column -->\n\n<!-- wp:column -->\n<div class=\"wp-block-column\"><!-- wp:jgu\/contact-card {\"name\":\"\\u003cstrong\\u003eProf. Dr. Jens Erler\\u003c\/strong\\u003e\",\"avatar\":{\"id\":19294,\"url\":null,\"hideImageDescription\":false},\"color\":\"blue-gray\"} -->\n<!-- wp:jgu\/list-item {\"icon\":\"lightbulb-solid\",\"title\":\"Globale Analyse der elektroschwachen Pr\u00e4zisionsdaten\",\"uuid\":\"1726244894144\"} \/-->\n\n<!-- wp:jgu\/list-item {\"icon\":\"address-card-solid\",\"title\":\"\\u003ca href=\\u0022https:\/\/agerler.physics.uni-mainz.de\/\\u0022\\u003eInformationen zur Person\\u003c\/a\\u003e\",\"uuid\":\"1734087422868\",\"link\":{\"url\":\"https:\/\/agerler.physics.uni-mainz.de\/\"}} \/-->\n\n<!-- wp:jgu\/list-item {\"icon\":\"arrow-right-solid\",\"title\":\"\\u003ca href=\\u0022https:\/\/agerler.physics.uni-mainz.de\/\\u0022\\u003eGruppe von Jens Erler\\u003c\/a\\u003e\",\"uuid\":\"1734087422868\",\"link\":{\"url\":\"https:\/\/agerler.physics.uni-mainz.de\/\"}} \/-->\n\n<!-- wp:jgu\/list-item {\"icon\":\"university-solid\",\"title\":\"\\u003ca href=\\u0022https:\/\/www.kernphysik.uni-mainz.de\/\\u0022\\u003eInstitut f\u00fcr Kernphysik\\u003c\/a\\u003e\",\"uuid\":\"1746439855759\",\"link\":{\"url\":\"https:\/\/www.kernphysik.uni-mainz.de\/\"}} \/-->\n<!-- \/wp:jgu\/contact-card --><\/div>\n<!-- \/wp:column --><\/div>\n<!-- \/wp:columns -->\n\n<!-- wp:columns {\"className\":\"\"} -->\n<div class=\"wp-block-columns\"><!-- wp:column -->\n<div class=\"wp-block-column\"><!-- wp:jgu\/contact-card {\"name\":\"\\u003cstrong\\u003eDr. Franziska Hagelstein\\u003c\/strong\\u003e\",\"avatar\":{\"id\":13369,\"url\":null,\"hideImageDescription\":false},\"color\":\"blue-gray\"} -->\n<!-- wp:jgu\/list-item {\"icon\":\"lightbulb-solid\",\"title\":\"Dispersionsbeziehungen \\u0026amp; EFTs,\\u003cbr\\u003eNukleonenstruktur, Muonische Atome \\u0026amp; Muon g-2 \",\"uuid\":\"1726244894144\"} \/-->\n\n<!-- wp:jgu\/list-item {\"icon\":\"address-card-solid\",\"title\":\"\\u003ca href=\\u0022https:\/\/wwwth.kph.uni-mainz.de\/hagelstein-franziska\/\\u0022\\u003eInformationen zur Person\\u003c\/a\\u003e\",\"uuid\":\"1734087422868\",\"link\":{\"url\":\"https:\/\/wwwth.kph.uni-mainz.de\/hagelstein-franziska\/\"}} \/-->\n\n<!-- wp:jgu\/list-item {\"icon\":\"university-solid\",\"title\":\"\\u003ca href=\\u0022https:\/\/www.kernphysik.uni-mainz.de\/\\u0022\\u003eInstitut f\u00fcr Kernphysik\\u003c\/a\\u003e\",\"uuid\":\"1737119550409\",\"link\":{\"url\":\"https:\/\/www.kernphysik.uni-mainz.de\/\"}} \/-->\n<!-- \/wp:jgu\/contact-card --><\/div>\n<!-- \/wp:column -->\n\n<!-- wp:column -->\n<div class=\"wp-block-column\"><!-- wp:jgu\/contact-card {\"name\":\"\\u003cstrong\\u003eProf. Dr. Tyler Kutz\\u003c\/strong\\u003e\",\"avatar\":{\"id\":13260,\"url\":null,\"hideImageDescription\":false},\"color\":\"blue-gray\"} -->\n<!-- wp:jgu\/list-item {\"icon\":\"lightbulb-solid\",\"title\":\"Hadronen- und Kernphysik, fundamentale Wechselwirkungen\",\"uuid\":\"1726244894144\"} \/-->\n\n<!-- wp:jgu\/list-item {\"icon\":\"university-solid\",\"title\":\"\\u003ca href=\\u0022https:\/\/www.kernphysik.uni-mainz.de\/\\u0022\\u003eInstitut f\u00fcr Kernphysik\\u003c\/a\\u003e\",\"uuid\":\"1737119556643\",\"link\":{\"url\":\"https:\/\/www.kernphysik.uni-mainz.de\/\"}} \/-->\n<!-- \/wp:jgu\/contact-card --><\/div>\n<!-- \/wp:column -->\n\n<!-- wp:column -->\n<div class=\"wp-block-column\"><!-- wp:jgu\/contact-card {\"name\":\"\\u003cstrong\\u003eProf. Dr. Frank Maas\\u003c\/strong\\u003e\",\"avatar\":{\"id\":12057,\"url\":null,\"hideImageDescription\":false},\"color\":\"blue-gray\"} -->\n<!-- wp:jgu\/list-item {\"icon\":\"lightbulb-solid\",\"title\":\"Experimentelle Hadronenstruktur und Tests des Standardmodells \",\"uuid\":\"1726244894144\"} \/-->\n\n<!-- wp:jgu\/list-item {\"icon\":\"university-solid\",\"title\":\"\\u003ca href=\\u0022https:\/\/www.kernphysik.uni-mainz.de\/\\u0022\\u003eInstitut f\u00fcr Kernphysik\\u003c\/a\\u003e\",\"uuid\":\"1737119543817\",\"link\":{\"url\":\"https:\/\/www.kernphysik.uni-mainz.de\/\"}} \/-->\n<!-- \/wp:jgu\/contact-card --><\/div>\n<!-- \/wp:column --><\/div>\n<!-- \/wp:columns -->\n\n<!-- wp:columns {\"className\":\"\"} -->\n<div class=\"wp-block-columns\"><!-- wp:column -->\n<div class=\"wp-block-column\"><!-- wp:jgu\/contact-card {\"name\":\"\\u003cstrong\\u003eProf. Dr. Concettina Sfienti\\u003c\/strong\\u003e\",\"avatar\":{\"id\":10548,\"url\":null,\"hideImageDescription\":false},\"color\":\"blue-gray\"} -->\n<!-- wp:jgu\/list-item {\"icon\":\"lightbulb-solid\",\"title\":\"Experimentelle nukleare Astrophysik, Zustandsgleichung der Kernmaterie, Kernreaktionen\",\"uuid\":\"1726244894144\"} \/-->\n\n<!-- wp:jgu\/list-item {\"icon\":\"arrow-right-solid\",\"title\":\"\\u003ca href=\\u0022https:\/\/agsfienti.uni-mainz.de\/\\u0022\\u003eGruppe von Concettina Sfienti\\u003c\/a\\u003e \",\"uuid\":\"1734087422868\",\"link\":{\"url\":\"https:\/\/agsfienti.uni-mainz.de\/\"}} \/-->\n\n<!-- wp:jgu\/list-item {\"icon\":\"university-solid\",\"title\":\"\\u003ca href=\\u0022https:\/\/www.kernphysik.uni-mainz.de\/\\u0022\\u003eInstitut f\u00fcr Kernphysik\\u003c\/a\\u003e\",\"uuid\":\"1751294552349\",\"link\":{\"url\":\"https:\/\/www.kernphysik.uni-mainz.de\/\"}} \/-->\n<!-- \/wp:jgu\/contact-card --><\/div>\n<!-- \/wp:column -->\n\n<!-- wp:column -->\n<div class=\"wp-block-column\"><!-- wp:jgu\/contact-card {\"name\":\"\\u003cstrong\\u003eProf. Dr. \\u003c\/strong\\u003eMarc Vanderhaeghen\",\"avatar\":{\"id\":12042,\"url\":null,\"hideImageDescription\":false,\"credit\":\"\"},\"color\":\"blue-gray\"} -->\n<!-- wp:jgu\/list-item {\"icon\":\"lightbulb-solid\",\"title\":\"Theoretische Hadronenphysik: Hadronenstruktur und Ph\u00e4nomenologie \",\"uuid\":\"1737119550409\"} \/-->\n\n<!-- wp:jgu\/list-item {\"icon\":\"address-card-solid\",\"title\":\"\\u003ca href=\\u0022https:\/\/wwwth.kph.uni-mainz.de\/vanderhaeghen-marc\/\\u0022\\u003eInformationen zur Person\\u003c\/a\\u003e\",\"uuid\":\"1737119550409\",\"link\":{\"url\":\"https:\/\/wwwth.kph.uni-mainz.de\/vanderhaeghen-marc\/\"}} \/-->\n\n<!-- wp:jgu\/list-item {\"icon\":\"university-solid\",\"title\":\"\\u003ca href=\\u0022https:\/\/www.kernphysik.uni-mainz.de\/\\u0022\\u003eInstitut f\u00fcr Kernphysik\\u003c\/a\\u003e\",\"uuid\":\"1737119550409\",\"link\":{\"url\":\"https:\/\/www.kernphysik.uni-mainz.de\/\"}} \/-->\n<!-- \/wp:jgu\/contact-card --><\/div>\n<!-- \/wp:column -->\n\n<!-- wp:column -->\n<div class=\"wp-block-column\"><!-- wp:jgu\/contact-card {\"name\":\"\\u003cstrong\\u003eProf. Dr. Georg von Hippel\\u003c\/strong\\u003e\",\"avatar\":{\"id\":12171,\"url\":null,\"hideImageDescription\":false},\"color\":\"blue-gray\"} -->\n<!-- wp:jgu\/list-item {\"icon\":\"lightbulb-solid\",\"title\":\"Gitter-QCD, Hadronenstruktur, Pr\u00e4zisionsbeobachtungen\",\"uuid\":\"1726244894144\"} \/-->\n\n<!-- wp:jgu\/list-item {\"icon\":\"address-card-solid\",\"title\":\"\\u003ca href=\\u0022https:\/\/kph-th.physics.uni-mainz.de\/hippel-von-georg\/\\u0022\\u003eInformationen zur Person\\u003c\/a\\u003e\",\"uuid\":\"1734087422868\",\"link\":{\"url\":\"https:\/\/kph-th.physics.uni-mainz.de\/hippel-von-georg\/\"}} \/-->\n\n<!-- wp:jgu\/list-item {\"icon\":\"university-solid\",\"title\":\"\\u003ca href=\\u0022https:\/\/www.kernphysik.uni-mainz.de\/\\u0022\\u003eInstitut f\u00fcr Kernphysik\\u003c\/a\\u003e\",\"uuid\":\"1746441707686\",\"link\":{\"url\":\"https:\/\/www.kernphysik.uni-mainz.de\/\"}} \/-->\n<!-- \/wp:jgu\/contact-card --><\/div>\n<!-- \/wp:column --><\/div>\n<!-- \/wp:columns -->\n\n<!-- wp:columns {\"className\":\"\"} -->\n<div class=\"wp-block-columns\"><!-- wp:column -->\n<div class=\"wp-block-column\"><!-- wp:jgu\/contact-card {\"name\":\"\\u003cstrong\\u003eProf. Dr. Hartmut Wittig\\u003c\/strong\\u003e\",\"avatar\":{\"id\":19276,\"url\":null,\"hideImageDescription\":false},\"color\":\"blue-gray\"} -->\n<!-- wp:jgu\/list-item {\"icon\":\"lightbulb-solid\",\"title\":\"Lattice QCD: Hadronenspektroskopie und -struktur, Hadronische Beitr\u00e4ge zu Pr\u00e4zisionsbeobachtungsdaten\",\"uuid\":\"1726244894144\"} \/-->\n\n<!-- wp:jgu\/list-item {\"icon\":\"address-card-solid\",\"title\":\"\\u003ca href=\\u0022https:\/\/wwwth.kph.uni-mainz.de\/wittig-hartmut\/\\u0022\\u003eInformationen zur Person\\u003c\/a\\u003e\",\"uuid\":\"1734087422868\",\"link\":{\"url\":\"https:\/\/wwwth.kph.uni-mainz.de\/wittig-hartmut\/\"}} \/-->\n\n<!-- wp:jgu\/list-item {\"icon\":\"university-solid\",\"title\":\"\\u003ca href=\\u0022https:\/\/www.kernphysik.uni-mainz.de\/\\u0022\\u003eInstitut f\u00fcr Kernphysik\\u003c\/a\\u003e\",\"uuid\":\"1746439866517\",\"link\":{\"url\":\"https:\/\/www.kernphysik.uni-mainz.de\/\"}} \/-->\n<!-- \/wp:jgu\/contact-card --><\/div>\n<!-- \/wp:column -->\n\n<!-- wp:column -->\n<div class=\"wp-block-column\"><\/div>\n<!-- \/wp:column -->\n\n<!-- wp:column -->\n<div class=\"wp-block-column\"><\/div>\n<!-- \/wp:column --><\/div>\n<!-- \/wp:columns -->\n<!-- \/wp:jgu\/accordion-item -->\n<!-- \/wp:jgu\/accordion --><\/div>\n<!-- \/wp:column --><\/div>\n<!-- \/wp:columns --><\/div><\/div>\n<!-- \/wp:jgu\/section -->\n\n<!-- wp:jgu\/section {\"color\":\"light\"} -->\n<div class=\"jgu-bgsection bg bg-light \"><div class=\"content padding-medium\"><!-- wp:jgu\/anchorpoint {\"title\":\"Nukleare Astrophysik\",\"slug\":\"nukleare-astrophysik\"} \/-->\n\n<!-- wp:columns {\"className\":\"\"} -->\n<div class=\"wp-block-columns\"><!-- wp:column {\"width\":\"66.66%\"} -->\n<div class=\"wp-block-column\" style=\"flex-basis:66.66%\"><!-- wp:jgu\/heading {\"tags\":{\"htmlTag\":\"h2\",\"classTag\":\"\",\"tag\":\"h2\"},\"heading\":\"Nukleare Astrophysik\"} \/-->\n\n<!-- wp:paragraph -->\n<p class=\"has-big-font-size\">Wir untersuchen, wie Sterne die Elemente schmieden und wie sich Materie unter extremen Bedingungen verh\u00e4lt, von den Kernreaktionen, die die Sternentwicklung antreiben, bis hin zur dichten Materie in Neutronensternen. Erfahren Sie mehr \u00fcber unsere Forschung im Bereich der nuklearen Astrophysik im Abschnitt \"Sterne &amp; Galaxien\" auf unserer Webseite \"Astro-, Astroteilchen- &amp; Neutrinophysik\". <\/p>\n<!-- \/wp:paragraph -->\n\n<!-- wp:separator -->\n<hr class=\"wp-block-separator has-alpha-channel-opacity\" \/>\n<!-- \/wp:separator -->\n\n<!-- wp:spacer {\"height\":\"19px\"} -->\n<div style=\"height:19px\" aria-hidden=\"true\" class=\"wp-block-spacer\"><\/div>\n<!-- \/wp:spacer -->\n\n<!-- wp:paragraph -->\n<p class=\"has-big-font-size\"><a href=\"https:\/\/physics.uni-mainz.de\/de\/home\/physikalische-forschung\/forschungsfelder\/astroteilchen-neutrinophysik\/#experimental-amp-theoretical-research-groups-1\">Experimentelle &amp; Theoretische Forschungsgruppen<\/a><\/p>\n<!-- \/wp:paragraph -->\n\n<!-- wp:separator {\"className\":\"is-style-default\"} -->\n<hr class=\"wp-block-separator has-alpha-channel-opacity is-style-default\" \/>\n<!-- \/wp:separator --><\/div>\n<!-- \/wp:column -->\n\n<!-- wp:column {\"width\":\"33.33%\"} -->\n<div class=\"wp-block-column\" style=\"flex-basis:33.33%\"><!-- wp:spacer {\"height\":\"65px\"} -->\n<div style=\"height:65px\" aria-hidden=\"true\" class=\"wp-block-spacer\"><\/div>\n<!-- \/wp:spacer -->\n\n<!-- wp:jgu\/button -->\n<!-- wp:jgu\/button-item {\"text\":\"Astro-, Astroteilchen- \\u0026amp; Neutrinophysik\",\"link\":{\"url\":\"https:\/\/physics.uni-mainz.de\/de\/home\/physikalische-forschung\/forschungsfelder\/astroteilchen-neutrinophysik\/\",\"linkTarget\":\"\",\"rel\":\"\"}} \/-->\n<!-- \/wp:jgu\/button --><\/div>\n<!-- \/wp:column --><\/div>\n<!-- \/wp:columns --><\/div><\/div>\n<!-- \/wp:jgu\/section -->\n\n<!-- wp:jgu\/section {\"color\":\"white\"} -->\n<div class=\"jgu-bgsection bg bg-white \"><div class=\"content padding-medium\"><!-- wp:jgu\/anchorpoint {\"title\":\"Neutronenphysik\",\"slug\":\"neutronenphysik\"} \/-->\n\n<!-- wp:columns {\"className\":\"\"} -->\n<div class=\"wp-block-columns\"><!-- wp:column {\"width\":\"33.33%\"} -->\n<div class=\"wp-block-column\" style=\"flex-basis:33.33%\"><!-- wp:jgu\/heading {\"tags\":{\"htmlTag\":\"h2\",\"classTag\":\"\",\"tag\":\"h2\"},\"heading\":\"Neutronenphysik\"} \/-->\n\n<!-- wp:jgu\/image {\"image\":{\"url\":null,\"id\":16720,\"hideImageDescription\":true}} \/--><\/div>\n<!-- \/wp:column -->\n\n<!-- wp:column {\"width\":\"66.66%\"} -->\n<div class=\"wp-block-column\" style=\"flex-basis:66.66%\"><!-- wp:spacer {\"height\":\"51px\"} -->\n<div style=\"height:51px\" aria-hidden=\"true\" class=\"wp-block-spacer\"><\/div>\n<!-- \/wp:spacer -->\n\n<!-- wp:paragraph -->\n<p class=\"has-big-font-size\">Die Neutronenphysik untersucht die Eigenschaften, das Verhalten und die Wechselwirkungen von Neutronen, den elektrisch neutralen Bestandteilen von Atomkernen. Wir untersuchen freie Neutronen mit hoher Pr\u00e4zision, um ihre Lebensdauer, ihre magnetische Wechselwirkung, die m\u00f6gliche Existenz eines elektrischen Dipolmoments und die Korrelationen zwischen den Zerfallsprodukten der Neutronen zu bestimmen. Wir erzeugen freie Neutronen entweder durch Kernspaltung in Kernreaktoren wie dem <a href=\"https:\/\/www.triga.uni-mainz.de\/\">TRIGA-Reaktor<\/a> oder aus Spallationsquellen wie am <a href=\"https:\/\/www.psi.ch\/de\/nedm\">PSI<\/a>.<\/p>\n<!-- \/wp:paragraph -->\n\n<!-- wp:jgu\/accordion {\"selected\":1,\"hasAllOpenButton\":false} -->\n<!-- wp:jgu\/accordion-item {\"title\":\"Forschungsgruppe\",\"init\":false,\"slug\":\"forschungsgruppe\"} -->\n<!-- wp:columns {\"className\":\"\"} -->\n<div class=\"wp-block-columns\"><!-- wp:column -->\n<div class=\"wp-block-column\"><!-- wp:jgu\/contact-card {\"name\":\"\\u003cstrong\\u003eProf. Dr. Martin Fertl\\u003c\/strong\\u003e\",\"avatar\":{\"id\":19401,\"url\":null,\"hideImageDescription\":false},\"color\":\"blue-gray\"} -->\n<!-- wp:jgu\/list-item {\"icon\":\"lightbulb-solid\",\"title\":\"Pr\u00e4zisionsmessungen der fundamentalen Eigenschaften von Neutronen, Myonen und Neutrinos\",\"uuid\":\"1726244894144\"} \/-->\n\n<!-- wp:jgu\/list-item {\"icon\":\"arrow-right-solid\",\"title\":\"\\u003ca href=\\u0022https:\/\/ag-fertl.physik.uni-mainz.de\/\\u0022\\u003eGruppe von Martin Fertl\\u003c\/a\\u003e\",\"uuid\":\"1734087422868\",\"link\":{\"url\":\"https:\/\/ag-fertl.physik.uni-mainz.de\/\"}} \/-->\n\n<!-- wp:jgu\/list-item {\"icon\":\"university-solid\",\"title\":\"\\u003ca href=\\u0022https:\/\/physics.uni-mainz.de\/de\/home\/physikalische-forschung\/forschungsfelder\/atom-quantenphysik\/\\u0022\\u003eQuanten-, Atom- und Neutronenphysik (QUANTUM)\\u003c\/a\\u003e\",\"uuid\":\"1737119550409\",\"link\":{\"url\":\"https:\/\/physics.uni-mainz.de\/de\/home\/physikalische-forschung\/forschungsfelder\/atom-quantenphysik\/\"}} \/-->\n<!-- \/wp:jgu\/contact-card --><\/div>\n<!-- \/wp:column -->\n\n<!-- wp:column -->\n<div class=\"wp-block-column\"><\/div>\n<!-- \/wp:column --><\/div>\n<!-- \/wp:columns -->\n<!-- \/wp:jgu\/accordion-item -->\n\n<!-- wp:jgu\/accordion-item {\"title\":\"Experimente\",\"init\":false,\"slug\":\"experimente\"} -->\n<!-- wp:jgu\/tabs -->\n<!-- wp:jgu\/tabs-item {\"title\":\"tSPECT\",\"slug\":\"tspect\"} -->\n<!-- wp:columns -->\n<div class=\"wp-block-columns\"><!-- wp:column {\"width\":\"33.33%\"} -->\n<div class=\"wp-block-column\" style=\"flex-basis:33.33%\"><!-- wp:jgu\/image {\"image\":{\"url\":null,\"id\":16736},\"caption\":\"tSPECT\"} \/--><\/div>\n<!-- \/wp:column -->\n\n<!-- wp:column {\"width\":\"66.66%\"} -->\n<div class=\"wp-block-column\" style=\"flex-basis:66.66%\"><!-- wp:jgu\/heading {\"tags\":{\"htmlTag\":\"h2\",\"classTag\":\"\",\"tag\":\"h2\"},\"heading\":\"tSPECT\"} \/-->\n\n<!-- wp:paragraph -->\n<p class=\"has-big-font-size\">Das tSPECT-Experiment zielt darauf ab, die Lebensdauer freier Neutronen zu messen, indem wir sehr energiearme Neutronen, sogenannte ultrakalte Neutronen (UCNs), in einer vollst\u00e4ndig magnetischen Falle ohne Kollisionen mit Materialw\u00e4nden suspendieren. Basierend auf der Wechselwirkung des magnetischen Moments von Neutronen mit einem Magnetfeldgradienten, lassen wir UCNs im freien Raum schweben. UCNs, die ihre potentielle Energie in einer Region mit niedrigem Magnetfeld minimieren, k\u00f6nnen dort gelagert werden, um ihre Zerfallsrate durch Neutronen-\u03b2-Zerfall zu messen. Mit einer Kombination aus permanenten und supraleitenden Magneten schaffen wir einen geeigneten Einfangbereich in der kalten Bohrung eines Kryostaten.   <\/p>\n<!-- \/wp:paragraph -->\n\n<!-- wp:jgu\/button -->\n<!-- wp:jgu\/button-item {\"text\":\"Mehr erfahren\",\"link\":{\"url\":\"https:\/\/ag-fertl.physik.uni-mainz.de\/tspect\/\"}} \/-->\n<!-- \/wp:jgu\/button --><\/div>\n<!-- \/wp:column --><\/div>\n<!-- \/wp:columns -->\n<!-- \/wp:jgu\/tabs-item -->\n\n<!-- wp:jgu\/tabs-item {\"title\":\"n2EDM\",\"slug\":\"n2edm\"} -->\n<!-- wp:columns -->\n<div class=\"wp-block-columns\"><!-- wp:column {\"width\":\"33.33%\"} -->\n<div class=\"wp-block-column\" style=\"flex-basis:33.33%\"><!-- wp:jgu\/image {\"image\":{\"url\":null,\"id\":17830},\"caption\":\"n2EDM\"} \/--><\/div>\n<!-- \/wp:column -->\n\n<!-- wp:column {\"width\":\"66.66%\"} -->\n<div class=\"wp-block-column\" style=\"flex-basis:66.66%\"><!-- wp:jgu\/heading {\"tags\":{\"htmlTag\":\"h2\",\"classTag\":\"\",\"tag\":\"h2\"},\"heading\":\"n2EDM\"} \/-->\n\n<!-- wp:paragraph -->\n<p class=\"has-big-font-size\">Mit ultrakalten Neutronen, die sehr gut charakterisierten schwachen magnetischen und starken elektrischen Feldern ausgesetzt werden, suchen wir nach dem elektrischen Dipolmoment des Neutrons. Diese Eigenschaft bricht, falls sie endlich ist, die Symmetrie zwischen Materie und Antimaterie und kann einen der unverzichtbaren Bestandteile f\u00fcr die Erzeugung der Materie-Antimaterie-Asymmetrie liefern, die wir im Universum beobachten.<\/p>\n<!-- \/wp:paragraph -->\n\n<!-- wp:jgu\/button -->\n<!-- wp:jgu\/button-item {\"text\":\"n2EDM\",\"link\":{\"url\":\"https:\/\/www.psi.ch\/de\/nedm\",\"linkTarget\":\"\",\"rel\":\"\"}} \/-->\n<!-- \/wp:jgu\/button --><\/div>\n<!-- \/wp:column --><\/div>\n<!-- \/wp:columns -->\n<!-- \/wp:jgu\/tabs-item -->\n<!-- \/wp:jgu\/tabs -->\n<!-- \/wp:jgu\/accordion-item -->\n<!-- \/wp:jgu\/accordion --><\/div>\n<!-- \/wp:column --><\/div>\n<!-- \/wp:columns --><\/div><\/div>\n<!-- \/wp:jgu\/section -->\n\n<!-- wp:jgu\/section {\"color\":\"light\"} -->\n<div class=\"jgu-bgsection bg bg-light \"><div class=\"content padding-medium\"><!-- wp:jgu\/anchorpoint {\"title\":\"Gitter-QCD\",\"slug\":\"gitter-qcd\"} \/-->\n\n<!-- wp:columns {\"className\":\"\"} -->\n<div class=\"wp-block-columns\"><!-- wp:column {\"width\":\"66.66%\"} -->\n<div class=\"wp-block-column\" style=\"flex-basis:66.66%\"><!-- wp:jgu\/heading {\"tags\":{\"htmlTag\":\"h2\",\"classTag\":\"\",\"tag\":\"h2\"},\"heading\":\"Gitter-QCD\"} \/-->\n\n<!-- wp:paragraph -->\n<p class=\"has-big-font-size\">Auf den Skalen, die f\u00fcr die Hadronen- und Kernphysik von Interesse sind, l\u00e4sst die St\u00e4rke der starken Wechselwirkung keine St\u00f6rungsexpansionen zu. Stattdessen k\u00f6nnen Berechnungen mit einer diskretisierten Raumzeit und Monte-Carlo-Methoden auf Supercomputern durchgef\u00fchrt werden. Die Mainzer \"Gitter\"-Forschungsgruppe f\u00fchrt bahnbrechende Berechnungen f\u00fcr die Hadronenspektroskopie und -struktur sowie f\u00fcr hadronische Korrekturen an Pr\u00e4zisionsobservablen, insbesondere dem magnetischen Moment des Myons, durch.  <\/p>\n<!-- \/wp:paragraph -->\n\n<!-- wp:jgu\/accordion {\"selected\":1,\"hasAllOpenButton\":false} -->\n<!-- wp:jgu\/accordion-item {\"title\":\"Theoretische Forschungsgruppen\",\"init\":false,\"slug\":\"theoretische-forschungsgruppen\"} -->\n<!-- wp:columns {\"className\":\"\"} -->\n<div class=\"wp-block-columns\"><!-- wp:column -->\n<div class=\"wp-block-column\"><!-- wp:jgu\/contact-card {\"name\":\"\\u003cstrong\\u003eProf. Dr. Harvey Meyer\\u003c\/strong\\u003e\",\"avatar\":{\"id\":16757,\"url\":null,\"hideImageDescription\":false},\"color\":\"blue-gray\"} -->\n<!-- wp:jgu\/list-item {\"icon\":\"lightbulb-solid\",\"title\":\"Gitterfeldtheorie, Nicht-Gleichgewichtsph\u00e4nomene aus der euklidischen QCD, QCD-Phasendiagramm, thermische Feldtheorie, Spektralfunktionen, Hadronenstruktur, hadronische Licht-nach-Licht-Streuung  \\u003cbr\\u003e\",\"uuid\":\"1726244894144\"} \/-->\n\n<!-- wp:jgu\/list-item {\"icon\":\"address-card-solid\",\"title\":\"\\u003ca href=\\u0022https:\/\/kph-th.physics.uni-mainz.de\/meyer-harvey\/\\u0022\\u003eInformationen zur Person\\u003c\/a\\u003e\",\"uuid\":\"1734087422868\",\"link\":{\"url\":\"https:\/\/kph-th.physics.uni-mainz.de\/meyer-harvey\/\"}} \/-->\n\n<!-- wp:jgu\/list-item {\"icon\":\"university-solid\",\"title\":\"\\u003ca href=\\u0022https:\/\/www.kernphysik.uni-mainz.de\/\\u0022\\u003eInstitut f\u00fcr Kernphysik\\u003c\/a\\u003e\",\"uuid\":\"1746441707686\",\"link\":{\"url\":\"https:\/\/www.kernphysik.uni-mainz.de\/\"}} \/-->\n<!-- \/wp:jgu\/contact-card --><\/div>\n<!-- \/wp:column -->\n\n<!-- wp:column -->\n<div class=\"wp-block-column\"><!-- wp:jgu\/contact-card {\"name\":\"\\u003cstrong\\u003eProf. Dr. Georg von Hippel\\u003c\/strong\\u003e\",\"avatar\":{\"id\":12171,\"url\":null,\"hideImageDescription\":false},\"color\":\"blue-gray\"} -->\n<!-- wp:jgu\/list-item {\"icon\":\"lightbulb-solid\",\"title\":\"Gitter-QCD, Hadronenstruktur, Pr\u00e4zisionsbeobachtungen\",\"uuid\":\"1726244894144\"} \/-->\n\n<!-- wp:jgu\/list-item {\"icon\":\"address-card-solid\",\"title\":\"\\u003ca href=\\u0022https:\/\/kph-th.physics.uni-mainz.de\/hippel-von-georg\/\\u0022\\u003eInformationen zur Person\\u003c\/a\\u003e\",\"uuid\":\"1734087422868\",\"link\":{\"url\":\"https:\/\/kph-th.physics.uni-mainz.de\/hippel-von-georg\/\"}} \/-->\n\n<!-- wp:jgu\/list-item {\"icon\":\"university-solid\",\"title\":\"\\u003ca href=\\u0022https:\/\/www.kernphysik.uni-mainz.de\/\\u0022\\u003eInstitut f\u00fcr Kernphysik\\u003c\/a\\u003e\",\"uuid\":\"1746441707686\",\"link\":{\"url\":\"https:\/\/www.kernphysik.uni-mainz.de\/\"}} \/-->\n<!-- \/wp:jgu\/contact-card --><\/div>\n<!-- \/wp:column -->\n\n<!-- wp:column -->\n<div class=\"wp-block-column\"><!-- wp:jgu\/contact-card {\"name\":\"\\u003cstrong\\u003eProf. Dr. Hartmut Wittig\\u003c\/strong\\u003e\",\"avatar\":{\"id\":19276,\"url\":null,\"hideImageDescription\":false},\"color\":\"blue-gray\"} -->\n<!-- wp:jgu\/list-item {\"icon\":\"lightbulb-solid\",\"title\":\"Lattice QCD: Hadronenspektroskopie und -struktur, Hadronische Beitr\u00e4ge zu Pr\u00e4zisionsbeobachtungsdaten\",\"uuid\":\"1726244894144\"} \/-->\n\n<!-- wp:jgu\/list-item {\"icon\":\"address-card-solid\",\"title\":\"\\u003ca href=\\u0022https:\/\/wwwth.kph.uni-mainz.de\/wittig-hartmut\/\\u0022\\u003eInformationen zur Person\\u003c\/a\\u003e\",\"uuid\":\"1734087422868\",\"link\":{\"url\":\"https:\/\/wwwth.kph.uni-mainz.de\/wittig-hartmut\/\"}} \/-->\n\n<!-- wp:jgu\/list-item {\"icon\":\"university-solid\",\"title\":\"\\u003ca href=\\u0022https:\/\/www.kernphysik.uni-mainz.de\/\\u0022\\u003eInstitut f\u00fcr Kernphysik\\u003c\/a\\u003e\",\"uuid\":\"1746439866517\",\"link\":{\"url\":\"https:\/\/www.kernphysik.uni-mainz.de\/\"}} \/-->\n<!-- \/wp:jgu\/contact-card --><\/div>\n<!-- \/wp:column --><\/div>\n<!-- \/wp:columns -->\n<!-- \/wp:jgu\/accordion-item -->\n<!-- \/wp:jgu\/accordion --><\/div>\n<!-- \/wp:column -->\n\n<!-- wp:column {\"width\":\"33.33%\"} -->\n<div class=\"wp-block-column\" style=\"flex-basis:33.33%\"><!-- wp:jgu\/image {\"image\":{\"url\":null,\"id\":12165,\"hideImageDescription\":true}} \/--><\/div>\n<!-- \/wp:column --><\/div>\n<!-- \/wp:columns --><\/div><\/div>\n<!-- \/wp:jgu\/section -->\n\n<!-- wp:jgu\/section {\"color\":\"white\"} -->\n<div class=\"jgu-bgsection bg bg-white \"><div class=\"content padding-medium\"><!-- wp:jgu\/anchorpoint {\"title\":\"Flavourphysik\",\"slug\":\"flavourphysik\"} \/-->\n\n<!-- wp:columns {\"className\":\"\"} -->\n<div class=\"wp-block-columns\"><!-- wp:column {\"width\":\"66.66%\"} -->\n<div class=\"wp-block-column\" style=\"flex-basis:66.66%\"><!-- wp:jgu\/heading {\"tags\":{\"htmlTag\":\"h2\",\"classTag\":\"\",\"tag\":\"h2\"},\"heading\":\"Flavour-Physik\"} \/-->\n\n<!-- wp:paragraph -->\n<p class=\"has-big-font-size\">Die Flavour-Physik beschreibt die \u00dcberg\u00e4nge zwischen verschiedenen Generationen (Flavours) von Quarks und Leptonen \u00fcber die schwache Wechselwirkung. Um mehr \u00fcber unsere Forschung im Bereich der \"Flavour-Physik\" zu erfahren, besuchen Sie bitte die Webseite \"Hochenergie-Teilchenphysik\". <\/p>\n<!-- \/wp:paragraph -->\n\n<!-- wp:separator -->\n<hr class=\"wp-block-separator has-alpha-channel-opacity\" \/>\n<!-- \/wp:separator -->\n\n<!-- wp:spacer {\"height\":\"19px\"} -->\n<div style=\"height:19px\" aria-hidden=\"true\" class=\"wp-block-spacer\"><\/div>\n<!-- \/wp:spacer -->\n\n<!-- wp:paragraph -->\n<p class=\"has-big-font-size\"><a href=\"https:\/\/physics.uni-mainz.de\/de\/home\/physikalische-forschung\/forschungsfelder\/hochenergie-teilchenphysik\/#experimental-amp-theoretical-research-groups-3\">Experimentelle &amp; Theoretische Forschungsgruppen<\/a><\/p>\n<!-- \/wp:paragraph -->\n\n<!-- wp:separator {\"className\":\"is-style-default\"} -->\n<hr class=\"wp-block-separator has-alpha-channel-opacity is-style-default\" \/>\n<!-- \/wp:separator --><\/div>\n<!-- \/wp:column -->\n\n<!-- wp:column {\"width\":\"33.33%\"} -->\n<div class=\"wp-block-column\" style=\"flex-basis:33.33%\"><!-- wp:spacer {\"height\":\"65px\"} -->\n<div style=\"height:65px\" aria-hidden=\"true\" class=\"wp-block-spacer\"><\/div>\n<!-- \/wp:spacer -->\n\n<!-- wp:jgu\/button -->\n<!-- wp:jgu\/button-item {\"text\":\"Hochenergie-Teilchenphysik\",\"link\":{\"url\":\"https:\/\/cms.zdv.uni-mainz.de\/fb08-physics\/de\/home\/physikalische-forschung\/forschungsfelder\/hochenergie-teilchenphysik\/\",\"linkTarget\":\"\",\"rel\":\"\"}} \/-->\n<!-- \/wp:jgu\/button --><\/div>\n<!-- \/wp:column --><\/div>\n<!-- \/wp:columns --><\/div><\/div>\n<!-- \/wp:jgu\/section -->\n\n<!-- wp:jgu\/section {\"color\":\"dark\"} -->\n<div class=\"jgu-bgsection bg bg-dark \"><div class=\"content padding-medium\"><!-- wp:jgu\/anchorpoint {\"title\":\"Forschungsgruppen (Liste)\",\"slug\":\"forschungsgruppen-liste\"} \/-->\n\n<!-- wp:jgu\/heading {\"color\":\"default\",\"tags\":{\"htmlTag\":\"h2\",\"classTag\":\"\",\"tag\":\"h2\"},\"heading\":\"Forschende (alphabetisch)\"} \/-->\n\n<!-- wp:columns {\"className\":\"\"} -->\n<div class=\"wp-block-columns\"><!-- wp:column -->\n<div class=\"wp-block-column\"><!-- wp:jgu\/list -->\n<ul class=\"styled-list hyphenation\"><!-- wp:jgu\/list-item {\"icon\":\"address-card-solid\",\"title\":\"Prof. Dr. Patrick Achenbach \\u003ca href=\\u0022https:\/\/www.kernphysik.uni-mainz.de\/\\u0022\\u003e(Institut f\u00fcr Kernphysik\\u003c\/a\\u003e)\",\"uuid\":\"1737120137498\"} \/-->\n\n<!-- wp:jgu\/list-item {\"icon\":\"address-card-solid\",\"title\":\"\\u003ca href=\\u0022https:\/\/kph-th.physics.uni-mainz.de\/bacca-sonia\/\\u0022\\u003eProf. Dr. Sonia Bacca\\u003c\/a\\u003e \\u003ca href=\\u0022https:\/\/www.kernphysik.uni-mainz.de\/\\u0022\\u003e(Institut f\u00fcr Kernphysik\\u003c\/a\\u003e)\",\"uuid\":\"1737120233732\",\"link\":{\"url\":\"https:\/\/kph-th.physics.uni-mainz.de\/bacca-sonia\/\"}} \/-->\n\n<!-- wp:jgu\/list-item {\"icon\":\"address-card-solid\",\"title\":\"Prof. Dr. Niklaus Berger \\u003ca href=\\u0022https:\/\/www.kernphysik.uni-mainz.de\/\\u0022\\u003e(Institut f\u00fcr Kernphysik\\u003c\/a\\u003e)\",\"uuid\":\"1737120137498\"} -->\n<!-- wp:jgu\/list-item {\"icon\":\"arrow-right-solid\",\"title\":\"\\u003ca href=\\u0022https:\/\/agberger.kph.uni-mainz.de\/\\u0022\\u003eGruppe von Niklaus Berger\\u003c\/a\\u003e\",\"uuid\":\"1737120272020\",\"link\":{\"url\":\"https:\/\/agberger.kph.uni-mainz.de\/\"}} \/-->\n<!-- \/wp:jgu\/list-item -->\n\n<!-- wp:jgu\/list-item {\"icon\":\"address-card-solid\",\"title\":\"\\u003ca href=\\u0022https:\/\/kph-th.physics.uni-mainz.de\/capel-pierre\/\\u0022\\u003eProf. Dr. Pierre Capel\\u003c\/a\\u003e \\u003ca href=\\u0022https:\/\/www.kernphysik.uni-mainz.de\/\\u0022\\u003e(Institut f\u00fcr Kernphysik\\u003c\/a\\u003e)\",\"uuid\":\"1737120137498\",\"link\":{\"url\":\"https:\/\/kph-th.physics.uni-mainz.de\/capel-pierre\/\"}} \/-->\n\n<!-- wp:jgu\/list-item {\"icon\":\"address-card-solid\",\"title\":\"Prof. Dr. Achim Denig \\u003ca href=\\u0022https:\/\/www.kernphysik.uni-mainz.de\/\\u0022\\u003e(Institut f\u00fcr Kernphysik\\u003c\/a\\u003e)\",\"uuid\":\"1737120372115\"} -->\n<!-- wp:jgu\/list-item {\"icon\":\"arrow-right-solid\",\"title\":\"\\u003ca href=\\u0022https:\/\/ag-denig.physics.uni-mainz.de\/\\u0022\\u003eGruppe von Achim Denig\\u003c\/a\\u003e\",\"uuid\":\"1773411515274\",\"link\":{\"url\":\"https:\/\/ag-denig.physics.uni-mainz.de\/\"}} \/-->\n<!-- \/wp:jgu\/list-item -->\n\n<!-- wp:jgu\/list-item {\"icon\":\"address-card-solid\",\"title\":\"Prof. Dr. Luca Doria \\u003ca href=\\u0022https:\/\/www.kernphysik.uni-mainz.de\/\\u0022\\u003e(Institut f\u00fcr Kernphysik\\u003c\/a\\u003e)\",\"uuid\":\"1737120233732\"} -->\n<!-- wp:jgu\/list-item {\"icon\":\"arrow-right-solid\",\"title\":\"\\u003ca href=\\u0022https:\/\/www.staff.uni-mainz.de\/doria\\u0022\\u003eGruppe von Luca Doria\\u003c\/a\\u003e\",\"uuid\":\"1737120347905\",\"link\":{\"url\":\"https:\/\/www.staff.uni-mainz.de\/doria\"}} \/-->\n<!-- \/wp:jgu\/list-item -->\n\n<!-- wp:jgu\/list-item {\"icon\":\"address-card-solid\",\"title\":\"\\u003ca href=\\u0022https:\/\/kph-th.physics.uni-mainz.de\/erler-jens\/\\u0022\\u003eProf. Dr. Jens Erler\\u003c\/a\\u003e \\u003ca href=\\u0022https:\/\/www.kernphysik.uni-mainz.de\/\\u0022\\u003e(Institut f\u00fcr Kernphysik\\u003c\/a\\u003e)\",\"uuid\":\"1737120233732\",\"link\":{\"url\":\"https:\/\/kph-th.physics.uni-mainz.de\/erler-jens\/\"}} -->\n<!-- wp:jgu\/list-item {\"icon\":\"arrow-right-solid\",\"title\":\"\\u003ca href=\\u0022https:\/\/agerler.physics.uni-mainz.de\/\\u0022\\u003eGruppe von Jens Erler\\u003c\/a\\u003e\",\"uuid\":\"1737120347905\",\"link\":{\"url\":\"https:\/\/agerler.physics.uni-mainz.de\/\"}} \/-->\n<!-- \/wp:jgu\/list-item --><\/ul>\n<!-- \/wp:jgu\/list --><\/div>\n<!-- \/wp:column -->\n\n<!-- wp:column -->\n<div class=\"wp-block-column\"><!-- wp:jgu\/list -->\n<ul class=\"styled-list hyphenation\"><!-- wp:jgu\/list-item {\"icon\":\"address-card-solid\",\"title\":\"Prof. Dr. Martin Fertl (\\u003ca href=\\u0022https:\/\/physics.uni-mainz.de\/de\/home\/physikalische-forschung\/forschungsfelder\/atom-quantenphysik\/\\u0022\\u003eQuanten-, Atom- \\u0026amp; Neutronenphysik\\u003c\/a\\u003e)\",\"uuid\":\"1737120372115\"} -->\n<!-- wp:jgu\/list-item {\"icon\":\"arrow-right-solid\",\"title\":\"\\u003ca href=\\u0022https:\/\/ag-fertl.physik.uni-mainz.de\/\\u0022\\u003eGruppe von Martin Fertl\\u003c\/a\\u003e\",\"uuid\":\"1755182703896\",\"link\":{\"url\":\"https:\/\/ag-fertl.physik.uni-mainz.de\/\"}} \/-->\n<!-- \/wp:jgu\/list-item -->\n\n<!-- wp:jgu\/list-item {\"icon\":\"address-card-solid\",\"title\":\"Prof. Dr. Wolfgang Gradl \\u003ca href=\\u0022https:\/\/www.kernphysik.uni-mainz.de\/\\u0022\\u003e(Institut f\u00fcr Kernphysik\\u003c\/a\\u003e)\",\"uuid\":\"1737120372115\"} \/-->\n\n<!-- wp:jgu\/list-item {\"icon\":\"address-card-solid\",\"title\":\"\\u003ca href=\\u0022https:\/\/kph-th.physics.uni-mainz.de\/hagelstein-franziska\/\\u0022\\u003eDr. Franziska Hagelstein\\u003c\/a\\u003e \\u003ca href=\\u0022https:\/\/www.kernphysik.uni-mainz.de\/\\u0022\\u003e(Institut f\u00fcr Kernphysik\\u003c\/a\\u003e)\",\"uuid\":\"1737120372115\",\"link\":{\"url\":\"https:\/\/kph-th.physics.uni-mainz.de\/hagelstein-franziska\/\"}} \/-->\n\n<!-- wp:jgu\/list-item {\"icon\":\"address-card-solid\",\"title\":\"Prof. Dr. Tyler Kutz \\u003ca href=\\u0022https:\/\/www.kernphysik.uni-mainz.de\/\\u0022\\u003e(Institut f\u00fcr Kernphysik\\u003c\/a\\u003e)\",\"uuid\":\"1737120372115\"} \/-->\n\n<!-- wp:jgu\/list-item {\"icon\":\"address-card-solid\",\"title\":\"Prof. Dr. Frank Maas \\u003ca href=\\u0022https:\/\/www.kernphysik.uni-mainz.de\/\\u0022\\u003e(Institut f\u00fcr Kernphysik\\u003c\/a\\u003e)\",\"uuid\":\"1737120372115\"} \/-->\n\n<!-- wp:jgu\/list-item {\"icon\":\"address-card-solid\",\"title\":\"Prof. Dr. Harald Merkel \\u003ca href=\\u0022https:\/\/www.kernphysik.uni-mainz.de\/\\u0022\\u003e(Institut f\u00fcr Kernphysik\\u003c\/a\\u003e)\",\"uuid\":\"1737120372115\"} \/-->\n\n<!-- wp:jgu\/list-item {\"icon\":\"address-card-solid\",\"title\":\"\\u003ca href=\\u0022https:\/\/kph-th.physics.uni-mainz.de\/meyer-harvey\/\\u0022\\u003eProf. Dr. Harvey Meyer\\u003c\/a\\u003e \\u003ca href=\\u0022https:\/\/www.kernphysik.uni-mainz.de\/\\u0022\\u003e(Institut f\u00fcr Kernphysik\\u003c\/a\\u003e)\",\"uuid\":\"1737120372115\",\"link\":{\"url\":\"https:\/\/kph-th.physics.uni-mainz.de\/meyer-harvey\/\"}} \/-->\n\n<!-- wp:jgu\/list-item {\"icon\":\"address-card-solid\",\"title\":\"Prof. Dr. Michael Ostrick \\u003ca href=\\u0022https:\/\/www.kernphysik.uni-mainz.de\/\\u0022\\u003e(Institut f\u00fcr Kernphysik\\u003c\/a\\u003e)\",\"uuid\":\"1737120372115\"} -->\n<!-- wp:jgu\/list-item {\"icon\":\"arrow-right-solid\",\"title\":\"\\u003ca href=\\u0022https:\/\/www.blogs.uni-mainz.de\/fb08-nuclear-physics\/professors\/univ-prof-dr-michael-ostrick\/\\u0022\\u003eGruppe von Michael Ostrick\\u003c\/a\\u003e\",\"uuid\":\"1737120429648\",\"link\":{\"url\":\"https:\/\/www.blogs.uni-mainz.de\/fb08-nuclear-physics\/professors\/univ-prof-dr-michael-ostrick\/\"}} \/-->\n<!-- \/wp:jgu\/list-item --><\/ul>\n<!-- \/wp:jgu\/list --><\/div>\n<!-- \/wp:column -->\n\n<!-- wp:column -->\n<div class=\"wp-block-column\"><!-- wp:jgu\/list -->\n<ul class=\"styled-list hyphenation\"><!-- wp:jgu\/list-item {\"icon\":\"address-card-solid\",\"title\":\"Prof. Dr. Randolf Pohl (\\u003ca href=\\u0022https:\/\/physics.uni-mainz.de\/de\/home\/physikalische-forschung\/forschungsfelder\/atom-quantenphysik\/\\u0022\\u003eQuanten-, Atom- \\u0026amp; Neutronenphysik\\u003c\/a\\u003e)\",\"uuid\":\"1737120372115\"} \/-->\n\n<!-- wp:jgu\/list-item {\"icon\":\"address-card-solid\",\"title\":\"\\u003ca href=\\u0022https:\/\/kph-th.physics.uni-mainz.de\/scherer-stefan\/\\u0022\\u003eProf. Dr. Stefan Scherer\\u003c\/a\\u003e \\u003ca href=\\u0022https:\/\/www.kernphysik.uni-mainz.de\/\\u0022\\u003e(Institut f\u00fcr Kernphysik\\u003c\/a\\u003e)\",\"uuid\":\"1737120372115\",\"link\":{\"url\":\"https:\/\/kph-th.physics.uni-mainz.de\/scherer-stefan\/\"}} \/-->\n\n<!-- wp:jgu\/list-item {\"icon\":\"address-card-solid\",\"title\":\"Prof. Dr. Concettina Sfienti \\u003ca href=\\u0022https:\/\/www.kernphysik.uni-mainz.de\/\\u0022\\u003e(Institut f\u00fcr Kernphysik\\u003c\/a\\u003e)\",\"uuid\":\"1737120372115\"} -->\n<!-- wp:jgu\/list-item {\"icon\":\"arrow-right-solid\",\"title\":\"\\u003ca href=\\u0022https:\/\/agsfienti.uni-mainz.de\/\\u0022\\u003eGruppe von Concettina Sfienti\\u003c\/a\\u003e\",\"uuid\":\"1737120429648\",\"link\":{\"url\":\"https:\/\/agsfienti.uni-mainz.de\/\"}} \/-->\n<!-- \/wp:jgu\/list-item -->\n\n<!-- wp:jgu\/list-item {\"icon\":\"address-card-solid\",\"title\":\"\\u003ca href=\\u0022https:\/\/kph-th.physics.uni-mainz.de\/vanderhaeghen-marc\/\\u0022\\u003eProf. Dr. Marc Vanderhaeghen\\u003c\/a\\u003e \\u003ca href=\\u0022https:\/\/www.kernphysik.uni-mainz.de\/\\u0022\\u003e(Institut f\u00fcr Kernphysik\\u003c\/a\\u003e)\",\"uuid\":\"1737120372115\",\"link\":{\"url\":\"https:\/\/kph-th.physics.uni-mainz.de\/vanderhaeghen-marc\/\"}} \/-->\n\n<!-- wp:jgu\/list-item {\"icon\":\"address-card-solid\",\"title\":\"\\u003ca href=\\u0022https:\/\/kph-th.physics.uni-mainz.de\/hippel-von-georg\/\\u0022\\u003eProf. Dr. Georg von Hippel\\u003c\/a\\u003e \\u003ca href=\\u0022https:\/\/www.kernphysik.uni-mainz.de\/\\u0022\\u003e(Institut f\u00fcr Kernphysik\\u003c\/a\\u003e)\",\"uuid\":\"1737120372115\",\"link\":{\"url\":\"https:\/\/kph-th.physics.uni-mainz.de\/hippel-von-georg\/\"}} \/-->\n\n<!-- wp:jgu\/list-item {\"icon\":\"address-card-solid\",\"title\":\"\\u003ca href=\\u0022https:\/\/kph-th.physics.uni-mainz.de\/wittig-hartmut\/\\u0022\\u003eProf. Dr. Hartmut Wittig\\u003c\/a\\u003e \\u003ca href=\\u0022https:\/\/www.kernphysik.uni-mainz.de\/\\u0022\\u003e(Institut f\u00fcr Kernphysik\\u003c\/a\\u003e)\",\"uuid\":\"1737120372115\",\"link\":{\"url\":\"https:\/\/kph-th.physics.uni-mainz.de\/wittig-hartmut\/\"}} \/--><\/ul>\n<!-- \/wp:jgu\/list --><\/div>\n<!-- \/wp:column --><\/div>\n<!-- \/wp:columns --><\/div><\/div>\n<!-- \/wp:jgu\/section -->\n\n<!-- wp:paragraph -->\n<p class=\"has-big-font-size\"><\/p>\n<!-- \/wp:paragraph -->","_links":{"self":[{"href":"https:\/\/physics.uni-mainz.de\/de\/wp-json\/wp\/v2\/pages\/15675","targetHints":{"allow":["GET"]}}],"collection":[{"href":"https:\/\/physics.uni-mainz.de\/de\/wp-json\/wp\/v2\/pages"}],"about":[{"href":"https:\/\/physics.uni-mainz.de\/de\/wp-json\/wp\/v2\/types\/page"}],"author":[{"embeddable":true,"href":"https:\/\/physics.uni-mainz.de\/de\/wp-json\/wp\/v2\/users\/311"}],"replies":[{"embeddable":true,"href":"https:\/\/physics.uni-mainz.de\/de\/wp-json\/wp\/v2\/comments?post=15675"}],"version-history":[{"count":14,"href":"https:\/\/physics.uni-mainz.de\/de\/wp-json\/wp\/v2\/pages\/15675\/revisions"}],"predecessor-version":[{"id":20742,"href":"https:\/\/physics.uni-mainz.de\/de\/wp-json\/wp\/v2\/pages\/15675\/revisions\/20742"}],"up":[{"embeddable":true,"href":"https:\/\/physics.uni-mainz.de\/de\/wp-json\/wp\/v2\/pages\/16008"}],"wp:attachment":[{"href":"https:\/\/physics.uni-mainz.de\/de\/wp-json\/wp\/v2\/media?parent=15675"}],"wp:term":[{"taxonomy":"category","embeddable":true,"href":"https:\/\/physics.uni-mainz.de\/de\/wp-json\/wp\/v2\/categories?post=15675"},{"taxonomy":"post_tag","embeddable":true,"href":"https:\/\/physics.uni-mainz.de\/de\/wp-json\/wp\/v2\/tags?post=15675"}],"curies":[{"name":"wp","href":"https:\/\/api.w.org\/{rel}","templated":true}]}}