{"id":15342,"date":"2025-05-08T14:35:23","date_gmt":"2025-05-08T12:35:23","guid":{"rendered":"https:\/\/cms.zdv.uni-mainz.de\/fb08-physics\/home\/physikalische-forschung\/institute-forschungseinrichtungen\/"},"modified":"2026-04-10T14:58:58","modified_gmt":"2026-04-10T12:58:58","slug":"institute-forschungseinrichtungen","status":"publish","type":"page","link":"https:\/\/physics.uni-mainz.de\/de\/home\/physikalische-forschung\/institute-forschungseinrichtungen\/","title":{"rendered":"Institute &amp; Forschungseinrichtungen"},"content":{"rendered":"<jgu-base-pageheader react-props=\"{\n    &quot;items&quot;: [\n        {\n            &quot;box&quot;: {\n                &quot;index&quot;: &quot;&quot;,\n                &quot;title&quot;: &quot;Institute &amp;amp; Forschungseinrichtungen&quot;,\n                &quot;link&quot;: {\n                    &quot;url&quot;: &quot;&quot;,\n                    &quot;title&quot;: &quot;Mehr erfahren&quot;\n                }\n            },\n            &quot;color&quot;: &quot;default&quot;,\n            &quot;image&quot;: {\n                &quot;url&quot;: &quot;&quot;\n            },\n            &quot;imgCredit&quot;: &quot;&quot;,\n            &quot;useVideo&quot;: false,\n            &quot;video&quot;: false\n        }\n    ],\n    &quot;type&quot;: &quot;border&quot;,\n    &quot;align&quot;: &quot;full&quot;,\n    &quot;quicklinks&quot;: {\n        &quot;show&quot;: false,\n        &quot;selects&quot;: []\n    },\n    &quot;useBreadcrumb&quot;: false\n}\">\n<\/jgu-base-pageheader>\n\n\n<p class=\"has-big-font-size\"><a href=\"https:\/\/www.uni-mainz.de\/\">Johannes Gutenberg-Universit\u00e4t Mainz<\/a> &gt; <a href=\"https:\/\/www.fb08.uni-mainz.de\">Fachbereich 08<\/a> &gt; <a href=\"https:\/\/physik.uni-mainz.de\/\">Physik<\/a> &gt; <a href=\"https:\/\/physics.uni-mainz.de\/de\/home\/physikalische-forschung\/\">Physikalische Forschung<\/a> &gt; Institute &amp; Einrichtungen<\/p>\n\n\n\n<p class=\"has-big-font-size\">Sowohl Forschende als auch Studierende k\u00f6nnen von den herausragenden Vernetzungsm\u00f6glichkeiten mit renommierten Helmholtz und Max Planck Instituten profitieren. Die moderne Infrastruktur auf dem Campus tr\u00e4gt zu herausragenden Forschungsergebnissen bei: Geforscht werden kann an unseren Teilchenbeschleunigern MAMI &amp; MESA, dem Forschungsreaktor TRIGA Mainz, unserem vertikalen Windkanal sowie unserem Detektorlabor. Die High Performance Computing Systeme MOGON und HIMster unterst\u00fctzen Forschende bei der Durchf\u00fchrung komplexer Berechnungen und Simulationen.  <\/p>\n\n\n\n<div style=\"height:60px\" aria-hidden=\"true\" class=\"wp-block-spacer\"><\/div>\n\n\n<jgu-base-anchornavigation react-props=\"{\n    &quot;align&quot;: &quot;wide&quot;,\n    &quot;theme&quot;: &quot;white&quot;\n}\">\n    \n<\/jgu-base-anchornavigation>\n\n<jgu-base-section react-props=\"{&quot;color&quot;:&quot;dark&quot;,&quot;align&quot;:&quot;wide&quot;,&quot;padding&quot;:&quot;medium&quot;}\">\n<div class=\"jgu-bgsection bg bg-dark \"><div class=\"content padding-medium\"><div\n\tclass=\"jgu-anchorpoint\"\n\tid=\"physik-campus-mainz\"\n\tdata-label=\"Physik-Campus Mainz\"\n\tdata-hide-in-nav=\"false\"\n\ttabindex=\"0\"\n\tdata-initial-scroll=\"true\"\n><\/div>\n\n\n<jgu-base-heading react-props=\"{\n    &quot;color&quot;: &quot;default&quot;,\n    &quot;tags&quot;: {\n        &quot;htmlTag&quot;: &quot;h2&quot;,\n        &quot;classTag&quot;: &quot;&quot;,\n        &quot;tag&quot;: &quot;h2&quot;\n    },\n    &quot;heading&quot;: &quot;Physik-Campus Mainz&quot;,\n    &quot;textAlign&quot;: &quot;left&quot;,\n    &quot;anchor&quot;: &quot;&quot;,\n    &quot;index&quot;: &quot;&quot;\n}\"><\/jgu-base-heading>\n\n\n\n<div class=\"wp-block-columns is-layout-flex wp-container-core-columns-is-layout-9d6595d7 wp-block-columns-is-layout-flex\">\n<div class=\"wp-block-column is-layout-flow wp-block-column-is-layout-flow\" style=\"flex-basis:40%\"><ul class=\"styled-list hyphenation\">\n\t\n<ul class=\"styled-list hyphenation\"><jgu-base-listitem react-props=\"{\n    &quot;title&quot;: &quot;&lt;strong&gt;Universit\\u00e4tsinstitute&lt;\\\/strong&gt;&quot;,\n    &quot;uuid&quot;: &quot;1738232024990&quot;,\n    &quot;link&quot;: {\n        &quot;url&quot;: null\n    },\n    &quot;align&quot;: &quot;wide&quot;,\n    &quot;showInActions&quot;: false,\n    &quot;allowNesting&quot;: true,\n    &quot;icon&quot;: &quot;&quot;,\n    &quot;showExpandableContent&quot;: false,\n    &quot;expandableContent&quot;: &quot;&quot;\n}\">\n    \n<jgu-base-listitem react-props=\"{\n    &quot;title&quot;: &quot;&lt;a href=\\&quot;https:\\\/\\\/www.iph.uni-mainz.de\\\/\\&quot;&gt;1 Institut f\\u00fcr Physik&lt;\\\/a&gt;&quot;,\n    &quot;uuid&quot;: &quot;1738232024990&quot;,\n    &quot;align&quot;: &quot;wide&quot;,\n    &quot;showInActions&quot;: false,\n    &quot;allowNesting&quot;: true,\n    &quot;icon&quot;: &quot;&quot;,\n    &quot;showExpandableContent&quot;: false,\n    &quot;expandableContent&quot;: &quot;&quot;,\n    &quot;link&quot;: {\n        &quot;url&quot;: &quot;&quot;\n    }\n}\">\n    \n<\/jgu-base-listitem>\n\n<jgu-base-listitem react-props=\"{\n    &quot;title&quot;: &quot;&lt;a href=\\&quot;https:\\\/\\\/www.kernphysik.uni-mainz.de\\\/\\&quot;&gt;2 Institut f\\u00fcr Kernphysik&lt;\\\/a&gt;&quot;,\n    &quot;uuid&quot;: &quot;1738232042669&quot;,\n    &quot;link&quot;: {\n        &quot;url&quot;: &quot;https:\\\/\\\/www.kernphysik.uni-mainz.de\\\/en\\\/&quot;\n    },\n    &quot;align&quot;: &quot;wide&quot;,\n    &quot;showInActions&quot;: false,\n    &quot;allowNesting&quot;: true,\n    &quot;icon&quot;: &quot;&quot;,\n    &quot;showExpandableContent&quot;: false,\n    &quot;expandableContent&quot;: &quot;&quot;\n}\">\n    \n<\/jgu-base-listitem>\n\n<jgu-base-listitem react-props=\"{\n    &quot;title&quot;: &quot;3&lt;a href=\\&quot;https:\\\/\\\/www.ipa.uni-mainz.de\\\/\\&quot;&gt; Institut f\\u00fcr Physik der Atmosph\\u00e4re&lt;\\\/a&gt;&quot;,\n    &quot;uuid&quot;: &quot;1738232056110&quot;,\n    &quot;align&quot;: &quot;wide&quot;,\n    &quot;showInActions&quot;: false,\n    &quot;allowNesting&quot;: true,\n    &quot;icon&quot;: &quot;&quot;,\n    &quot;showExpandableContent&quot;: false,\n    &quot;expandableContent&quot;: &quot;&quot;,\n    &quot;link&quot;: {\n        &quot;url&quot;: &quot;&quot;\n    }\n}\">\n    \n<\/jgu-base-listitem>\n\n<\/jgu-base-listitem>\n\n<jgu-base-listitem react-props=\"{\n    &quot;title&quot;: &quot;&lt;strong&gt;Theoriezentren&lt;\\\/strong&gt;&quot;,\n    &quot;uuid&quot;: &quot;1738232077148&quot;,\n    &quot;link&quot;: {\n        &quot;url&quot;: null\n    },\n    &quot;align&quot;: &quot;wide&quot;,\n    &quot;showInActions&quot;: false,\n    &quot;allowNesting&quot;: true,\n    &quot;icon&quot;: &quot;&quot;,\n    &quot;showExpandableContent&quot;: false,\n    &quot;expandableContent&quot;: &quot;&quot;\n}\">\n    \n<jgu-base-listitem react-props=\"{\n    &quot;title&quot;: &quot;4 &lt;a href=\\&quot;https:\\\/\\\/www.mitp.uni-mainz.de\\\/\\&quot;&gt;Mainzer Institut f\\u00fcr Theoretische Physik (MITP)&lt;\\\/a&gt;&quot;,\n    &quot;uuid&quot;: &quot;1738232077148&quot;,\n    &quot;align&quot;: &quot;wide&quot;,\n    &quot;showInActions&quot;: false,\n    &quot;allowNesting&quot;: true,\n    &quot;icon&quot;: &quot;&quot;,\n    &quot;showExpandableContent&quot;: false,\n    &quot;expandableContent&quot;: &quot;&quot;,\n    &quot;link&quot;: {\n        &quot;url&quot;: &quot;&quot;\n    }\n}\">\n    \n<\/jgu-base-listitem>\n\n<jgu-base-listitem react-props=\"{\n    &quot;title&quot;: &quot;5 &lt;a href=\\&quot;https:\\\/\\\/www.spice.uni-mainz.de\\\/\\&quot;&gt;Interdisziplin\\u00e4res Zentrum f\\u00fcr Spinph\\u00e4nomene (SPICE)&lt;\\\/a&gt;&quot;,\n    &quot;uuid&quot;: &quot;1738232077148&quot;,\n    &quot;align&quot;: &quot;wide&quot;,\n    &quot;showInActions&quot;: false,\n    &quot;allowNesting&quot;: true,\n    &quot;icon&quot;: &quot;&quot;,\n    &quot;showExpandableContent&quot;: false,\n    &quot;expandableContent&quot;: &quot;&quot;,\n    &quot;link&quot;: {\n        &quot;url&quot;: &quot;&quot;\n    }\n}\">\n    \n<\/jgu-base-listitem>\n\n<\/jgu-base-listitem>\n\n<jgu-base-listitem react-props=\"{\n    &quot;title&quot;: &quot;&lt;strong&gt;Kooperationen mit Instituten auf dem Campus&lt;\\\/strong&gt;&quot;,\n    &quot;uuid&quot;: &quot;1738232094499&quot;,\n    &quot;link&quot;: {\n        &quot;url&quot;: null\n    },\n    &quot;align&quot;: &quot;wide&quot;,\n    &quot;showInActions&quot;: false,\n    &quot;allowNesting&quot;: true,\n    &quot;icon&quot;: &quot;&quot;,\n    &quot;showExpandableContent&quot;: false,\n    &quot;expandableContent&quot;: &quot;&quot;\n}\">\n    \n<jgu-base-listitem react-props=\"{\n    &quot;title&quot;: &quot;6 &lt;a href=\\&quot;https:\\\/\\\/www.hi-mainz.de\\\/de\\\/\\&quot;&gt;Helmholtz-Institut Mainz&lt;\\\/a&gt;&quot;,\n    &quot;uuid&quot;: &quot;1749112824313&quot;,\n    &quot;align&quot;: &quot;wide&quot;,\n    &quot;showInActions&quot;: false,\n    &quot;allowNesting&quot;: true,\n    &quot;icon&quot;: &quot;&quot;,\n    &quot;showExpandableContent&quot;: false,\n    &quot;expandableContent&quot;: &quot;&quot;,\n    &quot;link&quot;: {\n        &quot;url&quot;: &quot;&quot;\n    }\n}\">\n    \n<\/jgu-base-listitem>\n\n<jgu-base-listitem react-props=\"{\n    &quot;title&quot;: &quot;7 &lt;a href=\\&quot;https:\\\/\\\/www.mpip-mainz.mpg.de\\\/\\&quot;&gt;Max-Planck-Institut f\\u00fcr Polymerforschung&lt;\\\/a&gt;&quot;,\n    &quot;uuid&quot;: &quot;1738232106776&quot;,\n    &quot;align&quot;: &quot;wide&quot;,\n    &quot;showInActions&quot;: false,\n    &quot;allowNesting&quot;: true,\n    &quot;icon&quot;: &quot;&quot;,\n    &quot;showExpandableContent&quot;: false,\n    &quot;expandableContent&quot;: &quot;&quot;,\n    &quot;link&quot;: {\n        &quot;url&quot;: &quot;&quot;\n    }\n}\">\n    \n<\/jgu-base-listitem>\n\n<jgu-base-listitem react-props=\"{\n    &quot;title&quot;: &quot;8 &lt;a href=\\&quot;https:\\\/\\\/www.mpic.de\\\/\\&quot;&gt;Max-Planck-Institut f\\u00fcr Chemie&lt;\\\/a&gt;&quot;,\n    &quot;uuid&quot;: &quot;1738232123998&quot;,\n    &quot;align&quot;: &quot;wide&quot;,\n    &quot;showInActions&quot;: false,\n    &quot;allowNesting&quot;: true,\n    &quot;icon&quot;: &quot;&quot;,\n    &quot;showExpandableContent&quot;: false,\n    &quot;expandableContent&quot;: &quot;&quot;,\n    &quot;link&quot;: {\n        &quot;url&quot;: &quot;&quot;\n    }\n}\">\n    \n<\/jgu-base-listitem>\n\n<\/jgu-base-listitem><\/ul>\n\n<\/ul>\n\n<ul class=\"styled-list hyphenation\">\n\t\n<ul class=\"styled-list hyphenation\"><jgu-base-listitem react-props=\"{\n    &quot;title&quot;: &quot;&lt;strong&gt;Infrastruktur&lt;\\\/strong&gt;&quot;,\n    &quot;uuid&quot;: &quot;1738232024990&quot;,\n    &quot;link&quot;: {\n        &quot;url&quot;: null\n    },\n    &quot;align&quot;: &quot;wide&quot;,\n    &quot;showInActions&quot;: false,\n    &quot;allowNesting&quot;: true,\n    &quot;icon&quot;: &quot;&quot;,\n    &quot;showExpandableContent&quot;: false,\n    &quot;expandableContent&quot;: &quot;&quot;\n}\">\n    \n<jgu-base-listitem react-props=\"{\n    &quot;title&quot;: &quot;A Teilchenbeschleuniger MAMI&quot;,\n    &quot;uuid&quot;: &quot;1738232042669&quot;,\n    &quot;align&quot;: &quot;wide&quot;,\n    &quot;showInActions&quot;: false,\n    &quot;allowNesting&quot;: true,\n    &quot;icon&quot;: &quot;&quot;,\n    &quot;showExpandableContent&quot;: false,\n    &quot;expandableContent&quot;: &quot;&quot;,\n    &quot;link&quot;: {\n        &quot;url&quot;: &quot;&quot;\n    }\n}\">\n    \n<\/jgu-base-listitem>\n\n<jgu-base-listitem react-props=\"{\n    &quot;title&quot;: &quot;B Teilchenbeschleuniger MESA&quot;,\n    &quot;uuid&quot;: &quot;1738232056110&quot;,\n    &quot;align&quot;: &quot;wide&quot;,\n    &quot;showInActions&quot;: false,\n    &quot;allowNesting&quot;: true,\n    &quot;icon&quot;: &quot;&quot;,\n    &quot;showExpandableContent&quot;: false,\n    &quot;expandableContent&quot;: &quot;&quot;,\n    &quot;link&quot;: {\n        &quot;url&quot;: &quot;&quot;\n    }\n}\">\n    \n<\/jgu-base-listitem>\n\n<jgu-base-listitem react-props=\"{\n    &quot;title&quot;: &quot;C Forschungsreaktor TRIGA&quot;,\n    &quot;uuid&quot;: &quot;1738232077148&quot;,\n    &quot;align&quot;: &quot;wide&quot;,\n    &quot;showInActions&quot;: false,\n    &quot;allowNesting&quot;: true,\n    &quot;icon&quot;: &quot;&quot;,\n    &quot;showExpandableContent&quot;: false,\n    &quot;expandableContent&quot;: &quot;&quot;,\n    &quot;link&quot;: {\n        &quot;url&quot;: &quot;&quot;\n    }\n}\">\n    \n<\/jgu-base-listitem>\n\n<jgu-base-listitem react-props=\"{\n    &quot;title&quot;: &quot;D Vertikaler Windkanal Mainz&quot;,\n    &quot;uuid&quot;: &quot;1738232094499&quot;,\n    &quot;align&quot;: &quot;wide&quot;,\n    &quot;showInActions&quot;: false,\n    &quot;allowNesting&quot;: true,\n    &quot;icon&quot;: &quot;&quot;,\n    &quot;showExpandableContent&quot;: false,\n    &quot;expandableContent&quot;: &quot;&quot;,\n    &quot;link&quot;: {\n        &quot;url&quot;: &quot;&quot;\n    }\n}\">\n    \n<\/jgu-base-listitem>\n\n<jgu-base-listitem react-props=\"{\n    &quot;title&quot;: &quot;E MOGON Hochleistungs-Computersysteme&quot;,\n    &quot;uuid&quot;: &quot;1738232106776&quot;,\n    &quot;align&quot;: &quot;wide&quot;,\n    &quot;showInActions&quot;: false,\n    &quot;allowNesting&quot;: true,\n    &quot;icon&quot;: &quot;&quot;,\n    &quot;showExpandableContent&quot;: false,\n    &quot;expandableContent&quot;: &quot;&quot;,\n    &quot;link&quot;: {\n        &quot;url&quot;: &quot;&quot;\n    }\n}\">\n    \n<\/jgu-base-listitem>\n\n<jgu-base-listitem react-props=\"{\n    &quot;title&quot;: &quot;F Detektor-Labor&quot;,\n    &quot;uuid&quot;: &quot;1738232123998&quot;,\n    &quot;align&quot;: &quot;wide&quot;,\n    &quot;showInActions&quot;: false,\n    &quot;allowNesting&quot;: true,\n    &quot;icon&quot;: &quot;&quot;,\n    &quot;showExpandableContent&quot;: false,\n    &quot;expandableContent&quot;: &quot;&quot;,\n    &quot;link&quot;: {\n        &quot;url&quot;: &quot;&quot;\n    }\n}\">\n    \n<\/jgu-base-listitem>\n\n<jgu-base-listitem react-props=\"{\n    &quot;title&quot;: &quot;G Zentrum f\\u00fcr Fundamentalphysik&quot;,\n    &quot;uuid&quot;: &quot;1744210484117&quot;,\n    &quot;align&quot;: &quot;wide&quot;,\n    &quot;showInActions&quot;: false,\n    &quot;allowNesting&quot;: true,\n    &quot;icon&quot;: &quot;&quot;,\n    &quot;showExpandableContent&quot;: false,\n    &quot;expandableContent&quot;: &quot;&quot;,\n    &quot;link&quot;: {\n        &quot;url&quot;: &quot;&quot;\n    }\n}\">\n    \n<\/jgu-base-listitem>\n\n<jgu-base-listitem react-props=\"{\n    &quot;title&quot;: &quot;H Nanostrukturzentrum mit Reinr\\u00e4umen &quot;,\n    &quot;uuid&quot;: &quot;1744793218632&quot;,\n    &quot;align&quot;: &quot;wide&quot;,\n    &quot;showInActions&quot;: false,\n    &quot;allowNesting&quot;: true,\n    &quot;icon&quot;: &quot;&quot;,\n    &quot;showExpandableContent&quot;: false,\n    &quot;expandableContent&quot;: &quot;&quot;,\n    &quot;link&quot;: {\n        &quot;url&quot;: &quot;&quot;\n    }\n}\">\n    \n<\/jgu-base-listitem>\n\n<jgu-base-listitem react-props=\"{\n    &quot;title&quot;: &quot;I Messfeld der Atmosph\\u00e4renphysik &quot;,\n    &quot;uuid&quot;: &quot;1744793640875&quot;,\n    &quot;align&quot;: &quot;wide&quot;,\n    &quot;showInActions&quot;: false,\n    &quot;allowNesting&quot;: true,\n    &quot;icon&quot;: &quot;&quot;,\n    &quot;showExpandableContent&quot;: false,\n    &quot;expandableContent&quot;: &quot;&quot;,\n    &quot;link&quot;: {\n        &quot;url&quot;: &quot;&quot;\n    }\n}\">\n    \n<\/jgu-base-listitem>\n\n<\/jgu-base-listitem><\/ul>\n\n<\/ul><\/div>\n\n\n\n<div class=\"wp-block-column is-layout-flow wp-block-column-is-layout-flow\" style=\"flex-basis:66.66%\"><jgu-base-image react-props=\"{\n    &quot;image&quot;: {\n        &quot;url&quot;: &quot;https:\\\/\\\/cms.zdv.uni-mainz.de\\\/fb08-physics\\\/wp-content\\\/uploads\\\/sites\\\/345\\\/2025\\\/06\\\/Physics-Campus-Mainz-mit-Zahlen-und-Buchstaben-1.jpg&quot;,\n        &quot;id&quot;: 12819,\n        &quot;hideImageDescription&quot;: true,\n        &quot;alt&quot;: &quot;A map showing an overview of the physics facilities at JGU Mainz.&quot;,\n        &quot;caption&quot;: &quot;Physics Campus Mainz&quot;,\n        &quot;credit&quot;: &quot; \\u00a9 JGU | Institut f\\u00fcr Physik&quot;,\n        &quot;description&quot;: &quot;A map showing an overview of the physics facilities at JGU Mainz.&quot;,\n        &quot;title&quot;: &quot;Physics Campus Mainz&quot;,\n        &quot;width&quot;: 1615,\n        &quot;height&quot;: 1107,\n        &quot;srcset&quot;: &quot;https:\\\/\\\/cms.zdv.uni-mainz.de\\\/fb08-physics\\\/wp-content\\\/uploads\\\/sites\\\/345\\\/2025\\\/06\\\/Physics-Campus-Mainz-mit-Zahlen-und-Buchstaben-1.jpg 1615w, https:\\\/\\\/cms.zdv.uni-mainz.de\\\/fb08-physics\\\/wp-content\\\/uploads\\\/sites\\\/345\\\/2025\\\/06\\\/Physics-Campus-Mainz-mit-Zahlen-und-Buchstaben-1-300x206.jpg 300w, https:\\\/\\\/cms.zdv.uni-mainz.de\\\/fb08-physics\\\/wp-content\\\/uploads\\\/sites\\\/345\\\/2025\\\/06\\\/Physics-Campus-Mainz-mit-Zahlen-und-Buchstaben-1-1024x702.jpg 1024w, https:\\\/\\\/cms.zdv.uni-mainz.de\\\/fb08-physics\\\/wp-content\\\/uploads\\\/sites\\\/345\\\/2025\\\/06\\\/Physics-Campus-Mainz-mit-Zahlen-und-Buchstaben-1-768x526.jpg 768w, https:\\\/\\\/cms.zdv.uni-mainz.de\\\/fb08-physics\\\/wp-content\\\/uploads\\\/sites\\\/345\\\/2025\\\/06\\\/Physics-Campus-Mainz-mit-Zahlen-und-Buchstaben-1-1536x1053.jpg 1536w&quot;\n    },\n    &quot;hasLightbox&quot;: true,\n    &quot;caption&quot;: &quot;Physik-Campus Mainz&quot;,\n    &quot;link&quot;: {\n        &quot;url&quot;: &quot;&quot;\n    },\n    &quot;align&quot;: &quot;&quot;,\n    &quot;imgWidth&quot;: 0\n}\" class=\"align-\">\n    \n<\/jgu-base-image><\/div>\n<\/div>\n<\/div><\/div>\n<\/jgu-base-section>\n\n<jgu-base-section react-props=\"{&quot;color&quot;:&quot;light&quot;,&quot;align&quot;:&quot;wide&quot;,&quot;padding&quot;:&quot;medium&quot;}\">\n<div class=\"jgu-bgsection bg bg-light \"><div class=\"content padding-medium\"><div\n\tclass=\"jgu-anchorpoint\"\n\tid=\"universitatsinstitute\"\n\tdata-label=\"Universit\u00e4tsinstitute\"\n\tdata-hide-in-nav=\"false\"\n\ttabindex=\"0\"\n\tdata-initial-scroll=\"true\"\n><\/div>\n\n\n\n<div class=\"wp-block-columns is-layout-flex wp-container-core-columns-is-layout-9d6595d7 wp-block-columns-is-layout-flex\">\n<div class=\"wp-block-column is-layout-flow wp-block-column-is-layout-flow\"><jgu-base-heading react-props=\"{\n    &quot;color&quot;: &quot;default&quot;,\n    &quot;tags&quot;: {\n        &quot;htmlTag&quot;: &quot;h2&quot;,\n        &quot;classTag&quot;: &quot;&quot;,\n        &quot;tag&quot;: &quot;h2&quot;\n    },\n    &quot;heading&quot;: &quot;Universit\\u00e4tsinstitute&quot;,\n    &quot;textAlign&quot;: &quot;left&quot;,\n    &quot;anchor&quot;: &quot;&quot;,\n    &quot;index&quot;: &quot;&quot;\n}\"><\/jgu-base-heading>\n<\/div>\n<\/div>\n\n\n\n<div class=\"wp-block-columns is-layout-flex wp-container-core-columns-is-layout-9d6595d7 wp-block-columns-is-layout-flex\">\n<div class=\"wp-block-column is-layout-flow wp-block-column-is-layout-flow\"><jgu-base-image react-props=\"{\n    &quot;image&quot;: {\n        &quot;url&quot;: &quot;https:\\\/\\\/cms.zdv.uni-mainz.de\\\/fb08-physics\\\/wp-content\\\/uploads\\\/sites\\\/345\\\/2025\\\/01\\\/IPH-DINA5.jpg&quot;,\n        &quot;id&quot;: 10326,\n        &quot;caption&quot;: &quot;Institut f\\u00fcr Physik&quot;,\n        &quot;alt&quot;: &quot;Institut f\\u00fcr Physik, JGU Mainz&quot;,\n        &quot;credit&quot;: &quot; \\u00a9 JGU | Institut f\\u00fcr Physik&quot;,\n        &quot;description&quot;: &quot;Institut f\\u00fcr Physik, JGU Mainz&quot;,\n        &quot;title&quot;: &quot;Institut f\\u00fcr Physik, JGU Mainz&quot;,\n        &quot;width&quot;: 2480,\n        &quot;height&quot;: 1748,\n        &quot;srcset&quot;: &quot;https:\\\/\\\/cms.zdv.uni-mainz.de\\\/fb08-physics\\\/wp-content\\\/uploads\\\/sites\\\/345\\\/2025\\\/01\\\/IPH-DINA5.jpg 2480w, https:\\\/\\\/cms.zdv.uni-mainz.de\\\/fb08-physics\\\/wp-content\\\/uploads\\\/sites\\\/345\\\/2025\\\/01\\\/IPH-DINA5-300x211.jpg 300w, https:\\\/\\\/cms.zdv.uni-mainz.de\\\/fb08-physics\\\/wp-content\\\/uploads\\\/sites\\\/345\\\/2025\\\/01\\\/IPH-DINA5-1024x722.jpg 1024w, https:\\\/\\\/cms.zdv.uni-mainz.de\\\/fb08-physics\\\/wp-content\\\/uploads\\\/sites\\\/345\\\/2025\\\/01\\\/IPH-DINA5-768x541.jpg 768w, https:\\\/\\\/cms.zdv.uni-mainz.de\\\/fb08-physics\\\/wp-content\\\/uploads\\\/sites\\\/345\\\/2025\\\/01\\\/IPH-DINA5-1536x1083.jpg 1536w, https:\\\/\\\/cms.zdv.uni-mainz.de\\\/fb08-physics\\\/wp-content\\\/uploads\\\/sites\\\/345\\\/2025\\\/01\\\/IPH-DINA5-2048x1444.jpg 2048w&quot;\n    },\n    &quot;caption&quot;: &quot;Institut f\\u00fcr Physik&quot;,\n    &quot;link&quot;: {\n        &quot;url&quot;: &quot;https:\\\/\\\/www.iph.uni-mainz.de\\\/&quot;,\n        &quot;target&quot;: &quot;&quot;,\n        &quot;rel&quot;: &quot;&quot;\n    },\n    &quot;align&quot;: &quot;&quot;,\n    &quot;hasLightbox&quot;: false,\n    &quot;imgWidth&quot;: 0\n}\" class=\"align-\">\n    \n<\/jgu-base-image><\/div>\n\n\n\n<div class=\"wp-block-column is-layout-flow wp-block-column-is-layout-flow\"><jgu-base-image react-props=\"{\n    &quot;image&quot;: {\n        &quot;url&quot;: &quot;https:\\\/\\\/cms.zdv.uni-mainz.de\\\/fb08-physics\\\/wp-content\\\/uploads\\\/sites\\\/345\\\/2025\\\/01\\\/IPA-DINA5.jpg&quot;,\n        &quot;id&quot;: 10329,\n        &quot;caption&quot;: &quot;Institut f\\u00fcr Physik der Atmosph\\u00e4re&quot;,\n        &quot;alt&quot;: &quot;Naturwissenschaftliche Fakult\\u00e4t, JGU Mainz&quot;,\n        &quot;credit&quot;: &quot; \\u00a9 JGU | Institut f\\u00fcr Physik der Atmosph\\u00e4re&quot;,\n        &quot;description&quot;: &quot;Naturwissenschaftliche Fakult\\u00e4t, JGU Mainz&quot;,\n        &quot;title&quot;: &quot;Naturwissenschaftliche Fakult\\u00e4t, JGU Mainz&quot;,\n        &quot;width&quot;: 2480,\n        &quot;height&quot;: 1748,\n        &quot;srcset&quot;: &quot;https:\\\/\\\/cms.zdv.uni-mainz.de\\\/fb08-physics\\\/wp-content\\\/uploads\\\/sites\\\/345\\\/2025\\\/01\\\/IPA-DINA5.jpg 2480w, https:\\\/\\\/cms.zdv.uni-mainz.de\\\/fb08-physics\\\/wp-content\\\/uploads\\\/sites\\\/345\\\/2025\\\/01\\\/IPA-DINA5-300x211.jpg 300w, https:\\\/\\\/cms.zdv.uni-mainz.de\\\/fb08-physics\\\/wp-content\\\/uploads\\\/sites\\\/345\\\/2025\\\/01\\\/IPA-DINA5-1024x722.jpg 1024w, https:\\\/\\\/cms.zdv.uni-mainz.de\\\/fb08-physics\\\/wp-content\\\/uploads\\\/sites\\\/345\\\/2025\\\/01\\\/IPA-DINA5-768x541.jpg 768w, https:\\\/\\\/cms.zdv.uni-mainz.de\\\/fb08-physics\\\/wp-content\\\/uploads\\\/sites\\\/345\\\/2025\\\/01\\\/IPA-DINA5-1536x1083.jpg 1536w, https:\\\/\\\/cms.zdv.uni-mainz.de\\\/fb08-physics\\\/wp-content\\\/uploads\\\/sites\\\/345\\\/2025\\\/01\\\/IPA-DINA5-2048x1444.jpg 2048w&quot;\n    },\n    &quot;caption&quot;: &quot;Institut f\\u00fcr Physik der Atmosph\\u00e4re&quot;,\n    &quot;link&quot;: {\n        &quot;url&quot;: &quot;https:\\\/\\\/www.ipa.uni-mainz.de\\\/&quot;,\n        &quot;target&quot;: &quot;&quot;,\n        &quot;rel&quot;: &quot;&quot;\n    },\n    &quot;align&quot;: &quot;&quot;,\n    &quot;hasLightbox&quot;: false,\n    &quot;imgWidth&quot;: 0\n}\" class=\"align-\">\n    \n<\/jgu-base-image><\/div>\n\n\n\n<div class=\"wp-block-column is-layout-flow wp-block-column-is-layout-flow\"><jgu-base-image react-props=\"{\n    &quot;image&quot;: {\n        &quot;url&quot;: &quot;https:\\\/\\\/cms.zdv.uni-mainz.de\\\/fb08-physics\\\/wp-content\\\/uploads\\\/sites\\\/345\\\/2025\\\/01\\\/KPH-DINA5.jpg&quot;,\n        &quot;id&quot;: 10332,\n        &quot;caption&quot;: &quot;Institut f\\u00fcr Kernphysik&quot;,\n        &quot;alt&quot;: &quot;Institut f\\u00fcr Kernphysik, JGU Mainz&quot;,\n        &quot;credit&quot;: &quot; \\u00a9 JGU | Institut f\\u00fcr Kernphysik&quot;,\n        &quot;description&quot;: &quot;Institut f\\u00fcr Kernphysik, JGU Mainz&quot;,\n        &quot;title&quot;: &quot;Institut f\\u00fcr Kernphysik, JGU Mainz&quot;,\n        &quot;width&quot;: 2480,\n        &quot;height&quot;: 1748,\n        &quot;srcset&quot;: &quot;https:\\\/\\\/cms.zdv.uni-mainz.de\\\/fb08-physics\\\/wp-content\\\/uploads\\\/sites\\\/345\\\/2025\\\/01\\\/KPH-DINA5.jpg 2480w, https:\\\/\\\/cms.zdv.uni-mainz.de\\\/fb08-physics\\\/wp-content\\\/uploads\\\/sites\\\/345\\\/2025\\\/01\\\/KPH-DINA5-300x211.jpg 300w, https:\\\/\\\/cms.zdv.uni-mainz.de\\\/fb08-physics\\\/wp-content\\\/uploads\\\/sites\\\/345\\\/2025\\\/01\\\/KPH-DINA5-1024x722.jpg 1024w, https:\\\/\\\/cms.zdv.uni-mainz.de\\\/fb08-physics\\\/wp-content\\\/uploads\\\/sites\\\/345\\\/2025\\\/01\\\/KPH-DINA5-768x541.jpg 768w, https:\\\/\\\/cms.zdv.uni-mainz.de\\\/fb08-physics\\\/wp-content\\\/uploads\\\/sites\\\/345\\\/2025\\\/01\\\/KPH-DINA5-1536x1083.jpg 1536w, https:\\\/\\\/cms.zdv.uni-mainz.de\\\/fb08-physics\\\/wp-content\\\/uploads\\\/sites\\\/345\\\/2025\\\/01\\\/KPH-DINA5-2048x1444.jpg 2048w&quot;\n    },\n    &quot;caption&quot;: &quot;Institut f\\u00fcr Kernphysik&quot;,\n    &quot;link&quot;: {\n        &quot;url&quot;: &quot;https:\\\/\\\/www.kernphysik.uni-mainz.de\\\/&quot;,\n        &quot;target&quot;: &quot;&quot;,\n        &quot;rel&quot;: &quot;&quot;\n    },\n    &quot;align&quot;: &quot;&quot;,\n    &quot;hasLightbox&quot;: false,\n    &quot;imgWidth&quot;: 0\n}\" class=\"align-\">\n    \n<\/jgu-base-image><\/div>\n<\/div>\n<\/div><\/div>\n<\/jgu-base-section>\n\n<jgu-base-section react-props=\"{&quot;color&quot;:&quot;white&quot;,&quot;align&quot;:&quot;wide&quot;,&quot;padding&quot;:&quot;medium&quot;}\">\n<div class=\"jgu-bgsection bg bg-white \"><div class=\"content padding-medium\"><div\n\tclass=\"jgu-anchorpoint\"\n\tid=\"theoriezentren\"\n\tdata-label=\"Theoriezentren\"\n\tdata-hide-in-nav=\"false\"\n\ttabindex=\"0\"\n\tdata-initial-scroll=\"true\"\n><\/div>\n\n\n<jgu-base-heading react-props=\"{\n    &quot;tags&quot;: {\n        &quot;htmlTag&quot;: &quot;h2&quot;,\n        &quot;classTag&quot;: &quot;&quot;,\n        &quot;tag&quot;: &quot;h2&quot;\n    },\n    &quot;heading&quot;: &quot;Theoriezentren&quot;,\n    &quot;textAlign&quot;: &quot;left&quot;,\n    &quot;anchor&quot;: &quot;&quot;,\n    &quot;index&quot;: &quot;&quot;,\n    &quot;color&quot;: &quot;red&quot;\n}\"><\/jgu-base-heading>\n\n\n\n<div class=\"wp-block-columns is-layout-flex wp-container-core-columns-is-layout-9d6595d7 wp-block-columns-is-layout-flex\">\n<div class=\"wp-block-column is-layout-flow wp-block-column-is-layout-flow\"><jgu-base-teaserbox react-props=\"{\n    &quot;headline&quot;: {\n        &quot;htmlTag&quot;: &quot;h2&quot;,\n        &quot;classTag&quot;: &quot;&quot;,\n        &quot;tag&quot;: &quot;h2&quot;\n    },\n    &quot;image&quot;: {\n        &quot;id&quot;: 9745,\n        &quot;url&quot;: &quot;https:\\\/\\\/cms.zdv.uni-mainz.de\\\/fb08-physics\\\/wp-content\\\/uploads\\\/sites\\\/345\\\/2024\\\/11\\\/Tafel_ETNP2024_L1180584-scaled.jpg&quot;,\n        &quot;alt&quot;: &quot;Mit Formeln beschriebene Tafel&quot;,\n        &quot;caption&quot;: &quot;Mit Formeln beschriebene Tafel&quot;,\n        &quot;credit&quot;: &quot; \\u00a9 JGU | Institut f\\u00fcr Physik&quot;,\n        &quot;description&quot;: &quot;Mit Formeln beschriebene Tafel&quot;,\n        &quot;title&quot;: &quot;Mit Formeln beschriebene Tafel&quot;,\n        &quot;width&quot;: 2560,\n        &quot;height&quot;: 1040,\n        &quot;srcset&quot;: &quot;https:\\\/\\\/cms.zdv.uni-mainz.de\\\/fb08-physics\\\/wp-content\\\/uploads\\\/sites\\\/345\\\/2024\\\/11\\\/Tafel_ETNP2024_L1180584-scaled.jpg 2560w, https:\\\/\\\/cms.zdv.uni-mainz.de\\\/fb08-physics\\\/wp-content\\\/uploads\\\/sites\\\/345\\\/2024\\\/11\\\/Tafel_ETNP2024_L1180584-300x122.jpg 300w, https:\\\/\\\/cms.zdv.uni-mainz.de\\\/fb08-physics\\\/wp-content\\\/uploads\\\/sites\\\/345\\\/2024\\\/11\\\/Tafel_ETNP2024_L1180584-1024x416.jpg 1024w, https:\\\/\\\/cms.zdv.uni-mainz.de\\\/fb08-physics\\\/wp-content\\\/uploads\\\/sites\\\/345\\\/2024\\\/11\\\/Tafel_ETNP2024_L1180584-768x312.jpg 768w, https:\\\/\\\/cms.zdv.uni-mainz.de\\\/fb08-physics\\\/wp-content\\\/uploads\\\/sites\\\/345\\\/2024\\\/11\\\/Tafel_ETNP2024_L1180584-1536x624.jpg 1536w, https:\\\/\\\/cms.zdv.uni-mainz.de\\\/fb08-physics\\\/wp-content\\\/uploads\\\/sites\\\/345\\\/2024\\\/11\\\/Tafel_ETNP2024_L1180584-2048x832.jpg 2048w&quot;\n    },\n    &quot;color&quot;: &quot;gold&quot;,\n    &quot;title&quot;: &quot;MITP&quot;,\n    &quot;excerpt&quot;: &quot;Mainzer Institut f\\u00fcr Theoretische Physik&quot;,\n    &quot;linkTitle&quot;: &quot;Mehr erfahren&quot;,\n    &quot;link&quot;: {\n        &quot;url&quot;: &quot;https:\\\/\\\/www.mitp.uni-mainz.de\\\/&quot;\n    },\n    &quot;align&quot;: &quot;wide&quot;,\n    &quot;icon&quot;: &quot;&quot;,\n    &quot;iconColor&quot;: &quot;default&quot;,\n    &quot;isCalendar&quot;: false,\n    &quot;iconBoxed&quot;: false,\n    &quot;useLinkList&quot;: false,\n    &quot;linkList&quot;: {},\n    &quot;hideThumbnail&quot;: false,\n    &quot;type&quot;: &quot;boxed&quot;,\n    &quot;index&quot;: &quot;&quot;,\n    &quot;linkStyle&quot;: &quot;default&quot;,\n    &quot;overboxImage&quot;: false,\n    &quot;differingHeadlineColor&quot;: false,\n    &quot;headlineColor&quot;: &quot;&quot;,\n    &quot;textPositionBottom&quot;: false,\n    &quot;template&quot;: &quot;&quot;,\n    &quot;video&quot;: {\n        &quot;provider&quot;: &quot;youtube&quot;,\n        &quot;id&quot;: &quot;&quot;,\n        &quot;poster&quot;: &quot;&quot;\n    },\n    &quot;audioUrl&quot;: &quot;&quot;,\n    &quot;unbound&quot;: false\n}\">\n    \n<\/jgu-base-teaserbox><\/div>\n\n\n\n<div class=\"wp-block-column is-layout-flow wp-block-column-is-layout-flow\"><jgu-base-teaserbox react-props=\"{\n    &quot;headline&quot;: {\n        &quot;htmlTag&quot;: &quot;h2&quot;,\n        &quot;classTag&quot;: &quot;&quot;,\n        &quot;tag&quot;: &quot;h2&quot;\n    },\n    &quot;image&quot;: {\n        &quot;id&quot;: 12825,\n        &quot;url&quot;: &quot;https:\\\/\\\/cms.zdv.uni-mainz.de\\\/fb08-physics\\\/wp-content\\\/uploads\\\/sites\\\/345\\\/2025\\\/06\\\/youngresearchleaders2016_008-e1466512684351.jpg&quot;,\n        &quot;alt&quot;: &quot;Young Research Leaders&quot;,\n        &quot;caption&quot;: &quot;Young Research Leaders&quot;,\n        &quot;credit&quot;: &quot; \\u00a9 JGU | Institut f\\u00fcr Physik&quot;,\n        &quot;description&quot;: &quot;Young Research Leaders&quot;,\n        &quot;title&quot;: &quot;Young Research Leaders&quot;,\n        &quot;width&quot;: 1200,\n        &quot;height&quot;: 675,\n        &quot;srcset&quot;: &quot;https:\\\/\\\/cms.zdv.uni-mainz.de\\\/fb08-physics\\\/wp-content\\\/uploads\\\/sites\\\/345\\\/2025\\\/06\\\/youngresearchleaders2016_008-e1466512684351.jpg 1200w, https:\\\/\\\/cms.zdv.uni-mainz.de\\\/fb08-physics\\\/wp-content\\\/uploads\\\/sites\\\/345\\\/2025\\\/06\\\/youngresearchleaders2016_008-e1466512684351-300x169.jpg 300w, https:\\\/\\\/cms.zdv.uni-mainz.de\\\/fb08-physics\\\/wp-content\\\/uploads\\\/sites\\\/345\\\/2025\\\/06\\\/youngresearchleaders2016_008-e1466512684351-1024x576.jpg 1024w, https:\\\/\\\/cms.zdv.uni-mainz.de\\\/fb08-physics\\\/wp-content\\\/uploads\\\/sites\\\/345\\\/2025\\\/06\\\/youngresearchleaders2016_008-e1466512684351-768x432.jpg 768w&quot;\n    },\n    &quot;color&quot;: &quot;gold&quot;,\n    &quot;title&quot;: &quot;SPICE&quot;,\n    &quot;excerpt&quot;: &quot;Interdisziplin\\u00e4res Zentrum f\\u00fcr Spinph\\u00e4nomene&quot;,\n    &quot;linkTitle&quot;: &quot;Mehr erfahren&quot;,\n    &quot;link&quot;: {\n        &quot;url&quot;: &quot;https:\\\/\\\/www.spice.uni-mainz.de\\\/&quot;\n    },\n    &quot;align&quot;: &quot;wide&quot;,\n    &quot;icon&quot;: &quot;&quot;,\n    &quot;iconColor&quot;: &quot;default&quot;,\n    &quot;isCalendar&quot;: false,\n    &quot;iconBoxed&quot;: false,\n    &quot;useLinkList&quot;: false,\n    &quot;linkList&quot;: {},\n    &quot;hideThumbnail&quot;: false,\n    &quot;type&quot;: &quot;boxed&quot;,\n    &quot;index&quot;: &quot;&quot;,\n    &quot;linkStyle&quot;: &quot;default&quot;,\n    &quot;overboxImage&quot;: false,\n    &quot;differingHeadlineColor&quot;: false,\n    &quot;headlineColor&quot;: &quot;&quot;,\n    &quot;textPositionBottom&quot;: false,\n    &quot;template&quot;: &quot;&quot;,\n    &quot;video&quot;: {\n        &quot;provider&quot;: &quot;youtube&quot;,\n        &quot;id&quot;: &quot;&quot;,\n        &quot;poster&quot;: &quot;&quot;\n    },\n    &quot;audioUrl&quot;: &quot;&quot;,\n    &quot;unbound&quot;: false\n}\">\n    \n<\/jgu-base-teaserbox><\/div>\n<\/div>\n<\/div><\/div>\n<\/jgu-base-section>\n\n<jgu-base-section react-props=\"{&quot;color&quot;:&quot;light&quot;,&quot;align&quot;:&quot;wide&quot;,&quot;padding&quot;:&quot;medium&quot;}\">\n<div class=\"jgu-bgsection bg bg-light \"><div class=\"content padding-medium\"><div\n\tclass=\"jgu-anchorpoint\"\n\tid=\"kooperationen\"\n\tdata-label=\"Kooperationen\"\n\tdata-hide-in-nav=\"false\"\n\ttabindex=\"0\"\n\tdata-initial-scroll=\"true\"\n><\/div>\n\n\n<jgu-base-heading react-props=\"{\n    &quot;color&quot;: &quot;default&quot;,\n    &quot;tags&quot;: {\n        &quot;htmlTag&quot;: &quot;h2&quot;,\n        &quot;classTag&quot;: &quot;&quot;,\n        &quot;tag&quot;: &quot;h2&quot;\n    },\n    &quot;heading&quot;: &quot;Kooperationen&quot;,\n    &quot;textAlign&quot;: &quot;left&quot;,\n    &quot;anchor&quot;: &quot;&quot;,\n    &quot;index&quot;: &quot;&quot;\n}\"><\/jgu-base-heading>\n\n\n<jgu-base-tabs react-props=\"{\n    &quot;layout&quot;: {\n        &quot;type&quot;: &quot;flex&quot;,\n        &quot;flexWrap&quot;: &quot;nowrap&quot;,\n        &quot;justifyContent&quot;: &quot;left&quot;,\n        &quot;orientation&quot;: &quot;vertical&quot;\n    },\n    &quot;align&quot;: &quot;wide&quot;,\n    &quot;selected&quot;: 1,\n    &quot;ratio&quot;: 0,\n    &quot;autoRatio&quot;: true,\n    &quot;stackMobile&quot;: false,\n    &quot;hasAllOpenButton&quot;: true,\n    &quot;onlyOne&quot;: false,\n    &quot;initAllClosed&quot;: true,\n    &quot;enableSearch&quot;: false\n}\">\n    \n<jgu-base-tabsitem react-props=\"{\n    &quot;title&quot;: &quot;Helmholtz-Institut Mainz&quot;,\n    &quot;slug&quot;: &quot;helmholtz-institut-mainz&quot;,\n    &quot;align&quot;: &quot;wide&quot;,\n    &quot;customSlug&quot;: false\n}\">\n    \n<jgu-base-heading react-props=\"{\n    &quot;color&quot;: &quot;default&quot;,\n    &quot;tags&quot;: {\n        &quot;htmlTag&quot;: &quot;h2&quot;,\n        &quot;classTag&quot;: &quot;&quot;,\n        &quot;tag&quot;: &quot;h2&quot;\n    },\n    &quot;heading&quot;: &quot;Helmholtz-Institut Mainz&quot;,\n    &quot;textAlign&quot;: &quot;left&quot;,\n    &quot;anchor&quot;: &quot;&quot;,\n    &quot;index&quot;: &quot;&quot;\n}\"><\/jgu-base-heading>\n\n\n\n<div class=\"wp-block-columns is-layout-flex wp-container-core-columns-is-layout-9d6595d7 wp-block-columns-is-layout-flex\">\n<div class=\"wp-block-column is-layout-flow wp-block-column-is-layout-flow\"><jgu-base-image react-props=\"{\n    &quot;image&quot;: {\n        &quot;url&quot;: &quot;https:\\\/\\\/cms.zdv.uni-mainz.de\\\/fb08-physics\\\/wp-content\\\/uploads\\\/sites\\\/345\\\/2025\\\/06\\\/HIM-final-scaled.jpg&quot;,\n        &quot;id&quot;: 12985,\n        &quot;hideImageDescription&quot;: true,\n        &quot;alt&quot;: &quot;Helmholtz Institut Mainz&quot;,\n        &quot;caption&quot;: &quot;Helmholtz Institut Mainz&quot;,\n        &quot;credit&quot;: &quot; \\u00a9 Helmholtz Institut Mainz | Alexander Sell&quot;,\n        &quot;description&quot;: &quot;Helmholtz Institut Mainz&quot;,\n        &quot;title&quot;: &quot;Helmholtz Institut Mainz&quot;,\n        &quot;width&quot;: 2560,\n        &quot;height&quot;: 1892,\n        &quot;srcset&quot;: &quot;https:\\\/\\\/cms.zdv.uni-mainz.de\\\/fb08-physics\\\/wp-content\\\/uploads\\\/sites\\\/345\\\/2025\\\/06\\\/HIM-final-scaled.jpg 2560w, https:\\\/\\\/cms.zdv.uni-mainz.de\\\/fb08-physics\\\/wp-content\\\/uploads\\\/sites\\\/345\\\/2025\\\/06\\\/HIM-final-300x222.jpg 300w, https:\\\/\\\/cms.zdv.uni-mainz.de\\\/fb08-physics\\\/wp-content\\\/uploads\\\/sites\\\/345\\\/2025\\\/06\\\/HIM-final-1024x757.jpg 1024w, https:\\\/\\\/cms.zdv.uni-mainz.de\\\/fb08-physics\\\/wp-content\\\/uploads\\\/sites\\\/345\\\/2025\\\/06\\\/HIM-final-768x568.jpg 768w, https:\\\/\\\/cms.zdv.uni-mainz.de\\\/fb08-physics\\\/wp-content\\\/uploads\\\/sites\\\/345\\\/2025\\\/06\\\/HIM-final-1536x1135.jpg 1536w, https:\\\/\\\/cms.zdv.uni-mainz.de\\\/fb08-physics\\\/wp-content\\\/uploads\\\/sites\\\/345\\\/2025\\\/06\\\/HIM-final-2048x1514.jpg 2048w&quot;\n    },\n    &quot;caption&quot;: &quot;Helmholtz-Institut Mainz&quot;,\n    &quot;align&quot;: &quot;&quot;,\n    &quot;hasLightbox&quot;: false,\n    &quot;imgWidth&quot;: 0,\n    &quot;link&quot;: {\n        &quot;url&quot;: &quot;&quot;,\n        &quot;target&quot;: &quot;&quot;,\n        &quot;rel&quot;: &quot;&quot;\n    }\n}\" class=\"align-\">\n    \n<\/jgu-base-image><\/div>\n\n\n\n<div class=\"wp-block-column is-layout-flow wp-block-column-is-layout-flow\">\n<p class=\"has-big-font-size\">Das Helmholtz-Institut Mainz (HIM) ist eine institutionelle Kooperation zwischen der Johannes Gutenberg-Universit\u00e4t Mainz und der GSI Helmholtzzentrum f\u00fcr Schwerionenforschung GmbH in Darmstadt. Auf dem Universit\u00e4tscampus in Mainz gelegen, verbindet es die akademische Welt einer starken Forschungsuniversit\u00e4t mit den wissenschaftlichen M\u00f6glichkeiten der gro\u00df angelegten Infrastruktur eines international renommierten Beschleunigerzentrums. <\/p>\n\n\n<jgu-base-button style=\"display: flex; flex-wrap: wrap; column-gap: 30px; max-width: 100%; flex-direction: row; justify-content: left\">\n  \n<jgu-base-buttonitem react-props=\"{\n    &quot;text&quot;: &quot;Mehr erfahren&quot;,\n    &quot;link&quot;: {\n        &quot;url&quot;: &quot;https:\\\/\\\/www.hi-mainz.de\\\/de\\\/&quot;,\n        &quot;linkTarget&quot;: &quot;&quot;,\n        &quot;rel&quot;: &quot;&quot;\n    },\n    &quot;align&quot;: &quot;left&quot;,\n    &quot;styling&quot;: &quot;primary&quot;,\n    &quot;icon&quot;: &quot;arrow-right-solid&quot;,\n    &quot;type&quot;: &quot;default&quot;,\n    &quot;iconBefore&quot;: false,\n    &quot;isSmall&quot;: false,\n    &quot;fullWidth&quot;: false,\n    &quot;className&quot;: &quot;&quot;\n}\"><\/jgu-base-buttonitem>\n\n<\/jgu-base-button><\/div>\n<\/div>\n\n\n<\/jgu-base-tabsitem>\n\n<jgu-base-tabsitem react-props=\"{\n    &quot;title&quot;: &quot;Max-Planck-Institut f\\u00fcr Polymerforschung&quot;,\n    &quot;slug&quot;: &quot;max-planck-institut-fur-polymerforschung&quot;,\n    &quot;align&quot;: &quot;wide&quot;,\n    &quot;customSlug&quot;: false\n}\">\n    \n<jgu-base-heading react-props=\"{\n    &quot;color&quot;: &quot;default&quot;,\n    &quot;tags&quot;: {\n        &quot;htmlTag&quot;: &quot;h2&quot;,\n        &quot;classTag&quot;: &quot;&quot;,\n        &quot;tag&quot;: &quot;h2&quot;\n    },\n    &quot;heading&quot;: &quot;Max-Planck-Institut f\\u00fcr Polymerforschung&quot;,\n    &quot;textAlign&quot;: &quot;left&quot;,\n    &quot;anchor&quot;: &quot;&quot;,\n    &quot;index&quot;: &quot;&quot;\n}\"><\/jgu-base-heading>\n\n\n\n<div class=\"wp-block-columns is-layout-flex wp-container-core-columns-is-layout-9d6595d7 wp-block-columns-is-layout-flex\">\n<div class=\"wp-block-column is-layout-flow wp-block-column-is-layout-flow\"><jgu-base-image react-props=\"{\n    &quot;image&quot;: {\n        &quot;url&quot;: &quot;https:\\\/\\\/cms.zdv.uni-mainz.de\\\/fb08-physics\\\/wp-content\\\/uploads\\\/sites\\\/345\\\/2025\\\/06\\\/MPI_Polymerforschung_Archiv_000001125-1-scaled.jpg&quot;,\n        &quot;id&quot;: 13012,\n        &quot;hideImageDescription&quot;: true,\n        &quot;alt&quot;: &quot;Max Planck Institut f\\u00fcr Polymerforschung Mainz&quot;,\n        &quot;caption&quot;: &quot;Max Planck Institut f\\u00fcr Polymerforschung Mainz&quot;,\n        &quot;credit&quot;: &quot; \\u00a9 Max Planck Institut f\\u00fcr Polymerforschung Mainz&quot;,\n        &quot;description&quot;: &quot;Max Planck Institut f\\u00fcr Polymerforschung Mainz&quot;,\n        &quot;title&quot;: &quot;Max Planck Institut f\\u00fcr Polymerforschung Mainz&quot;,\n        &quot;width&quot;: 2560,\n        &quot;height&quot;: 1703,\n        &quot;srcset&quot;: &quot;https:\\\/\\\/cms.zdv.uni-mainz.de\\\/fb08-physics\\\/wp-content\\\/uploads\\\/sites\\\/345\\\/2025\\\/06\\\/MPI_Polymerforschung_Archiv_000001125-1-scaled.jpg 2560w, https:\\\/\\\/cms.zdv.uni-mainz.de\\\/fb08-physics\\\/wp-content\\\/uploads\\\/sites\\\/345\\\/2025\\\/06\\\/MPI_Polymerforschung_Archiv_000001125-1-300x200.jpg 300w, https:\\\/\\\/cms.zdv.uni-mainz.de\\\/fb08-physics\\\/wp-content\\\/uploads\\\/sites\\\/345\\\/2025\\\/06\\\/MPI_Polymerforschung_Archiv_000001125-1-1024x681.jpg 1024w, https:\\\/\\\/cms.zdv.uni-mainz.de\\\/fb08-physics\\\/wp-content\\\/uploads\\\/sites\\\/345\\\/2025\\\/06\\\/MPI_Polymerforschung_Archiv_000001125-1-768x511.jpg 768w, https:\\\/\\\/cms.zdv.uni-mainz.de\\\/fb08-physics\\\/wp-content\\\/uploads\\\/sites\\\/345\\\/2025\\\/06\\\/MPI_Polymerforschung_Archiv_000001125-1-1536x1022.jpg 1536w, https:\\\/\\\/cms.zdv.uni-mainz.de\\\/fb08-physics\\\/wp-content\\\/uploads\\\/sites\\\/345\\\/2025\\\/06\\\/MPI_Polymerforschung_Archiv_000001125-1-2048x1363.jpg 2048w&quot;\n    },\n    &quot;caption&quot;: &quot;Max-Planck-Institut f\\u00fcr Polymerforschung&quot;,\n    &quot;align&quot;: &quot;&quot;,\n    &quot;hasLightbox&quot;: false,\n    &quot;imgWidth&quot;: 0,\n    &quot;link&quot;: {\n        &quot;url&quot;: &quot;&quot;,\n        &quot;target&quot;: &quot;&quot;,\n        &quot;rel&quot;: &quot;&quot;\n    }\n}\" class=\"align-\">\n    \n<\/jgu-base-image><\/div>\n\n\n\n<div class=\"wp-block-column is-layout-flow wp-block-column-is-layout-flow\">\n<p class=\"has-big-font-size\">Das Max-Planck-Institut f\u00fcr Polymerforschung in Mainz betreibt Grundlagenforschung zur Entwicklung und Analyse innovativer L\u00f6sungen in den Bereichen Elektronik, Energietechnik, Medizin und Nanomaterialien. Das MPI-P konzentriert sich auf neue Synthesestrategien, supramolekulare Systeme und das Verhalten von funktionellen Materialien und Grenzfl\u00e4chen. Die gemeinschaftliche Arbeit des Instituts wird von Schl\u00fcsselthemen wie Defekt-Engineering, dynamische Prozesse in weicher Materie und die Rolle von Nanomaterialien und Biomolek\u00fclen an Grenzfl\u00e4chen geleitet.  <\/p>\n\n\n<jgu-base-button style=\"display: flex; flex-wrap: wrap; column-gap: 30px; max-width: 100%; flex-direction: row; justify-content: left\">\n  \n<jgu-base-buttonitem react-props=\"{\n    &quot;text&quot;: &quot;Mehr erfahren&quot;,\n    &quot;link&quot;: {\n        &quot;url&quot;: &quot;https:\\\/\\\/www.mpip-mainz.mpg.de\\\/&quot;,\n        &quot;linkTarget&quot;: &quot;&quot;,\n        &quot;rel&quot;: &quot;&quot;\n    },\n    &quot;align&quot;: &quot;left&quot;,\n    &quot;styling&quot;: &quot;primary&quot;,\n    &quot;icon&quot;: &quot;arrow-right-solid&quot;,\n    &quot;type&quot;: &quot;default&quot;,\n    &quot;iconBefore&quot;: false,\n    &quot;isSmall&quot;: false,\n    &quot;fullWidth&quot;: false,\n    &quot;className&quot;: &quot;&quot;\n}\"><\/jgu-base-buttonitem>\n\n<\/jgu-base-button><\/div>\n<\/div>\n\n\n<\/jgu-base-tabsitem>\n\n<jgu-base-tabsitem react-props=\"{\n    &quot;title&quot;: &quot;Max-Planck-Institut f\\u00fcr Chemie&quot;,\n    &quot;slug&quot;: &quot;max-planck-institut-fur-chemie&quot;,\n    &quot;align&quot;: &quot;wide&quot;,\n    &quot;customSlug&quot;: false\n}\">\n    \n<jgu-base-heading react-props=\"{\n    &quot;color&quot;: &quot;default&quot;,\n    &quot;tags&quot;: {\n        &quot;htmlTag&quot;: &quot;h2&quot;,\n        &quot;classTag&quot;: &quot;&quot;,\n        &quot;tag&quot;: &quot;h2&quot;\n    },\n    &quot;heading&quot;: &quot;Max-Planck-Institut f\\u00fcr Chemie&quot;,\n    &quot;textAlign&quot;: &quot;left&quot;,\n    &quot;anchor&quot;: &quot;&quot;,\n    &quot;index&quot;: &quot;&quot;\n}\"><\/jgu-base-heading>\n\n\n\n<div class=\"wp-block-columns is-layout-flex wp-container-core-columns-is-layout-9d6595d7 wp-block-columns-is-layout-flex\">\n<div class=\"wp-block-column is-layout-flow wp-block-column-is-layout-flow\"><jgu-base-image react-props=\"{\n    &quot;image&quot;: {\n        &quot;url&quot;: &quot;https:\\\/\\\/cms.zdv.uni-mainz.de\\\/fb08-physics\\\/wp-content\\\/uploads\\\/sites\\\/345\\\/2025\\\/08\\\/Max-Planck-Institut-fur-Chemie_Gebaude_Costard_2023.jpg&quot;,\n        &quot;id&quot;: 15235,\n        &quot;hideImageDescription&quot;: true,\n        &quot;alt&quot;: &quot;Max Planck Institute for Chemistry Mainz&quot;,\n        &quot;caption&quot;: &quot;Max Planck Institute for Chemistry Mainz&quot;,\n        &quot;credit&quot;: &quot;\\u00a9 Max Planck Institute for Chemistry | Carsten Costard&quot;,\n        &quot;description&quot;: &quot;Max Planck Institute for Chemistry Mainz&quot;,\n        &quot;title&quot;: &quot;Max Planck Institute for Chemistry Mainz&quot;,\n        &quot;width&quot;: 2362,\n        &quot;height&quot;: 1772,\n        &quot;srcset&quot;: &quot;https:\\\/\\\/cms.zdv.uni-mainz.de\\\/fb08-physics\\\/wp-content\\\/uploads\\\/sites\\\/345\\\/2025\\\/08\\\/Max-Planck-Institut-fur-Chemie_Gebaude_Costard_2023.jpg 2362w, https:\\\/\\\/cms.zdv.uni-mainz.de\\\/fb08-physics\\\/wp-content\\\/uploads\\\/sites\\\/345\\\/2025\\\/08\\\/Max-Planck-Institut-fur-Chemie_Gebaude_Costard_2023-300x225.jpg 300w, https:\\\/\\\/cms.zdv.uni-mainz.de\\\/fb08-physics\\\/wp-content\\\/uploads\\\/sites\\\/345\\\/2025\\\/08\\\/Max-Planck-Institut-fur-Chemie_Gebaude_Costard_2023-1024x768.jpg 1024w, https:\\\/\\\/cms.zdv.uni-mainz.de\\\/fb08-physics\\\/wp-content\\\/uploads\\\/sites\\\/345\\\/2025\\\/08\\\/Max-Planck-Institut-fur-Chemie_Gebaude_Costard_2023-768x576.jpg 768w, https:\\\/\\\/cms.zdv.uni-mainz.de\\\/fb08-physics\\\/wp-content\\\/uploads\\\/sites\\\/345\\\/2025\\\/08\\\/Max-Planck-Institut-fur-Chemie_Gebaude_Costard_2023-1536x1152.jpg 1536w, https:\\\/\\\/cms.zdv.uni-mainz.de\\\/fb08-physics\\\/wp-content\\\/uploads\\\/sites\\\/345\\\/2025\\\/08\\\/Max-Planck-Institut-fur-Chemie_Gebaude_Costard_2023-2048x1536.jpg 2048w&quot;\n    },\n    &quot;caption&quot;: &quot;Max-Planck-Institut f\\u00fcr Chemie&quot;,\n    &quot;align&quot;: &quot;&quot;,\n    &quot;hasLightbox&quot;: false,\n    &quot;imgWidth&quot;: 0,\n    &quot;link&quot;: {\n        &quot;url&quot;: &quot;&quot;,\n        &quot;target&quot;: &quot;&quot;,\n        &quot;rel&quot;: &quot;&quot;\n    }\n}\" class=\"align-\">\n    \n<\/jgu-base-image><\/div>\n\n\n\n<div class=\"wp-block-column is-layout-flow wp-block-column-is-layout-flow\">\n<p class=\"has-big-font-size\">Erdsystemforschung am Max-Planck-Institut f\u00fcr Chemie: Wir untersuchen die Wechselwirkungen zwischen Luft, Wasser, Boden, Wasser, Leben und Klima. Unsere Wissenschaftler und Wissenschaftlerinnen forschen im Labor und an vielen spannenden Orten auf der Erde, wie dem Amazonas-Regenwald. Sie erforschen die Atmosph\u00e4re, beispielsweise mit Hilfe des Forschungsflugzeugs HALO, und arbeiten oft eng mit Kolleginnen und Kollegen des Instituts f\u00fcr Physik der Atmosph\u00e4re der JGU zusammen.  <\/p>\n\n\n<jgu-base-button style=\"display: flex; flex-wrap: wrap; column-gap: 30px; max-width: 100%; flex-direction: row; justify-content: left\">\n  \n<jgu-base-buttonitem react-props=\"{\n    &quot;text&quot;: &quot;Mehr erfahren&quot;,\n    &quot;link&quot;: {\n        &quot;url&quot;: &quot;https:\\\/\\\/www.mpic.de\\\/&quot;,\n        &quot;linkTarget&quot;: &quot;&quot;,\n        &quot;rel&quot;: &quot;&quot;\n    },\n    &quot;align&quot;: &quot;left&quot;,\n    &quot;styling&quot;: &quot;primary&quot;,\n    &quot;icon&quot;: &quot;arrow-right-solid&quot;,\n    &quot;type&quot;: &quot;default&quot;,\n    &quot;iconBefore&quot;: false,\n    &quot;isSmall&quot;: false,\n    &quot;fullWidth&quot;: false,\n    &quot;className&quot;: &quot;&quot;\n}\"><\/jgu-base-buttonitem>\n\n<\/jgu-base-button><\/div>\n<\/div>\n\n\n<\/jgu-base-tabsitem>\n\n<jgu-base-tabsitem react-props=\"{\n    &quot;title&quot;: &quot;Fraunhofer-Institut&quot;,\n    &quot;slug&quot;: &quot;fraunhofer-institut&quot;,\n    &quot;align&quot;: &quot;wide&quot;,\n    &quot;customSlug&quot;: false\n}\">\n    \n<jgu-base-heading react-props=\"{\n    &quot;color&quot;: &quot;default&quot;,\n    &quot;tags&quot;: {\n        &quot;htmlTag&quot;: &quot;h2&quot;,\n        &quot;classTag&quot;: &quot;&quot;,\n        &quot;tag&quot;: &quot;h2&quot;\n    },\n    &quot;heading&quot;: &quot;Fraunhofer-Institut f\\u00fcr Mikrotechnik und Mikrosysteme&quot;,\n    &quot;textAlign&quot;: &quot;left&quot;,\n    &quot;anchor&quot;: &quot;&quot;,\n    &quot;index&quot;: &quot;&quot;\n}\"><\/jgu-base-heading>\n\n\n\n<div class=\"wp-block-columns is-layout-flex wp-container-core-columns-is-layout-9d6595d7 wp-block-columns-is-layout-flex\">\n<div class=\"wp-block-column is-layout-flow wp-block-column-is-layout-flow\"><jgu-base-image react-props=\"{\n    &quot;image&quot;: {\n        &quot;url&quot;: &quot;https:\\\/\\\/cms.zdv.uni-mainz.de\\\/fb08-physics\\\/wp-content\\\/uploads\\\/sites\\\/345\\\/2025\\\/06\\\/Fraunhofer_IMM_Gebaude.jpg&quot;,\n        &quot;id&quot;: 13126,\n        &quot;hideImageDescription&quot;: true,\n        &quot;alt&quot;: &quot;Fraunhofer-Institut f\\u00fcr Mikrotechnik und Mikrosysteme Mainz&quot;,\n        &quot;caption&quot;: &quot;Fraunhofer-Institut f\\u00fcr Mikrotechnik und Mikrosysteme Mainz&quot;,\n        &quot;credit&quot;: &quot;\\u00a9 Fraunhofer IMM | Tobias Hang&quot;,\n        &quot;description&quot;: &quot;Fraunhofer-Institut f\\u00fcr Mikrotechnik und Mikrosysteme Mainz&quot;,\n        &quot;title&quot;: &quot;Fraunhofer-Institut f\\u00fcr Mikrotechnik und Mikrosysteme Mainz&quot;,\n        &quot;width&quot;: 2500,\n        &quot;height&quot;: 1663,\n        &quot;srcset&quot;: &quot;https:\\\/\\\/cms.zdv.uni-mainz.de\\\/fb08-physics\\\/wp-content\\\/uploads\\\/sites\\\/345\\\/2025\\\/06\\\/Fraunhofer_IMM_Gebaude.jpg 2500w, https:\\\/\\\/cms.zdv.uni-mainz.de\\\/fb08-physics\\\/wp-content\\\/uploads\\\/sites\\\/345\\\/2025\\\/06\\\/Fraunhofer_IMM_Gebaude-300x200.jpg 300w, https:\\\/\\\/cms.zdv.uni-mainz.de\\\/fb08-physics\\\/wp-content\\\/uploads\\\/sites\\\/345\\\/2025\\\/06\\\/Fraunhofer_IMM_Gebaude-1024x681.jpg 1024w, https:\\\/\\\/cms.zdv.uni-mainz.de\\\/fb08-physics\\\/wp-content\\\/uploads\\\/sites\\\/345\\\/2025\\\/06\\\/Fraunhofer_IMM_Gebaude-768x511.jpg 768w, https:\\\/\\\/cms.zdv.uni-mainz.de\\\/fb08-physics\\\/wp-content\\\/uploads\\\/sites\\\/345\\\/2025\\\/06\\\/Fraunhofer_IMM_Gebaude-1536x1022.jpg 1536w, https:\\\/\\\/cms.zdv.uni-mainz.de\\\/fb08-physics\\\/wp-content\\\/uploads\\\/sites\\\/345\\\/2025\\\/06\\\/Fraunhofer_IMM_Gebaude-2048x1362.jpg 2048w&quot;\n    },\n    &quot;caption&quot;: &quot;Fraunhofer-Institut f\\u00fcr Mikrotechnik und Mikrosysteme&quot;,\n    &quot;align&quot;: &quot;&quot;,\n    &quot;hasLightbox&quot;: false,\n    &quot;imgWidth&quot;: 0,\n    &quot;link&quot;: {\n        &quot;url&quot;: &quot;&quot;,\n        &quot;target&quot;: &quot;&quot;,\n        &quot;rel&quot;: &quot;&quot;\n    }\n}\" class=\"align-\">\n    \n<\/jgu-base-image><\/div>\n\n\n\n<div class=\"wp-block-column is-layout-flow wp-block-column-is-layout-flow\">\n<p class=\"has-big-font-size\">Ausgehend von den bestehenden gesellschaftlichen Herausforderungen und getrieben von den Zielen der nachhaltigen Entwicklung konzentriert das Fraunhofer IMM den Gro\u00dfteil seiner Mitarbeiter als FuE-Dienstleister in den Bereichen Energie, Chemie und Diagnostik auf die Themen saubere Energie, Nachhaltigkeit und Gesundheit. Dabei st\u00fctzen wir uns auf unsere grundlegenden Kernkompetenzen in den Bereichen Materialien, Technologien, Prozesse und Engineering. Entsprechend unserer Wurzeln setzen wir grundlegende Prozesse auf der Basis der Mikrostrukturtechnik \u00fcberall dort ein, wo sie zielf\u00fchrend sind.  <\/p>\n\n\n<jgu-base-button style=\"display: flex; flex-wrap: wrap; column-gap: 30px; max-width: 100%; flex-direction: row; justify-content: left\">\n  \n<jgu-base-buttonitem react-props=\"{\n    &quot;text&quot;: &quot;Mehr erfahren&quot;,\n    &quot;link&quot;: {\n        &quot;url&quot;: &quot;https:\\\/\\\/www.imm.fraunhofer.de&quot;,\n        &quot;linkTarget&quot;: &quot;&quot;,\n        &quot;rel&quot;: &quot;&quot;\n    },\n    &quot;align&quot;: &quot;left&quot;,\n    &quot;styling&quot;: &quot;primary&quot;,\n    &quot;icon&quot;: &quot;arrow-right-solid&quot;,\n    &quot;type&quot;: &quot;default&quot;,\n    &quot;iconBefore&quot;: false,\n    &quot;isSmall&quot;: false,\n    &quot;fullWidth&quot;: false,\n    &quot;className&quot;: &quot;&quot;\n}\"><\/jgu-base-buttonitem>\n\n<\/jgu-base-button><\/div>\n<\/div>\n\n\n<\/jgu-base-tabsitem>\n\n<\/jgu-base-tabs><\/div><\/div>\n<\/jgu-base-section>\n\n<jgu-base-section react-props=\"{&quot;color&quot;:&quot;white&quot;,&quot;align&quot;:&quot;wide&quot;,&quot;padding&quot;:&quot;medium&quot;}\">\n<div class=\"jgu-bgsection bg bg-white \"><div class=\"content padding-medium\"><div\n\tclass=\"jgu-anchorpoint\"\n\tid=\"infrastruktur\"\n\tdata-label=\"Infrastruktur\"\n\tdata-hide-in-nav=\"false\"\n\ttabindex=\"0\"\n\tdata-initial-scroll=\"true\"\n><\/div>\n\n\n<jgu-base-heading react-props=\"{\n    &quot;tags&quot;: {\n        &quot;htmlTag&quot;: &quot;h2&quot;,\n        &quot;classTag&quot;: &quot;&quot;,\n        &quot;tag&quot;: &quot;h2&quot;\n    },\n    &quot;heading&quot;: &quot;Infrastruktur&quot;,\n    &quot;textAlign&quot;: &quot;left&quot;,\n    &quot;anchor&quot;: &quot;&quot;,\n    &quot;index&quot;: &quot;&quot;,\n    &quot;color&quot;: &quot;red&quot;\n}\"><\/jgu-base-heading>\n\n\n<jgu-base-slider react-props=\"{&quot;template&quot;:&quot;teaserbox&quot;,&quot;perPage&quot;:6,&quot;slidesCount&quot;:6,&quot;type&quot;:&quot;&quot;,&quot;useNumbers&quot;:false,&quot;scrollDistance&quot;:&quot;screen&quot;,&quot;responsiveSettings&quot;:{}}\">\n    \n<jgu-base-teaserbox react-props=\"{\n    &quot;headline&quot;: {\n        &quot;htmlTag&quot;: &quot;h2&quot;,\n        &quot;classTag&quot;: &quot;&quot;,\n        &quot;tag&quot;: &quot;h2&quot;\n    },\n    &quot;image&quot;: {\n        &quot;id&quot;: 10095,\n        &quot;url&quot;: &quot;https:\\\/\\\/cms.zdv.uni-mainz.de\\\/fb08-physics\\\/wp-content\\\/uploads\\\/sites\\\/345\\\/2024\\\/12\\\/MAMI-scaled.jpg&quot;,\n        &quot;alt&quot;: &quot;Teilchenbeschleuniger MAMI&quot;,\n        &quot;caption&quot;: &quot;Teilchenbeschleuniger MAMI&quot;,\n        &quot;credit&quot;: &quot; \\u00a9 JGU | Institut f\\u00fcr Kernphysik&quot;,\n        &quot;description&quot;: &quot;Teilchenbeschleuniger MAMI&quot;,\n        &quot;title&quot;: &quot;Teilchenbeschleuniger MAMI&quot;,\n        &quot;width&quot;: 2560,\n        &quot;height&quot;: 1920,\n        &quot;srcset&quot;: &quot;https:\\\/\\\/cms.zdv.uni-mainz.de\\\/fb08-physics\\\/wp-content\\\/uploads\\\/sites\\\/345\\\/2024\\\/12\\\/MAMI-scaled.jpg 2560w, https:\\\/\\\/cms.zdv.uni-mainz.de\\\/fb08-physics\\\/wp-content\\\/uploads\\\/sites\\\/345\\\/2024\\\/12\\\/MAMI-300x225.jpg 300w, https:\\\/\\\/cms.zdv.uni-mainz.de\\\/fb08-physics\\\/wp-content\\\/uploads\\\/sites\\\/345\\\/2024\\\/12\\\/MAMI-1024x768.jpg 1024w, https:\\\/\\\/cms.zdv.uni-mainz.de\\\/fb08-physics\\\/wp-content\\\/uploads\\\/sites\\\/345\\\/2024\\\/12\\\/MAMI-768x576.jpg 768w, https:\\\/\\\/cms.zdv.uni-mainz.de\\\/fb08-physics\\\/wp-content\\\/uploads\\\/sites\\\/345\\\/2024\\\/12\\\/MAMI-1536x1152.jpg 1536w, https:\\\/\\\/cms.zdv.uni-mainz.de\\\/fb08-physics\\\/wp-content\\\/uploads\\\/sites\\\/345\\\/2024\\\/12\\\/MAMI-2048x1536.jpg 2048w&quot;\n    },\n    &quot;color&quot;: &quot;blue&quot;,\n    &quot;title&quot;: &quot;Teilchenbeschleuniger MAMI&quot;,\n    &quot;excerpt&quot;: &quot;Unser Elektronenbeschleuniger wurde sukzessive zu einem Multilevel-Racetrack-Mikrotron ausgebaut. Es werden zwei Hauptexperimente durchgef\\u00fchrt: &lt;br&gt;&lt;strong&gt;A1:&lt;\\\/strong&gt; Untersuchung von Hadronenstrukturen mit hochaufl\\u00f6senden Spektrometern&lt;br&gt;&lt;strong&gt;A2:&lt;\\\/strong&gt; Wechselwirkung von hochenergetischen Photonen mit Nukleonen&quot;,\n    &quot;linkTitle&quot;: &quot;Mehr erfahren&quot;,\n    &quot;link&quot;: {\n        &quot;url&quot;: &quot;https:\\\/\\\/www.blogs.uni-mainz.de\\\/fb08-nuclear-physics\\\/accelerators-mami-mesa\\\/the-mainz-microtron\\\/&quot;\n    },\n    &quot;align&quot;: &quot;wide&quot;,\n    &quot;icon&quot;: &quot;&quot;,\n    &quot;iconColor&quot;: &quot;default&quot;,\n    &quot;isCalendar&quot;: false,\n    &quot;iconBoxed&quot;: false,\n    &quot;useLinkList&quot;: false,\n    &quot;linkList&quot;: {},\n    &quot;hideThumbnail&quot;: false,\n    &quot;type&quot;: &quot;boxed&quot;,\n    &quot;index&quot;: &quot;&quot;,\n    &quot;linkStyle&quot;: &quot;default&quot;,\n    &quot;overboxImage&quot;: false,\n    &quot;differingHeadlineColor&quot;: false,\n    &quot;headlineColor&quot;: &quot;&quot;,\n    &quot;textPositionBottom&quot;: false,\n    &quot;template&quot;: &quot;&quot;,\n    &quot;video&quot;: {\n        &quot;provider&quot;: &quot;youtube&quot;,\n        &quot;id&quot;: &quot;&quot;,\n        &quot;poster&quot;: &quot;&quot;\n    },\n    &quot;audioUrl&quot;: &quot;&quot;,\n    &quot;unbound&quot;: false\n}\">\n    \n<\/jgu-base-teaserbox>\n\n<jgu-base-teaserbox react-props=\"{\n    &quot;headline&quot;: {\n        &quot;htmlTag&quot;: &quot;h2&quot;,\n        &quot;classTag&quot;: &quot;&quot;,\n        &quot;tag&quot;: &quot;h2&quot;\n    },\n    &quot;image&quot;: {\n        &quot;id&quot;: 10098,\n        &quot;url&quot;: &quot;https:\\\/\\\/cms.zdv.uni-mainz.de\\\/fb08-physics\\\/wp-content\\\/uploads\\\/sites\\\/345\\\/2024\\\/12\\\/MESA2-scaled.jpeg&quot;,\n        &quot;alt&quot;: &quot;Teilchenbeschleuniger MESA&quot;,\n        &quot;caption&quot;: &quot;Teilchenbeschleuniger MESA&quot;,\n        &quot;credit&quot;: &quot; \\u00a9 JGU | Institut f\\u00fcr Kernphysik&quot;,\n        &quot;description&quot;: &quot;Teilchenbeschleuniger MESA&quot;,\n        &quot;title&quot;: &quot;Teilchenbeschleuniger MESA&quot;,\n        &quot;width&quot;: 1920,\n        &quot;height&quot;: 2560,\n        &quot;srcset&quot;: &quot;https:\\\/\\\/cms.zdv.uni-mainz.de\\\/fb08-physics\\\/wp-content\\\/uploads\\\/sites\\\/345\\\/2024\\\/12\\\/MESA2-scaled.jpeg 1920w, https:\\\/\\\/cms.zdv.uni-mainz.de\\\/fb08-physics\\\/wp-content\\\/uploads\\\/sites\\\/345\\\/2024\\\/12\\\/MESA2-225x300.jpeg 225w, https:\\\/\\\/cms.zdv.uni-mainz.de\\\/fb08-physics\\\/wp-content\\\/uploads\\\/sites\\\/345\\\/2024\\\/12\\\/MESA2-768x1024.jpeg 768w, https:\\\/\\\/cms.zdv.uni-mainz.de\\\/fb08-physics\\\/wp-content\\\/uploads\\\/sites\\\/345\\\/2024\\\/12\\\/MESA2-1152x1536.jpeg 1152w, https:\\\/\\\/cms.zdv.uni-mainz.de\\\/fb08-physics\\\/wp-content\\\/uploads\\\/sites\\\/345\\\/2024\\\/12\\\/MESA2-1536x2048.jpeg 1536w&quot;\n    },\n    &quot;color&quot;: &quot;blue&quot;,\n    &quot;title&quot;: &quot;Teilchenbeschleuniger MESA&quot;,\n    &quot;excerpt&quot;: &quot;Unser energier\\u00fcckf\\u00fchrender supraleitender Beschleuniger MESA wird die Grenzen des Standardmodells erforschen und Hochpr\\u00e4zisionsexperimente durchf\\u00fchren, z.B.:&lt;br&gt;&lt;strong&gt;MAGIX&lt;\\\/strong&gt;: Elektronenstreuexperimente mit Mehrzweckspektrometern&lt;br&gt;&lt;strong&gt;P2&lt;\\\/strong&gt;: Hochpr\\u00e4zise Messung des elektroschwachen Mischungswinkels&lt;br&gt;&lt;strong&gt;DarkMESA&lt;\\\/strong&gt;: Ein Dunkler-Sektor-Experiment basierend auf Kalorimeter-Detektoren&quot;,\n    &quot;linkTitle&quot;: &quot;Mehr erfahren&quot;,\n    &quot;link&quot;: {\n        &quot;url&quot;: &quot;https:\\\/\\\/www.mesa.uni-mainz.de\\\/eng\\\/&quot;\n    },\n    &quot;align&quot;: &quot;wide&quot;,\n    &quot;icon&quot;: &quot;&quot;,\n    &quot;iconColor&quot;: &quot;default&quot;,\n    &quot;isCalendar&quot;: false,\n    &quot;iconBoxed&quot;: false,\n    &quot;useLinkList&quot;: false,\n    &quot;linkList&quot;: {},\n    &quot;hideThumbnail&quot;: false,\n    &quot;type&quot;: &quot;boxed&quot;,\n    &quot;index&quot;: &quot;&quot;,\n    &quot;linkStyle&quot;: &quot;default&quot;,\n    &quot;overboxImage&quot;: false,\n    &quot;differingHeadlineColor&quot;: false,\n    &quot;headlineColor&quot;: &quot;&quot;,\n    &quot;textPositionBottom&quot;: false,\n    &quot;template&quot;: &quot;&quot;,\n    &quot;video&quot;: {\n        &quot;provider&quot;: &quot;youtube&quot;,\n        &quot;id&quot;: &quot;&quot;,\n        &quot;poster&quot;: &quot;&quot;\n    },\n    &quot;audioUrl&quot;: &quot;&quot;,\n    &quot;unbound&quot;: false\n}\">\n    \n<\/jgu-base-teaserbox>\n\n<jgu-base-teaserbox react-props=\"{\n    &quot;headline&quot;: {\n        &quot;htmlTag&quot;: &quot;h2&quot;,\n        &quot;classTag&quot;: &quot;&quot;,\n        &quot;tag&quot;: &quot;h2&quot;\n    },\n    &quot;image&quot;: {\n        &quot;id&quot;: 9739,\n        &quot;url&quot;: &quot;https:\\\/\\\/cms.zdv.uni-mainz.de\\\/fb08-physics\\\/wp-content\\\/uploads\\\/sites\\\/345\\\/2024\\\/11\\\/Oeffentlichkeitsarbeit_Uni_UMZ_Archiv_OeA_0398063-scaled.jpg&quot;,\n        &quot;alt&quot;: &quot;Cherenkov-Effekt am Forschungsreaktor TRIGA&quot;,\n        &quot;caption&quot;: &quot;Cherenkov-Effekt am Forschungsreaktor TRIGA&quot;,\n        &quot;credit&quot;: &quot;\\u00a9 JGU | Bernhard Ludewig&quot;,\n        &quot;description&quot;: &quot;Cherenkov-Effekt am Forschungsreaktor TRIGA&quot;,\n        &quot;title&quot;: &quot;Cherenkov-Effekt am Forschungsreaktor TRIGA&quot;,\n        &quot;width&quot;: 2560,\n        &quot;height&quot;: 1686,\n        &quot;srcset&quot;: &quot;https:\\\/\\\/cms.zdv.uni-mainz.de\\\/fb08-physics\\\/wp-content\\\/uploads\\\/sites\\\/345\\\/2024\\\/11\\\/Oeffentlichkeitsarbeit_Uni_UMZ_Archiv_OeA_0398063-scaled.jpg 2560w, https:\\\/\\\/cms.zdv.uni-mainz.de\\\/fb08-physics\\\/wp-content\\\/uploads\\\/sites\\\/345\\\/2024\\\/11\\\/Oeffentlichkeitsarbeit_Uni_UMZ_Archiv_OeA_0398063-300x198.jpg 300w, https:\\\/\\\/cms.zdv.uni-mainz.de\\\/fb08-physics\\\/wp-content\\\/uploads\\\/sites\\\/345\\\/2024\\\/11\\\/Oeffentlichkeitsarbeit_Uni_UMZ_Archiv_OeA_0398063-1024x674.jpg 1024w, https:\\\/\\\/cms.zdv.uni-mainz.de\\\/fb08-physics\\\/wp-content\\\/uploads\\\/sites\\\/345\\\/2024\\\/11\\\/Oeffentlichkeitsarbeit_Uni_UMZ_Archiv_OeA_0398063-768x506.jpg 768w, https:\\\/\\\/cms.zdv.uni-mainz.de\\\/fb08-physics\\\/wp-content\\\/uploads\\\/sites\\\/345\\\/2024\\\/11\\\/Oeffentlichkeitsarbeit_Uni_UMZ_Archiv_OeA_0398063-1536x1012.jpg 1536w, https:\\\/\\\/cms.zdv.uni-mainz.de\\\/fb08-physics\\\/wp-content\\\/uploads\\\/sites\\\/345\\\/2024\\\/11\\\/Oeffentlichkeitsarbeit_Uni_UMZ_Archiv_OeA_0398063-2048x1349.jpg 2048w&quot;\n    },\n    &quot;color&quot;: &quot;blue&quot;,\n    &quot;title&quot;: &quot;Forschungsreaktor TRIGA&quot;,\n    &quot;excerpt&quot;: &quot;Der TRIGA-Reaktor kann kontinuierlich mit 100 kW thermischer Leistung betrieben werden. Alternativ kann der Reaktor f\\u00fcr etwa 30 min gepulst werden, wobei die thermische Leistung auf 250 MW ansteigt und etwa 10 MJ Energie freigesetzt werden. &quot;,\n    &quot;linkTitle&quot;: &quot;Mehr erfahren&quot;,\n    &quot;link&quot;: {\n        &quot;url&quot;: &quot;https:\\\/\\\/www.en.triga.uni-mainz.de\\\/&quot;\n    },\n    &quot;align&quot;: &quot;wide&quot;,\n    &quot;icon&quot;: &quot;&quot;,\n    &quot;iconColor&quot;: &quot;default&quot;,\n    &quot;isCalendar&quot;: false,\n    &quot;iconBoxed&quot;: false,\n    &quot;useLinkList&quot;: false,\n    &quot;linkList&quot;: {},\n    &quot;hideThumbnail&quot;: false,\n    &quot;type&quot;: &quot;boxed&quot;,\n    &quot;index&quot;: &quot;&quot;,\n    &quot;linkStyle&quot;: &quot;default&quot;,\n    &quot;overboxImage&quot;: false,\n    &quot;differingHeadlineColor&quot;: false,\n    &quot;headlineColor&quot;: &quot;&quot;,\n    &quot;textPositionBottom&quot;: false,\n    &quot;template&quot;: &quot;&quot;,\n    &quot;video&quot;: {\n        &quot;provider&quot;: &quot;youtube&quot;,\n        &quot;id&quot;: &quot;&quot;,\n        &quot;poster&quot;: &quot;&quot;\n    },\n    &quot;audioUrl&quot;: &quot;&quot;,\n    &quot;unbound&quot;: false\n}\">\n    \n<\/jgu-base-teaserbox>\n\n<jgu-base-teaserbox react-props=\"{\n    &quot;headline&quot;: {\n        &quot;htmlTag&quot;: &quot;h2&quot;,\n        &quot;classTag&quot;: &quot;&quot;,\n        &quot;tag&quot;: &quot;h2&quot;\n    },\n    &quot;image&quot;: {\n        &quot;id&quot;: 9887,\n        &quot;url&quot;: &quot;https:\\\/\\\/cms.zdv.uni-mainz.de\\\/fb08-physics\\\/wp-content\\\/uploads\\\/sites\\\/345\\\/2024\\\/12\\\/211111-UMainz-SFB-301-TPChange-72-01.jpg&quot;,\n        &quot;alt&quot;: &quot;Arbeiten am Windkanal&quot;,\n        &quot;caption&quot;: &quot;Arbeiten am Windkanal&quot;,\n        &quot;credit&quot;: &quot; \\u00a9 JGU | Institut f\\u00fcr Physik der Atmosph\\u00e4re&quot;,\n        &quot;description&quot;: &quot;Arbeiten am Windkanal&quot;,\n        &quot;title&quot;: &quot;Arbeiten am Windkanal&quot;,\n        &quot;width&quot;: 1500,\n        &quot;height&quot;: 1000,\n        &quot;srcset&quot;: &quot;https:\\\/\\\/cms.zdv.uni-mainz.de\\\/fb08-physics\\\/wp-content\\\/uploads\\\/sites\\\/345\\\/2024\\\/12\\\/211111-UMainz-SFB-301-TPChange-72-01.jpg 1500w, https:\\\/\\\/cms.zdv.uni-mainz.de\\\/fb08-physics\\\/wp-content\\\/uploads\\\/sites\\\/345\\\/2024\\\/12\\\/211111-UMainz-SFB-301-TPChange-72-01-300x200.jpg 300w, https:\\\/\\\/cms.zdv.uni-mainz.de\\\/fb08-physics\\\/wp-content\\\/uploads\\\/sites\\\/345\\\/2024\\\/12\\\/211111-UMainz-SFB-301-TPChange-72-01-1024x683.jpg 1024w, https:\\\/\\\/cms.zdv.uni-mainz.de\\\/fb08-physics\\\/wp-content\\\/uploads\\\/sites\\\/345\\\/2024\\\/12\\\/211111-UMainz-SFB-301-TPChange-72-01-768x512.jpg 768w&quot;\n    },\n    &quot;color&quot;: &quot;blue&quot;,\n    &quot;title&quot;: &quot;Vertikaler Windkanal Mainz&quot;,\n    &quot;excerpt&quot;: &quot;Der Mainzer Vertikalwindkanal erm\\u00f6glicht die freie Aufh\\u00e4ngung verschiedener Hydrometeore, wie Regen- und Wolkentr\\u00f6pfchen, Graupel, Hagelk\\u00f6rner und Schneeflocken in einem vertikalen Luftstrom und simuliert so ihren freien Fall in der Atmosph\\u00e4re. &quot;,\n    &quot;linkTitle&quot;: &quot;Mehr erfahren&quot;,\n    &quot;link&quot;: {\n        &quot;url&quot;: &quot;https:\\\/\\\/aerosols.ipa.uni-mainz.de\\\/mainz-vertical-wind-tunnel\\\/&quot;\n    },\n    &quot;align&quot;: &quot;wide&quot;,\n    &quot;icon&quot;: &quot;&quot;,\n    &quot;iconColor&quot;: &quot;default&quot;,\n    &quot;isCalendar&quot;: false,\n    &quot;iconBoxed&quot;: false,\n    &quot;useLinkList&quot;: false,\n    &quot;linkList&quot;: {},\n    &quot;hideThumbnail&quot;: false,\n    &quot;type&quot;: &quot;boxed&quot;,\n    &quot;index&quot;: &quot;&quot;,\n    &quot;linkStyle&quot;: &quot;default&quot;,\n    &quot;overboxImage&quot;: false,\n    &quot;differingHeadlineColor&quot;: false,\n    &quot;headlineColor&quot;: &quot;&quot;,\n    &quot;textPositionBottom&quot;: false,\n    &quot;template&quot;: &quot;&quot;,\n    &quot;video&quot;: {\n        &quot;provider&quot;: &quot;youtube&quot;,\n        &quot;id&quot;: &quot;&quot;,\n        &quot;poster&quot;: &quot;&quot;\n    },\n    &quot;audioUrl&quot;: &quot;&quot;,\n    &quot;unbound&quot;: false\n}\">\n    \n<\/jgu-base-teaserbox>\n\n<jgu-base-teaserbox react-props=\"{\n    &quot;headline&quot;: {\n        &quot;htmlTag&quot;: &quot;h2&quot;,\n        &quot;classTag&quot;: &quot;&quot;,\n        &quot;tag&quot;: &quot;h2&quot;\n    },\n    &quot;image&quot;: {\n        &quot;id&quot;: 12261,\n        &quot;url&quot;: &quot;https:\\\/\\\/cms.zdv.uni-mainz.de\\\/fb08-physics\\\/wp-content\\\/uploads\\\/sites\\\/345\\\/2025\\\/05\\\/2023-03-09_MOGON_Peter-Pulkowski_01.png&quot;,\n        &quot;alt&quot;: &quot;MOGON High Performance Computing Systems&quot;,\n        &quot;caption&quot;: &quot;MOGON High Performance Computing Systems&quot;,\n        &quot;credit&quot;: &quot; \\u00a9 JGU | Peter Pulkowski&quot;,\n        &quot;description&quot;: &quot;MOGON High Performance Computing Systems&quot;,\n        &quot;title&quot;: &quot;MOGON High Performance Computing Systems&quot;,\n        &quot;width&quot;: 2705,\n        &quot;height&quot;: 1525,\n        &quot;srcset&quot;: &quot;https:\\\/\\\/cms.zdv.uni-mainz.de\\\/fb08-physics\\\/wp-content\\\/uploads\\\/sites\\\/345\\\/2025\\\/05\\\/2023-03-09_MOGON_Peter-Pulkowski_01.png 2705w, https:\\\/\\\/cms.zdv.uni-mainz.de\\\/fb08-physics\\\/wp-content\\\/uploads\\\/sites\\\/345\\\/2025\\\/05\\\/2023-03-09_MOGON_Peter-Pulkowski_01-300x169.png 300w, https:\\\/\\\/cms.zdv.uni-mainz.de\\\/fb08-physics\\\/wp-content\\\/uploads\\\/sites\\\/345\\\/2025\\\/05\\\/2023-03-09_MOGON_Peter-Pulkowski_01-1024x577.png 1024w, https:\\\/\\\/cms.zdv.uni-mainz.de\\\/fb08-physics\\\/wp-content\\\/uploads\\\/sites\\\/345\\\/2025\\\/05\\\/2023-03-09_MOGON_Peter-Pulkowski_01-768x433.png 768w, https:\\\/\\\/cms.zdv.uni-mainz.de\\\/fb08-physics\\\/wp-content\\\/uploads\\\/sites\\\/345\\\/2025\\\/05\\\/2023-03-09_MOGON_Peter-Pulkowski_01-1536x866.png 1536w, https:\\\/\\\/cms.zdv.uni-mainz.de\\\/fb08-physics\\\/wp-content\\\/uploads\\\/sites\\\/345\\\/2025\\\/05\\\/2023-03-09_MOGON_Peter-Pulkowski_01-2048x1155.png 2048w&quot;\n    },\n    &quot;color&quot;: &quot;blue&quot;,\n    &quot;title&quot;: &quot;MOGON HPC-Systeme&quot;,\n    &quot;excerpt&quot;: &quot;Das Rechenzentrum der JGU Mainz betreibt die MOGON-Hochleistungsrechensysteme, die insgesamt 128.000 CPU-Kerne und 14 PB Speicher auf zwei parallelen Fileservern bieten. Dies unterst\\u00fctzt Wissenschaftler aus vielen Disziplinen bei der Erreichung ihrer Forschungsziele. Probleme, die auf einem Desktop-Computer Tage, Wochen oder Monate dauern, k\\u00f6nnen auf einem Supercomputer in nur wenigen Minuten, Stunden oder Tagen gel\\u00f6st werden.  &quot;,\n    &quot;linkTitle&quot;: &quot;Mehr erfahren&quot;,\n    &quot;link&quot;: {\n        &quot;url&quot;: &quot;https:\\\/\\\/hpc-en.uni-mainz.de\\\/&quot;\n    },\n    &quot;align&quot;: &quot;wide&quot;,\n    &quot;icon&quot;: &quot;&quot;,\n    &quot;iconColor&quot;: &quot;default&quot;,\n    &quot;isCalendar&quot;: false,\n    &quot;iconBoxed&quot;: false,\n    &quot;useLinkList&quot;: false,\n    &quot;linkList&quot;: {},\n    &quot;hideThumbnail&quot;: false,\n    &quot;type&quot;: &quot;boxed&quot;,\n    &quot;index&quot;: &quot;&quot;,\n    &quot;linkStyle&quot;: &quot;default&quot;,\n    &quot;overboxImage&quot;: false,\n    &quot;differingHeadlineColor&quot;: false,\n    &quot;headlineColor&quot;: &quot;&quot;,\n    &quot;textPositionBottom&quot;: false,\n    &quot;template&quot;: &quot;&quot;,\n    &quot;video&quot;: {\n        &quot;provider&quot;: &quot;youtube&quot;,\n        &quot;id&quot;: &quot;&quot;,\n        &quot;poster&quot;: &quot;&quot;\n    },\n    &quot;audioUrl&quot;: &quot;&quot;,\n    &quot;unbound&quot;: false\n}\">\n    \n<\/jgu-base-teaserbox>\n\n<jgu-base-teaserbox react-props=\"{\n    &quot;headline&quot;: {\n        &quot;htmlTag&quot;: &quot;h2&quot;,\n        &quot;classTag&quot;: &quot;&quot;,\n        &quot;tag&quot;: &quot;h2&quot;\n    },\n    &quot;image&quot;: {\n        &quot;id&quot;: 9736,\n        &quot;url&quot;: &quot;https:\\\/\\\/cms.zdv.uni-mainz.de\\\/fb08-physics\\\/wp-content\\\/uploads\\\/sites\\\/345\\\/2024\\\/11\\\/UniMZ_PRISMA_191205_048s.jpg&quot;,\n        &quot;alt&quot;: &quot;Detector Labor&quot;,\n        &quot;caption&quot;: &quot;Detector Labor&quot;,\n        &quot;credit&quot;: &quot; \\u00a9 JGU | PRISMA+&quot;,\n        &quot;description&quot;: &quot;Detector Labor&quot;,\n        &quot;title&quot;: &quot;Detector Labor&quot;,\n        &quot;width&quot;: 1200,\n        &quot;height&quot;: 800,\n        &quot;srcset&quot;: &quot;https:\\\/\\\/cms.zdv.uni-mainz.de\\\/fb08-physics\\\/wp-content\\\/uploads\\\/sites\\\/345\\\/2024\\\/11\\\/UniMZ_PRISMA_191205_048s.jpg 1200w, https:\\\/\\\/cms.zdv.uni-mainz.de\\\/fb08-physics\\\/wp-content\\\/uploads\\\/sites\\\/345\\\/2024\\\/11\\\/UniMZ_PRISMA_191205_048s-300x200.jpg 300w, https:\\\/\\\/cms.zdv.uni-mainz.de\\\/fb08-physics\\\/wp-content\\\/uploads\\\/sites\\\/345\\\/2024\\\/11\\\/UniMZ_PRISMA_191205_048s-1024x683.jpg 1024w, https:\\\/\\\/cms.zdv.uni-mainz.de\\\/fb08-physics\\\/wp-content\\\/uploads\\\/sites\\\/345\\\/2024\\\/11\\\/UniMZ_PRISMA_191205_048s-768x512.jpg 768w&quot;\n    },\n    &quot;color&quot;: &quot;blue&quot;,\n    &quot;title&quot;: &quot;Detektor-Labor&quot;,\n    &quot;excerpt&quot;: &quot;Das PRISMA-Detektorlabor f\\u00f6rdert die Zusammenarbeit und erleichtert den Austausch von Erfahrungen und Technologien innerhalb von &lt;sup&gt; PRISMA+&lt;\\\/sup&gt;. Es umfasst Labore und Arbeitspl\\u00e4tze, an denen Wissenschaftler mit unterschiedlichen Fachgebieten gemeinsam mit Studenten arbeiten. &quot;,\n    &quot;linkTitle&quot;: &quot;Mehr erfahren&quot;,\n    &quot;link&quot;: {\n        &quot;url&quot;: &quot;https:\\\/\\\/www.prisma.uni-mainz.de\\\/facilities\\\/prisma-detector-lab\\\/&quot;\n    },\n    &quot;align&quot;: &quot;wide&quot;,\n    &quot;icon&quot;: &quot;&quot;,\n    &quot;iconColor&quot;: &quot;default&quot;,\n    &quot;isCalendar&quot;: false,\n    &quot;iconBoxed&quot;: false,\n    &quot;useLinkList&quot;: false,\n    &quot;linkList&quot;: {},\n    &quot;hideThumbnail&quot;: false,\n    &quot;type&quot;: &quot;boxed&quot;,\n    &quot;index&quot;: &quot;&quot;,\n    &quot;linkStyle&quot;: &quot;default&quot;,\n    &quot;overboxImage&quot;: false,\n    &quot;differingHeadlineColor&quot;: false,\n    &quot;headlineColor&quot;: &quot;&quot;,\n    &quot;textPositionBottom&quot;: false,\n    &quot;template&quot;: &quot;&quot;,\n    &quot;video&quot;: {\n        &quot;provider&quot;: &quot;youtube&quot;,\n        &quot;id&quot;: &quot;&quot;,\n        &quot;poster&quot;: &quot;&quot;\n    },\n    &quot;audioUrl&quot;: &quot;&quot;,\n    &quot;unbound&quot;: false\n}\">\n    \n<\/jgu-base-teaserbox>\n\n<\/jgu-base-slider>\n\n\n\n<div style=\"height:62px\" aria-hidden=\"true\" class=\"wp-block-spacer\"><\/div>\n\n\n\n<div class=\"wp-block-columns is-layout-flex wp-container-core-columns-is-layout-9d6595d7 wp-block-columns-is-layout-flex\">\n<div class=\"wp-block-column is-layout-flow wp-block-column-is-layout-flow\"><\/div>\n\n\n\n<div class=\"wp-block-column is-layout-flow wp-block-column-is-layout-flow\"><\/div>\n\n\n\n<div class=\"wp-block-column is-layout-flow wp-block-column-is-layout-flow\"><\/div>\n<\/div>\n\n\n\n<div class=\"wp-block-columns is-layout-flex wp-container-core-columns-is-layout-9d6595d7 wp-block-columns-is-layout-flex\">\n<div class=\"wp-block-column is-layout-flow wp-block-column-is-layout-flow\"><\/div>\n\n\n\n<div class=\"wp-block-column is-layout-flow wp-block-column-is-layout-flow\"><\/div>\n\n\n\n<div class=\"wp-block-column is-layout-flow wp-block-column-is-layout-flow\"><\/div>\n<\/div>\n<\/div><\/div>\n<\/jgu-base-section>    <div style=\"display: none\">\n        \n    <\/div>","protected":false},"excerpt":{"rendered":"<p>Johannes Gutenberg-Universit\u00e4t Mainz &gt; Fachbereich 08 &gt; Physik &gt; Physikalische Forschung &gt; Institute &amp; Einrichtungen Sowohl Forschende als auch Studierende k\u00f6nnen von den herausragenden Vernetzungsm\u00f6glichkeiten mit renommierten Helmholtz und Max Planck Instituten profitieren. Die moderne Infrastruktur auf dem Campus tr\u00e4gt zu herausragenden Forschungsergebnissen bei: Geforscht werden kann an unseren Teilchenbeschleunigern MAMI &amp; MESA, dem Forschungsreaktor &hellip; <a href=\"https:\/\/physics.uni-mainz.de\/de\/home\/physikalische-forschung\/institute-forschungseinrichtungen\/\">Weiter lesen<\/a><\/p>\n","protected":false},"author":311,"featured_media":0,"parent":15330,"menu_order":0,"comment_status":"closed","ping_status":"closed","template":"","meta":{"footnotes":""},"categories":[63],"tags":[],"class_list":["post-15342","page","type-page","status-publish","hentry","category-forschung-level-1-2"],"content_raw":"<!-- wp:jgu\/pageheader {\"items\":[{\"box\":{\"index\":\"\",\"title\":\"Institute \\u0026amp; Forschungseinrichtungen\",\"link\":{\"url\":\"\",\"title\":\"Mehr erfahren\"}},\"color\":\"default\",\"image\":{\"url\":\"\"},\"imgCredit\":\"\",\"useVideo\":false,\"video\":false}],\"type\":\"border\"} \/-->\n\n<!-- wp:paragraph -->\n<p class=\"has-big-font-size\"><a href=\"https:\/\/www.uni-mainz.de\/\">Johannes Gutenberg-Universit\u00e4t Mainz<\/a> &gt; <a href=\"https:\/\/www.fb08.uni-mainz.de\">Fachbereich 08<\/a> &gt; <a href=\"https:\/\/physik.uni-mainz.de\/\">Physik<\/a> &gt; <a href=\"https:\/\/physics.uni-mainz.de\/de\/home\/physikalische-forschung\/\">Physikalische Forschung<\/a> &gt; Institute &amp; Einrichtungen<\/p>\n<!-- \/wp:paragraph -->\n\n<!-- wp:paragraph -->\n<p class=\"has-big-font-size\">Sowohl Forschende als auch Studierende k\u00f6nnen von den herausragenden Vernetzungsm\u00f6glichkeiten mit renommierten Helmholtz und Max Planck Instituten profitieren. Die moderne Infrastruktur auf dem Campus tr\u00e4gt zu herausragenden Forschungsergebnissen bei: Geforscht werden kann an unseren Teilchenbeschleunigern MAMI &amp; MESA, dem Forschungsreaktor TRIGA Mainz, unserem vertikalen Windkanal sowie unserem Detektorlabor. Die High Performance Computing Systeme MOGON und HIMster unterst\u00fctzen Forschende bei der Durchf\u00fchrung komplexer Berechnungen und Simulationen.  <\/p>\n<!-- \/wp:paragraph -->\n\n<!-- wp:spacer {\"height\":\"60px\"} -->\n<div style=\"height:60px\" aria-hidden=\"true\" class=\"wp-block-spacer\"><\/div>\n<!-- \/wp:spacer -->\n\n<!-- wp:jgu\/anchornavigation \/-->\n\n<!-- wp:jgu\/section {\"color\":\"dark\"} -->\n<div class=\"jgu-bgsection bg bg-dark \"><div class=\"content padding-medium\"><!-- wp:jgu\/anchorpoint {\"title\":\"Physik-Campus Mainz\",\"slug\":\"physik-campus-mainz\"} \/-->\n\n<!-- wp:jgu\/heading {\"color\":\"default\",\"tags\":{\"htmlTag\":\"h2\",\"classTag\":\"\",\"tag\":\"h2\"},\"heading\":\"Physik-Campus Mainz\"} \/-->\n\n<!-- wp:columns {\"className\":\"\"} -->\n<div class=\"wp-block-columns\"><!-- wp:column {\"width\":\"40%\"} -->\n<div class=\"wp-block-column\" style=\"flex-basis:40%\"><!-- wp:jgu\/list -->\n<ul class=\"styled-list hyphenation\"><!-- wp:jgu\/list-item {\"title\":\"\\u003cstrong\\u003eUniversit\u00e4tsinstitute\\u003c\/strong\\u003e\",\"uuid\":\"1738232024990\",\"link\":{\"url\":null}} -->\n<!-- wp:jgu\/list-item {\"title\":\"\\u003ca href=\\u0022https:\/\/www.iph.uni-mainz.de\/\\u0022\\u003e1 Institut f\u00fcr Physik\\u003c\/a\\u003e\",\"uuid\":\"1738232024990\"} \/-->\n\n<!-- wp:jgu\/list-item {\"title\":\"\\u003ca href=\\u0022https:\/\/www.kernphysik.uni-mainz.de\/\\u0022\\u003e2 Institut f\u00fcr Kernphysik\\u003c\/a\\u003e\",\"uuid\":\"1738232042669\",\"link\":{\"url\":\"https:\/\/www.kernphysik.uni-mainz.de\/en\/\"}} \/-->\n\n<!-- wp:jgu\/list-item {\"title\":\"3\\u003ca href=\\u0022https:\/\/www.ipa.uni-mainz.de\/\\u0022\\u003e Institut f\u00fcr Physik der Atmosph\u00e4re\\u003c\/a\\u003e\",\"uuid\":\"1738232056110\"} \/-->\n<!-- \/wp:jgu\/list-item -->\n\n<!-- wp:jgu\/list-item {\"title\":\"\\u003cstrong\\u003eTheoriezentren\\u003c\/strong\\u003e\",\"uuid\":\"1738232077148\",\"link\":{\"url\":null}} -->\n<!-- wp:jgu\/list-item {\"title\":\"4 \\u003ca href=\\u0022https:\/\/www.mitp.uni-mainz.de\/\\u0022\\u003eMainzer Institut f\u00fcr Theoretische Physik (MITP)\\u003c\/a\\u003e\",\"uuid\":\"1738232077148\"} \/-->\n\n<!-- wp:jgu\/list-item {\"title\":\"5 \\u003ca href=\\u0022https:\/\/www.spice.uni-mainz.de\/\\u0022\\u003eInterdisziplin\u00e4res Zentrum f\u00fcr Spinph\u00e4nomene (SPICE)\\u003c\/a\\u003e\",\"uuid\":\"1738232077148\"} \/-->\n<!-- \/wp:jgu\/list-item -->\n\n<!-- wp:jgu\/list-item {\"title\":\"\\u003cstrong\\u003eKooperationen mit Instituten auf dem Campus\\u003c\/strong\\u003e\",\"uuid\":\"1738232094499\",\"link\":{\"url\":null}} -->\n<!-- wp:jgu\/list-item {\"title\":\"6 \\u003ca href=\\u0022https:\/\/www.hi-mainz.de\/de\/\\u0022\\u003eHelmholtz-Institut Mainz\\u003c\/a\\u003e\",\"uuid\":\"1749112824313\"} \/-->\n\n<!-- wp:jgu\/list-item {\"title\":\"7 \\u003ca href=\\u0022https:\/\/www.mpip-mainz.mpg.de\/\\u0022\\u003eMax-Planck-Institut f\u00fcr Polymerforschung\\u003c\/a\\u003e\",\"uuid\":\"1738232106776\"} \/-->\n\n<!-- wp:jgu\/list-item {\"title\":\"8 \\u003ca href=\\u0022https:\/\/www.mpic.de\/\\u0022\\u003eMax-Planck-Institut f\u00fcr Chemie\\u003c\/a\\u003e\",\"uuid\":\"1738232123998\"} \/-->\n<!-- \/wp:jgu\/list-item --><\/ul>\n<!-- \/wp:jgu\/list -->\n\n<!-- wp:jgu\/list -->\n<ul class=\"styled-list hyphenation\"><!-- wp:jgu\/list-item {\"title\":\"\\u003cstrong\\u003eInfrastruktur\\u003c\/strong\\u003e\",\"uuid\":\"1738232024990\",\"link\":{\"url\":null}} -->\n<!-- wp:jgu\/list-item {\"title\":\"A Teilchenbeschleuniger MAMI\",\"uuid\":\"1738232042669\"} \/-->\n\n<!-- wp:jgu\/list-item {\"title\":\"B Teilchenbeschleuniger MESA\",\"uuid\":\"1738232056110\"} \/-->\n\n<!-- wp:jgu\/list-item {\"title\":\"C Forschungsreaktor TRIGA\",\"uuid\":\"1738232077148\"} \/-->\n\n<!-- wp:jgu\/list-item {\"title\":\"D Vertikaler Windkanal Mainz\",\"uuid\":\"1738232094499\"} \/-->\n\n<!-- wp:jgu\/list-item {\"title\":\"E MOGON Hochleistungs-Computersysteme\",\"uuid\":\"1738232106776\"} \/-->\n\n<!-- wp:jgu\/list-item {\"title\":\"F Detektor-Labor\",\"uuid\":\"1738232123998\"} \/-->\n\n<!-- wp:jgu\/list-item {\"title\":\"G Zentrum f\u00fcr Fundamentalphysik\",\"uuid\":\"1744210484117\"} \/-->\n\n<!-- wp:jgu\/list-item {\"title\":\"H Nanostrukturzentrum mit Reinr\u00e4umen \",\"uuid\":\"1744793218632\"} \/-->\n\n<!-- wp:jgu\/list-item {\"title\":\"I Messfeld der Atmosph\u00e4renphysik \",\"uuid\":\"1744793640875\"} \/-->\n<!-- \/wp:jgu\/list-item --><\/ul>\n<!-- \/wp:jgu\/list --><\/div>\n<!-- \/wp:column -->\n\n<!-- wp:column {\"width\":\"66.66%\"} -->\n<div class=\"wp-block-column\" style=\"flex-basis:66.66%\"><!-- wp:jgu\/image {\"image\":{\"url\":null,\"id\":12819,\"hideImageDescription\":true},\"hasLightbox\":true,\"caption\":\"Physik-Campus Mainz\",\"link\":{\"url\":\"\"}} \/--><\/div>\n<!-- \/wp:column --><\/div>\n<!-- \/wp:columns --><\/div><\/div>\n<!-- \/wp:jgu\/section -->\n\n<!-- wp:jgu\/section {\"color\":\"light\"} -->\n<div class=\"jgu-bgsection bg bg-light \"><div class=\"content padding-medium\"><!-- wp:jgu\/anchorpoint {\"title\":\"Universit\u00e4tsinstitute\",\"slug\":\"universitatsinstitute\"} \/-->\n\n<!-- wp:columns {\"className\":\"\"} -->\n<div class=\"wp-block-columns\"><!-- wp:column -->\n<div class=\"wp-block-column\"><!-- wp:jgu\/heading {\"color\":\"default\",\"tags\":{\"htmlTag\":\"h2\",\"classTag\":\"\",\"tag\":\"h2\"},\"heading\":\"Universit\u00e4tsinstitute\"} \/--><\/div>\n<!-- \/wp:column --><\/div>\n<!-- \/wp:columns -->\n\n<!-- wp:columns {\"className\":\"\"} -->\n<div class=\"wp-block-columns\"><!-- wp:column -->\n<div class=\"wp-block-column\"><!-- wp:jgu\/image {\"image\":{\"url\":null,\"id\":10326,\"caption\":\"Institut f\u00fcr Physik\"},\"caption\":\"Institut f\u00fcr Physik\",\"link\":{\"url\":\"https:\/\/www.iph.uni-mainz.de\/\",\"target\":\"\",\"rel\":\"\"}} \/--><\/div>\n<!-- \/wp:column -->\n\n<!-- wp:column -->\n<div class=\"wp-block-column\"><!-- wp:jgu\/image {\"image\":{\"url\":null,\"id\":10329,\"caption\":\"Institut f\u00fcr Physik der Atmosph\u00e4re\"},\"caption\":\"Institut f\u00fcr Physik der Atmosph\u00e4re\",\"link\":{\"url\":\"https:\/\/www.ipa.uni-mainz.de\/\",\"target\":\"\",\"rel\":\"\"}} \/--><\/div>\n<!-- \/wp:column -->\n\n<!-- wp:column -->\n<div class=\"wp-block-column\"><!-- wp:jgu\/image {\"image\":{\"url\":null,\"id\":10332,\"caption\":\"Institut f\u00fcr Kernphysik\"},\"caption\":\"Institut f\u00fcr Kernphysik\",\"link\":{\"url\":\"https:\/\/www.kernphysik.uni-mainz.de\/\",\"target\":\"\",\"rel\":\"\"}} \/--><\/div>\n<!-- \/wp:column --><\/div>\n<!-- \/wp:columns --><\/div><\/div>\n<!-- \/wp:jgu\/section -->\n\n<!-- wp:jgu\/section {\"color\":\"white\"} -->\n<div class=\"jgu-bgsection bg bg-white \"><div class=\"content padding-medium\"><!-- wp:jgu\/anchorpoint {\"title\":\"Theoriezentren\",\"slug\":\"theoriezentren\"} \/-->\n\n<!-- wp:jgu\/heading {\"tags\":{\"htmlTag\":\"h2\",\"classTag\":\"\",\"tag\":\"h2\"},\"heading\":\"Theoriezentren\"} \/-->\n\n<!-- wp:columns {\"className\":\"\"} -->\n<div class=\"wp-block-columns\"><!-- wp:column -->\n<div class=\"wp-block-column\"><!-- wp:jgu\/teaserbox {\"headline\":{\"htmlTag\":\"h2\",\"classTag\":\"\",\"tag\":\"h2\"},\"image\":{\"id\":9745,\"url\":null},\"color\":\"gold\",\"title\":\"MITP\",\"excerpt\":\"Mainzer Institut f\u00fcr Theoretische Physik\",\"linkTitle\":\"Mehr erfahren\",\"link\":{\"url\":\"https:\/\/www.mitp.uni-mainz.de\/\"}} \/--><\/div>\n<!-- \/wp:column -->\n\n<!-- wp:column -->\n<div class=\"wp-block-column\"><!-- wp:jgu\/teaserbox {\"headline\":{\"htmlTag\":\"h2\",\"classTag\":\"\",\"tag\":\"h2\"},\"image\":{\"id\":12825,\"url\":null},\"color\":\"gold\",\"title\":\"SPICE\",\"excerpt\":\"Interdisziplin\u00e4res Zentrum f\u00fcr Spinph\u00e4nomene\",\"linkTitle\":\"Mehr erfahren\",\"link\":{\"url\":\"https:\/\/www.spice.uni-mainz.de\/\"}} \/--><\/div>\n<!-- \/wp:column --><\/div>\n<!-- \/wp:columns --><\/div><\/div>\n<!-- \/wp:jgu\/section -->\n\n<!-- wp:jgu\/section {\"color\":\"light\"} -->\n<div class=\"jgu-bgsection bg bg-light \"><div class=\"content padding-medium\"><!-- wp:jgu\/anchorpoint {\"title\":\"Kooperationen\",\"slug\":\"kooperationen\"} \/-->\n\n<!-- wp:jgu\/heading {\"color\":\"default\",\"tags\":{\"htmlTag\":\"h2\",\"classTag\":\"\",\"tag\":\"h2\"},\"heading\":\"Kooperationen\"} \/-->\n\n<!-- wp:jgu\/tabs {\"layout\":{\"type\":\"flex\",\"flexWrap\":\"nowrap\",\"justifyContent\":\"left\",\"orientation\":\"vertical\"}} -->\n<!-- wp:jgu\/tabs-item {\"title\":\"Helmholtz-Institut Mainz\",\"slug\":\"helmholtz-institut-mainz\"} -->\n<!-- wp:jgu\/heading {\"color\":\"default\",\"tags\":{\"htmlTag\":\"h2\",\"classTag\":\"\",\"tag\":\"h2\"},\"heading\":\"Helmholtz-Institut Mainz\"} \/-->\n\n<!-- wp:columns {\"className\":\"\"} -->\n<div class=\"wp-block-columns\"><!-- wp:column -->\n<div class=\"wp-block-column\"><!-- wp:jgu\/image {\"image\":{\"url\":null,\"id\":12985,\"hideImageDescription\":true},\"caption\":\"Helmholtz-Institut Mainz\"} \/--><\/div>\n<!-- \/wp:column -->\n\n<!-- wp:column -->\n<div class=\"wp-block-column\"><!-- wp:paragraph -->\n<p class=\"has-big-font-size\">Das Helmholtz-Institut Mainz (HIM) ist eine institutionelle Kooperation zwischen der Johannes Gutenberg-Universit\u00e4t Mainz und der GSI Helmholtzzentrum f\u00fcr Schwerionenforschung GmbH in Darmstadt. Auf dem Universit\u00e4tscampus in Mainz gelegen, verbindet es die akademische Welt einer starken Forschungsuniversit\u00e4t mit den wissenschaftlichen M\u00f6glichkeiten der gro\u00df angelegten Infrastruktur eines international renommierten Beschleunigerzentrums. <\/p>\n<!-- \/wp:paragraph -->\n\n<!-- wp:jgu\/button -->\n<!-- wp:jgu\/button-item {\"text\":\"Mehr erfahren\",\"link\":{\"url\":\"https:\/\/www.hi-mainz.de\/de\/\",\"linkTarget\":\"\",\"rel\":\"\"}} \/-->\n<!-- \/wp:jgu\/button --><\/div>\n<!-- \/wp:column --><\/div>\n<!-- \/wp:columns -->\n<!-- \/wp:jgu\/tabs-item -->\n\n<!-- wp:jgu\/tabs-item {\"title\":\"Max-Planck-Institut f\u00fcr Polymerforschung\",\"slug\":\"max-planck-institut-fur-polymerforschung\"} -->\n<!-- wp:jgu\/heading {\"color\":\"default\",\"tags\":{\"htmlTag\":\"h2\",\"classTag\":\"\",\"tag\":\"h2\"},\"heading\":\"Max-Planck-Institut f\u00fcr Polymerforschung\"} \/-->\n\n<!-- wp:columns {\"className\":\"\"} -->\n<div class=\"wp-block-columns\"><!-- wp:column -->\n<div class=\"wp-block-column\"><!-- wp:jgu\/image {\"image\":{\"url\":null,\"id\":13012,\"hideImageDescription\":true},\"caption\":\"Max-Planck-Institut f\u00fcr Polymerforschung\"} \/--><\/div>\n<!-- \/wp:column -->\n\n<!-- wp:column -->\n<div class=\"wp-block-column\"><!-- wp:paragraph -->\n<p class=\"has-big-font-size\">Das Max-Planck-Institut f\u00fcr Polymerforschung in Mainz betreibt Grundlagenforschung zur Entwicklung und Analyse innovativer L\u00f6sungen in den Bereichen Elektronik, Energietechnik, Medizin und Nanomaterialien. Das MPI-P konzentriert sich auf neue Synthesestrategien, supramolekulare Systeme und das Verhalten von funktionellen Materialien und Grenzfl\u00e4chen. Die gemeinschaftliche Arbeit des Instituts wird von Schl\u00fcsselthemen wie Defekt-Engineering, dynamische Prozesse in weicher Materie und die Rolle von Nanomaterialien und Biomolek\u00fclen an Grenzfl\u00e4chen geleitet.  <\/p>\n<!-- \/wp:paragraph -->\n\n<!-- wp:jgu\/button -->\n<!-- wp:jgu\/button-item {\"text\":\"Mehr erfahren\",\"link\":{\"url\":\"https:\/\/www.mpip-mainz.mpg.de\/\",\"linkTarget\":\"\",\"rel\":\"\"}} \/-->\n<!-- \/wp:jgu\/button --><\/div>\n<!-- \/wp:column --><\/div>\n<!-- \/wp:columns -->\n<!-- \/wp:jgu\/tabs-item -->\n\n<!-- wp:jgu\/tabs-item {\"title\":\"Max-Planck-Institut f\u00fcr Chemie\",\"slug\":\"max-planck-institut-fur-chemie\"} -->\n<!-- wp:jgu\/heading {\"color\":\"default\",\"tags\":{\"htmlTag\":\"h2\",\"classTag\":\"\",\"tag\":\"h2\"},\"heading\":\"Max-Planck-Institut f\u00fcr Chemie\"} \/-->\n\n<!-- wp:columns {\"className\":\"\"} -->\n<div class=\"wp-block-columns\"><!-- wp:column -->\n<div class=\"wp-block-column\"><!-- wp:jgu\/image {\"image\":{\"url\":null,\"id\":15235,\"hideImageDescription\":true},\"caption\":\"Max-Planck-Institut f\u00fcr Chemie\"} \/--><\/div>\n<!-- \/wp:column -->\n\n<!-- wp:column -->\n<div class=\"wp-block-column\"><!-- wp:paragraph -->\n<p class=\"has-big-font-size\">Erdsystemforschung am Max-Planck-Institut f\u00fcr Chemie: Wir untersuchen die Wechselwirkungen zwischen Luft, Wasser, Boden, Wasser, Leben und Klima. Unsere Wissenschaftler und Wissenschaftlerinnen forschen im Labor und an vielen spannenden Orten auf der Erde, wie dem Amazonas-Regenwald. Sie erforschen die Atmosph\u00e4re, beispielsweise mit Hilfe des Forschungsflugzeugs HALO, und arbeiten oft eng mit Kolleginnen und Kollegen des Instituts f\u00fcr Physik der Atmosph\u00e4re der JGU zusammen.  <\/p>\n<!-- \/wp:paragraph -->\n\n<!-- wp:jgu\/button -->\n<!-- wp:jgu\/button-item {\"text\":\"Mehr erfahren\",\"link\":{\"url\":\"https:\/\/www.mpic.de\/\",\"linkTarget\":\"\",\"rel\":\"\"}} \/-->\n<!-- \/wp:jgu\/button --><\/div>\n<!-- \/wp:column --><\/div>\n<!-- \/wp:columns -->\n<!-- \/wp:jgu\/tabs-item -->\n\n<!-- wp:jgu\/tabs-item {\"title\":\"Fraunhofer-Institut\",\"slug\":\"fraunhofer-institut\"} -->\n<!-- wp:jgu\/heading {\"color\":\"default\",\"tags\":{\"htmlTag\":\"h2\",\"classTag\":\"\",\"tag\":\"h2\"},\"heading\":\"Fraunhofer-Institut f\u00fcr Mikrotechnik und Mikrosysteme\"} \/-->\n\n<!-- wp:columns {\"className\":\"\"} -->\n<div class=\"wp-block-columns\"><!-- wp:column -->\n<div class=\"wp-block-column\"><!-- wp:jgu\/image {\"image\":{\"url\":null,\"id\":13126,\"hideImageDescription\":true},\"caption\":\"Fraunhofer-Institut f\u00fcr Mikrotechnik und Mikrosysteme\"} \/--><\/div>\n<!-- \/wp:column -->\n\n<!-- wp:column -->\n<div class=\"wp-block-column\"><!-- wp:paragraph -->\n<p class=\"has-big-font-size\">Ausgehend von den bestehenden gesellschaftlichen Herausforderungen und getrieben von den Zielen der nachhaltigen Entwicklung konzentriert das Fraunhofer IMM den Gro\u00dfteil seiner Mitarbeiter als FuE-Dienstleister in den Bereichen Energie, Chemie und Diagnostik auf die Themen saubere Energie, Nachhaltigkeit und Gesundheit. Dabei st\u00fctzen wir uns auf unsere grundlegenden Kernkompetenzen in den Bereichen Materialien, Technologien, Prozesse und Engineering. Entsprechend unserer Wurzeln setzen wir grundlegende Prozesse auf der Basis der Mikrostrukturtechnik \u00fcberall dort ein, wo sie zielf\u00fchrend sind.  <\/p>\n<!-- \/wp:paragraph -->\n\n<!-- wp:jgu\/button -->\n<!-- wp:jgu\/button-item {\"text\":\"Mehr erfahren\",\"link\":{\"url\":\"https:\/\/www.imm.fraunhofer.de\",\"linkTarget\":\"\",\"rel\":\"\"}} \/-->\n<!-- \/wp:jgu\/button --><\/div>\n<!-- \/wp:column --><\/div>\n<!-- \/wp:columns -->\n<!-- \/wp:jgu\/tabs-item -->\n<!-- \/wp:jgu\/tabs --><\/div><\/div>\n<!-- \/wp:jgu\/section -->\n\n<!-- wp:jgu\/section {\"color\":\"white\"} -->\n<div class=\"jgu-bgsection bg bg-white \"><div class=\"content padding-medium\"><!-- wp:jgu\/anchorpoint {\"title\":\"Infrastruktur\",\"slug\":\"infrastruktur\"} \/-->\n\n<!-- wp:jgu\/heading {\"tags\":{\"htmlTag\":\"h2\",\"classTag\":\"\",\"tag\":\"h2\"},\"heading\":\"Infrastruktur\"} \/-->\n\n<!-- wp:jgu\/slider {\"template\":\"teaserbox\",\"perPage\":6,\"slidesCount\":6} -->\n<!-- wp:jgu\/teaserbox {\"headline\":{\"htmlTag\":\"h2\",\"classTag\":\"\",\"tag\":\"h2\"},\"image\":{\"id\":10095,\"url\":null},\"color\":\"blue\",\"title\":\"Teilchenbeschleuniger MAMI\",\"excerpt\":\"Unser Elektronenbeschleuniger wurde sukzessive zu einem Multilevel-Racetrack-Mikrotron ausgebaut. Es werden zwei Hauptexperimente durchgef\u00fchrt: \\u003cbr\\u003e\\u003cstrong\\u003eA1:\\u003c\/strong\\u003e Untersuchung von Hadronenstrukturen mit hochaufl\u00f6senden Spektrometern\\u003cbr\\u003e\\u003cstrong\\u003eA2:\\u003c\/strong\\u003e Wechselwirkung von hochenergetischen Photonen mit Nukleonen\",\"linkTitle\":\"Mehr erfahren\",\"link\":{\"url\":\"https:\/\/www.blogs.uni-mainz.de\/fb08-nuclear-physics\/accelerators-mami-mesa\/the-mainz-microtron\/\"}} \/-->\n\n<!-- wp:jgu\/teaserbox {\"headline\":{\"htmlTag\":\"h2\",\"classTag\":\"\",\"tag\":\"h2\"},\"image\":{\"id\":10098,\"url\":null},\"color\":\"blue\",\"title\":\"Teilchenbeschleuniger MESA\",\"excerpt\":\"Unser energier\u00fcckf\u00fchrender supraleitender Beschleuniger MESA wird die Grenzen des Standardmodells erforschen und Hochpr\u00e4zisionsexperimente durchf\u00fchren, z.B.:\\u003cbr\\u003e\\u003cstrong\\u003eMAGIX\\u003c\/strong\\u003e: Elektronenstreuexperimente mit Mehrzweckspektrometern\\u003cbr\\u003e\\u003cstrong\\u003eP2\\u003c\/strong\\u003e: Hochpr\u00e4zise Messung des elektroschwachen Mischungswinkels\\u003cbr\\u003e\\u003cstrong\\u003eDarkMESA\\u003c\/strong\\u003e: Ein Dunkler-Sektor-Experiment basierend auf Kalorimeter-Detektoren\",\"linkTitle\":\"Mehr erfahren\",\"link\":{\"url\":\"https:\/\/www.mesa.uni-mainz.de\/eng\/\"}} \/-->\n\n<!-- wp:jgu\/teaserbox {\"headline\":{\"htmlTag\":\"h2\",\"classTag\":\"\",\"tag\":\"h2\"},\"image\":{\"id\":9739,\"url\":null},\"color\":\"blue\",\"title\":\"Forschungsreaktor TRIGA\",\"excerpt\":\"Der TRIGA-Reaktor kann kontinuierlich mit 100 kW thermischer Leistung betrieben werden. Alternativ kann der Reaktor f\u00fcr etwa 30 min gepulst werden, wobei die thermische Leistung auf 250 MW ansteigt und etwa 10 MJ Energie freigesetzt werden. \",\"linkTitle\":\"Mehr erfahren\",\"link\":{\"url\":\"https:\/\/www.en.triga.uni-mainz.de\/\"}} \/-->\n\n<!-- wp:jgu\/teaserbox {\"headline\":{\"htmlTag\":\"h2\",\"classTag\":\"\",\"tag\":\"h2\"},\"image\":{\"id\":9887,\"url\":null},\"color\":\"blue\",\"title\":\"Vertikaler Windkanal Mainz\",\"excerpt\":\"Der Mainzer Vertikalwindkanal erm\u00f6glicht die freie Aufh\u00e4ngung verschiedener Hydrometeore, wie Regen- und Wolkentr\u00f6pfchen, Graupel, Hagelk\u00f6rner und Schneeflocken in einem vertikalen Luftstrom und simuliert so ihren freien Fall in der Atmosph\u00e4re. \",\"linkTitle\":\"Mehr erfahren\",\"link\":{\"url\":\"https:\/\/aerosols.ipa.uni-mainz.de\/mainz-vertical-wind-tunnel\/\"}} \/-->\n\n<!-- wp:jgu\/teaserbox {\"headline\":{\"htmlTag\":\"h2\",\"classTag\":\"\",\"tag\":\"h2\"},\"image\":{\"id\":12261,\"url\":null},\"color\":\"blue\",\"title\":\"MOGON HPC-Systeme\",\"excerpt\":\"Das Rechenzentrum der JGU Mainz betreibt die MOGON-Hochleistungsrechensysteme, die insgesamt 128.000 CPU-Kerne und 14 PB Speicher auf zwei parallelen Fileservern bieten. Dies unterst\u00fctzt Wissenschaftler aus vielen Disziplinen bei der Erreichung ihrer Forschungsziele. Probleme, die auf einem Desktop-Computer Tage, Wochen oder Monate dauern, k\u00f6nnen auf einem Supercomputer in nur wenigen Minuten, Stunden oder Tagen gel\u00f6st werden.  \",\"linkTitle\":\"Mehr erfahren\",\"link\":{\"url\":\"https:\/\/hpc-en.uni-mainz.de\/\"}} \/-->\n\n<!-- wp:jgu\/teaserbox {\"headline\":{\"htmlTag\":\"h2\",\"classTag\":\"\",\"tag\":\"h2\"},\"image\":{\"id\":9736,\"url\":null},\"color\":\"blue\",\"title\":\"Detektor-Labor\",\"excerpt\":\"Das PRISMA-Detektorlabor f\u00f6rdert die Zusammenarbeit und erleichtert den Austausch von Erfahrungen und Technologien innerhalb von \\u003csup\\u003e PRISMA+\\u003c\/sup\\u003e. Es umfasst Labore und Arbeitspl\u00e4tze, an denen Wissenschaftler mit unterschiedlichen Fachgebieten gemeinsam mit Studenten arbeiten. \",\"linkTitle\":\"Mehr erfahren\",\"link\":{\"url\":\"https:\/\/www.prisma.uni-mainz.de\/facilities\/prisma-detector-lab\/\"}} \/-->\n<!-- \/wp:jgu\/slider -->\n\n<!-- wp:spacer {\"height\":\"62px\"} -->\n<div style=\"height:62px\" aria-hidden=\"true\" class=\"wp-block-spacer\"><\/div>\n<!-- \/wp:spacer -->\n\n<!-- wp:columns {\"className\":\"\"} -->\n<div class=\"wp-block-columns\"><!-- wp:column -->\n<div class=\"wp-block-column\"><\/div>\n<!-- \/wp:column -->\n\n<!-- wp:column -->\n<div class=\"wp-block-column\"><\/div>\n<!-- \/wp:column -->\n\n<!-- wp:column -->\n<div class=\"wp-block-column\"><\/div>\n<!-- \/wp:column --><\/div>\n<!-- \/wp:columns -->\n\n<!-- wp:columns {\"className\":\"\"} -->\n<div class=\"wp-block-columns\"><!-- wp:column -->\n<div class=\"wp-block-column\"><\/div>\n<!-- \/wp:column -->\n\n<!-- wp:column -->\n<div class=\"wp-block-column\"><\/div>\n<!-- \/wp:column -->\n\n<!-- wp:column -->\n<div class=\"wp-block-column\"><\/div>\n<!-- \/wp:column --><\/div>\n<!-- \/wp:columns --><\/div><\/div>\n<!-- \/wp:jgu\/section -->","_links":{"self":[{"href":"https:\/\/physics.uni-mainz.de\/de\/wp-json\/wp\/v2\/pages\/15342","targetHints":{"allow":["GET"]}}],"collection":[{"href":"https:\/\/physics.uni-mainz.de\/de\/wp-json\/wp\/v2\/pages"}],"about":[{"href":"https:\/\/physics.uni-mainz.de\/de\/wp-json\/wp\/v2\/types\/page"}],"author":[{"embeddable":true,"href":"https:\/\/physics.uni-mainz.de\/de\/wp-json\/wp\/v2\/users\/311"}],"replies":[{"embeddable":true,"href":"https:\/\/physics.uni-mainz.de\/de\/wp-json\/wp\/v2\/comments?post=15342"}],"version-history":[{"count":14,"href":"https:\/\/physics.uni-mainz.de\/de\/wp-json\/wp\/v2\/pages\/15342\/revisions"}],"predecessor-version":[{"id":20758,"href":"https:\/\/physics.uni-mainz.de\/de\/wp-json\/wp\/v2\/pages\/15342\/revisions\/20758"}],"up":[{"embeddable":true,"href":"https:\/\/physics.uni-mainz.de\/de\/wp-json\/wp\/v2\/pages\/15330"}],"wp:attachment":[{"href":"https:\/\/physics.uni-mainz.de\/de\/wp-json\/wp\/v2\/media?parent=15342"}],"wp:term":[{"taxonomy":"category","embeddable":true,"href":"https:\/\/physics.uni-mainz.de\/de\/wp-json\/wp\/v2\/categories?post=15342"},{"taxonomy":"post_tag","embeddable":true,"href":"https:\/\/physics.uni-mainz.de\/de\/wp-json\/wp\/v2\/tags?post=15342"}],"curies":[{"name":"wp","href":"https:\/\/api.w.org\/{rel}","templated":true}]}}